{"id":8505,"date":"2026-08-31T13:39:33","date_gmt":"2026-08-31T11:39:33","guid":{"rendered":"https:\/\/roda.travel\/viatges\/polonia-2027\/"},"modified":"2026-08-31T13:39:33","modified_gmt":"2026-08-31T11:39:33","slug":"polonia-2027","status":"publish","type":"viatges","link":"https:\/\/roda.travel\/es\/viatges\/polonia-2027\/","title":{"rendered":"POLONIA 2027"},"content":{"rendered":"<p><div class=\"fusion-fullwidth fullwidth-box fusion-builder-row-1 fusion-flex-container has-pattern-background has-mask-background nonhundred-percent-fullwidth non-hundred-percent-height-scrolling\" style=\"--awb-border-radius-top-left:0px;--awb-border-radius-top-right:0px;--awb-border-radius-bottom-right:0px;--awb-border-radius-bottom-left:0px;--awb-margin-bottom-small:40px;--awb-flex-wrap:wrap;\" ><div class=\"fusion-builder-row fusion-row fusion-flex-align-items-flex-start fusion-flex-justify-content-flex-end fusion-flex-content-wrap\" style=\"max-width:1216.8px;margin-left: calc(-4% \/ 2 );margin-right: calc(-4% \/ 2 );\"><div class=\"fusion-layout-column fusion_builder_column fusion-builder-column-0 fusion_builder_column_1_1 1_1 fusion-flex-column\" style=\"--awb-bg-size:cover;--awb-width-large:100%;--awb-margin-top-large:0px;--awb-spacing-right-large:65px;--awb-margin-bottom-large:0px;--awb-spacing-left-large:1.92%;--awb-width-medium:100%;--awb-order-medium:0;--awb-spacing-right-medium:1.92%;--awb-spacing-left-medium:1.92%;--awb-width-small:100%;--awb-order-small:0;--awb-spacing-right-small:1.92%;--awb-spacing-left-small:1.92%;\" data-scroll-devices=\"small-visibility,medium-visibility,large-visibility\"><div class=\"fusion-column-wrapper fusion-column-has-shadow fusion-flex-justify-content-flex-start fusion-content-layout-column\"><div class=\"sm-text-align-center\" style=\"text-align:right;\"><a class=\"fusion-button button-flat fusion-button-default-size button-custom fusion-button-default button-1 fusion-button-default-span fusion-button-default-type\" style=\"--button_accent_color:var(--awb-color1);--button_accent_hover_color:var(--awb-color1);--button_border_hover_color:var(--awb-color1);--button_gradient_top_color:var(--awb-color4);--button_gradient_bottom_color:var(--awb-color4);--button_gradient_top_color_hover:#db4a29;--button_gradient_bottom_color_hover:#db4a29;\" target=\"_blank\" rel=\"noopener noreferrer\" href=\"https:\/\/roda.travel\/wp-content\/uploads\/2026\/08\/CAT.-POLONIA-27.pdf#\"><span class=\"fusion-button-icon-divider button-icon-divider-left\"><i class=\"fa-file fas awb-button__icon awb-button__icon--default\" aria-hidden=\"true\"><\/i><\/span><span class=\"fusion-button-text awb-button__text awb-button__text--default fusion-button-text-left\">DESCARREGA PDF<\/span><\/a><\/div><\/div><\/div><\/div><\/div><div class=\"fusion-fullwidth fullwidth-box fusion-builder-row-2 fusion-flex-container has-pattern-background has-mask-background nonhundred-percent-fullwidth non-hundred-percent-height-scrolling\" style=\"--awb-border-radius-top-left:0px;--awb-border-radius-top-right:0px;--awb-border-radius-bottom-right:0px;--awb-border-radius-bottom-left:0px;--awb-margin-bottom:20px;--awb-flex-wrap:wrap;\" ><div class=\"fusion-builder-row fusion-row fusion-flex-align-items-flex-start fusion-flex-justify-content-flex-end fusion-flex-content-wrap\" style=\"max-width:1216.8px;margin-left: calc(-4% \/ 2 );margin-right: calc(-4% \/ 2 );\"><div class=\"fusion-layout-column fusion_builder_column fusion-builder-column-1 fusion_builder_column_1_1 1_1 fusion-flex-column\" style=\"--awb-bg-size:cover;--awb-width-large:100%;--awb-margin-top-large:0px;--awb-spacing-right-large:1.92%;--awb-margin-bottom-large:0px;--awb-spacing-left-large:1.92%;--awb-width-medium:100%;--awb-order-medium:0;--awb-spacing-right-medium:1.92%;--awb-spacing-left-medium:1.92%;--awb-width-small:100%;--awb-order-small:0;--awb-spacing-right-small:1.92%;--awb-spacing-left-small:1.92%;\" data-scroll-devices=\"small-visibility,medium-visibility,large-visibility\"><div class=\"fusion-column-wrapper fusion-column-has-shadow fusion-flex-justify-content-flex-start fusion-content-layout-column\"><div class=\"fusion-separator\" style=\"align-self: flex-start;margin-right:auto;margin-bottom:20px;width:100%;max-width:70px;\"><div class=\"fusion-separator-border sep-single sep-solid\" style=\"--awb-height:20px;--awb-amount:20px;--awb-sep-color:var(--awb-color4);border-color:var(--awb-color4);border-top-width:15px;\"><\/div><\/div><div class=\"fusion-title title fusion-title-1 fusion-sep-none fusion-title-text fusion-title-size-three\" style=\"--awb-margin-bottom:20px;--awb-margin-top-small:0px;--awb-margin-right-small:0px;--awb-margin-bottom-small:20px;--awb-margin-left-small:0px;\"><h3 class=\"fusion-title-heading title-heading-left fusion-responsive-typography-calculated\" style=\"margin:0;--fontSize:24;--minFontSize:24;line-height:var(--awb-typography1-line-height);\">DESCRIPCI\u00d3<\/h3><\/div><div class=\"fusion-text fusion-text-1\"><div>\n<div>\n<div>\n<p>Pol\u00f2nia \u00e9s un d\u2019aquells pa\u00efsos europeus que sorprenen molt m\u00e9s del que un s\u2019imagina abans de con\u00e8ixer-los. Un territori marcat per segles d\u2019hist\u00f2ria, pel pas de diferents cultures i per alguns dels episodis m\u00e9s transcendentals \u2014i tamb\u00e9 m\u00e9s durs\u2014 de la hist\u00f2ria d\u2019Europa.<\/p>\n<\/div>\n<div>\n<p>Per\u00f2 Pol\u00f2nia \u00e9s tamb\u00e9 un pa\u00eds de belles ciutats, places monumentals, castells, esgl\u00e9sies, palaus i racons plens de vida.<\/p>\n<\/div>\n<div>\n<p>En aquest viatge recorrerem el pa\u00eds de sud a nord, descobrint ciutats tan interessants com Wroclaw, Crac\u00f2via, Vars\u00f2via i Gdansk, per\u00f2 tamb\u00e9 indrets que ens permetran aprofundir en la seva hist\u00f2ria i patrimoni: l\u2019espectacular Esgl\u00e9sia de la Pau de Jawor, les mines de sal de Wieliczka, Auschwitz-Birkenau, el santuari de Czestochowa, la ciutat medieval de Torun o l\u2019imponent castell de Malbork.<\/p>\n<\/div>\n<div>\n<p>Un recorregut molt complet per descobrir les diferents cares de Pol\u00f2nia, des de la hist\u00f2rica Sil\u00e8sia fins a les costes del B\u00e0ltic, combinant grans ciutats amb alguns dels indrets m\u00e9s emblem\u00e0tics del pa\u00eds.<\/p>\n<\/div>\n<\/div>\n<\/div>\n<\/div><\/div><\/div><\/div><\/div><div class=\"fusion-fullwidth fullwidth-box fusion-builder-row-3 fusion-flex-container has-pattern-background has-mask-background nonhundred-percent-fullwidth non-hundred-percent-height-scrolling\" style=\"--awb-border-radius-top-left:0px;--awb-border-radius-top-right:0px;--awb-border-radius-bottom-right:0px;--awb-border-radius-bottom-left:0px;--awb-flex-wrap:wrap;\" ><div class=\"fusion-builder-row fusion-row fusion-flex-align-items-flex-start fusion-flex-content-wrap\" style=\"max-width:1216.8px;margin-left: calc(-4% \/ 2 );margin-right: calc(-4% \/ 2 );\"><div class=\"fusion-layout-column fusion_builder_column fusion-builder-column-2 fusion_builder_column_1_2 1_2 fusion-flex-column\" style=\"--awb-bg-size:cover;--awb-width-large:50%;--awb-margin-top-large:0px;--awb-spacing-right-large:10px;--awb-margin-bottom-large:20px;--awb-spacing-left-large:3.84%;--awb-width-medium:100%;--awb-order-medium:0;--awb-spacing-right-medium:1.92%;--awb-spacing-left-medium:1.92%;--awb-width-small:100%;--awb-order-small:0;--awb-spacing-right-small:1.92%;--awb-spacing-left-small:1.92%;\" data-scroll-devices=\"small-visibility,medium-visibility,large-visibility\"><div class=\"fusion-column-wrapper fusion-column-has-shadow fusion-flex-justify-content-flex-start fusion-content-layout-column\"><div class=\"fusion-separator\" style=\"align-self: flex-start;margin-right:auto;margin-bottom:20px;width:100%;max-width:70px;\"><div class=\"fusion-separator-border sep-single sep-solid\" style=\"--awb-height:20px;--awb-amount:20px;--awb-sep-color:var(--awb-color4);border-color:var(--awb-color4);border-top-width:15px;\"><\/div><\/div><div class=\"fusion-title title fusion-title-2 fusion-sep-none fusion-title-text fusion-title-size-three\" style=\"--awb-margin-bottom:20px;--awb-margin-top-small:0px;--awb-margin-right-small:0px;--awb-margin-bottom-small:20px;--awb-margin-left-small:0px;\"><h3 class=\"fusion-title-heading title-heading-left fusion-responsive-typography-calculated\" style=\"margin:0;--fontSize:24;--minFontSize:24;line-height:var(--awb-typography1-line-height);\">ITINERARI<\/h3><\/div><div class=\"accordian fusion-accordian\" style=\"--awb-border-size:0px;--awb-icon-size:15px;--awb-content-font-size:15px;--awb-icon-alignment:left;--awb-hover-color:var(--awb-color1);--awb-border-color:var(--awb-color1);--awb-background-color:var(--awb-color2);--awb-divider-color:var(--awb-color3);--awb-divider-hover-color:var(--awb-color3);--awb-icon-color:var(--awb-color7);--awb-title-color:var(--awb-color7);--awb-content-color:var(--awb-color5);--awb-icon-box-color:var(--awb-color7);--awb-toggle-hover-accent-color:var(--awb-color4);--awb-title-font-family:&quot;Lato&quot;;--awb-title-font-weight:700;--awb-title-font-style:normal;--awb-content-font-family:&quot;Open Sans&quot;;--awb-content-font-style:normal;--awb-content-font-weight:400;\"><div class=\"panel-group fusion-toggle-icon-unboxed\" id=\"accordion-8505-1\"><div class=\"fusion-panel panel-default panel-05479079d6303dbb5 fusion-toggle-no-divider fusion-toggle-boxed-mode\" style=\"--awb-title-color:var(--awb-color7);--awb-content-color:var(--awb-color5);\"><div class=\"panel-heading\"><h4 class=\"panel-title toggle\" id=\"toggle_05479079d6303dbb5\"><a aria-expanded=\"false\" aria-controls=\"05479079d6303dbb5\" role=\"button\" data-toggle=\"collapse\" data-parent=\"#accordion-8505-1\" data-target=\"#05479079d6303dbb5\" href=\"#05479079d6303dbb5\"><span class=\"fusion-toggle-icon-wrapper\" aria-hidden=\"true\"><i class=\"fa-fusion-box active-icon awb-icon-minus\" aria-hidden=\"true\"><\/i><i class=\"fa-fusion-box inactive-icon awb-icon-plus\" aria-hidden=\"true\"><\/i><\/span><span class=\"fusion-toggle-heading\">15 DE MAIG \u00b7 BARCELONA \u2013 WROCLAW<\/span><\/a><\/h4><\/div><div id=\"05479079d6303dbb5\" class=\"panel-collapse collapse \" aria-labelledby=\"toggle_05479079d6303dbb5\"><div class=\"panel-body toggle-content fusion-clearfix\">\n<p class=\"cvGsUA block-font-kerning-none block-font-feature-liga-off block-font-feature-clig-off block-font-feature-calt-off direction-ltr align-justify\"><span class=\"a_GcMg font-feature-liga-off font-feature-clig-off font-feature-calt-off text-decoration-none text-strikethrough-none\">Trobada del grup a l\u2019Aeroport de Barcelona T2 a les 07:00 h. Facturaci\u00f3 de l\u2019equipatge i sortida a les 09:25 h en vol directe de Wizz Air amb destinaci\u00f3 Wroclaw. Arribada prevista a les 12:10 h.<\/span><\/p>\n<p class=\"cvGsUA block-font-kerning-none block-font-feature-liga-off block-font-feature-clig-off block-font-feature-calt-off direction-ltr align-justify\"><span class=\"a_GcMg font-feature-liga-off font-feature-clig-off font-feature-calt-off text-decoration-none text-strikethrough-none\">A la nostra arribada ens estar\u00e0 esperant l\u2019autocar amb el qual iniciarem el nostre recorregut per Pol\u00f2nia. Ens dirigirem cap a Jawor, on dinarem.<\/span><\/p>\n<p class=\"cvGsUA block-font-kerning-none block-font-feature-liga-off block-font-feature-clig-off block-font-feature-calt-off direction-ltr align-justify\"><span class=\"a_GcMg font-feature-liga-off font-feature-clig-off font-feature-calt-off text-decoration-none text-strikethrough-none\">A la tarda visitarem l\u2019extraordin\u00e0ria Esgl\u00e9sia de la Pau de Jawor, constru\u00efda despr\u00e9s de la Pau de Westf\u00e0lia sota unes condicions molt particulars: s\u2019havia d\u2019aixecar sense pedra ni claus, fora de les muralles i sense l\u2019aspecte tradicional d\u2019una esgl\u00e9sia. El resultat \u00e9s un dels edificis religiosos m\u00e9s singulars d\u2019Europa. Finalitzada la visita, continuaci\u00f3 cap a Wroclaw.<\/span><\/p>\n<p class=\"cvGsUA block-font-kerning-none block-font-feature-liga-off block-font-feature-clig-off block-font-feature-calt-off direction-ltr align-justify\"><span class=\"a_GcMg font-feature-liga-off font-feature-clig-off font-feature-calt-off text-decoration-none text-strikethrough-none\">Sopar i allotjament a l\u2019hotel.<\/span><\/p>\n<\/div><\/div><\/div><div class=\"fusion-panel panel-default panel-052072649b6b946fb fusion-toggle-no-divider fusion-toggle-boxed-mode\" style=\"--awb-title-color:var(--awb-color7);--awb-content-color:var(--awb-color5);\"><div class=\"panel-heading\"><h4 class=\"panel-title toggle\" id=\"toggle_052072649b6b946fb\"><a aria-expanded=\"false\" aria-controls=\"052072649b6b946fb\" role=\"button\" data-toggle=\"collapse\" data-parent=\"#accordion-8505-1\" data-target=\"#052072649b6b946fb\" href=\"#052072649b6b946fb\"><span class=\"fusion-toggle-icon-wrapper\" aria-hidden=\"true\"><i class=\"fa-fusion-box active-icon awb-icon-minus\" aria-hidden=\"true\"><\/i><i class=\"fa-fusion-box inactive-icon awb-icon-plus\" aria-hidden=\"true\"><\/i><\/span><span class=\"fusion-toggle-heading\">16 DE MAIG \u00b7 WROCLAW \u2013 CRAC\u00d2VIA<\/span><\/a><\/h4><\/div><div id=\"052072649b6b946fb\" class=\"panel-collapse collapse \" aria-labelledby=\"toggle_052072649b6b946fb\"><div class=\"panel-body toggle-content fusion-clearfix\">\n<p class=\"cvGsUA block-font-kerning-none block-font-feature-liga-off block-font-feature-clig-off block-font-feature-calt-off direction-ltr align-justify\"><span class=\"a_GcMg font-feature-liga-off font-feature-clig-off font-feature-calt-off text-decoration-none text-strikethrough-none\">Esmorzar a l\u2019hotel.<\/span><\/p>\n<p class=\"cvGsUA block-font-kerning-none block-font-feature-liga-off block-font-feature-clig-off block-font-feature-calt-off direction-ltr align-justify\"><span class=\"a_GcMg font-feature-liga-off font-feature-clig-off font-feature-calt-off text-decoration-none text-strikethrough-none\">Al mat\u00ed coneixerem Wroclaw, antiga Breslau i actual capital de Sil\u00e8sia. La seva complexa hist\u00f2ria la va fer passar per mans poloneses, boh\u00e8mies, prussianes i alemanyes fins a retornar definitivament a Pol\u00f2nia despr\u00e9s de la Segona Guerra Mundial.<\/span><\/p>\n<p class=\"cvGsUA block-font-kerning-none block-font-feature-liga-off block-font-feature-clig-off block-font-feature-calt-off direction-ltr align-justify\"><span class=\"a_GcMg font-feature-liga-off font-feature-clig-off font-feature-calt-off text-decoration-none text-strikethrough-none\">Recorrerem la zona de l\u2019illa de la Catedral, al costat del riu Oder, i arribarem fins al cor de la ciutat, on trobarem la seva magn\u00edfica Pla\u00e7a del Mercat o Rynek, envoltada de colorides cases patr\u00edcies i presidida per l\u2019impressionant Ajuntament, una de les grans obres del g\u00f2tic civil europeu.<\/span><\/p>\n<p class=\"cvGsUA block-font-kerning-none block-font-feature-liga-off block-font-feature-clig-off block-font-feature-calt-off direction-ltr align-justify\"><span class=\"a_GcMg font-feature-liga-off font-feature-clig-off font-feature-calt-off text-decoration-none text-strikethrough-none\">Despr\u00e9s de dinar emprendrem cam\u00ed cap a l\u2019est del pa\u00eds fins a arribar, a \u00faltima hora de la tarda, a Crac\u00f2via.<\/span><\/p>\n<p class=\"cvGsUA block-font-kerning-none block-font-feature-liga-off block-font-feature-clig-off block-font-feature-calt-off direction-ltr align-justify\"><span class=\"a_GcMg font-feature-liga-off font-feature-clig-off font-feature-calt-off text-decoration-none text-strikethrough-none\">Sopar i allotjament a l\u2019hotel.<\/span><\/p>\n<\/div><\/div><\/div><div class=\"fusion-panel panel-default panel-ce96fcb68957842a4 fusion-toggle-no-divider fusion-toggle-boxed-mode\" style=\"--awb-title-color:var(--awb-color7);--awb-content-color:var(--awb-color5);\"><div class=\"panel-heading\"><h4 class=\"panel-title toggle\" id=\"toggle_ce96fcb68957842a4\"><a aria-expanded=\"false\" aria-controls=\"ce96fcb68957842a4\" role=\"button\" data-toggle=\"collapse\" data-parent=\"#accordion-8505-1\" data-target=\"#ce96fcb68957842a4\" href=\"#ce96fcb68957842a4\"><span class=\"fusion-toggle-icon-wrapper\" aria-hidden=\"true\"><i class=\"fa-fusion-box active-icon awb-icon-minus\" aria-hidden=\"true\"><\/i><i class=\"fa-fusion-box inactive-icon awb-icon-plus\" aria-hidden=\"true\"><\/i><\/span><span class=\"fusion-toggle-heading\">17 DE MAIG \u00b7 CRAC\u00d2VIA \u2013 WIELICZKA \u2013 CRAC\u00d2VIA<\/span><\/a><\/h4><\/div><div id=\"ce96fcb68957842a4\" class=\"panel-collapse collapse \" aria-labelledby=\"toggle_ce96fcb68957842a4\"><div class=\"panel-body toggle-content fusion-clearfix\">\n<p class=\"cvGsUA block-font-kerning-none block-font-feature-liga-off block-font-feature-clig-off block-font-feature-calt-off direction-ltr align-justify\"><span class=\"a_GcMg font-feature-liga-off font-feature-clig-off font-feature-calt-off text-decoration-none text-strikethrough-none\">Esmorzar a l\u2019hotel.<\/span><\/p>\n<p class=\"cvGsUA block-font-kerning-none block-font-feature-liga-off block-font-feature-clig-off block-font-feature-calt-off direction-ltr align-justify\"><span class=\"a_GcMg font-feature-liga-off font-feature-clig-off font-feature-calt-off text-decoration-none text-strikethrough-none\">Dedicarem el mat\u00ed a descobrir Crac\u00f2via, antiga capital de Pol\u00f2nia i una de les ciutats hist\u00f2riques m\u00e9s belles del pa\u00eds.<\/span><\/p>\n<p class=\"cvGsUA block-font-kerning-none block-font-feature-liga-off block-font-feature-clig-off block-font-feature-calt-off direction-ltr align-justify\"><span class=\"a_GcMg font-feature-liga-off font-feature-clig-off font-feature-calt-off text-decoration-none text-strikethrough-none\">Comen\u00e7arem al tur\u00f3 de Wawel, on es troben la Catedral i el Palau Reial. Des d\u2019aqu\u00ed baixarem cap al centre hist\u00f2ric passant per l\u2019antiga Universitat, vinculada a la figura de Cop\u00e8rnic, fins a arribar a la monumental Pla\u00e7a del Mercat, presidida per la Llotja dels Draps \u2014Sukiennice\u2014 i l\u2019esgl\u00e9sia de Santa Maria.<\/span><\/p>\n<p class=\"cvGsUA block-font-kerning-none block-font-feature-liga-off block-font-feature-clig-off block-font-feature-calt-off direction-ltr align-justify\"><span class=\"a_GcMg font-feature-liga-off font-feature-clig-off font-feature-calt-off text-decoration-none text-strikethrough-none\">Passat el migdia ens despla\u00e7arem fins a Wieliczka per visitar les seves famoses mines de sal, explotades des de fa m\u00e9s de 700 anys. Recorrerem diferents nivells d\u2019aquest sorprenent m\u00f3n subterrani, on els mateixos miners van anar creant durant segles capelles i escultures tallades directament a la sal.<\/span><\/p>\n<p class=\"cvGsUA block-font-kerning-none block-font-feature-liga-off block-font-feature-clig-off block-font-feature-calt-off direction-ltr align-justify\"><span class=\"a_GcMg font-feature-liga-off font-feature-clig-off font-feature-calt-off text-decoration-none text-strikethrough-none\">Retorn a Crac\u00f2via i continuaci\u00f3 de les nostres visites pel barri jueu, un dels m\u00e9s importants de Pol\u00f2nia abans de la Segona Guerra Mundial.<\/span><\/p>\n<p class=\"cvGsUA block-font-kerning-none block-font-feature-liga-off block-font-feature-clig-off block-font-feature-calt-off direction-ltr align-justify\"><span class=\"a_GcMg font-feature-liga-off font-feature-clig-off font-feature-calt-off text-decoration-none text-strikethrough-none\">Sopar i allotjament a l\u2019hotel.<\/span><\/p>\n<\/div><\/div><\/div><div class=\"fusion-panel panel-default panel-1e255fe6454a94451 fusion-toggle-no-divider fusion-toggle-boxed-mode\" style=\"--awb-title-color:var(--awb-color7);--awb-content-color:var(--awb-color5);\"><div class=\"panel-heading\"><h4 class=\"panel-title toggle\" id=\"toggle_1e255fe6454a94451\"><a aria-expanded=\"false\" aria-controls=\"1e255fe6454a94451\" role=\"button\" data-toggle=\"collapse\" data-parent=\"#accordion-8505-1\" data-target=\"#1e255fe6454a94451\" href=\"#1e255fe6454a94451\"><span class=\"fusion-toggle-icon-wrapper\" aria-hidden=\"true\"><i class=\"fa-fusion-box active-icon awb-icon-minus\" aria-hidden=\"true\"><\/i><i class=\"fa-fusion-box inactive-icon awb-icon-plus\" aria-hidden=\"true\"><\/i><\/span><span class=\"fusion-toggle-heading\">18 DE MAIG \u00b7 CRAC\u00d2VIA \u2013 AUSCHWITZ \u2013 CZESTOCHOWA<\/span><\/a><\/h4><\/div><div id=\"1e255fe6454a94451\" class=\"panel-collapse collapse \" aria-labelledby=\"toggle_1e255fe6454a94451\"><div class=\"panel-body toggle-content fusion-clearfix\">\n<p class=\"cvGsUA block-font-kerning-none block-font-feature-liga-off block-font-feature-clig-off block-font-feature-calt-off direction-ltr align-start\"><span class=\"a_GcMg font-feature-liga-off font-feature-clig-off font-feature-calt-off text-decoration-none text-strikethrough-none\">Esmorzar a l\u2019hotel i sortida cap a Oswiecim, coneguda mundialment pel seu nom alemany: Auschwitz.<\/span><\/p>\n<p class=\"cvGsUA block-font-kerning-none block-font-feature-liga-off block-font-feature-clig-off block-font-feature-calt-off direction-ltr align-start\"><span class=\"a_GcMg font-feature-liga-off font-feature-clig-off font-feature-calt-off text-decoration-none text-strikethrough-none\">Visitarem, sempre que s\u2019aconsegueixin les entrades nominals necess\u00e0ries, els camps d\u2019Auschwitz i Birkenau, un dels testimonis m\u00e9s colpidors de l\u2019Holocaust i de la persecuci\u00f3 duta a terme pel r\u00e8gim nazi durant la Segona Guerra Mundial. La visita ens permetr\u00e0 apropar-nos a un dels cap\u00edtols m\u00e9s foscos de la hist\u00f2ria europea contempor\u00e0nia.<\/span><\/p>\n<p class=\"cvGsUA block-font-kerning-none block-font-feature-liga-off block-font-feature-clig-off block-font-feature-calt-off direction-ltr align-start\"><span class=\"a_GcMg font-feature-liga-off font-feature-clig-off font-feature-calt-off text-decoration-none text-strikethrough-none\">Despr\u00e9s de dinar continuarem el nostre recorregut cap a Czestochowa. A la nostra arribada tindrem la possibilitat d\u2019assistir a la cerim\u00f2nia de tancament de la icona de la Verge Negra.<\/span><\/p>\n<p class=\"cvGsUA block-font-kerning-none block-font-feature-liga-off block-font-feature-clig-off block-font-feature-calt-off direction-ltr align-start\"><span class=\"a_GcMg font-feature-liga-off font-feature-clig-off font-feature-calt-off text-decoration-none text-strikethrough-none\">Sopar i allotjament a l\u2019hotel.<\/span><\/p>\n<\/div><\/div><\/div><div class=\"fusion-panel panel-default panel-ee80aa15bed091916 fusion-toggle-no-divider fusion-toggle-boxed-mode\" style=\"--awb-title-color:var(--awb-color7);--awb-content-color:var(--awb-color5);\"><div class=\"panel-heading\"><h4 class=\"panel-title toggle\" id=\"toggle_ee80aa15bed091916\"><a aria-expanded=\"false\" aria-controls=\"ee80aa15bed091916\" role=\"button\" data-toggle=\"collapse\" data-parent=\"#accordion-8505-1\" data-target=\"#ee80aa15bed091916\" href=\"#ee80aa15bed091916\"><span class=\"fusion-toggle-icon-wrapper\" aria-hidden=\"true\"><i class=\"fa-fusion-box active-icon awb-icon-minus\" aria-hidden=\"true\"><\/i><i class=\"fa-fusion-box inactive-icon awb-icon-plus\" aria-hidden=\"true\"><\/i><\/span><span class=\"fusion-toggle-heading\">19 DE MAIG \u00b7 CZESTOCHOWA \u2013 VARS\u00d2VIA<\/span><\/a><\/h4><\/div><div id=\"ee80aa15bed091916\" class=\"panel-collapse collapse \" aria-labelledby=\"toggle_ee80aa15bed091916\"><div class=\"panel-body toggle-content fusion-clearfix\">\n<p class=\"cvGsUA block-font-kerning-none block-font-feature-liga-off block-font-feature-clig-off block-font-feature-calt-off direction-ltr align-start\"><span class=\"a_GcMg font-feature-liga-off font-feature-clig-off font-feature-calt-off text-decoration-none text-strikethrough-none\">Esmorzar a l\u2019hotel.<\/span><\/p>\n<p class=\"cvGsUA block-font-kerning-none block-font-feature-liga-off block-font-feature-clig-off block-font-feature-calt-off direction-ltr align-start\"><span class=\"a_GcMg font-feature-liga-off font-feature-clig-off font-feature-calt-off text-decoration-none text-strikethrough-none\">Al mat\u00ed visitarem el Monestir-Fortalesa de Jasna Gora, on es conserva la icona de la Verge Negra, la imatge religiosa m\u00e9s venerada de Pol\u00f2nia.<\/span><\/p>\n<p class=\"cvGsUA block-font-kerning-none block-font-feature-liga-off block-font-feature-clig-off block-font-feature-calt-off direction-ltr align-start\"><span class=\"a_GcMg font-feature-liga-off font-feature-clig-off font-feature-calt-off text-decoration-none text-strikethrough-none\">A continuaci\u00f3, sortida cap a Vars\u00f2via, capital del pa\u00eds. A la nostra arribada descobrirem una ciutat de grans contrastos, on l\u2019arquitectura d\u2019\u00e8poca sovi\u00e8tica conviu amb moderns gratacels. Pujarem al mirador situat a la planta 30 del Palau de la Cultura, des d\u2019on gaudirem d\u2019una magn\u00edfica panor\u00e0mica de la ciutat.<\/span><\/p>\n<p class=\"cvGsUA block-font-kerning-none block-font-feature-liga-off block-font-feature-clig-off block-font-feature-calt-off direction-ltr align-start\"><span class=\"a_GcMg font-feature-liga-off font-feature-clig-off font-feature-calt-off text-decoration-none text-strikethrough-none\">Despr\u00e9s de dinar realitzarem una visita de Vars\u00f2via. Recorrerem el seu reconstru\u00eft Barri Antic, l\u2019entorn del Palau Reial, la Pla\u00e7a del Mercat, la Barbacana i la zona de l\u2019antic gueto jueu.<\/span><\/p>\n<p class=\"cvGsUA block-font-kerning-none block-font-feature-liga-off block-font-feature-clig-off block-font-feature-calt-off direction-ltr align-start\"><span class=\"a_GcMg font-feature-liga-off font-feature-clig-off font-feature-calt-off text-decoration-none text-strikethrough-none\">Tamb\u00e9 coneixerem el Parc Lazienki, vinculat a la figura d\u2019un dels grans s\u00edmbols culturals del pa\u00eds: Fr\u00e9d\u00e9ric Chopin.<\/span><\/p>\n<p class=\"cvGsUA block-font-kerning-none block-font-feature-liga-off block-font-feature-clig-off block-font-feature-calt-off direction-ltr align-start\"><span class=\"a_GcMg font-feature-liga-off font-feature-clig-off font-feature-calt-off text-decoration-none text-strikethrough-none\">Sopar i allotjament a l\u2019hotel.<\/span><\/p>\n<\/div><\/div><\/div><div class=\"fusion-panel panel-default panel-b0e62ffedf1952460 fusion-toggle-no-divider fusion-toggle-boxed-mode\" style=\"--awb-title-color:var(--awb-color7);--awb-content-color:var(--awb-color5);\"><div class=\"panel-heading\"><h4 class=\"panel-title toggle\" id=\"toggle_b0e62ffedf1952460\"><a aria-expanded=\"false\" aria-controls=\"b0e62ffedf1952460\" role=\"button\" data-toggle=\"collapse\" data-parent=\"#accordion-8505-1\" data-target=\"#b0e62ffedf1952460\" href=\"#b0e62ffedf1952460\"><span class=\"fusion-toggle-icon-wrapper\" aria-hidden=\"true\"><i class=\"fa-fusion-box active-icon awb-icon-minus\" aria-hidden=\"true\"><\/i><i class=\"fa-fusion-box inactive-icon awb-icon-plus\" aria-hidden=\"true\"><\/i><\/span><span class=\"fusion-toggle-heading\">20 DE MAIG \u00b7 VARS\u00d2VIA \u2013 TORUN \u2013 MALBORK \u2013 GDANSK<\/span><\/a><\/h4><\/div><div id=\"b0e62ffedf1952460\" class=\"panel-collapse collapse \" aria-labelledby=\"toggle_b0e62ffedf1952460\"><div class=\"panel-body toggle-content fusion-clearfix\">\n<p class=\"cvGsUA block-font-kerning-none block-font-feature-liga-off block-font-feature-clig-off block-font-feature-calt-off direction-ltr align-start\"><span class=\"a_GcMg font-feature-liga-off font-feature-clig-off font-feature-calt-off text-decoration-none text-strikethrough-none\">Esmorzar a l\u2019hotel i sortida cap a Torun, situada a la vora del riu V\u00edstula i coneguda per ser la ciutat natal de Nicolau Cop\u00e8rnic.<\/span><\/p>\n<p class=\"cvGsUA block-font-kerning-none block-font-feature-liga-off block-font-feature-clig-off block-font-feature-calt-off direction-ltr align-start\"><span class=\"a_GcMg font-feature-liga-off font-feature-clig-off font-feature-calt-off text-decoration-none text-strikethrough-none\">Farem una passejada pel seu centre hist\u00f2ric per contemplar els antics graners, les muralles al costat del riu, la casa natal de Cop\u00e8rnic, l\u2019Ajuntament i la seva curiosa Torre Inclinada.<\/span><\/p>\n<p class=\"cvGsUA block-font-kerning-none block-font-feature-liga-off block-font-feature-clig-off block-font-feature-calt-off direction-ltr align-start\"><span class=\"a_GcMg font-feature-liga-off font-feature-clig-off font-feature-calt-off text-decoration-none text-strikethrough-none\">Posteriorment continuarem cap a Malbork, antiga seu dels Cavallers Teut\u00f2nics. Despr\u00e9s de dinar visitarem el seu impressionant castell, considerat el castell constru\u00eft en ma\u00f3 m\u00e9s gran del m\u00f3n.<\/span><\/p>\n<p class=\"cvGsUA block-font-kerning-none block-font-feature-liga-off block-font-feature-clig-off block-font-feature-calt-off direction-ltr align-start\"><span class=\"a_GcMg font-feature-liga-off font-feature-clig-off font-feature-calt-off text-decoration-none text-strikethrough-none\">Finalitzada la visita seguirem cap a Gdansk, a la vora del mar B\u00e0ltic, ciutat estretament vinculada al naixement del moviment Solidaritat, liderat per Lech Walesa.<\/span><\/p>\n<p class=\"cvGsUA block-font-kerning-none block-font-feature-liga-off block-font-feature-clig-off block-font-feature-calt-off direction-ltr align-start\"><span class=\"a_GcMg font-feature-liga-off font-feature-clig-off font-feature-calt-off text-decoration-none text-strikethrough-none\">Sopar i allotjament a l\u2019hotel.<\/span><\/p>\n<\/div><\/div><\/div><div class=\"fusion-panel panel-default panel-992056a9af624a647 fusion-toggle-no-divider fusion-toggle-boxed-mode\" style=\"--awb-title-color:var(--awb-color7);--awb-content-color:var(--awb-color5);\"><div class=\"panel-heading\"><h4 class=\"panel-title toggle\" id=\"toggle_992056a9af624a647\"><a aria-expanded=\"false\" aria-controls=\"992056a9af624a647\" role=\"button\" data-toggle=\"collapse\" data-parent=\"#accordion-8505-1\" data-target=\"#992056a9af624a647\" href=\"#992056a9af624a647\"><span class=\"fusion-toggle-icon-wrapper\" aria-hidden=\"true\"><i class=\"fa-fusion-box active-icon awb-icon-minus\" aria-hidden=\"true\"><\/i><i class=\"fa-fusion-box inactive-icon awb-icon-plus\" aria-hidden=\"true\"><\/i><\/span><span class=\"fusion-toggle-heading\">21 DE MAIG \u00b7 GDANSK \u2013 GDYNIA \u2013 SOPOT \u2013 GDANSK<\/span><\/a><\/h4><\/div><div id=\"992056a9af624a647\" class=\"panel-collapse collapse \" aria-labelledby=\"toggle_992056a9af624a647\"><div class=\"panel-body toggle-content fusion-clearfix\">\n<p class=\"cvGsUA block-font-kerning-none block-font-feature-liga-off block-font-feature-clig-off block-font-feature-calt-off direction-ltr align-start\"><span class=\"a_GcMg font-feature-liga-off font-feature-clig-off font-feature-calt-off text-decoration-none text-strikethrough-none\">Esmorzar a l\u2019hotel.<\/span><\/p>\n<p class=\"cvGsUA block-font-kerning-none block-font-feature-liga-off block-font-feature-clig-off block-font-feature-calt-off direction-ltr align-start\"><span class=\"a_GcMg font-feature-liga-off font-feature-clig-off font-feature-calt-off text-decoration-none text-strikethrough-none\">Al mat\u00ed ens dirigirem cap a Gdynia, on coneixerem la zona del seu important port. Continuarem cap a l\u2019elegant localitat costanera de Sopot, tradicional lloc d\u2019estiueig de la societat europea, on passejarem entre els seus edificis i hotels hist\u00f2rics.<\/span><\/p>\n<p class=\"cvGsUA block-font-kerning-none block-font-feature-liga-off block-font-feature-clig-off block-font-feature-calt-off direction-ltr align-start\"><span class=\"a_GcMg font-feature-liga-off font-feature-clig-off font-feature-calt-off text-decoration-none text-strikethrough-none\">Des de la badia podrem contemplar Westerplatte, lloc on va comen\u00e7ar la Segona Guerra Mundial amb l\u2019atac alemany del setembre de 1939.<\/span><\/p>\n<p class=\"cvGsUA block-font-kerning-none block-font-feature-liga-off block-font-feature-clig-off block-font-feature-calt-off direction-ltr align-start\"><span class=\"a_GcMg font-feature-liga-off font-feature-clig-off font-feature-calt-off text-decoration-none text-strikethrough-none\">Al migdia arribarem a Oliwa, on tindrem ocasi\u00f3 d\u2019escoltar els sons del seu fam\u00f3s orgue.<\/span><\/p>\n<p class=\"cvGsUA block-font-kerning-none block-font-feature-liga-off block-font-feature-clig-off block-font-feature-calt-off direction-ltr align-start\"><span class=\"a_GcMg font-feature-liga-off font-feature-clig-off font-feature-calt-off text-decoration-none text-strikethrough-none\">A la tarda tornarem a Gdansk per visitar el seu magn\u00edfic centre hist\u00f2ric. Entrarem per la Porta Daurada i recorrerem la Via Reial fins a arribar a la zona de la Pla\u00e7a del Mercat, amb la font de Nept\u00fa, la Casa Artus i la Casa Daurada.<\/span><\/p>\n<p class=\"cvGsUA block-font-kerning-none block-font-feature-liga-off block-font-feature-clig-off block-font-feature-calt-off direction-ltr align-start\"><span class=\"a_GcMg font-feature-liga-off font-feature-clig-off font-feature-calt-off text-decoration-none text-strikethrough-none\">Coneixerem tamb\u00e9 l\u2019esgl\u00e9sia de Nostra Senyora i passejarem per l\u2019antic port, on es conserva la seva caracter\u00edstica grua medieval de l\u2019any 1444.<\/span><\/p>\n<p class=\"cvGsUA block-font-kerning-none block-font-feature-liga-off block-font-feature-clig-off block-font-feature-calt-off direction-ltr align-start\"><span class=\"a_GcMg font-feature-liga-off font-feature-clig-off font-feature-calt-off text-decoration-none text-strikethrough-none\">Dinar i sopar inclosos. Allotjament a l\u2019hotel.<\/span><\/p>\n<\/div><\/div><\/div><div class=\"fusion-panel panel-default panel-5f3e1418071bb7544 fusion-toggle-no-divider fusion-toggle-boxed-mode\" style=\"--awb-title-color:var(--awb-color7);--awb-content-color:var(--awb-color5);\"><div class=\"panel-heading\"><h4 class=\"panel-title toggle\" id=\"toggle_5f3e1418071bb7544\"><a aria-expanded=\"false\" aria-controls=\"5f3e1418071bb7544\" role=\"button\" data-toggle=\"collapse\" data-parent=\"#accordion-8505-1\" data-target=\"#5f3e1418071bb7544\" href=\"#5f3e1418071bb7544\"><span class=\"fusion-toggle-icon-wrapper\" aria-hidden=\"true\"><i class=\"fa-fusion-box active-icon awb-icon-minus\" aria-hidden=\"true\"><\/i><i class=\"fa-fusion-box inactive-icon awb-icon-plus\" aria-hidden=\"true\"><\/i><\/span><span class=\"fusion-toggle-heading\">22 DE MAIG \u00b7 GDANSK \u2013 BARCELONA<\/span><\/a><\/h4><\/div><div id=\"5f3e1418071bb7544\" class=\"panel-collapse collapse \" aria-labelledby=\"toggle_5f3e1418071bb7544\"><div class=\"panel-body toggle-content fusion-clearfix\">\n<p class=\"cvGsUA block-font-kerning-none block-font-feature-liga-off block-font-feature-clig-off block-font-feature-calt-off direction-ltr align-start\"><span class=\"a_GcMg font-feature-liga-off font-feature-clig-off font-feature-calt-off text-decoration-none text-strikethrough-none\">Esmorzar a l\u2019hotel.<\/span><\/p>\n<p class=\"cvGsUA block-font-kerning-none block-font-feature-liga-off block-font-feature-clig-off block-font-feature-calt-off direction-ltr align-start\"><span class=\"a_GcMg font-feature-liga-off font-feature-clig-off font-feature-calt-off text-decoration-none text-strikethrough-none\">Disposarem del mat\u00ed lliure a Gdansk per gaudir tranquil\u00b7lament de les \u00faltimes hores del viatge i fer algunes compres. Entre els productes m\u00e9s caracter\u00edstics d\u2019aquesta zona destaca especialment l\u2019ambre del B\u00e0ltic.<\/span><\/p>\n<p class=\"cvGsUA block-font-kerning-none block-font-feature-liga-off block-font-feature-clig-off block-font-feature-calt-off direction-ltr align-start\"><span class=\"a_GcMg font-feature-liga-off font-feature-clig-off font-feature-calt-off text-decoration-none text-strikethrough-none\">Al migdia, trasllat a l\u2019aeroport de Gdansk i sortida a les 15:15 h en vol directe de Wizz Air amb destinaci\u00f3 Barcelona.<\/span><\/p>\n<p class=\"cvGsUA block-font-kerning-none block-font-feature-liga-off block-font-feature-clig-off block-font-feature-calt-off direction-ltr align-start\"><span class=\"a_GcMg font-feature-liga-off font-feature-clig-off font-feature-calt-off text-decoration-none text-strikethrough-none\">Arribada prevista a la Terminal 2 de Barcelona a les 18:25 h i fi del nostre viatge per Pol\u00f2nia.<\/span><\/p>\n<\/div><\/div><\/div><\/div><\/div>\r\n            \r\n            \r\n            \r\n            <a name='map1'><\/a>\r\n            \r\n            \r\n            \r\n            \r\n            <div class=\"wpgmza_map \"  id=\"wpgmza_map_1\" style=\"display:block; overflow:auto; width:100%; height:500px; float:left;\" data-settings='{\"id\":\"1\",\"map_title\":\"Mapa base\",\"map_width\":\"100\",\"map_height\":\"500\",\"map_start_lat\":\"35.355202541817214\",\"map_start_lng\":\"5.884582799218383\",\"map_start_location\":\"45.950464398418106,-109.81550500000003\",\"map_start_zoom\":\"2\",\"default_marker\":\"\",\"type\":\"1\",\"alignment\":\"4\",\"directions_enabled\":\"0\",\"styling_enabled\":\"0\",\"styling_json\":\"\",\"active\":\"0\",\"kml\":\"\",\"bicycle\":\"0\",\"traffic\":\"0\",\"dbox\":\"1\",\"dbox_width\":\"\",\"listmarkers\":\"0\",\"listmarkers_advanced\":\"0\",\"filterbycat\":\"0\",\"ugm_enabled\":\"0\",\"ugm_category_enabled\":\"0\",\"fusion\":\"\",\"map_width_type\":\"%\",\"map_height_type\":\"px\",\"mass_marker_support\":\"0\",\"ugm_access\":\"0\",\"order_markers_by\":\"1\",\"order_markers_choice\":\"1\",\"show_user_location\":\"0\",\"default_to\":\"\",\"other_settings\":{\"transport_layer\":null,\"shortcodeAttributes\":{\"id\":\"1\"}}}' data-map-id='1' data-shortcode-attributes='{\"id\":\"1\"}'> <\/div>\r\n            \r\n               \r\n        <div class=\"fusion-separator\" style=\"align-self: center;margin-left: auto;margin-right: auto;margin-top:45px;margin-bottom:25px;width:100%;max-width:70px;\"><div class=\"fusion-separator-border sep-single sep-solid\" style=\"--awb-height:20px;--awb-amount:20px;--awb-sep-color:var(--awb-color4);border-color:var(--awb-color4);border-top-width:15px;\"><\/div><\/div><div class=\"fusion-builder-row fusion-builder-row-inner fusion-row fusion-flex-align-items-flex-start fusion-flex-content-wrap\" style=\"--awb-flex-grow:0;--awb-flex-grow-medium:0;--awb-flex-grow-small:0;--awb-flex-shrink:0;--awb-flex-shrink-medium:0;--awb-flex-shrink-small:0;width:104% !important;max-width:104% !important;margin-left: calc(-4% \/ 2 );margin-right: calc(-4% \/ 2 );\"><div class=\"fusion-layout-column fusion_builder_column_inner fusion-builder-nested-column-0 fusion_builder_column_inner_1_1 1_1 fusion-flex-column\" style=\"--awb-padding-top:20px;--awb-padding-right:20px;--awb-padding-left:20px;--awb-bg-color:var(--awb-color2);--awb-bg-color-hover:var(--awb-color2);--awb-bg-size:cover;--awb-border-color:var(--awb-color3);--awb-border-top:1px;--awb-border-right:1px;--awb-border-bottom:1px;--awb-border-left:1px;--awb-border-style:solid;--awb-width-large:100%;--awb-margin-top-large:50px;--awb-spacing-right-large:1.92%;--awb-margin-bottom-large:0px;--awb-spacing-left-large:1.92%;--awb-width-medium:100%;--awb-order-medium:0;--awb-spacing-right-medium:1.92%;--awb-spacing-left-medium:1.92%;--awb-width-small:100%;--awb-order-small:0;--awb-spacing-right-small:1.92%;--awb-spacing-left-small:1.92%;\" data-scroll-devices=\"small-visibility,medium-visibility,large-visibility\"><div class=\"fusion-column-wrapper fusion-column-has-shadow fusion-flex-justify-content-flex-start fusion-content-layout-column\"><i class=\"fb-icon-element-1 fb-icon-element fontawesome-icon icon-rodamail_outline circle-yes\" style=\"--awb-circlebordersize:1px;--awb-font-size:30.8px;--awb-width:61.6px;--awb-height:61.6px;--awb-line-height:59.6px;--awb-align-self:center;--awb-margin-top:-50px;--awb-margin-right:0px;--awb-margin-bottom:20px;--awb-margin-left:0px;\"><\/i><div class=\"fusion-title title fusion-title-3 fusion-sep-none fusion-title-center fusion-title-text fusion-title-size-four\" style=\"--awb-margin-bottom:20px;--awb-margin-top-small:0px;--awb-margin-right-small:0px;--awb-margin-bottom-small:20px;--awb-margin-left-small:0px;\"><h4 class=\"fusion-title-heading title-heading-center fusion-responsive-typography-calculated\" style=\"font-family:&quot;Lato&quot;;font-style:normal;font-weight:400;margin:0;--fontSize:18;--minFontSize:18;line-height:var(--awb-typography1-line-height);\">\u00bfQUIERES M\u00c1S INFORMACI\u00d3N DE ESTE VIAJE?<\/h4><\/div>\n<div class=\"wpcf7 no-js\" id=\"wpcf7-f7561-o1\" lang=\"es-ES\" dir=\"ltr\" data-wpcf7-id=\"7561\">\n<div class=\"screen-reader-response\"><p role=\"status\" aria-live=\"polite\" aria-atomic=\"true\"><\/p> <ul><\/ul><\/div>\n<form action=\"\/es\/wp-json\/wp\/v2\/viatges\/8505#wpcf7-f7561-o1\" method=\"post\" class=\"wpcf7-form init\" aria-label=\"Formulario de contacto\" novalidate=\"novalidate\" data-status=\"init\">\n<fieldset class=\"hidden-fields-container\"><input type=\"hidden\" name=\"_wpcf7\" value=\"7561\" \/><input type=\"hidden\" name=\"_wpcf7_version\" value=\"6.1.6\" \/><input type=\"hidden\" name=\"_wpcf7_locale\" value=\"es_ES\" \/><input type=\"hidden\" name=\"_wpcf7_unit_tag\" value=\"wpcf7-f7561-o1\" \/><input type=\"hidden\" name=\"_wpcf7_container_post\" value=\"0\" \/><input type=\"hidden\" name=\"_wpcf7_posted_data_hash\" value=\"\" \/><input type=\"hidden\" name=\"_wpcf7_recaptcha_response\" value=\"\" \/>\n<\/fieldset>\n<p><span class=\"wpcf7-form-control-wrap\" data-name=\"Nom\"><input size=\"40\" maxlength=\"400\" class=\"wpcf7-form-control wpcf7-text wpcf7-validates-as-required\" aria-required=\"true\" aria-invalid=\"false\" placeholder=\"Nombre *\" value=\"\" type=\"text\" name=\"Nom\" \/><\/span>\n<\/p>\n<p><span class=\"wpcf7-form-control-wrap\" data-name=\"YourMail\"><input size=\"40\" maxlength=\"400\" class=\"wpcf7-form-control wpcf7-email wpcf7-validates-as-required wpcf7-text wpcf7-validates-as-email\" aria-required=\"true\" aria-invalid=\"false\" placeholder=\"Correo electr\u00f3nico *\" value=\"\" type=\"email\" name=\"YourMail\" \/><\/span>\n<\/p>\n<p><span class=\"wpcf7-form-control-wrap\" data-name=\"Telefon\"><input size=\"40\" maxlength=\"400\" class=\"wpcf7-form-control wpcf7-tel wpcf7-text wpcf7-validates-as-tel\" aria-invalid=\"false\" placeholder=\"Tel\u00e9fono\" value=\"\" type=\"tel\" name=\"Telefon\" \/><\/span>\n<\/p>\n<p><span class=\"wpcf7-form-control-wrap\" data-name=\"Missatge\"><textarea cols=\"40\" rows=\"10\" maxlength=\"2000\" class=\"wpcf7-form-control wpcf7-textarea wpcf7-validates-as-required\" aria-required=\"true\" aria-invalid=\"false\" placeholder=\"Comentanos*\" name=\"Missatge\"><\/textarea><\/span>\n<\/p>\n<p style=\"color:#3c3c3b; font-weight:400; font-size:15px; margin-bottom: 0px;\"><span class=\"wpcf7-form-control-wrap\" data-name=\"acceptance-privacitat\"><span class=\"wpcf7-form-control wpcf7-acceptance\"><span class=\"wpcf7-list-item\"><label><input type=\"checkbox\" name=\"acceptance-privacitat\" value=\"1\" aria-invalid=\"false\" \/><span class=\"wpcf7-list-item-label\">He le\u00eddo y acepto <a href='https:\/\/roda.travel\/es\/politica-de-privacidad\/' target='_blank'>la pol\u00edtica de privacidad<\/a>.<\/span><\/label><\/span><\/span><\/span>\n<\/p>\n<p style=\"color:#3c3c3b; font-weight:400; font-size:15px; margin-bottom: 0px;\"><span class=\"wpcf7-form-control-wrap\" data-name=\"accept-noticies\"><span class=\"wpcf7-form-control wpcf7-acceptance optional\"><span class=\"wpcf7-list-item\"><label><input type=\"checkbox\" name=\"accept-noticies\" value=\"1\" aria-invalid=\"false\" \/><span class=\"wpcf7-list-item-label\">Autorizo el env\u00edo de informaci\u00f3n de TEAM TOURIST SERVICE, S.L.<\/span><\/label><\/span><\/span><\/span>\n<\/p>\n<p style=\"color:#3c3c3b; font-weight:800; font-size:14px; margin-bottom: 0px;\">INFORMACI\u00d3N B\u00c1SICA DE PROTECCI\u00d3N DE DATOS:\n<\/p>\n<p style=\"color:#3c3c3b; font-weight:400; font-size:13px; line-height: 1.2em\">Responsable del tratamiento: TEAM TOURIST SERVICE, S.L.<br \/>\nFinalidad del tratamiento: Gestionar las consultas planteadas y el env\u00edo de newsletters, comunicaciones comerciales y promociones.<br \/>\nResponsable del tratamiento: TEAM TOURIST SERVICE, S.L.<br \/>\nFinalidad del tratamiento: Gestionar las consultas planteadas y el env\u00edo de newsletters, comunicaciones comerciales y promociones.<br \/>\nLegitimaci\u00f3n del tratamiento: Inter\u00e9s leg\u00edtimo y consentimiento del interesado\/a.<br \/>\nConservaci\u00f3n de los datos: Se conservar\u00e1n mientras exista un inter\u00e9s mutuo o durante el tiempo necesario para el cumplimiento de las obligaciones legales.<br \/>\nDestinatarios: Prestadores de servicio o colaboradores.<br \/>\nDerechos: Derecho a retirar su consentimiento en cualquier momento. Derecho de acceso, rectificaci\u00f3n, portabilidad y supresi\u00f3n de los datos y la limitaci\u00f3n u oposici\u00f3n al tratamiento. Datos de contacto para ejercer sus derechos: info@roda.travel<br \/>\nInformaci\u00f3n adicional: Puede consultar la informaci\u00f3n adicional en nuestra <a href=\"https:\/\/roda.travel\/es\/politica-de-privacidad\/\" target=\"_blank\">Pol\u00edtica de Privacidad<\/a>\n<\/p>\n<p><input class=\"wpcf7-form-control wpcf7-submit has-spinner\" type=\"submit\" value=\"Enviar\" \/>\n<\/p><div class=\"fusion-alert alert custom alert-custom fusion-alert-center wpcf7-response-output fusion-alert-capitalize awb-alert-native-link-color alert-dismissable awb-alert-close-boxed\" style=\"--awb-border-size:1px;--awb-border-top-left-radius:0px;--awb-border-top-right-radius:0px;--awb-border-bottom-left-radius:0px;--awb-border-bottom-right-radius:0px;\" role=\"alert\"><div class=\"fusion-alert-content-wrapper\"><span class=\"fusion-alert-content\"><\/span><\/div><button type=\"button\" class=\"close toggle-alert\" data-dismiss=\"alert\" aria-label=\"Close\">&times;<\/button><\/div>\n<\/form>\n<\/div>\n<\/div><\/div><\/div>\n<\/div><\/div><div class=\"fusion-layout-column fusion_builder_column fusion-builder-column-3 fusion_builder_column_1_2 1_2 fusion-flex-column\" style=\"--awb-padding-left:30px;--awb-bg-size:cover;--awb-border-color:var(--awb-color2);--awb-border-left:1px;--awb-border-style:solid;--awb-width-large:50%;--awb-margin-top-large:0px;--awb-spacing-right-large:3.84%;--awb-margin-bottom-large:20px;--awb-spacing-left-large:3.84%;--awb-width-medium:100%;--awb-order-medium:0;--awb-spacing-right-medium:1.92%;--awb-spacing-left-medium:1.92%;--awb-width-small:100%;--awb-order-small:0;--awb-spacing-right-small:1.92%;--awb-spacing-left-small:1.92%;\" data-scroll-devices=\"small-visibility,medium-visibility,large-visibility\"><div class=\"fusion-column-wrapper fusion-column-has-shadow fusion-flex-justify-content-flex-start fusion-content-layout-column\"><div class=\"fusion-separator\" style=\"align-self: flex-start;margin-right:auto;margin-bottom:20px;width:100%;max-width:70px;\"><div class=\"fusion-separator-border sep-single sep-solid\" style=\"--awb-height:20px;--awb-amount:20px;--awb-sep-color:var(--awb-color4);border-color:var(--awb-color4);border-top-width:15px;\"><\/div><\/div><div class=\"fusion-title title fusion-title-4 fusion-sep-none fusion-title-text fusion-title-size-three\" style=\"--awb-margin-bottom:20px;--awb-margin-top-small:0px;--awb-margin-right-small:0px;--awb-margin-bottom-small:20px;--awb-margin-left-small:0px;\"><h3 class=\"fusion-title-heading title-heading-left fusion-responsive-typography-calculated\" style=\"margin:0;--fontSize:24;--minFontSize:24;line-height:var(--awb-typography1-line-height);\">PREUS<\/h3><\/div><div class=\"fusion-text fusion-text-2\"><p class=\"cvGsUA block-font-kerning-none block-font-feature-liga-off block-font-feature-clig-off block-font-feature-calt-off direction-ltr align-justify\"><span class=\"a_GcMg font-feature-liga-off font-feature-clig-off font-feature-calt-off text-decoration-none text-strikethrough-none\">PREU PER PERSONA EN HABITACI\u00d3 DOBLE: <\/span><span class=\"a_GcMg font-feature-liga-off font-feature-clig-off font-feature-calt-off text-decoration-none text-strikethrough-none\">1.950 \u20ac<\/span><\/p>\n<ul>\n<li><span class=\"a_GcMg font-feature-liga-off font-feature-clig-off font-feature-calt-off text-decoration-none text-strikethrough-none\">Taxes: <\/span><span class=\"a_GcMg font-feature-liga-off font-feature-clig-off font-feature-calt-off text-decoration-none text-strikethrough-none\">250 \u20ac<\/span><\/li>\n<li><span class=\"a_GcMg font-feature-liga-off font-feature-clig-off font-feature-calt-off text-decoration-none text-strikethrough-none\">Suplement habitaci\u00f3 individual: <\/span><span class=\"a_GcMg font-feature-liga-off font-feature-clig-off font-feature-calt-off text-decoration-none text-strikethrough-none\">410 \u20ac<\/span><\/li>\n<\/ul>\n<\/div><div class=\"fusion-text fusion-text-3\"><p><strong>EL PREU INCLOU:<\/strong><\/p>\n<ul>\n<li><span class=\"a_GcMg font-feature-liga-off font-feature-clig-off font-feature-calt-off text-decoration-none text-strikethrough-none\">Trobada pr\u00e8via al viatge per con\u00e8ixer els companys de viatge i poder informar-nos de tot el necessari.<\/span><\/li>\n<li><span class=\"a_GcMg font-feature-liga-off font-feature-clig-off font-feature-calt-off text-decoration-none text-strikethrough-none\">Trasllats Badalona \/ aeroport \/ Badalona (descompte per no utilitzar aquest servei: 30 \u20ac).<\/span><\/li>\n<li><span class=\"a_GcMg font-feature-liga-off font-feature-clig-off font-feature-calt-off text-decoration-none text-strikethrough-none\">Vols directes de Wizz Air Barcelona \u2013 Katowice i Gdansk \u2013 Barcelona, amb dret a una maleta.<\/span><\/li>\n<li><span class=\"a_GcMg font-feature-liga-off font-feature-clig-off font-feature-calt-off text-decoration-none text-strikethrough-none\">Serveis d\u2019autocar segons programa.<\/span><\/li>\n<li><span class=\"a_GcMg font-feature-liga-off font-feature-clig-off font-feature-calt-off text-decoration-none text-strikethrough-none\">Guia acompanyant des de\/fins a Barcelona.<\/span><\/li>\n<li><span class=\"a_GcMg font-feature-liga-off font-feature-clig-off font-feature-calt-off text-decoration-none text-strikethrough-none\">Estada de 7 nits en hotels 3 superior \/ 4** en r\u00e8gim de mitja pensi\u00f3.<\/span><\/li>\n<li><span class=\"a_GcMg font-feature-liga-off font-feature-clig-off font-feature-calt-off text-decoration-none text-strikethrough-none\">7 dinars en restaurant.<\/span><\/li>\n<li><span class=\"a_GcMg font-feature-liga-off font-feature-clig-off font-feature-calt-off text-decoration-none text-strikethrough-none\">Guies locals per a les visites de Wroclaw, Crac\u00f2via, Vars\u00f2via, Malbork i Gdansk.<\/span><\/li>\n<li><span class=\"a_GcMg font-feature-liga-off font-feature-clig-off font-feature-calt-off text-decoration-none text-strikethrough-none\">Entrades a l\u2019Esgl\u00e9sia de la Pau (Jawor), Crac\u00f2via (Santa Maria), Wieliczka, Vars\u00f2via (mirador), Malbork, Sopot (moll), Oliwa (catedral) i Gdansk (Santa Maria).<\/span><\/li>\n<li><span class=\"a_GcMg font-feature-liga-off font-feature-clig-off font-feature-calt-off text-decoration-none text-strikethrough-none\">Asseguran\u00e7a de viatge i cancel\u00b7laci\u00f3.<\/span><\/li>\n<li><span class=\"a_GcMg font-feature-liga-off font-feature-clig-off font-feature-calt-off text-decoration-none text-strikethrough-none\">Propines per al xofer i el guia.<\/span><\/li>\n<\/ul>\n<\/div><div class=\"fusion-separator\" style=\"align-self: flex-start;margin-right:auto;margin-top:40px;margin-bottom:20px;width:100%;max-width:70px;\"><div class=\"fusion-separator-border sep-single sep-solid\" style=\"--awb-height:20px;--awb-amount:20px;--awb-sep-color:var(--awb-color4);border-color:var(--awb-color4);border-top-width:15px;\"><\/div><\/div><div class=\"fusion-title title fusion-title-5 fusion-sep-none fusion-title-text fusion-title-size-three\" style=\"--awb-margin-bottom:20px;--awb-margin-top-small:0px;--awb-margin-right-small:0px;--awb-margin-bottom-small:20px;--awb-margin-left-small:0px;\"><h3 class=\"fusion-title-heading title-heading-left fusion-responsive-typography-calculated\" style=\"margin:0;--fontSize:24;--minFontSize:24;line-height:var(--awb-typography1-line-height);\">M\u00c9S INFORMACI\u00d3<\/h3><\/div><div class=\"accordian fusion-accordian\" style=\"--awb-border-size:0px;--awb-icon-size:15px;--awb-content-font-size:15px;--awb-icon-alignment:left;--awb-hover-color:var(--awb-color1);--awb-border-color:var(--awb-color1);--awb-background-color:var(--awb-color2);--awb-divider-color:var(--awb-color3);--awb-divider-hover-color:var(--awb-color3);--awb-icon-color:var(--awb-color5);--awb-title-color:var(--awb-color4);--awb-content-color:var(--awb-color5);--awb-icon-box-color:var(--awb-color7);--awb-toggle-hover-accent-color:var(--awb-color4);--awb-toggle-active-accent-color:var(--awb-color5);--awb-title-font-family:&quot;Lato&quot;;--awb-title-font-weight:700;--awb-title-font-style:normal;--awb-title-font-size:17px;--awb-content-font-family:&quot;Open Sans&quot;;--awb-content-font-style:normal;--awb-content-font-weight:400;\"><div class=\"panel-group fusion-toggle-icon-unboxed\" id=\"accordion-8505-2\"><div class=\"fusion-panel panel-default panel-2548d9e02072157fd fusion-toggle-no-divider fusion-toggle-boxed-mode\" style=\"--awb-title-color:var(--awb-color7);--awb-content-color:var(--awb-color5);\"><div class=\"panel-heading\"><h4 class=\"panel-title toggle\" id=\"toggle_2548d9e02072157fd\"><a class=\"active\" aria-expanded=\"true\" aria-controls=\"2548d9e02072157fd\" role=\"button\" data-toggle=\"collapse\" data-parent=\"#accordion-8505-2\" data-target=\"#2548d9e02072157fd\" href=\"#2548d9e02072157fd\"><span class=\"fusion-toggle-icon-wrapper\" aria-hidden=\"true\"><i class=\"fa-fusion-box active-icon awb-icon-minus\" aria-hidden=\"true\"><\/i><i class=\"fa-fusion-box inactive-icon fa-info fas\" aria-hidden=\"true\"><\/i><\/span><span class=\"fusion-toggle-heading\">VOLS PREVISTOS<\/span><\/a><\/h4><\/div><div id=\"2548d9e02072157fd\" class=\"panel-collapse collapse in\" aria-labelledby=\"toggle_2548d9e02072157fd\"><div class=\"panel-body toggle-content fusion-clearfix\">\n<p class=\"cvGsUA block-font-kerning-none block-font-feature-liga-off block-font-feature-clig-off block-font-feature-calt-off direction-ltr align-start\"><span class=\"a_GcMg font-feature-liga-off font-feature-clig-off font-feature-calt-off text-decoration-none text-strikethrough-none\">Barcelona &#8211; Katowice<\/span> <span class=\"a_GcMg font-feature-liga-off font-feature-clig-off font-feature-calt-off text-decoration-none text-strikethrough-none\">15 MAIG<\/span><\/p>\n<p class=\"cvGsUA block-font-kerning-none block-font-feature-liga-off block-font-feature-clig-off block-font-feature-calt-off direction-ltr align-start\"><span class=\"a_GcMg font-feature-liga-off font-feature-clig-off font-feature-calt-off text-decoration-none text-strikethrough-none\">Gdansk &#8211; Barcelona<\/span> <span class=\"a_GcMg font-feature-liga-off font-feature-clig-off font-feature-calt-off text-decoration-none text-strikethrough-none\">22 MAIG<\/span><\/p>\n<\/div><\/div><\/div><div class=\"fusion-panel panel-default panel-234812e51f02c3060 fusion-toggle-no-divider fusion-toggle-boxed-mode\" style=\"--awb-title-color:var(--awb-color7);--awb-content-color:var(--awb-color5);\"><div class=\"panel-heading\"><h4 class=\"panel-title toggle\" id=\"toggle_234812e51f02c3060\"><a aria-expanded=\"false\" aria-controls=\"234812e51f02c3060\" role=\"button\" data-toggle=\"collapse\" data-parent=\"#accordion-8505-2\" data-target=\"#234812e51f02c3060\" href=\"#234812e51f02c3060\"><span class=\"fusion-toggle-icon-wrapper\" aria-hidden=\"true\"><i class=\"fa-fusion-box active-icon awb-icon-minus\" aria-hidden=\"true\"><\/i><i class=\"fa-fusion-box inactive-icon fa-info fas\" aria-hidden=\"true\"><\/i><\/span><span class=\"fusion-toggle-heading\">IMPORTANT<\/span><\/a><\/h4><\/div><div id=\"234812e51f02c3060\" class=\"panel-collapse collapse \" aria-labelledby=\"toggle_234812e51f02c3060\"><div class=\"panel-body toggle-content fusion-clearfix\">\n<ul>\n<li><span class=\"a_GcMg font-feature-liga-off font-feature-clig-off font-feature-calt-off text-decoration-none text-strikethrough-none\">En el moment de fer la reserva s\u2019haur\u00e0 de fer una paga i senyal de 500 \u20ac per persona.<\/span><\/li>\n<li><span class=\"a_GcMg font-feature-liga-off font-feature-clig-off font-feature-calt-off text-decoration-none text-strikethrough-none\">El pagament de la resta s\u2019haur\u00e0 de fer 45 dies abans de la sortida.<\/span><\/li>\n<li><span class=\"a_GcMg font-feature-liga-off font-feature-clig-off font-feature-calt-off text-decoration-none text-strikethrough-none\">Viatge acompanyat des de Barcelona amb un m\u00e0xim de 25 persones i un m\u00ednim de 15.<\/span><\/li>\n<\/ul>\n<\/div><\/div><\/div><div class=\"fusion-panel panel-default panel-7b179b7cb78ab6f7a fusion-toggle-no-divider fusion-toggle-boxed-mode\" style=\"--awb-title-color:var(--awb-color7);--awb-content-color:var(--awb-color5);\"><div class=\"panel-heading\"><h4 class=\"panel-title toggle\" id=\"toggle_7b179b7cb78ab6f7a\"><a aria-expanded=\"false\" aria-controls=\"7b179b7cb78ab6f7a\" role=\"button\" data-toggle=\"collapse\" data-parent=\"#accordion-8505-2\" data-target=\"#7b179b7cb78ab6f7a\" href=\"#7b179b7cb78ab6f7a\"><span class=\"fusion-toggle-icon-wrapper\" aria-hidden=\"true\"><i class=\"fa-fusion-box active-icon awb-icon-minus\" aria-hidden=\"true\"><\/i><i class=\"fa-fusion-box inactive-icon fa-info fas\" aria-hidden=\"true\"><\/i><\/span><span class=\"fusion-toggle-heading\">CONDICIONS D'ANUL\u00b7LACI\u00d3<\/span><\/a><\/h4><\/div><div id=\"7b179b7cb78ab6f7a\" class=\"panel-collapse collapse \" aria-labelledby=\"toggle_7b179b7cb78ab6f7a\"><div class=\"panel-body toggle-content fusion-clearfix\">\n<p class=\"cvGsUA block-font-kerning-none block-font-feature-liga-off block-font-feature-clig-off block-font-feature-calt-off direction-ltr align-justify\"><span class=\"a_GcMg font-feature-liga-off font-feature-clig-off font-feature-calt-off text-decoration-none text-strikethrough-none\">CONDICIONS D\u2019ANUL\u00b7LACI\u00d3<\/span><\/p>\n<p class=\"cvGsUA block-font-kerning-none block-font-feature-liga-off block-font-feature-clig-off block-font-feature-calt-off direction-ltr align-justify\"><span class=\"a_GcMg font-feature-liga-off font-feature-clig-off font-feature-calt-off text-decoration-none text-strikethrough-none\">Condicions d\u2019anul\u00b7laci\u00f3 sobre el preu publicat segons l\u2019antelaci\u00f3 amb qu\u00e8 es produeixi la cancel\u00b7laci\u00f3:<\/span><\/p>\n<ul>\n<li><span class=\"a_GcMg font-feature-liga-off font-feature-clig-off font-feature-calt-off text-decoration-none text-strikethrough-none\">Entre 46 i 60 dies abans de la sortida: 25%.<\/span><\/li>\n<li><span class=\"a_GcMg font-feature-liga-off font-feature-clig-off font-feature-calt-off text-decoration-none text-strikethrough-none\">Entre 31 i 45 dies abans de la sortida: 50%.<\/span><\/li>\n<li><span class=\"a_GcMg font-feature-liga-off font-feature-clig-off font-feature-calt-off text-decoration-none text-strikethrough-none\">100% durant els \u00faltims 30 dies abans de la sortida.<\/span><\/li>\n<\/ul>\n<p class=\"cvGsUA block-font-kerning-none block-font-feature-liga-off block-font-feature-clig-off block-font-feature-calt-off direction-ltr align-justify\"><span class=\"a_GcMg font-feature-liga-off font-feature-clig-off font-feature-calt-off text-decoration-none text-strikethrough-none\">Les conseq\u00fc\u00e8ncies de cancel\u00b7laci\u00f3 en cas d\u2019exig\u00e8ncies econ\u00f2miques de determinats prove\u00efdors es repercutiran sobre el client en qualsevol cas.<\/span><\/p>\n<\/div><\/div><\/div><\/div><\/div><\/div><\/div><\/div><\/div><\/p>\n","protected":false},"featured_media":8507,"template":"","categories":[59],"tags":[],"class_list":["post-8505","viatges","type-viatges","status-publish","has-post-thumbnail","hentry","category-viaje-roda"],"acf":[],"yoast_head":"<!-- This site is optimized with the Yoast SEO plugin v28.1 - https:\/\/yoast.com\/product\/yoast-seo-wordpress\/ -->\n<title>POLONIA 2027 - Roda Travel<\/title>\n<meta name=\"robots\" content=\"index, follow, max-snippet:-1, max-image-preview:large, max-video-preview:-1\" \/>\n<link rel=\"canonical\" href=\"https:\/\/roda.travel\/es\/viatges\/polonia-2027\/\" \/>\n<meta property=\"og:locale\" content=\"es_ES\" \/>\n<meta property=\"og:type\" content=\"article\" \/>\n<meta property=\"og:title\" content=\"POLONIA 2027 - Roda Travel\" \/>\n<meta property=\"og:url\" content=\"https:\/\/roda.travel\/es\/viatges\/polonia-2027\/\" \/>\n<meta property=\"og:site_name\" content=\"Roda Travel\" \/>\n<meta name=\"twitter:card\" content=\"summary_large_image\" \/>\n<meta name=\"twitter:label1\" content=\"Tiempo de lectura\" \/>\n\t<meta name=\"twitter:data1\" content=\"40 minutos\" \/>\n<script type=\"application\/ld+json\" class=\"yoast-schema-graph\">{\"@context\":\"https:\\\/\\\/schema.org\",\"@graph\":[{\"@type\":\"WebPage\",\"@id\":\"https:\\\/\\\/roda.travel\\\/es\\\/viatges\\\/polonia-2027\\\/\",\"url\":\"https:\\\/\\\/roda.travel\\\/es\\\/viatges\\\/polonia-2027\\\/\",\"name\":\"POLONIA 2027 - Roda Travel\",\"isPartOf\":{\"@id\":\"https:\\\/\\\/roda.travel\\\/es\\\/#website\"},\"primaryImageOfPage\":{\"@id\":\"https:\\\/\\\/roda.travel\\\/es\\\/viatges\\\/polonia-2027\\\/#primaryimage\"},\"image\":{\"@id\":\"https:\\\/\\\/roda.travel\\\/es\\\/viatges\\\/polonia-2027\\\/#primaryimage\"},\"thumbnailUrl\":\"https:\\\/\\\/roda.travel\\\/wp-content\\\/uploads\\\/2026\\\/08\\\/ChatGPT-Image-31-ago-2026-17_35_30.png\",\"datePublished\":\"2026-08-31T11:39:33+00:00\",\"breadcrumb\":{\"@id\":\"https:\\\/\\\/roda.travel\\\/es\\\/viatges\\\/polonia-2027\\\/#breadcrumb\"},\"inLanguage\":\"es\",\"potentialAction\":[{\"@type\":\"ReadAction\",\"target\":[\"https:\\\/\\\/roda.travel\\\/es\\\/viatges\\\/polonia-2027\\\/\"]}]},{\"@type\":\"ImageObject\",\"inLanguage\":\"es\",\"@id\":\"https:\\\/\\\/roda.travel\\\/es\\\/viatges\\\/polonia-2027\\\/#primaryimage\",\"url\":\"https:\\\/\\\/roda.travel\\\/wp-content\\\/uploads\\\/2026\\\/08\\\/ChatGPT-Image-31-ago-2026-17_35_30.png\",\"contentUrl\":\"https:\\\/\\\/roda.travel\\\/wp-content\\\/uploads\\\/2026\\\/08\\\/ChatGPT-Image-31-ago-2026-17_35_30.png\",\"width\":1983,\"height\":793},{\"@type\":\"BreadcrumbList\",\"@id\":\"https:\\\/\\\/roda.travel\\\/es\\\/viatges\\\/polonia-2027\\\/#breadcrumb\",\"itemListElement\":[{\"@type\":\"ListItem\",\"position\":1,\"name\":\"Inici\",\"item\":\"https:\\\/\\\/roda.travel\\\/es\\\/\"},{\"@type\":\"ListItem\",\"position\":2,\"name\":\"POLONIA 2027\"}]},{\"@type\":\"WebSite\",\"@id\":\"https:\\\/\\\/roda.travel\\\/es\\\/#website\",\"url\":\"https:\\\/\\\/roda.travel\\\/es\\\/\",\"name\":\"Roda Travel\",\"description\":\"\",\"potentialAction\":[{\"@type\":\"SearchAction\",\"target\":{\"@type\":\"EntryPoint\",\"urlTemplate\":\"https:\\\/\\\/roda.travel\\\/es\\\/?s={search_term_string}\"},\"query-input\":{\"@type\":\"PropertyValueSpecification\",\"valueRequired\":true,\"valueName\":\"search_term_string\"}}],\"inLanguage\":\"es\"}]}<\/script>\n<!-- \/ Yoast SEO plugin. -->","yoast_head_json":{"title":"POLONIA 2027 - Roda Travel","robots":{"index":"index","follow":"follow","max-snippet":"max-snippet:-1","max-image-preview":"max-image-preview:large","max-video-preview":"max-video-preview:-1"},"canonical":"https:\/\/roda.travel\/es\/viatges\/polonia-2027\/","og_locale":"es_ES","og_type":"article","og_title":"POLONIA 2027 - Roda Travel","og_url":"https:\/\/roda.travel\/es\/viatges\/polonia-2027\/","og_site_name":"Roda Travel","twitter_card":"summary_large_image","twitter_misc":{"Tiempo de lectura":"40 minutos"},"schema":{"@context":"https:\/\/schema.org","@graph":[{"@type":"WebPage","@id":"https:\/\/roda.travel\/es\/viatges\/polonia-2027\/","url":"https:\/\/roda.travel\/es\/viatges\/polonia-2027\/","name":"POLONIA 2027 - Roda Travel","isPartOf":{"@id":"https:\/\/roda.travel\/es\/#website"},"primaryImageOfPage":{"@id":"https:\/\/roda.travel\/es\/viatges\/polonia-2027\/#primaryimage"},"image":{"@id":"https:\/\/roda.travel\/es\/viatges\/polonia-2027\/#primaryimage"},"thumbnailUrl":"https:\/\/roda.travel\/wp-content\/uploads\/2026\/08\/ChatGPT-Image-31-ago-2026-17_35_30.png","datePublished":"2026-08-31T11:39:33+00:00","breadcrumb":{"@id":"https:\/\/roda.travel\/es\/viatges\/polonia-2027\/#breadcrumb"},"inLanguage":"es","potentialAction":[{"@type":"ReadAction","target":["https:\/\/roda.travel\/es\/viatges\/polonia-2027\/"]}]},{"@type":"ImageObject","inLanguage":"es","@id":"https:\/\/roda.travel\/es\/viatges\/polonia-2027\/#primaryimage","url":"https:\/\/roda.travel\/wp-content\/uploads\/2026\/08\/ChatGPT-Image-31-ago-2026-17_35_30.png","contentUrl":"https:\/\/roda.travel\/wp-content\/uploads\/2026\/08\/ChatGPT-Image-31-ago-2026-17_35_30.png","width":1983,"height":793},{"@type":"BreadcrumbList","@id":"https:\/\/roda.travel\/es\/viatges\/polonia-2027\/#breadcrumb","itemListElement":[{"@type":"ListItem","position":1,"name":"Inici","item":"https:\/\/roda.travel\/es\/"},{"@type":"ListItem","position":2,"name":"POLONIA 2027"}]},{"@type":"WebSite","@id":"https:\/\/roda.travel\/es\/#website","url":"https:\/\/roda.travel\/es\/","name":"Roda Travel","description":"","potentialAction":[{"@type":"SearchAction","target":{"@type":"EntryPoint","urlTemplate":"https:\/\/roda.travel\/es\/?s={search_term_string}"},"query-input":{"@type":"PropertyValueSpecification","valueRequired":true,"valueName":"search_term_string"}}],"inLanguage":"es"}]}},"_links":{"self":[{"href":"https:\/\/roda.travel\/es\/wp-json\/wp\/v2\/viatges\/8505","targetHints":{"allow":["GET"]}}],"collection":[{"href":"https:\/\/roda.travel\/es\/wp-json\/wp\/v2\/viatges"}],"about":[{"href":"https:\/\/roda.travel\/es\/wp-json\/wp\/v2\/types\/viatges"}],"wp:featuredmedia":[{"embeddable":true,"href":"https:\/\/roda.travel\/es\/wp-json\/wp\/v2\/media\/8507"}],"wp:attachment":[{"href":"https:\/\/roda.travel\/es\/wp-json\/wp\/v2\/media?parent=8505"}],"wp:term":[{"taxonomy":"category","embeddable":true,"href":"https:\/\/roda.travel\/es\/wp-json\/wp\/v2\/categories?post=8505"},{"taxonomy":"post_tag","embeddable":true,"href":"https:\/\/roda.travel\/es\/wp-json\/wp\/v2\/tags?post=8505"}],"curies":[{"name":"wp","href":"https:\/\/api.w.org\/{rel}","templated":true}]}}