{"id":8497,"date":"2026-08-31T13:38:34","date_gmt":"2026-08-31T11:38:34","guid":{"rendered":"https:\/\/roda.travel\/viatges\/mont-saint-michel-2027\/"},"modified":"2026-08-31T17:30:25","modified_gmt":"2026-08-31T15:30:25","slug":"mont-saint-michel-2027","status":"publish","type":"viatges","link":"https:\/\/roda.travel\/es\/viatges\/mont-saint-michel-2027\/","title":{"rendered":"MONT SAINT MICHEL 2027"},"content":{"rendered":"<p><div class=\"fusion-fullwidth fullwidth-box fusion-builder-row-1 fusion-flex-container has-pattern-background has-mask-background nonhundred-percent-fullwidth non-hundred-percent-height-scrolling\" style=\"--awb-border-radius-top-left:0px;--awb-border-radius-top-right:0px;--awb-border-radius-bottom-right:0px;--awb-border-radius-bottom-left:0px;--awb-margin-bottom-small:40px;--awb-flex-wrap:wrap;\" ><div class=\"fusion-builder-row fusion-row fusion-flex-align-items-flex-start fusion-flex-justify-content-flex-end fusion-flex-content-wrap\" style=\"max-width:1216.8px;margin-left: calc(-4% \/ 2 );margin-right: calc(-4% \/ 2 );\"><div class=\"fusion-layout-column fusion_builder_column fusion-builder-column-0 fusion_builder_column_1_1 1_1 fusion-flex-column\" style=\"--awb-bg-size:cover;--awb-width-large:100%;--awb-margin-top-large:0px;--awb-spacing-right-large:65px;--awb-margin-bottom-large:0px;--awb-spacing-left-large:1.92%;--awb-width-medium:100%;--awb-order-medium:0;--awb-spacing-right-medium:1.92%;--awb-spacing-left-medium:1.92%;--awb-width-small:100%;--awb-order-small:0;--awb-spacing-right-small:1.92%;--awb-spacing-left-small:1.92%;\" data-scroll-devices=\"small-visibility,medium-visibility,large-visibility\"><div class=\"fusion-column-wrapper fusion-column-has-shadow fusion-flex-justify-content-flex-start fusion-content-layout-column\"><div class=\"sm-text-align-center\" style=\"text-align:right;\"><a class=\"fusion-button button-flat fusion-button-default-size button-custom fusion-button-default button-1 fusion-button-default-span fusion-button-default-type\" style=\"--button_accent_color:var(--awb-color1);--button_accent_hover_color:var(--awb-color1);--button_border_hover_color:var(--awb-color1);--button_gradient_top_color:var(--awb-color4);--button_gradient_bottom_color:var(--awb-color4);--button_gradient_top_color_hover:#db4a29;--button_gradient_bottom_color_hover:#db4a29;\" target=\"_blank\" rel=\"noopener noreferrer\" href=\"https:\/\/roda.travel\/wp-content\/uploads\/2026\/08\/CAT.-MONT-SAINT-MICHEL-2027.pdf#\"><span class=\"fusion-button-icon-divider button-icon-divider-left\"><i class=\"fa-file fas awb-button__icon awb-button__icon--default\" aria-hidden=\"true\"><\/i><\/span><span class=\"fusion-button-text awb-button__text awb-button__text--default fusion-button-text-left\">DESCARREGA PDF<\/span><\/a><\/div><\/div><\/div><\/div><\/div><div class=\"fusion-fullwidth fullwidth-box fusion-builder-row-2 fusion-flex-container has-pattern-background has-mask-background nonhundred-percent-fullwidth non-hundred-percent-height-scrolling\" style=\"--awb-border-radius-top-left:0px;--awb-border-radius-top-right:0px;--awb-border-radius-bottom-right:0px;--awb-border-radius-bottom-left:0px;--awb-margin-bottom:20px;--awb-flex-wrap:wrap;\" ><div class=\"fusion-builder-row fusion-row fusion-flex-align-items-flex-start fusion-flex-justify-content-flex-end fusion-flex-content-wrap\" style=\"max-width:1216.8px;margin-left: calc(-4% \/ 2 );margin-right: calc(-4% \/ 2 );\"><div class=\"fusion-layout-column fusion_builder_column fusion-builder-column-1 fusion_builder_column_1_1 1_1 fusion-flex-column\" style=\"--awb-bg-size:cover;--awb-width-large:100%;--awb-margin-top-large:0px;--awb-spacing-right-large:1.92%;--awb-margin-bottom-large:0px;--awb-spacing-left-large:1.92%;--awb-width-medium:100%;--awb-order-medium:0;--awb-spacing-right-medium:1.92%;--awb-spacing-left-medium:1.92%;--awb-width-small:100%;--awb-order-small:0;--awb-spacing-right-small:1.92%;--awb-spacing-left-small:1.92%;\" data-scroll-devices=\"small-visibility,medium-visibility,large-visibility\"><div class=\"fusion-column-wrapper fusion-column-has-shadow fusion-flex-justify-content-flex-start fusion-content-layout-column\"><div class=\"fusion-separator\" style=\"align-self: flex-start;margin-right:auto;margin-bottom:20px;width:100%;max-width:70px;\"><div class=\"fusion-separator-border sep-single sep-solid\" style=\"--awb-height:20px;--awb-amount:20px;--awb-sep-color:var(--awb-color4);border-color:var(--awb-color4);border-top-width:15px;\"><\/div><\/div><div class=\"fusion-title title fusion-title-1 fusion-sep-none fusion-title-text fusion-title-size-three\" style=\"--awb-margin-bottom:20px;--awb-margin-top-small:0px;--awb-margin-right-small:0px;--awb-margin-bottom-small:20px;--awb-margin-left-small:0px;\"><h3 class=\"fusion-title-heading title-heading-left fusion-responsive-typography-calculated\" style=\"margin:0;--fontSize:24;--minFontSize:24;line-height:var(--awb-typography1-line-height);\">DESCRIPCI\u00d3<\/h3><\/div><div class=\"fusion-text fusion-text-1\"><div>\n<div>\n<div>\n<p>Hi ha pocs llocs a Europa que cridin tant l&#8217;atenci\u00f3 del viatger com el Mont Saint Michel. La seva espectacular arquitectura i el seu empla\u00e7ament a una illa, ens inciten a la seva visita i aquesta no deixa ning\u00fa indiferent, fent del lloc un lloc \u00fanic i incomparable. Completarem el viatge amb els alineaments meg\u00e0tits de Carnac i el menhir de Champ Dolent, amb qu\u00e8 ampliem l&#8217;espectre hist\u00f2ric del viatge fins als primers temps de la humanitat.<\/p>\n<\/div>\n<\/div>\n<\/div>\n<\/div><\/div><\/div><\/div><\/div><div class=\"fusion-fullwidth fullwidth-box fusion-builder-row-3 fusion-flex-container has-pattern-background has-mask-background nonhundred-percent-fullwidth non-hundred-percent-height-scrolling\" style=\"--awb-border-radius-top-left:0px;--awb-border-radius-top-right:0px;--awb-border-radius-bottom-right:0px;--awb-border-radius-bottom-left:0px;--awb-flex-wrap:wrap;\" ><div class=\"fusion-builder-row fusion-row fusion-flex-align-items-flex-start fusion-flex-content-wrap\" style=\"max-width:1216.8px;margin-left: calc(-4% \/ 2 );margin-right: calc(-4% \/ 2 );\"><div class=\"fusion-layout-column fusion_builder_column fusion-builder-column-2 fusion_builder_column_1_2 1_2 fusion-flex-column\" style=\"--awb-bg-size:cover;--awb-width-large:50%;--awb-margin-top-large:0px;--awb-spacing-right-large:10px;--awb-margin-bottom-large:20px;--awb-spacing-left-large:3.84%;--awb-width-medium:100%;--awb-order-medium:0;--awb-spacing-right-medium:1.92%;--awb-spacing-left-medium:1.92%;--awb-width-small:100%;--awb-order-small:0;--awb-spacing-right-small:1.92%;--awb-spacing-left-small:1.92%;\" data-scroll-devices=\"small-visibility,medium-visibility,large-visibility\"><div class=\"fusion-column-wrapper fusion-column-has-shadow fusion-flex-justify-content-flex-start fusion-content-layout-column\"><div class=\"fusion-separator\" style=\"align-self: flex-start;margin-right:auto;margin-bottom:20px;width:100%;max-width:70px;\"><div class=\"fusion-separator-border sep-single sep-solid\" style=\"--awb-height:20px;--awb-amount:20px;--awb-sep-color:var(--awb-color4);border-color:var(--awb-color4);border-top-width:15px;\"><\/div><\/div><div class=\"fusion-title title fusion-title-2 fusion-sep-none fusion-title-text fusion-title-size-three\" style=\"--awb-margin-bottom:20px;--awb-margin-top-small:0px;--awb-margin-right-small:0px;--awb-margin-bottom-small:20px;--awb-margin-left-small:0px;\"><h3 class=\"fusion-title-heading title-heading-left fusion-responsive-typography-calculated\" style=\"margin:0;--fontSize:24;--minFontSize:24;line-height:var(--awb-typography1-line-height);\">ITINERARI<\/h3><\/div><div class=\"accordian fusion-accordian\" style=\"--awb-border-size:0px;--awb-icon-size:15px;--awb-content-font-size:15px;--awb-icon-alignment:left;--awb-hover-color:var(--awb-color1);--awb-border-color:var(--awb-color1);--awb-background-color:var(--awb-color2);--awb-divider-color:var(--awb-color3);--awb-divider-hover-color:var(--awb-color3);--awb-icon-color:var(--awb-color7);--awb-title-color:var(--awb-color7);--awb-content-color:var(--awb-color5);--awb-icon-box-color:var(--awb-color7);--awb-toggle-hover-accent-color:var(--awb-color4);--awb-title-font-family:&quot;Lato&quot;;--awb-title-font-weight:700;--awb-title-font-style:normal;--awb-content-font-family:&quot;Open Sans&quot;;--awb-content-font-style:normal;--awb-content-font-weight:400;\"><div class=\"panel-group fusion-toggle-icon-unboxed\" id=\"accordion-8497-1\"><div class=\"fusion-panel panel-default panel-1788fffb9243801e8 fusion-toggle-no-divider fusion-toggle-boxed-mode\" style=\"--awb-title-color:var(--awb-color7);--awb-content-color:var(--awb-color5);\"><div class=\"panel-heading\"><h4 class=\"panel-title toggle\" id=\"toggle_1788fffb9243801e8\"><a aria-expanded=\"false\" aria-controls=\"1788fffb9243801e8\" role=\"button\" data-toggle=\"collapse\" data-parent=\"#accordion-8497-1\" data-target=\"#1788fffb9243801e8\" href=\"#1788fffb9243801e8\"><span class=\"fusion-toggle-icon-wrapper\" aria-hidden=\"true\"><i class=\"fa-fusion-box active-icon awb-icon-minus\" aria-hidden=\"true\"><\/i><i class=\"fa-fusion-box inactive-icon awb-icon-plus\" aria-hidden=\"true\"><\/i><\/span><span class=\"fusion-toggle-heading\">16 DE MAIG - DIVENDRES \u2013 BARCELONA \u2013 NANTES \u2013 VITRE - RENNES<\/span><\/a><\/h4><\/div><div id=\"1788fffb9243801e8\" class=\"panel-collapse collapse \" aria-labelledby=\"toggle_1788fffb9243801e8\"><div class=\"panel-body toggle-content fusion-clearfix\">\n<p><span class=\"a_GcMg font-feature-liga-off font-feature-clig-off font-feature-calt-off text-decoration-none text-strikethrough-none\">Sortida en vol regular de Vueling directe a Nantes. Arribada on agafarem<\/span> <span class=\"a_GcMg font-feature-liga-off font-feature-clig-off font-feature-calt-off text-decoration-none text-strikethrough-none\">el c\u00f2mode autocar que ens portar\u00e0 a la sorprenent poblaci\u00f3 de Vitr\u00e9, amb el seu castell al centre de la poblaci\u00f3 i les<\/span> <span class=\"a_GcMg font-feature-liga-off font-feature-clig-off font-feature-calt-off text-decoration-none text-strikethrough-none\">seves caracter\u00edstiques construccions. Despr\u00e9s de dinar, continuarem cap a Rennes, l\u2019actual capital de la Bretanya. Acomodaci\u00f3 a l&#8217;hotel i visita de la ciutat, amb els carrers de San Miquel i de San Malo, amb petits palauets dels S. XVII i XVIII i construccions de tova. Veurem les places des Lices, de Xamp Jacquet, la catedral de Sant Pere i les portes de les muralles. Sopar en restaurant i allotjament a l&#8217;hotel.<\/span><\/p>\n<\/div><\/div><\/div><div class=\"fusion-panel panel-default panel-f3839b05ab258783e fusion-toggle-no-divider fusion-toggle-boxed-mode\" style=\"--awb-title-color:var(--awb-color7);--awb-content-color:var(--awb-color5);\"><div class=\"panel-heading\"><h4 class=\"panel-title toggle\" id=\"toggle_f3839b05ab258783e\"><a aria-expanded=\"false\" aria-controls=\"f3839b05ab258783e\" role=\"button\" data-toggle=\"collapse\" data-parent=\"#accordion-8497-1\" data-target=\"#f3839b05ab258783e\" href=\"#f3839b05ab258783e\"><span class=\"fusion-toggle-icon-wrapper\" aria-hidden=\"true\"><i class=\"fa-fusion-box active-icon awb-icon-minus\" aria-hidden=\"true\"><\/i><i class=\"fa-fusion-box inactive-icon awb-icon-plus\" aria-hidden=\"true\"><\/i><\/span><span class=\"fusion-toggle-heading\">17 DE MAIG - DISSABTE \u2013 RENNES \u2013 MT ST MICHEL \u2013 CANCALE - CHAMP DOLENT \u2013 RENNES<\/span><\/a><\/h4><\/div><div id=\"f3839b05ab258783e\" class=\"panel-collapse collapse \" aria-labelledby=\"toggle_f3839b05ab258783e\"><div class=\"panel-body toggle-content fusion-clearfix\">\n<p><span class=\"a_GcMg font-feature-liga-off font-feature-clig-off font-feature-calt-off text-decoration-none text-strikethrough-none\">Estada a l&#8217;hotel en allotjament i esmorzar. Al mat\u00ed ens dirigirem al Mont Sant Michel, una illa al mar, espectacular meravella arquitect\u00f2nica, comen\u00e7ada a construir en els temps de Carlemany. Avui arribem a l&#8217;illa de forma f\u00e0cil per un pont, per\u00f2 en els seus temps nom\u00e9s es podia accedir a la fortalesa amb la marea baixa, ja que l&#8217;aigua a\u00efllava l&#8217;illa. Farem un recorregut per les seves capelles i sales on trobarem tots els estils arquitect\u00f2nics, que han deixat la seva empremta al lloc. Tornarem al continent per dinar a la preciosa poblaci\u00f3 de Cancale i prosseguirem cap a Champ Dolent per veure el m\u00e9s gran dels menhirs francesos, que alg\u00fa diria que va inspirar Jean Nouvel per fer la Torre de la pla\u00e7a de les Gl\u00f2ries, amb 9,8 metres d&#8217;al\u00e7ada, 7 metres de circumfer\u00e8ncia i un pes estimat de 150 tones. Tornada a l&#8217;hotel a Rennes a una hora prudencial i sopar al restaurant.<\/span><\/p>\n<\/div><\/div><\/div><div class=\"fusion-panel panel-default panel-148ef5a85fff91c2a fusion-toggle-no-divider fusion-toggle-boxed-mode\" style=\"--awb-title-color:var(--awb-color7);--awb-content-color:var(--awb-color5);\"><div class=\"panel-heading\"><h4 class=\"panel-title toggle\" id=\"toggle_148ef5a85fff91c2a\"><a aria-expanded=\"false\" aria-controls=\"148ef5a85fff91c2a\" role=\"button\" data-toggle=\"collapse\" data-parent=\"#accordion-8497-1\" data-target=\"#148ef5a85fff91c2a\" href=\"#148ef5a85fff91c2a\"><span class=\"fusion-toggle-icon-wrapper\" aria-hidden=\"true\"><i class=\"fa-fusion-box active-icon awb-icon-minus\" aria-hidden=\"true\"><\/i><i class=\"fa-fusion-box inactive-icon awb-icon-plus\" aria-hidden=\"true\"><\/i><\/span><span class=\"fusion-toggle-heading\">18 DE MAIG - DIUMENGE\u2013 RENNES \u2013 FORT LA LATTE \u2013 ST JACUT DE LA MER - DINAN \u2013 RENNES<\/span><\/a><\/h4><\/div><div id=\"148ef5a85fff91c2a\" class=\"panel-collapse collapse \" aria-labelledby=\"toggle_148ef5a85fff91c2a\"><div class=\"panel-body toggle-content fusion-clearfix\">\n<p><span class=\"a_GcMg font-feature-liga-off font-feature-clig-off font-feature-calt-off text-decoration-none text-strikethrough-none\">Estada a l&#8217;hotel en allotjament i esmorzar. Al mat\u00ed sortida cap a Cap Frehel, amb els seus impressionants penya-segats i Fort La Latte, per veure el seu castell dominant la badia de St. Malo, des de l&#8217;oest. Al migdia arribada a St. Jacut de la Mer, per esmorzar els \u201cincontournables\u201d moules i continuaci\u00f3 a Dinan, a la vall del riu Rance, amb les seves belles construccions. Tornada a Rennes a \u00faltima hora de la tarda.<\/span><\/p>\n<\/div><\/div><\/div><div class=\"fusion-panel panel-default panel-a2f058a6e0b65a9a2 fusion-toggle-no-divider fusion-toggle-boxed-mode\" style=\"--awb-title-color:var(--awb-color7);--awb-content-color:var(--awb-color5);\"><div class=\"panel-heading\"><h4 class=\"panel-title toggle\" id=\"toggle_a2f058a6e0b65a9a2\"><a aria-expanded=\"false\" aria-controls=\"a2f058a6e0b65a9a2\" role=\"button\" data-toggle=\"collapse\" data-parent=\"#accordion-8497-1\" data-target=\"#a2f058a6e0b65a9a2\" href=\"#a2f058a6e0b65a9a2\"><span class=\"fusion-toggle-icon-wrapper\" aria-hidden=\"true\"><i class=\"fa-fusion-box active-icon awb-icon-minus\" aria-hidden=\"true\"><\/i><i class=\"fa-fusion-box inactive-icon awb-icon-plus\" aria-hidden=\"true\"><\/i><\/span><span class=\"fusion-toggle-heading\">19 DE MAIG - DILLUNS - RENNES - MORBIHAN - NANTES -BARCELONA<\/span><\/a><\/h4><\/div><div id=\"a2f058a6e0b65a9a2\" class=\"panel-collapse collapse \" aria-labelledby=\"toggle_a2f058a6e0b65a9a2\"><div class=\"panel-body toggle-content fusion-clearfix\">\n<p class=\"cvGsUA block-font-kerning-none block-font-feature-liga-off block-font-feature-clig-off block-font-feature-calt-off direction-ltr align-justify\"><span class=\"a_GcMg font-feature-liga-off font-feature-clig-off font-feature-calt-off text-decoration-none text-strikethrough-none\">Esmorzar i sortida cap a Carnac per veure els centenars de meg\u00e0lits i les seves diferents alineaments. Passat el migdia, arribada a Vannes, ciutat<\/span><\/p>\n<p class=\"cvGsUA block-font-kerning-none block-font-feature-liga-off block-font-feature-clig-off block-font-feature-calt-off direction-ltr align-justify\"><span class=\"a_GcMg font-feature-liga-off font-feature-clig-off font-feature-calt-off text-decoration-none text-strikethrough-none\">emmurallada amb belles construccions de tova i fusta. Despr\u00e9s de dinar,<\/span><\/p>\n<p class=\"cvGsUA block-font-kerning-none block-font-feature-liga-off block-font-feature-clig-off block-font-feature-calt-off direction-ltr align-justify\"><span class=\"a_GcMg font-feature-liga-off font-feature-clig-off font-feature-calt-off text-decoration-none text-strikethrough-none\">continuarem cap a Nantes, l&#8217;antiga capital de la Bretanya, on veurem el Castell dels Ducs, abans de dirigir-nos a l&#8217;aeroport, per sortir en vol regular directe de Vueling, de tornada a Barcelona. Arribada<\/span><\/p>\n<\/div><\/div><\/div><\/div><\/div>\r\n            \r\n            \r\n            \r\n            <a name='map1'><\/a>\r\n            \r\n            \r\n            \r\n            \r\n            <div class=\"wpgmza_map \"  id=\"wpgmza_map_1\" style=\"display:block; overflow:auto; width:100%; height:500px; float:left;\" data-settings='{\"id\":\"1\",\"map_title\":\"Mapa base\",\"map_width\":\"100\",\"map_height\":\"500\",\"map_start_lat\":\"35.355202541817214\",\"map_start_lng\":\"5.884582799218383\",\"map_start_location\":\"45.950464398418106,-109.81550500000003\",\"map_start_zoom\":\"2\",\"default_marker\":\"\",\"type\":\"1\",\"alignment\":\"4\",\"directions_enabled\":\"0\",\"styling_enabled\":\"0\",\"styling_json\":\"\",\"active\":\"0\",\"kml\":\"\",\"bicycle\":\"0\",\"traffic\":\"0\",\"dbox\":\"1\",\"dbox_width\":\"\",\"listmarkers\":\"0\",\"listmarkers_advanced\":\"0\",\"filterbycat\":\"0\",\"ugm_enabled\":\"0\",\"ugm_category_enabled\":\"0\",\"fusion\":\"\",\"map_width_type\":\"%\",\"map_height_type\":\"px\",\"mass_marker_support\":\"0\",\"ugm_access\":\"0\",\"order_markers_by\":\"1\",\"order_markers_choice\":\"1\",\"show_user_location\":\"0\",\"default_to\":\"\",\"other_settings\":{\"transport_layer\":null,\"shortcodeAttributes\":{\"id\":\"1\"}}}' data-map-id='1' data-shortcode-attributes='{\"id\":\"1\"}'> <\/div>\r\n            \r\n               \r\n        <div class=\"fusion-separator\" style=\"align-self: center;margin-left: auto;margin-right: auto;margin-top:45px;margin-bottom:25px;width:100%;max-width:70px;\"><div class=\"fusion-separator-border sep-single sep-solid\" style=\"--awb-height:20px;--awb-amount:20px;--awb-sep-color:var(--awb-color4);border-color:var(--awb-color4);border-top-width:15px;\"><\/div><\/div><div class=\"fusion-builder-row fusion-builder-row-inner fusion-row fusion-flex-align-items-flex-start fusion-flex-content-wrap\" style=\"--awb-flex-grow:0;--awb-flex-grow-medium:0;--awb-flex-grow-small:0;--awb-flex-shrink:0;--awb-flex-shrink-medium:0;--awb-flex-shrink-small:0;width:104% !important;max-width:104% !important;margin-left: calc(-4% \/ 2 );margin-right: calc(-4% \/ 2 );\"><div class=\"fusion-layout-column fusion_builder_column_inner fusion-builder-nested-column-0 fusion_builder_column_inner_1_1 1_1 fusion-flex-column\" style=\"--awb-padding-top:20px;--awb-padding-right:20px;--awb-padding-left:20px;--awb-bg-color:var(--awb-color2);--awb-bg-color-hover:var(--awb-color2);--awb-bg-size:cover;--awb-border-color:var(--awb-color3);--awb-border-top:1px;--awb-border-right:1px;--awb-border-bottom:1px;--awb-border-left:1px;--awb-border-style:solid;--awb-width-large:100%;--awb-margin-top-large:50px;--awb-spacing-right-large:1.92%;--awb-margin-bottom-large:0px;--awb-spacing-left-large:1.92%;--awb-width-medium:100%;--awb-order-medium:0;--awb-spacing-right-medium:1.92%;--awb-spacing-left-medium:1.92%;--awb-width-small:100%;--awb-order-small:0;--awb-spacing-right-small:1.92%;--awb-spacing-left-small:1.92%;\" data-scroll-devices=\"small-visibility,medium-visibility,large-visibility\"><div class=\"fusion-column-wrapper fusion-column-has-shadow fusion-flex-justify-content-flex-start fusion-content-layout-column\"><i class=\"fb-icon-element-1 fb-icon-element fontawesome-icon icon-rodamail_outline circle-yes\" style=\"--awb-circlebordersize:1px;--awb-font-size:30.8px;--awb-width:61.6px;--awb-height:61.6px;--awb-line-height:59.6px;--awb-align-self:center;--awb-margin-top:-50px;--awb-margin-right:0px;--awb-margin-bottom:20px;--awb-margin-left:0px;\"><\/i><div class=\"fusion-title title fusion-title-3 fusion-sep-none fusion-title-center fusion-title-text fusion-title-size-four\" style=\"--awb-margin-bottom:20px;--awb-margin-top-small:0px;--awb-margin-right-small:0px;--awb-margin-bottom-small:20px;--awb-margin-left-small:0px;\"><h4 class=\"fusion-title-heading title-heading-center fusion-responsive-typography-calculated\" style=\"font-family:&quot;Lato&quot;;font-style:normal;font-weight:400;margin:0;--fontSize:18;--minFontSize:18;line-height:var(--awb-typography1-line-height);\">\u00bfQUIERES M\u00c1S INFORMACI\u00d3N DE ESTE VIAJE?<\/h4><\/div>\n<div class=\"wpcf7 no-js\" id=\"wpcf7-f7561-o1\" lang=\"es-ES\" dir=\"ltr\" data-wpcf7-id=\"7561\">\n<div class=\"screen-reader-response\"><p role=\"status\" aria-live=\"polite\" aria-atomic=\"true\"><\/p> <ul><\/ul><\/div>\n<form action=\"\/es\/wp-json\/wp\/v2\/viatges\/8497#wpcf7-f7561-o1\" method=\"post\" class=\"wpcf7-form init\" aria-label=\"Formulario de contacto\" novalidate=\"novalidate\" data-status=\"init\">\n<fieldset class=\"hidden-fields-container\"><input type=\"hidden\" name=\"_wpcf7\" value=\"7561\" \/><input type=\"hidden\" name=\"_wpcf7_version\" value=\"6.1.6\" \/><input type=\"hidden\" name=\"_wpcf7_locale\" value=\"es_ES\" \/><input type=\"hidden\" name=\"_wpcf7_unit_tag\" value=\"wpcf7-f7561-o1\" \/><input type=\"hidden\" name=\"_wpcf7_container_post\" value=\"0\" \/><input type=\"hidden\" name=\"_wpcf7_posted_data_hash\" value=\"\" \/><input type=\"hidden\" name=\"_wpcf7_recaptcha_response\" value=\"\" \/>\n<\/fieldset>\n<p><span class=\"wpcf7-form-control-wrap\" data-name=\"Nom\"><input size=\"40\" maxlength=\"400\" class=\"wpcf7-form-control wpcf7-text wpcf7-validates-as-required\" aria-required=\"true\" aria-invalid=\"false\" placeholder=\"Nombre *\" value=\"\" type=\"text\" name=\"Nom\" \/><\/span>\n<\/p>\n<p><span class=\"wpcf7-form-control-wrap\" data-name=\"YourMail\"><input size=\"40\" maxlength=\"400\" class=\"wpcf7-form-control wpcf7-email wpcf7-validates-as-required wpcf7-text wpcf7-validates-as-email\" aria-required=\"true\" aria-invalid=\"false\" placeholder=\"Correo electr\u00f3nico *\" value=\"\" type=\"email\" name=\"YourMail\" \/><\/span>\n<\/p>\n<p><span class=\"wpcf7-form-control-wrap\" data-name=\"Telefon\"><input size=\"40\" maxlength=\"400\" class=\"wpcf7-form-control wpcf7-tel wpcf7-text wpcf7-validates-as-tel\" aria-invalid=\"false\" placeholder=\"Tel\u00e9fono\" value=\"\" type=\"tel\" name=\"Telefon\" \/><\/span>\n<\/p>\n<p><span class=\"wpcf7-form-control-wrap\" data-name=\"Missatge\"><textarea cols=\"40\" rows=\"10\" maxlength=\"2000\" class=\"wpcf7-form-control wpcf7-textarea wpcf7-validates-as-required\" aria-required=\"true\" aria-invalid=\"false\" placeholder=\"Comentanos*\" name=\"Missatge\"><\/textarea><\/span>\n<\/p>\n<p style=\"color:#3c3c3b; font-weight:400; font-size:15px; margin-bottom: 0px;\"><span class=\"wpcf7-form-control-wrap\" data-name=\"acceptance-privacitat\"><span class=\"wpcf7-form-control wpcf7-acceptance\"><span class=\"wpcf7-list-item\"><label><input type=\"checkbox\" name=\"acceptance-privacitat\" value=\"1\" aria-invalid=\"false\" \/><span class=\"wpcf7-list-item-label\">He le\u00eddo y acepto <a href='https:\/\/roda.travel\/es\/politica-de-privacidad\/' target='_blank'>la pol\u00edtica de privacidad<\/a>.<\/span><\/label><\/span><\/span><\/span>\n<\/p>\n<p style=\"color:#3c3c3b; font-weight:400; font-size:15px; margin-bottom: 0px;\"><span class=\"wpcf7-form-control-wrap\" data-name=\"accept-noticies\"><span class=\"wpcf7-form-control wpcf7-acceptance optional\"><span class=\"wpcf7-list-item\"><label><input type=\"checkbox\" name=\"accept-noticies\" value=\"1\" aria-invalid=\"false\" \/><span class=\"wpcf7-list-item-label\">Autorizo el env\u00edo de informaci\u00f3n de TEAM TOURIST SERVICE, S.L.<\/span><\/label><\/span><\/span><\/span>\n<\/p>\n<p style=\"color:#3c3c3b; font-weight:800; font-size:14px; margin-bottom: 0px;\">INFORMACI\u00d3N B\u00c1SICA DE PROTECCI\u00d3N DE DATOS:\n<\/p>\n<p style=\"color:#3c3c3b; font-weight:400; font-size:13px; line-height: 1.2em\">Responsable del tratamiento: TEAM TOURIST SERVICE, S.L.<br \/>\nFinalidad del tratamiento: Gestionar las consultas planteadas y el env\u00edo de newsletters, comunicaciones comerciales y promociones.<br \/>\nResponsable del tratamiento: TEAM TOURIST SERVICE, S.L.<br \/>\nFinalidad del tratamiento: Gestionar las consultas planteadas y el env\u00edo de newsletters, comunicaciones comerciales y promociones.<br \/>\nLegitimaci\u00f3n del tratamiento: Inter\u00e9s leg\u00edtimo y consentimiento del interesado\/a.<br \/>\nConservaci\u00f3n de los datos: Se conservar\u00e1n mientras exista un inter\u00e9s mutuo o durante el tiempo necesario para el cumplimiento de las obligaciones legales.<br \/>\nDestinatarios: Prestadores de servicio o colaboradores.<br \/>\nDerechos: Derecho a retirar su consentimiento en cualquier momento. Derecho de acceso, rectificaci\u00f3n, portabilidad y supresi\u00f3n de los datos y la limitaci\u00f3n u oposici\u00f3n al tratamiento. Datos de contacto para ejercer sus derechos: info@roda.travel<br \/>\nInformaci\u00f3n adicional: Puede consultar la informaci\u00f3n adicional en nuestra <a href=\"https:\/\/roda.travel\/es\/politica-de-privacidad\/\" target=\"_blank\">Pol\u00edtica de Privacidad<\/a>\n<\/p>\n<p><input class=\"wpcf7-form-control wpcf7-submit has-spinner\" type=\"submit\" value=\"Enviar\" \/>\n<\/p><div class=\"fusion-alert alert custom alert-custom fusion-alert-center wpcf7-response-output fusion-alert-capitalize awb-alert-native-link-color alert-dismissable awb-alert-close-boxed\" style=\"--awb-border-size:1px;--awb-border-top-left-radius:0px;--awb-border-top-right-radius:0px;--awb-border-bottom-left-radius:0px;--awb-border-bottom-right-radius:0px;\" role=\"alert\"><div class=\"fusion-alert-content-wrapper\"><span class=\"fusion-alert-content\"><\/span><\/div><button type=\"button\" class=\"close toggle-alert\" data-dismiss=\"alert\" aria-label=\"Close\">&times;<\/button><\/div>\n<\/form>\n<\/div>\n<\/div><\/div><\/div>\n<\/div><\/div><div class=\"fusion-layout-column fusion_builder_column fusion-builder-column-3 fusion_builder_column_1_2 1_2 fusion-flex-column\" style=\"--awb-padding-left:30px;--awb-bg-size:cover;--awb-border-color:var(--awb-color2);--awb-border-left:1px;--awb-border-style:solid;--awb-width-large:50%;--awb-margin-top-large:0px;--awb-spacing-right-large:3.84%;--awb-margin-bottom-large:20px;--awb-spacing-left-large:3.84%;--awb-width-medium:100%;--awb-order-medium:0;--awb-spacing-right-medium:1.92%;--awb-spacing-left-medium:1.92%;--awb-width-small:100%;--awb-order-small:0;--awb-spacing-right-small:1.92%;--awb-spacing-left-small:1.92%;\" data-scroll-devices=\"small-visibility,medium-visibility,large-visibility\"><div class=\"fusion-column-wrapper fusion-column-has-shadow fusion-flex-justify-content-flex-start fusion-content-layout-column\"><div class=\"fusion-separator\" style=\"align-self: flex-start;margin-right:auto;margin-bottom:20px;width:100%;max-width:70px;\"><div class=\"fusion-separator-border sep-single sep-solid\" style=\"--awb-height:20px;--awb-amount:20px;--awb-sep-color:var(--awb-color4);border-color:var(--awb-color4);border-top-width:15px;\"><\/div><\/div><div class=\"fusion-title title fusion-title-4 fusion-sep-none fusion-title-text fusion-title-size-three\" style=\"--awb-margin-bottom:20px;--awb-margin-top-small:0px;--awb-margin-right-small:0px;--awb-margin-bottom-small:20px;--awb-margin-left-small:0px;\"><h3 class=\"fusion-title-heading title-heading-left fusion-responsive-typography-calculated\" style=\"margin:0;--fontSize:24;--minFontSize:24;line-height:var(--awb-typography1-line-height);\">PREUS<\/h3><\/div><div class=\"fusion-text fusion-text-2\"><p class=\"cvGsUA block-font-kerning-none block-font-feature-liga-off block-font-feature-clig-off block-font-feature-calt-off direction-ltr align-justify\"><span class=\"a_GcMg font-feature-liga-off font-feature-clig-off font-feature-calt-off text-decoration-none text-strikethrough-none\">PREU PER PERSONA EN HAB DOBLE O TRIPLE: <\/span><span class=\"a_GcMg font-feature-liga-off font-feature-clig-off font-feature-calt-off text-decoration-none text-strikethrough-none\">1.300\u20ac<\/span><\/p>\n<ul>\n<li><span class=\"a_GcMg font-feature-liga-off font-feature-clig-off font-feature-calt-off text-decoration-none text-strikethrough-none\">Taxes: <\/span><span class=\"a_GcMg font-feature-liga-off font-feature-clig-off font-feature-calt-off text-decoration-none text-strikethrough-none\">190\u20ac<\/span><\/li>\n<li><span class=\"a_GcMg font-feature-liga-off font-feature-clig-off font-feature-calt-off text-decoration-none text-strikethrough-none\">Suplement hab. Ind.:<\/span> <span class=\"a_GcMg font-feature-liga-off font-feature-clig-off font-feature-calt-off text-decoration-none text-strikethrough-none\">175\u20ac<\/span><\/li>\n<\/ul>\n<\/div><div class=\"fusion-text fusion-text-3\"><p><strong>EL PREU INCLOU:<\/strong><\/p>\n<ul>\n<li><span class=\"a_GcMg font-feature-liga-off font-feature-clig-off font-feature-calt-off text-decoration-none text-strikethrough-none\">Trasllats Badalona\/aeroport\/Badalona (descompte per no utilitzar aquest servei: 30\u20ac)<\/span><\/li>\n<li><span class=\"a_GcMg font-feature-liga-off font-feature-clig-off font-feature-calt-off text-decoration-none text-strikethrough-none\">Vol de Vueling, Barcelona &#8211; Nantes &#8211; Barcelona, amb taxes i dret a una maleta.<\/span><\/li>\n<li><span class=\"a_GcMg font-feature-liga-off font-feature-clig-off font-feature-calt-off text-decoration-none text-strikethrough-none\">Serveis d\u00b4autocar segons l\u00b4itinerari indicat.<\/span><\/li>\n<li><span class=\"a_GcMg font-feature-liga-off font-feature-clig-off font-feature-calt-off text-decoration-none text-strikethrough-none\">Guia acompanyant des de\/fins a Barcelona.<\/span><\/li>\n<li><span class=\"a_GcMg font-feature-liga-off font-feature-clig-off font-feature-calt-off text-decoration-none text-strikethrough-none\">Estada a hotel de 4* a Rennes, en allotjament i esmorzar<\/span><\/li>\n<li><span class=\"a_GcMg font-feature-liga-off font-feature-clig-off font-feature-calt-off text-decoration-none text-strikethrough-none\">4 dinars i 3 sopars al restaurant, begudes incloses<\/span><\/li>\n<li><span class=\"a_GcMg font-feature-liga-off font-feature-clig-off font-feature-calt-off text-decoration-none text-strikethrough-none\">Les entrades a tots els llocs indicats al programa.<\/span><\/li>\n<li><span class=\"a_GcMg font-feature-liga-off font-feature-clig-off font-feature-calt-off text-decoration-none text-strikethrough-none\">Propines a xofer i guies locals<\/span><\/li>\n<li><span class=\"a_GcMg font-feature-liga-off font-feature-clig-off font-feature-calt-off text-decoration-none text-strikethrough-none\">Asseguran\u00e7a de viatge i anul\u00b7laci\u00f3<\/span><\/li>\n<\/ul>\n<\/div><div class=\"fusion-separator\" style=\"align-self: flex-start;margin-right:auto;margin-top:40px;margin-bottom:20px;width:100%;max-width:70px;\"><div class=\"fusion-separator-border sep-single sep-solid\" style=\"--awb-height:20px;--awb-amount:20px;--awb-sep-color:var(--awb-color4);border-color:var(--awb-color4);border-top-width:15px;\"><\/div><\/div><div class=\"fusion-title title fusion-title-5 fusion-sep-none fusion-title-text fusion-title-size-three\" style=\"--awb-margin-bottom:20px;--awb-margin-top-small:0px;--awb-margin-right-small:0px;--awb-margin-bottom-small:20px;--awb-margin-left-small:0px;\"><h3 class=\"fusion-title-heading title-heading-left fusion-responsive-typography-calculated\" style=\"margin:0;--fontSize:24;--minFontSize:24;line-height:var(--awb-typography1-line-height);\">M\u00c9S INFORMACI\u00d3<\/h3><\/div><div class=\"accordian fusion-accordian\" style=\"--awb-border-size:0px;--awb-icon-size:15px;--awb-content-font-size:15px;--awb-icon-alignment:left;--awb-hover-color:var(--awb-color1);--awb-border-color:var(--awb-color1);--awb-background-color:var(--awb-color2);--awb-divider-color:var(--awb-color3);--awb-divider-hover-color:var(--awb-color3);--awb-icon-color:var(--awb-color5);--awb-title-color:var(--awb-color4);--awb-content-color:var(--awb-color5);--awb-icon-box-color:var(--awb-color7);--awb-toggle-hover-accent-color:var(--awb-color4);--awb-toggle-active-accent-color:var(--awb-color5);--awb-title-font-family:&quot;Lato&quot;;--awb-title-font-weight:700;--awb-title-font-style:normal;--awb-title-font-size:17px;--awb-content-font-family:&quot;Open Sans&quot;;--awb-content-font-style:normal;--awb-content-font-weight:400;\"><div class=\"panel-group fusion-toggle-icon-unboxed\" id=\"accordion-8497-2\"><div class=\"fusion-panel panel-default panel-3b809552626f13592 fusion-toggle-no-divider fusion-toggle-boxed-mode\" style=\"--awb-title-color:var(--awb-color7);--awb-content-color:var(--awb-color5);\"><div class=\"panel-heading\"><h4 class=\"panel-title toggle\" id=\"toggle_3b809552626f13592\"><a class=\"active\" aria-expanded=\"true\" aria-controls=\"3b809552626f13592\" role=\"button\" data-toggle=\"collapse\" data-parent=\"#accordion-8497-2\" data-target=\"#3b809552626f13592\" href=\"#3b809552626f13592\"><span class=\"fusion-toggle-icon-wrapper\" aria-hidden=\"true\"><i class=\"fa-fusion-box active-icon awb-icon-minus\" aria-hidden=\"true\"><\/i><i class=\"fa-fusion-box inactive-icon fa-info fas\" aria-hidden=\"true\"><\/i><\/span><span class=\"fusion-toggle-heading\">VOLS PREVISTOS<\/span><\/a><\/h4><\/div><div id=\"3b809552626f13592\" class=\"panel-collapse collapse in\" aria-labelledby=\"toggle_3b809552626f13592\"><div class=\"panel-body toggle-content fusion-clearfix\">\n<p class=\"cvGsUA block-font-kerning-none block-font-feature-liga-off block-font-feature-clig-off block-font-feature-calt-off direction-ltr align-start\"><span class=\"a_GcMg font-feature-liga-off font-feature-clig-off font-feature-calt-off text-decoration-none text-strikethrough-none\">BARCELONA &#8211; NANTES<\/span> <span class=\"a_GcMg font-feature-liga-off font-feature-clig-off font-feature-calt-off text-decoration-none text-strikethrough-none\">16 MAIG<\/span><\/p>\n<p class=\"cvGsUA block-font-kerning-none block-font-feature-liga-off block-font-feature-clig-off block-font-feature-calt-off direction-ltr align-start\"><span class=\"a_GcMg font-feature-liga-off font-feature-clig-off font-feature-calt-off text-decoration-none text-strikethrough-none\">NANTES &#8211; BARCELONA<\/span> <span class=\"a_GcMg font-feature-liga-off font-feature-clig-off font-feature-calt-off text-decoration-none text-strikethrough-none\">19 MAIG<\/span><\/p>\n<\/div><\/div><\/div><div class=\"fusion-panel panel-default panel-2757253ec78b9d32f fusion-toggle-no-divider fusion-toggle-boxed-mode\" style=\"--awb-title-color:var(--awb-color7);--awb-content-color:var(--awb-color5);\"><div class=\"panel-heading\"><h4 class=\"panel-title toggle\" id=\"toggle_2757253ec78b9d32f\"><a aria-expanded=\"false\" aria-controls=\"2757253ec78b9d32f\" role=\"button\" data-toggle=\"collapse\" data-parent=\"#accordion-8497-2\" data-target=\"#2757253ec78b9d32f\" href=\"#2757253ec78b9d32f\"><span class=\"fusion-toggle-icon-wrapper\" aria-hidden=\"true\"><i class=\"fa-fusion-box active-icon awb-icon-minus\" aria-hidden=\"true\"><\/i><i class=\"fa-fusion-box inactive-icon fa-info fas\" aria-hidden=\"true\"><\/i><\/span><span class=\"fusion-toggle-heading\">IMPORTANT<\/span><\/a><\/h4><\/div><div id=\"2757253ec78b9d32f\" class=\"panel-collapse collapse \" aria-labelledby=\"toggle_2757253ec78b9d32f\"><div class=\"panel-body toggle-content fusion-clearfix\">\n<ul>\n<li><span class=\"a_GcMg font-feature-liga-off font-feature-clig-off font-feature-calt-off text-decoration-none text-strikethrough-none\">En el moment de fer la reserva caldr\u00e0 donar una paga i senyal de 500\u20ac per persona.<\/span><\/li>\n<li><span class=\"a_GcMg font-feature-liga-off font-feature-clig-off font-feature-calt-off text-decoration-none text-strikethrough-none\">El pagament de la resta s&#8217;haur\u00e0 de fer 30 dies abans de la sortida<\/span><\/li>\n<li><span class=\"a_GcMg font-feature-liga-off font-feature-clig-off font-feature-calt-off text-decoration-none text-strikethrough-none\">Viatge acompanyat des de Barcelona amb un m\u00e0xim de 25 persones i un m\u00ednim de 15<\/span><\/li>\n<\/ul>\n<\/div><\/div><\/div><div class=\"fusion-panel panel-default panel-926014e1fb2b8e210 fusion-toggle-no-divider fusion-toggle-boxed-mode\" style=\"--awb-title-color:var(--awb-color7);--awb-content-color:var(--awb-color5);\"><div class=\"panel-heading\"><h4 class=\"panel-title toggle\" id=\"toggle_926014e1fb2b8e210\"><a aria-expanded=\"false\" aria-controls=\"926014e1fb2b8e210\" role=\"button\" data-toggle=\"collapse\" data-parent=\"#accordion-8497-2\" data-target=\"#926014e1fb2b8e210\" href=\"#926014e1fb2b8e210\"><span class=\"fusion-toggle-icon-wrapper\" aria-hidden=\"true\"><i class=\"fa-fusion-box active-icon awb-icon-minus\" aria-hidden=\"true\"><\/i><i class=\"fa-fusion-box inactive-icon fa-info fas\" aria-hidden=\"true\"><\/i><\/span><span class=\"fusion-toggle-heading\">CONDICIONS D'ANUL\u00b7LACI\u00d3<\/span><\/a><\/h4><\/div><div id=\"926014e1fb2b8e210\" class=\"panel-collapse collapse \" aria-labelledby=\"toggle_926014e1fb2b8e210\"><div class=\"panel-body toggle-content fusion-clearfix\">\n<p class=\"cvGsUA block-font-kerning-none block-font-feature-liga-off block-font-feature-clig-off block-font-feature-calt-off direction-ltr align-justify\"><span class=\"a_GcMg font-feature-liga-off font-feature-clig-off font-feature-calt-off text-decoration-none text-strikethrough-none\">Condicions d&#8217;anul\u00b7laci\u00f3 sobre el preu publicat segons l&#8217;anticipaci\u00f3 amb la qual es produeixi la cancel\u00b7laci\u00f3<\/span><\/p>\n<p class=\"cvGsUA block-font-kerning-none block-font-feature-liga-off block-font-feature-clig-off block-font-feature-calt-off direction-ltr align-justify\"><span class=\"a_GcMg font-feature-liga-off font-feature-clig-off font-feature-calt-off text-decoration-none text-strikethrough-none\">&#8211; Entre 31 i 45 dies abans de la sortida 25%.<\/span><\/p>\n<p class=\"cvGsUA block-font-kerning-none block-font-feature-liga-off block-font-feature-clig-off block-font-feature-calt-off direction-ltr align-justify\"><span class=\"a_GcMg font-feature-liga-off font-feature-clig-off font-feature-calt-off text-decoration-none text-strikethrough-none\">&#8211; Entre 21 i 30 dies abans de la sortida 50%.<\/span><\/p>\n<p class=\"cvGsUA block-font-kerning-none block-font-feature-liga-off block-font-feature-clig-off block-font-feature-calt-off direction-ltr align-justify\"><span class=\"a_GcMg font-feature-liga-off font-feature-clig-off font-feature-calt-off text-decoration-none text-strikethrough-none\">&#8211; 100% en els \u00faltims 20 dies abans de la sortida.<\/span><\/p>\n<p class=\"cvGsUA block-font-kerning-none block-font-feature-liga-off block-font-feature-clig-off block-font-feature-calt-off direction-ltr align-justify\"><span class=\"a_GcMg font-feature-liga-off font-feature-clig-off font-feature-calt-off text-decoration-none text-strikethrough-none\">Les conseq\u00fc\u00e8ncies de cancel\u00b7laci\u00f3 en cas d&#8217;exig\u00e8ncies econ\u00f2miques en determinats prove\u00efdors es repercutiran sobre el client en qualsevol cas.<\/span><\/p>\n<\/div><\/div><\/div><\/div><\/div><\/div><\/div><\/div><\/div><\/p>\n","protected":false},"featured_media":8499,"template":"","categories":[59],"tags":[],"class_list":["post-8497","viatges","type-viatges","status-publish","has-post-thumbnail","hentry","category-viaje-roda"],"acf":[],"yoast_head":"<!-- This site is optimized with the Yoast SEO plugin v28.1 - https:\/\/yoast.com\/product\/yoast-seo-wordpress\/ -->\n<title>MONT SAINT MICHEL 2027 - Roda Travel<\/title>\n<meta name=\"robots\" content=\"index, follow, max-snippet:-1, max-image-preview:large, max-video-preview:-1\" \/>\n<link rel=\"canonical\" href=\"https:\/\/roda.travel\/es\/viatges\/mont-saint-michel-2027\/\" \/>\n<meta property=\"og:locale\" content=\"es_ES\" \/>\n<meta property=\"og:type\" content=\"article\" \/>\n<meta property=\"og:title\" content=\"MONT SAINT MICHEL 2027 - Roda Travel\" \/>\n<meta property=\"og:url\" content=\"https:\/\/roda.travel\/es\/viatges\/mont-saint-michel-2027\/\" \/>\n<meta property=\"og:site_name\" content=\"Roda Travel\" \/>\n<meta property=\"article:modified_time\" content=\"2026-08-31T15:30:25+00:00\" \/>\n<meta property=\"og:image\" content=\"https:\/\/roda.travel\/wp-content\/uploads\/2026\/08\/ChatGPT-Image-31-ago-2026-17_28_41-1024x409.png\" \/>\n\t<meta property=\"og:image:width\" content=\"1024\" \/>\n\t<meta property=\"og:image:height\" content=\"409\" \/>\n\t<meta property=\"og:image:type\" content=\"image\/png\" \/>\n<meta name=\"twitter:card\" content=\"summary_large_image\" \/>\n<meta name=\"twitter:label1\" content=\"Tiempo de lectura\" \/>\n\t<meta name=\"twitter:data1\" content=\"6 minutos\" \/>\n<script type=\"application\/ld+json\" class=\"yoast-schema-graph\">{\"@context\":\"https:\\\/\\\/schema.org\",\"@graph\":[{\"@type\":\"WebPage\",\"@id\":\"https:\\\/\\\/roda.travel\\\/es\\\/viatges\\\/mont-saint-michel-2027\\\/\",\"url\":\"https:\\\/\\\/roda.travel\\\/es\\\/viatges\\\/mont-saint-michel-2027\\\/\",\"name\":\"MONT SAINT MICHEL 2027 - Roda Travel\",\"isPartOf\":{\"@id\":\"https:\\\/\\\/roda.travel\\\/es\\\/#website\"},\"primaryImageOfPage\":{\"@id\":\"https:\\\/\\\/roda.travel\\\/es\\\/viatges\\\/mont-saint-michel-2027\\\/#primaryimage\"},\"image\":{\"@id\":\"https:\\\/\\\/roda.travel\\\/es\\\/viatges\\\/mont-saint-michel-2027\\\/#primaryimage\"},\"thumbnailUrl\":\"https:\\\/\\\/roda.travel\\\/wp-content\\\/uploads\\\/2026\\\/08\\\/ChatGPT-Image-31-ago-2026-17_28_41.png\",\"datePublished\":\"2026-08-31T11:38:34+00:00\",\"dateModified\":\"2026-08-31T15:30:25+00:00\",\"breadcrumb\":{\"@id\":\"https:\\\/\\\/roda.travel\\\/es\\\/viatges\\\/mont-saint-michel-2027\\\/#breadcrumb\"},\"inLanguage\":\"es\",\"potentialAction\":[{\"@type\":\"ReadAction\",\"target\":[\"https:\\\/\\\/roda.travel\\\/es\\\/viatges\\\/mont-saint-michel-2027\\\/\"]}]},{\"@type\":\"ImageObject\",\"inLanguage\":\"es\",\"@id\":\"https:\\\/\\\/roda.travel\\\/es\\\/viatges\\\/mont-saint-michel-2027\\\/#primaryimage\",\"url\":\"https:\\\/\\\/roda.travel\\\/wp-content\\\/uploads\\\/2026\\\/08\\\/ChatGPT-Image-31-ago-2026-17_28_41.png\",\"contentUrl\":\"https:\\\/\\\/roda.travel\\\/wp-content\\\/uploads\\\/2026\\\/08\\\/ChatGPT-Image-31-ago-2026-17_28_41.png\",\"width\":1983,\"height\":793},{\"@type\":\"BreadcrumbList\",\"@id\":\"https:\\\/\\\/roda.travel\\\/es\\\/viatges\\\/mont-saint-michel-2027\\\/#breadcrumb\",\"itemListElement\":[{\"@type\":\"ListItem\",\"position\":1,\"name\":\"Inici\",\"item\":\"https:\\\/\\\/roda.travel\\\/es\\\/\"},{\"@type\":\"ListItem\",\"position\":2,\"name\":\"MONT SAINT MICHEL 2027\"}]},{\"@type\":\"WebSite\",\"@id\":\"https:\\\/\\\/roda.travel\\\/es\\\/#website\",\"url\":\"https:\\\/\\\/roda.travel\\\/es\\\/\",\"name\":\"Roda Travel\",\"description\":\"\",\"potentialAction\":[{\"@type\":\"SearchAction\",\"target\":{\"@type\":\"EntryPoint\",\"urlTemplate\":\"https:\\\/\\\/roda.travel\\\/es\\\/?s={search_term_string}\"},\"query-input\":{\"@type\":\"PropertyValueSpecification\",\"valueRequired\":true,\"valueName\":\"search_term_string\"}}],\"inLanguage\":\"es\"}]}<\/script>\n<!-- \/ Yoast SEO plugin. -->","yoast_head_json":{"title":"MONT SAINT MICHEL 2027 - Roda Travel","robots":{"index":"index","follow":"follow","max-snippet":"max-snippet:-1","max-image-preview":"max-image-preview:large","max-video-preview":"max-video-preview:-1"},"canonical":"https:\/\/roda.travel\/es\/viatges\/mont-saint-michel-2027\/","og_locale":"es_ES","og_type":"article","og_title":"MONT SAINT MICHEL 2027 - Roda Travel","og_url":"https:\/\/roda.travel\/es\/viatges\/mont-saint-michel-2027\/","og_site_name":"Roda Travel","article_modified_time":"2026-08-31T15:30:25+00:00","og_image":[{"width":1024,"height":409,"url":"https:\/\/roda.travel\/wp-content\/uploads\/2026\/08\/ChatGPT-Image-31-ago-2026-17_28_41-1024x409.png","type":"image\/png"}],"twitter_card":"summary_large_image","twitter_misc":{"Tiempo de lectura":"6 minutos"},"schema":{"@context":"https:\/\/schema.org","@graph":[{"@type":"WebPage","@id":"https:\/\/roda.travel\/es\/viatges\/mont-saint-michel-2027\/","url":"https:\/\/roda.travel\/es\/viatges\/mont-saint-michel-2027\/","name":"MONT SAINT MICHEL 2027 - Roda Travel","isPartOf":{"@id":"https:\/\/roda.travel\/es\/#website"},"primaryImageOfPage":{"@id":"https:\/\/roda.travel\/es\/viatges\/mont-saint-michel-2027\/#primaryimage"},"image":{"@id":"https:\/\/roda.travel\/es\/viatges\/mont-saint-michel-2027\/#primaryimage"},"thumbnailUrl":"https:\/\/roda.travel\/wp-content\/uploads\/2026\/08\/ChatGPT-Image-31-ago-2026-17_28_41.png","datePublished":"2026-08-31T11:38:34+00:00","dateModified":"2026-08-31T15:30:25+00:00","breadcrumb":{"@id":"https:\/\/roda.travel\/es\/viatges\/mont-saint-michel-2027\/#breadcrumb"},"inLanguage":"es","potentialAction":[{"@type":"ReadAction","target":["https:\/\/roda.travel\/es\/viatges\/mont-saint-michel-2027\/"]}]},{"@type":"ImageObject","inLanguage":"es","@id":"https:\/\/roda.travel\/es\/viatges\/mont-saint-michel-2027\/#primaryimage","url":"https:\/\/roda.travel\/wp-content\/uploads\/2026\/08\/ChatGPT-Image-31-ago-2026-17_28_41.png","contentUrl":"https:\/\/roda.travel\/wp-content\/uploads\/2026\/08\/ChatGPT-Image-31-ago-2026-17_28_41.png","width":1983,"height":793},{"@type":"BreadcrumbList","@id":"https:\/\/roda.travel\/es\/viatges\/mont-saint-michel-2027\/#breadcrumb","itemListElement":[{"@type":"ListItem","position":1,"name":"Inici","item":"https:\/\/roda.travel\/es\/"},{"@type":"ListItem","position":2,"name":"MONT SAINT MICHEL 2027"}]},{"@type":"WebSite","@id":"https:\/\/roda.travel\/es\/#website","url":"https:\/\/roda.travel\/es\/","name":"Roda Travel","description":"","potentialAction":[{"@type":"SearchAction","target":{"@type":"EntryPoint","urlTemplate":"https:\/\/roda.travel\/es\/?s={search_term_string}"},"query-input":{"@type":"PropertyValueSpecification","valueRequired":true,"valueName":"search_term_string"}}],"inLanguage":"es"}]}},"_links":{"self":[{"href":"https:\/\/roda.travel\/es\/wp-json\/wp\/v2\/viatges\/8497","targetHints":{"allow":["GET"]}}],"collection":[{"href":"https:\/\/roda.travel\/es\/wp-json\/wp\/v2\/viatges"}],"about":[{"href":"https:\/\/roda.travel\/es\/wp-json\/wp\/v2\/types\/viatges"}],"wp:featuredmedia":[{"embeddable":true,"href":"https:\/\/roda.travel\/es\/wp-json\/wp\/v2\/media\/8499"}],"wp:attachment":[{"href":"https:\/\/roda.travel\/es\/wp-json\/wp\/v2\/media?parent=8497"}],"wp:term":[{"taxonomy":"category","embeddable":true,"href":"https:\/\/roda.travel\/es\/wp-json\/wp\/v2\/categories?post=8497"},{"taxonomy":"post_tag","embeddable":true,"href":"https:\/\/roda.travel\/es\/wp-json\/wp\/v2\/tags?post=8497"}],"curies":[{"name":"wp","href":"https:\/\/api.w.org\/{rel}","templated":true}]}}