{"id":8488,"date":"2026-08-31T13:31:50","date_gmt":"2026-08-31T11:31:50","guid":{"rendered":"https:\/\/roda.travel\/viatges\/sri-lanka-2027\/"},"modified":"2026-09-02T11:22:44","modified_gmt":"2026-09-02T09:22:44","slug":"sri-lanka-2027","status":"publish","type":"viatges","link":"https:\/\/roda.travel\/es\/viatges\/sri-lanka-2027\/","title":{"rendered":"SRI LANKA 2027"},"content":{"rendered":"<p><div class=\"fusion-fullwidth fullwidth-box fusion-builder-row-1 fusion-flex-container has-pattern-background has-mask-background nonhundred-percent-fullwidth non-hundred-percent-height-scrolling\" style=\"--awb-border-radius-top-left:0px;--awb-border-radius-top-right:0px;--awb-border-radius-bottom-right:0px;--awb-border-radius-bottom-left:0px;--awb-margin-bottom-small:40px;--awb-flex-wrap:wrap;\" ><div class=\"fusion-builder-row fusion-row fusion-flex-align-items-flex-start fusion-flex-justify-content-flex-end fusion-flex-content-wrap\" style=\"max-width:1216.8px;margin-left: calc(-4% \/ 2 );margin-right: calc(-4% \/ 2 );\"><div class=\"fusion-layout-column fusion_builder_column fusion-builder-column-0 fusion_builder_column_1_1 1_1 fusion-flex-column\" style=\"--awb-bg-size:cover;--awb-width-large:100%;--awb-margin-top-large:0px;--awb-spacing-right-large:65px;--awb-margin-bottom-large:0px;--awb-spacing-left-large:1.92%;--awb-width-medium:100%;--awb-order-medium:0;--awb-spacing-right-medium:1.92%;--awb-spacing-left-medium:1.92%;--awb-width-small:100%;--awb-order-small:0;--awb-spacing-right-small:1.92%;--awb-spacing-left-small:1.92%;\" data-scroll-devices=\"small-visibility,medium-visibility,large-visibility\"><div class=\"fusion-column-wrapper fusion-column-has-shadow fusion-flex-justify-content-flex-start fusion-content-layout-column\"><div class=\"sm-text-align-center\" style=\"text-align:right;\"><a class=\"fusion-button button-flat fusion-button-default-size button-custom fusion-button-default button-1 fusion-button-default-span fusion-button-default-type\" style=\"--button_accent_color:var(--awb-color1);--button_accent_hover_color:var(--awb-color1);--button_border_hover_color:var(--awb-color1);--button_gradient_top_color:var(--awb-color4);--button_gradient_bottom_color:var(--awb-color4);--button_gradient_top_color_hover:#db4a29;--button_gradient_bottom_color_hover:#db4a29;\" target=\"_blank\" rel=\"noopener noreferrer\" href=\"#\"><span class=\"fusion-button-icon-divider button-icon-divider-left\"><i class=\"fa-file fas awb-button__icon awb-button__icon--default\" aria-hidden=\"true\"><\/i><\/span><span class=\"fusion-button-text awb-button__text awb-button__text--default fusion-button-text-left\">DESCARREGA PDF<\/span><\/a><\/div><\/div><\/div><\/div><\/div><div class=\"fusion-fullwidth fullwidth-box fusion-builder-row-2 fusion-flex-container has-pattern-background has-mask-background nonhundred-percent-fullwidth non-hundred-percent-height-scrolling\" style=\"--awb-border-radius-top-left:0px;--awb-border-radius-top-right:0px;--awb-border-radius-bottom-right:0px;--awb-border-radius-bottom-left:0px;--awb-margin-bottom:20px;--awb-flex-wrap:wrap;\" ><div class=\"fusion-builder-row fusion-row fusion-flex-align-items-flex-start fusion-flex-justify-content-flex-end fusion-flex-content-wrap\" style=\"max-width:1216.8px;margin-left: calc(-4% \/ 2 );margin-right: calc(-4% \/ 2 );\"><div class=\"fusion-layout-column fusion_builder_column fusion-builder-column-1 fusion_builder_column_1_1 1_1 fusion-flex-column\" style=\"--awb-bg-size:cover;--awb-width-large:100%;--awb-margin-top-large:0px;--awb-spacing-right-large:1.92%;--awb-margin-bottom-large:0px;--awb-spacing-left-large:1.92%;--awb-width-medium:100%;--awb-order-medium:0;--awb-spacing-right-medium:1.92%;--awb-spacing-left-medium:1.92%;--awb-width-small:100%;--awb-order-small:0;--awb-spacing-right-small:1.92%;--awb-spacing-left-small:1.92%;\" data-scroll-devices=\"small-visibility,medium-visibility,large-visibility\"><div class=\"fusion-column-wrapper fusion-column-has-shadow fusion-flex-justify-content-flex-start fusion-content-layout-column\"><div class=\"fusion-separator\" style=\"align-self: flex-start;margin-right:auto;margin-bottom:20px;width:100%;max-width:70px;\"><div class=\"fusion-separator-border sep-single sep-solid\" style=\"--awb-height:20px;--awb-amount:20px;--awb-sep-color:var(--awb-color4);border-color:var(--awb-color4);border-top-width:15px;\"><\/div><\/div><div class=\"fusion-title title fusion-title-1 fusion-sep-none fusion-title-text fusion-title-size-three\" style=\"--awb-margin-bottom:20px;--awb-margin-top-small:0px;--awb-margin-right-small:0px;--awb-margin-bottom-small:20px;--awb-margin-left-small:0px;\"><h3 class=\"fusion-title-heading title-heading-left fusion-responsive-typography-calculated\" style=\"margin:0;--fontSize:24;--minFontSize:24;line-height:var(--awb-typography1-line-height);\">DESCRIPCI\u00d3<\/h3><\/div><div class=\"fusion-text fusion-text-1\"><div>\n<div>\n<div>\n<p>Ens endinsarem en un pa\u00eds fascinant on la naturalesa exuberant, l&#8217;espiritualitat i una hist\u00f2ria mil\u00b7len\u00e0ria es combinen per crear una experi\u00e8ncia inoblidable. Sri Lanka, coneguda com la Perla de l&#8217;\u00cdndic, ens sorprendr\u00e0 amb els seus impressionants temples budistes, antigues ciutats declarades Patrimoni de la Humanitat, paisatges coberts de plantacions de te i una extraordin\u00e0ria riquesa natural.<\/p>\n<\/div>\n<div>\n<p>Al llarg del nostre recorregut descobrirem llocs emblem\u00e0tics com la majestuosa Roca del Lle\u00f3 de Sigiriya, les coves sagrades de Dambulla, la hist\u00f2rica ciutat de Kandy o les muntanyes de Nuwara Eliya. Tamb\u00e9 gaudirem d&#8217;experi\u00e8ncies aut\u00e8ntiques que ens aproparan a la cultura local, viatjarem en un dels trens m\u00e9s espectaculars del m\u00f3n i farem un safari pel Parc Nacional de Yala a la recerca d&#8217;elefants, lleopards i altres esp\u00e8cies salvatges.<\/p>\n<\/div>\n<div>\n<p>Un viatge que ens permetr\u00e0 con\u00e8ixer l&#8217;ess\u00e8ncia de Sri Lanka, des de les antigues tradicions fins als espectaculars paisatges tropicals, finalitzant al costat de les aig\u00fces de l&#8217;oce\u00e0 \u00cdndic despr\u00e9s d&#8217;haver descobert una de les destinacions m\u00e9s captivadores d&#8217;\u00c0sia.<\/p>\n<\/div>\n<\/div>\n<\/div>\n<\/div><\/div><\/div><\/div><\/div><div class=\"fusion-fullwidth fullwidth-box fusion-builder-row-3 fusion-flex-container has-pattern-background has-mask-background nonhundred-percent-fullwidth non-hundred-percent-height-scrolling\" style=\"--awb-border-radius-top-left:0px;--awb-border-radius-top-right:0px;--awb-border-radius-bottom-right:0px;--awb-border-radius-bottom-left:0px;--awb-flex-wrap:wrap;\" ><div class=\"fusion-builder-row fusion-row fusion-flex-align-items-flex-start fusion-flex-content-wrap\" style=\"max-width:1216.8px;margin-left: calc(-4% \/ 2 );margin-right: calc(-4% \/ 2 );\"><div class=\"fusion-layout-column fusion_builder_column fusion-builder-column-2 fusion_builder_column_1_2 1_2 fusion-flex-column\" style=\"--awb-bg-size:cover;--awb-width-large:50%;--awb-margin-top-large:0px;--awb-spacing-right-large:10px;--awb-margin-bottom-large:20px;--awb-spacing-left-large:3.84%;--awb-width-medium:100%;--awb-order-medium:0;--awb-spacing-right-medium:1.92%;--awb-spacing-left-medium:1.92%;--awb-width-small:100%;--awb-order-small:0;--awb-spacing-right-small:1.92%;--awb-spacing-left-small:1.92%;\" data-scroll-devices=\"small-visibility,medium-visibility,large-visibility\"><div class=\"fusion-column-wrapper fusion-column-has-shadow fusion-flex-justify-content-flex-start fusion-content-layout-column\"><div class=\"fusion-separator\" style=\"align-self: flex-start;margin-right:auto;margin-bottom:20px;width:100%;max-width:70px;\"><div class=\"fusion-separator-border sep-single sep-solid\" style=\"--awb-height:20px;--awb-amount:20px;--awb-sep-color:var(--awb-color4);border-color:var(--awb-color4);border-top-width:15px;\"><\/div><\/div><div class=\"fusion-title title fusion-title-2 fusion-sep-none fusion-title-text fusion-title-size-three\" style=\"--awb-margin-bottom:20px;--awb-margin-top-small:0px;--awb-margin-right-small:0px;--awb-margin-bottom-small:20px;--awb-margin-left-small:0px;\"><h3 class=\"fusion-title-heading title-heading-left fusion-responsive-typography-calculated\" style=\"margin:0;--fontSize:24;--minFontSize:24;line-height:var(--awb-typography1-line-height);\">ITINERARI<\/h3><\/div><div class=\"accordian fusion-accordian\" style=\"--awb-border-size:0px;--awb-icon-size:15px;--awb-content-font-size:15px;--awb-icon-alignment:left;--awb-hover-color:var(--awb-color1);--awb-border-color:var(--awb-color1);--awb-background-color:var(--awb-color2);--awb-divider-color:var(--awb-color3);--awb-divider-hover-color:var(--awb-color3);--awb-icon-color:var(--awb-color7);--awb-title-color:var(--awb-color7);--awb-content-color:var(--awb-color5);--awb-icon-box-color:var(--awb-color7);--awb-toggle-hover-accent-color:var(--awb-color4);--awb-title-font-family:&quot;Lato&quot;;--awb-title-font-weight:700;--awb-title-font-style:normal;--awb-content-font-family:&quot;Open Sans&quot;;--awb-content-font-style:normal;--awb-content-font-weight:400;\"><div class=\"panel-group fusion-toggle-icon-unboxed\" id=\"accordion-8488-1\"><div class=\"fusion-panel panel-default panel-7d67ef7580fe504db fusion-toggle-no-divider fusion-toggle-boxed-mode\" style=\"--awb-title-color:var(--awb-color7);--awb-content-color:var(--awb-color5);\"><div class=\"panel-heading\"><h4 class=\"panel-title toggle\" id=\"toggle_7d67ef7580fe504db\"><a aria-expanded=\"false\" aria-controls=\"7d67ef7580fe504db\" role=\"button\" data-toggle=\"collapse\" data-parent=\"#accordion-8488-1\" data-target=\"#7d67ef7580fe504db\" href=\"#7d67ef7580fe504db\"><span class=\"fusion-toggle-icon-wrapper\" aria-hidden=\"true\"><i class=\"fa-fusion-box active-icon awb-icon-minus\" aria-hidden=\"true\"><\/i><i class=\"fa-fusion-box inactive-icon awb-icon-plus\" aria-hidden=\"true\"><\/i><\/span><span class=\"fusion-toggle-heading\"> 13 MAR\u00c7: BARCELONA \u2013 COLOMBO<\/span><\/a><\/h4><\/div><div id=\"7d67ef7580fe504db\" class=\"panel-collapse collapse \" aria-labelledby=\"toggle_7d67ef7580fe504db\"><div class=\"panel-body toggle-content fusion-clearfix\">\n<p><span class=\"a_GcMg font-feature-liga-off font-feature-clig-off font-feature-calt-off text-decoration-none text-strikethrough-none\">Presentaci\u00f3 a l&#8217;aeroport de Barcelona on ens trobarem amb el nostre guia acompanyant, per realitzar els tr\u00e0mits de facturaci\u00f3 i embarcament al vol amb destinaci\u00f3 a Colombo. Nit a bord.<\/span><\/p>\n<\/div><\/div><\/div><div class=\"fusion-panel panel-default panel-1c094e12cf183a1a6 fusion-toggle-no-divider fusion-toggle-boxed-mode\" style=\"--awb-title-color:var(--awb-color7);--awb-content-color:var(--awb-color5);\"><div class=\"panel-heading\"><h4 class=\"panel-title toggle\" id=\"toggle_1c094e12cf183a1a6\"><a aria-expanded=\"false\" aria-controls=\"1c094e12cf183a1a6\" role=\"button\" data-toggle=\"collapse\" data-parent=\"#accordion-8488-1\" data-target=\"#1c094e12cf183a1a6\" href=\"#1c094e12cf183a1a6\"><span class=\"fusion-toggle-icon-wrapper\" aria-hidden=\"true\"><i class=\"fa-fusion-box active-icon awb-icon-minus\" aria-hidden=\"true\"><\/i><i class=\"fa-fusion-box inactive-icon awb-icon-plus\" aria-hidden=\"true\"><\/i><\/span><span class=\"fusion-toggle-heading\">14 MAR\u00c7: COLOMBO<\/span><\/a><\/h4><\/div><div id=\"1c094e12cf183a1a6\" class=\"panel-collapse collapse \" aria-labelledby=\"toggle_1c094e12cf183a1a6\"><div class=\"panel-body toggle-content fusion-clearfix\">\n<p class=\"cvGsUA block-font-kerning-none block-font-feature-liga-off block-font-feature-clig-off block-font-feature-calt-off direction-ltr align-justify\"><span class=\"a_GcMg font-feature-liga-off font-feature-clig-off font-feature-calt-off text-decoration-none text-strikethrough-none\">Arribarem a Colombo, capital comercial de Sri Lanka, on serem rebuts pel guia local i ens traslladarem a l&#8217;hotel. Despr\u00e9s d&#8217;un temps per descansar del viatge, farem una visita panor\u00e0mica de la ciutat. Coneixerem el Fort, antic centre administratiu de l&#8217;\u00e8poca colonial, el mercat animat de Pettah, el Parlament, el Town Hall i el temple de Gangaramaya, un dels m\u00e9s importants del pa\u00eds i una aut\u00e8ntica joia arquitect\u00f2nica.<\/span><\/p>\n<p class=\"cvGsUA block-font-kerning-none block-font-feature-liga-off block-font-feature-clig-off block-font-feature-calt-off direction-ltr align-justify\"><span class=\"a_GcMg font-feature-liga-off font-feature-clig-off font-feature-calt-off text-decoration-none text-strikethrough-none\">Sopar i allotjament a l&#8217;hotel.<\/span><\/p>\n<\/div><\/div><\/div><div class=\"fusion-panel panel-default panel-e3109790e61aa35d0 fusion-toggle-no-divider fusion-toggle-boxed-mode\" style=\"--awb-title-color:var(--awb-color7);--awb-content-color:var(--awb-color5);\"><div class=\"panel-heading\"><h4 class=\"panel-title toggle\" id=\"toggle_e3109790e61aa35d0\"><a aria-expanded=\"false\" aria-controls=\"e3109790e61aa35d0\" role=\"button\" data-toggle=\"collapse\" data-parent=\"#accordion-8488-1\" data-target=\"#e3109790e61aa35d0\" href=\"#e3109790e61aa35d0\"><span class=\"fusion-toggle-icon-wrapper\" aria-hidden=\"true\"><i class=\"fa-fusion-box active-icon awb-icon-minus\" aria-hidden=\"true\"><\/i><i class=\"fa-fusion-box inactive-icon awb-icon-plus\" aria-hidden=\"true\"><\/i><\/span><span class=\"fusion-toggle-heading\">15 MAR\u00c7: COLOMBO \u2013 HABARANA<\/span><\/a><\/h4><\/div><div id=\"e3109790e61aa35d0\" class=\"panel-collapse collapse \" aria-labelledby=\"toggle_e3109790e61aa35d0\"><div class=\"panel-body toggle-content fusion-clearfix\">\n<p class=\"cvGsUA block-font-kerning-none block-font-feature-liga-off block-font-feature-clig-off block-font-feature-calt-off direction-ltr align-justify\"><span class=\"a_GcMg font-feature-liga-off font-feature-clig-off font-feature-calt-off text-decoration-none text-strikethrough-none\">Esmorzar. Sortirem per carretera cap a la regi\u00f3 cultural de Sri Lanka. Durant el recorregut visitarem Ridee Vihara, un antic temple budista situat a les proximitats de Kurunegala, conegut per la seva relaci\u00f3 amb les hist\u00f2riques mines de plata de la zona.<\/span><\/p>\n<p class=\"cvGsUA block-font-kerning-none block-font-feature-liga-off block-font-feature-clig-off block-font-feature-calt-off direction-ltr align-justify\"><span class=\"a_GcMg font-feature-liga-off font-feature-clig-off font-feature-calt-off text-decoration-none text-strikethrough-none\">Continuarem fins a Habarana. Dinar a restaurant local.<\/span><\/p>\n<p class=\"cvGsUA block-font-kerning-none block-font-feature-liga-off block-font-feature-clig-off block-font-feature-calt-off direction-ltr align-justify\"><span class=\"a_GcMg font-feature-liga-off font-feature-clig-off font-feature-calt-off text-decoration-none text-strikethrough-none\">A la tarda visitarem Dambulla, declarat Patrimoni de la Humanitat per la UNESCO. Aquest espectacular conjunt de coves acull m\u00e9s de 150 imatges de Buda i magn\u00edfiques pintures murals. Destaca especialment l&#8217;enorme figura de Buda reclinat tallada a la roca, de 14 metres de longitud.<\/span><\/p>\n<p class=\"cvGsUA block-font-kerning-none block-font-feature-liga-off block-font-feature-clig-off block-font-feature-calt-off direction-ltr align-justify\"><span class=\"a_GcMg font-feature-liga-off font-feature-clig-off font-feature-calt-off text-decoration-none text-strikethrough-none\">Sopar i allotjament a l&#8217;hotel.<\/span><\/p>\n<\/div><\/div><\/div><div class=\"fusion-panel panel-default panel-9cb0c7a52f8f6178b fusion-toggle-no-divider fusion-toggle-boxed-mode\" style=\"--awb-title-color:var(--awb-color7);--awb-content-color:var(--awb-color5);\"><div class=\"panel-heading\"><h4 class=\"panel-title toggle\" id=\"toggle_9cb0c7a52f8f6178b\"><a aria-expanded=\"false\" aria-controls=\"9cb0c7a52f8f6178b\" role=\"button\" data-toggle=\"collapse\" data-parent=\"#accordion-8488-1\" data-target=\"#9cb0c7a52f8f6178b\" href=\"#9cb0c7a52f8f6178b\"><span class=\"fusion-toggle-icon-wrapper\" aria-hidden=\"true\"><i class=\"fa-fusion-box active-icon awb-icon-minus\" aria-hidden=\"true\"><\/i><i class=\"fa-fusion-box inactive-icon awb-icon-plus\" aria-hidden=\"true\"><\/i><\/span><span class=\"fusion-toggle-heading\">16 MAR\u00c7: HABARANA \u2013 SIGIRIYA \u2013 POLONNARUWA \u2013 HABARANA<\/span><\/a><\/h4><\/div><div id=\"9cb0c7a52f8f6178b\" class=\"panel-collapse collapse \" aria-labelledby=\"toggle_9cb0c7a52f8f6178b\"><div class=\"panel-body toggle-content fusion-clearfix\">\n<p class=\"cvGsUA block-font-kerning-none block-font-feature-liga-off block-font-feature-clig-off block-font-feature-calt-off direction-ltr align-justify\"><span class=\"a_GcMg font-feature-liga-off font-feature-clig-off font-feature-calt-off text-decoration-none text-strikethrough-none\">Esmorzar. Al mat\u00ed visitarem Sigiriya, la famosa \u201cRoca del Lle\u00f3\u201d, un dels monuments m\u00e9s impressionants de Sri Lanka i Patrimoni de la Humanitat. Pujarem aquesta espectacular roca de gaireb\u00e9 200 metres d&#8217;al\u00e7ada per contemplar els famosos frescos de les donzelles i les ru\u00efnes de l&#8217;antiga fortalesa reial.<\/span><\/p>\n<p class=\"cvGsUA block-font-kerning-none block-font-feature-liga-off block-font-feature-clig-off block-font-feature-calt-off direction-ltr align-justify\"><span class=\"a_GcMg font-feature-liga-off font-feature-clig-off font-feature-calt-off text-decoration-none text-strikethrough-none\">Tamb\u00e9 gaudirem d&#8217;una experi\u00e8ncia rural tradicional que inclour\u00e0 un recorregut amb carro de bous, un passeig amb tuk-tuk i el contacte amb la vida quotidiana dels poblets locals.<\/span><\/p>\n<p class=\"cvGsUA block-font-kerning-none block-font-feature-liga-off block-font-feature-clig-off block-font-feature-calt-off direction-ltr align-justify\"><span class=\"a_GcMg font-feature-liga-off font-feature-clig-off font-feature-calt-off text-decoration-none text-strikethrough-none\">Dinar a restaurant local.<\/span><\/p>\n<p class=\"cvGsUA block-font-kerning-none block-font-feature-liga-off block-font-feature-clig-off block-font-feature-calt-off direction-ltr align-justify\"><span class=\"a_GcMg font-feature-liga-off font-feature-clig-off font-feature-calt-off text-decoration-none text-strikethrough-none\">A la tarda ens despla\u00e7arem fins a Polonnaruwa, antiga capital medieval de Sri Lanka. Visitarem les seves impressionants restes arqueol\u00f2giques, entre les quals destaquen les famoses escultures de Buda del conjunt de Gal Vihara.<\/span><\/p>\n<p class=\"cvGsUA block-font-kerning-none block-font-feature-liga-off block-font-feature-clig-off block-font-feature-calt-off direction-ltr align-justify\"><span class=\"a_GcMg font-feature-liga-off font-feature-clig-off font-feature-calt-off text-decoration-none text-strikethrough-none\">Sopar i allotjament a l&#8217;hotel.<\/span><\/p>\n<\/div><\/div><\/div><div class=\"fusion-panel panel-default panel-6884e36ad2adf1b9f fusion-toggle-no-divider fusion-toggle-boxed-mode\" style=\"--awb-title-color:var(--awb-color7);--awb-content-color:var(--awb-color5);\"><div class=\"panel-heading\"><h4 class=\"panel-title toggle\" id=\"toggle_6884e36ad2adf1b9f\"><a aria-expanded=\"false\" aria-controls=\"6884e36ad2adf1b9f\" role=\"button\" data-toggle=\"collapse\" data-parent=\"#accordion-8488-1\" data-target=\"#6884e36ad2adf1b9f\" href=\"#6884e36ad2adf1b9f\"><span class=\"fusion-toggle-icon-wrapper\" aria-hidden=\"true\"><i class=\"fa-fusion-box active-icon awb-icon-minus\" aria-hidden=\"true\"><\/i><i class=\"fa-fusion-box inactive-icon awb-icon-plus\" aria-hidden=\"true\"><\/i><\/span><span class=\"fusion-toggle-heading\">17 MAR\u00c7: HABARANA \u2013 MATALE \u2013 KANDY<\/span><\/a><\/h4><\/div><div id=\"6884e36ad2adf1b9f\" class=\"panel-collapse collapse \" aria-labelledby=\"toggle_6884e36ad2adf1b9f\"><div class=\"panel-body toggle-content fusion-clearfix\">\n<p class=\"cvGsUA block-font-kerning-none block-font-feature-liga-off block-font-feature-clig-off block-font-feature-calt-off direction-ltr align-justify\"><span class=\"a_GcMg font-feature-liga-off font-feature-clig-off font-feature-calt-off text-decoration-none text-strikethrough-none\">Esmorzar. Sortirem cap a Kandy realitzant una primera parada a Nalanda Gedige, un singular temple que combina influ\u00e8ncies arquitect\u00f2niques hind\u00fas i budistes.<\/span><\/p>\n<p class=\"cvGsUA block-font-kerning-none block-font-feature-liga-off block-font-feature-clig-off block-font-feature-calt-off direction-ltr align-justify\"><span class=\"a_GcMg font-feature-liga-off font-feature-clig-off font-feature-calt-off text-decoration-none text-strikethrough-none\">Continuarem cap a Matale, on visitarem un jard\u00ed d\u00b4esp\u00e8cies. Coneixerem de prop plantes com el cardamom, la canyella o el pebre, i descobrirem la import\u00e0ncia que les esp\u00e8cies tenen a la gastronomia i la cultura de Sri Lanka.<\/span><\/p>\n<p class=\"cvGsUA block-font-kerning-none block-font-feature-liga-off block-font-feature-clig-off block-font-feature-calt-off direction-ltr align-justify\"><span class=\"a_GcMg font-feature-liga-off font-feature-clig-off font-feature-calt-off text-decoration-none text-strikethrough-none\">Dinar i continuaci\u00f3 del viatge fins a Kandy.<\/span><\/p>\n<p class=\"cvGsUA block-font-kerning-none block-font-feature-liga-off block-font-feature-clig-off block-font-feature-calt-off direction-ltr align-justify\"><span class=\"a_GcMg font-feature-liga-off font-feature-clig-off font-feature-calt-off text-decoration-none text-strikethrough-none\">A la tarda farem una visita d&#8217;aquesta ciutat considerada el cor espiritual del pa\u00eds. Coneixerem el Temple de la Dent de Buda, un dels llocs m\u00e9s sagrats per als budistes de tot el m\u00f3n, on es conserva una important rel\u00edquia del fundador del budisme. Tamb\u00e9 gaudirem de les vistes del llac artificial de la ciutat.<\/span><\/p>\n<p class=\"cvGsUA block-font-kerning-none block-font-feature-liga-off block-font-feature-clig-off block-font-feature-calt-off direction-ltr align-justify\"><span class=\"a_GcMg font-feature-liga-off font-feature-clig-off font-feature-calt-off text-decoration-none text-strikethrough-none\">Sopar i allotjament a l&#8217;hotel.<\/span><\/p>\n<\/div><\/div><\/div><div class=\"fusion-panel panel-default panel-6e26685317e95f61d fusion-toggle-no-divider fusion-toggle-boxed-mode\" style=\"--awb-title-color:var(--awb-color7);--awb-content-color:var(--awb-color5);\"><div class=\"panel-heading\"><h4 class=\"panel-title toggle\" id=\"toggle_6e26685317e95f61d\"><a aria-expanded=\"false\" aria-controls=\"6e26685317e95f61d\" role=\"button\" data-toggle=\"collapse\" data-parent=\"#accordion-8488-1\" data-target=\"#6e26685317e95f61d\" href=\"#6e26685317e95f61d\"><span class=\"fusion-toggle-icon-wrapper\" aria-hidden=\"true\"><i class=\"fa-fusion-box active-icon awb-icon-minus\" aria-hidden=\"true\"><\/i><i class=\"fa-fusion-box inactive-icon awb-icon-plus\" aria-hidden=\"true\"><\/i><\/span><span class=\"fusion-toggle-heading\">18 MAR\u00c7: KANDY \u2013 NUWARA ELIYA<\/span><\/a><\/h4><\/div><div id=\"6e26685317e95f61d\" class=\"panel-collapse collapse \" aria-labelledby=\"toggle_6e26685317e95f61d\"><div class=\"panel-body toggle-content fusion-clearfix\">\n<p class=\"cvGsUA block-font-kerning-none block-font-feature-liga-off block-font-feature-clig-off block-font-feature-calt-off direction-ltr align-justify\"><span class=\"a_GcMg font-feature-liga-off font-feature-clig-off font-feature-calt-off text-decoration-none text-strikethrough-none\">Esmorzar. Al mat\u00ed viatjarem amb tren cap a Nuwara Eliya, gaudint d&#8217;un dels recorreguts ferroviaris m\u00e9s espectaculars de l&#8217;\u00c0sia. Durant el trajecte travessarem paisatges de muntanya, extenses plantacions de te i petites poblacions envoltades de natura.<\/span><\/p>\n<p class=\"cvGsUA block-font-kerning-none block-font-feature-liga-off block-font-feature-clig-off block-font-feature-calt-off direction-ltr align-justify\"><span class=\"a_GcMg font-feature-liga-off font-feature-clig-off font-feature-calt-off text-decoration-none text-strikethrough-none\">Arribada i trasllat a l&#8217;hotel.<\/span><\/p>\n<p class=\"cvGsUA block-font-kerning-none block-font-feature-liga-off block-font-feature-clig-off block-font-feature-calt-off direction-ltr align-justify\"><span class=\"a_GcMg font-feature-liga-off font-feature-clig-off font-feature-calt-off text-decoration-none text-strikethrough-none\">Dinar a restaurant local.<\/span><\/p>\n<p class=\"cvGsUA block-font-kerning-none block-font-feature-liga-off block-font-feature-clig-off block-font-feature-calt-off direction-ltr align-justify\"><span class=\"a_GcMg font-feature-liga-off font-feature-clig-off font-feature-calt-off text-decoration-none text-strikethrough-none\">A la tarda visitarem Nuwara Eliya, coneguda com la Petita Anglaterra per la seva arquitectura colonial i el seu agradable clima. Passejarem per la ciutat i coneixerem alguns dels seus edificis m\u00e9s emblem\u00e0tics, com ara la Casa de la Reina i la hist\u00f2rica Oficina de correus.<\/span><\/p>\n<p class=\"cvGsUA block-font-kerning-none block-font-feature-liga-off block-font-feature-clig-off block-font-feature-calt-off direction-ltr align-justify\"><span class=\"a_GcMg font-feature-liga-off font-feature-clig-off font-feature-calt-off text-decoration-none text-strikethrough-none\">Sopar i allotjament a l&#8217;hotel.<\/span><\/p>\n<\/div><\/div><\/div><div class=\"fusion-panel panel-default panel-e924174f939953355 fusion-toggle-no-divider fusion-toggle-boxed-mode\" style=\"--awb-title-color:var(--awb-color7);--awb-content-color:var(--awb-color5);\"><div class=\"panel-heading\"><h4 class=\"panel-title toggle\" id=\"toggle_e924174f939953355\"><a aria-expanded=\"false\" aria-controls=\"e924174f939953355\" role=\"button\" data-toggle=\"collapse\" data-parent=\"#accordion-8488-1\" data-target=\"#e924174f939953355\" href=\"#e924174f939953355\"><span class=\"fusion-toggle-icon-wrapper\" aria-hidden=\"true\"><i class=\"fa-fusion-box active-icon awb-icon-minus\" aria-hidden=\"true\"><\/i><i class=\"fa-fusion-box inactive-icon awb-icon-plus\" aria-hidden=\"true\"><\/i><\/span><span class=\"fusion-toggle-heading\">19 MAR\u00c7: NUWARA ELIYA \u2013 ELLA \u2013 NUWARA ELIYA \u2013 TISSAMAHARAMA<\/span><\/a><\/h4><\/div><div id=\"e924174f939953355\" class=\"panel-collapse collapse \" aria-labelledby=\"toggle_e924174f939953355\"><div class=\"panel-body toggle-content fusion-clearfix\">\n<p class=\"cvGsUA block-font-kerning-none block-font-feature-liga-off block-font-feature-clig-off block-font-feature-calt-off direction-ltr align-justify\"><span class=\"a_GcMg font-feature-liga-off font-feature-clig-off font-feature-calt-off text-decoration-none text-strikethrough-none\">Esmorzar. Sortirem per carretera cap a Ella, una de les localitats m\u00e9s pintoresques de les terres altes de Sri Lanka. Farem un recorregut amb tuk-tuk i visitarem el fam\u00f3s Pont dels Nou Arcs, una de les imatges m\u00e9s ic\u00f2niques del pa\u00eds, envoltat d&#8217;exuberant vegetaci\u00f3.<\/span><\/p>\n<p class=\"cvGsUA block-font-kerning-none block-font-feature-liga-off block-font-feature-clig-off block-font-feature-calt-off direction-ltr align-justify\"><span class=\"a_GcMg font-feature-liga-off font-feature-clig-off font-feature-calt-off text-decoration-none text-strikethrough-none\">Dinar a restaurant local.<\/span><\/p>\n<p class=\"cvGsUA block-font-kerning-none block-font-feature-liga-off block-font-feature-clig-off block-font-feature-calt-off direction-ltr align-justify\"><span class=\"a_GcMg font-feature-liga-off font-feature-clig-off font-feature-calt-off text-decoration-none text-strikethrough-none\">Despr\u00e9s seguirem el nostre recorregut cap a la regi\u00f3 de Tissamaharama, travessant bells paisatges rurals.<\/span><\/p>\n<p class=\"cvGsUA block-font-kerning-none block-font-feature-liga-off block-font-feature-clig-off block-font-feature-calt-off direction-ltr align-justify\"><span class=\"a_GcMg font-feature-liga-off font-feature-clig-off font-feature-calt-off text-decoration-none text-strikethrough-none\">Sopar i allotjament a l&#8217;hotel.<\/span><\/p>\n<\/div><\/div><\/div><div class=\"fusion-panel panel-default panel-391e0bfec5c0de838 fusion-toggle-no-divider fusion-toggle-boxed-mode\" style=\"--awb-title-color:var(--awb-color7);--awb-content-color:var(--awb-color5);\"><div class=\"panel-heading\"><h4 class=\"panel-title toggle\" id=\"toggle_391e0bfec5c0de838\"><a aria-expanded=\"false\" aria-controls=\"391e0bfec5c0de838\" role=\"button\" data-toggle=\"collapse\" data-parent=\"#accordion-8488-1\" data-target=\"#391e0bfec5c0de838\" href=\"#391e0bfec5c0de838\"><span class=\"fusion-toggle-icon-wrapper\" aria-hidden=\"true\"><i class=\"fa-fusion-box active-icon awb-icon-minus\" aria-hidden=\"true\"><\/i><i class=\"fa-fusion-box inactive-icon awb-icon-plus\" aria-hidden=\"true\"><\/i><\/span><span class=\"fusion-toggle-heading\">20 MAR\u00c7: BALAPITIYA \u2013 COLOMBO \u2013 BARCELONA<\/span><\/a><\/h4><\/div><div id=\"391e0bfec5c0de838\" class=\"panel-collapse collapse \" aria-labelledby=\"toggle_391e0bfec5c0de838\"><div class=\"panel-body toggle-content fusion-clearfix\">\n<p class=\"cvGsUA block-font-kerning-none block-font-feature-liga-off block-font-feature-clig-off block-font-feature-calt-off direction-ltr align-justify\"><span class=\"a_GcMg font-feature-liga-off font-feature-clig-off font-feature-calt-off text-decoration-none text-strikethrough-none\">Esmorzar. Disposarem de temps lliure per gaudir de les instal\u00b7lacions de l&#8217;hotel o passejar pels voltants.<\/span><\/p>\n<p class=\"cvGsUA block-font-kerning-none block-font-feature-liga-off block-font-feature-clig-off block-font-feature-calt-off direction-ltr align-justify\"><span class=\"a_GcMg font-feature-liga-off font-feature-clig-off font-feature-calt-off text-decoration-none text-strikethrough-none\">A l&#8217;hora indicada ens traslladarem a l&#8217;aeroport de Colombo per embarcar en el vol de tornada.<\/span><\/p>\n<p class=\"cvGsUA block-font-kerning-none block-font-feature-liga-off block-font-feature-clig-off block-font-feature-calt-off direction-ltr align-justify\"><span class=\"a_GcMg font-feature-liga-off font-feature-clig-off font-feature-calt-off text-decoration-none text-strikethrough-none\">Nit a bord.<\/span><\/p>\n<\/div><\/div><\/div><div class=\"fusion-panel panel-default panel-0e769b16f21d6cc64 fusion-toggle-no-divider fusion-toggle-boxed-mode\" style=\"--awb-title-color:var(--awb-color7);--awb-content-color:var(--awb-color5);\"><div class=\"panel-heading\"><h4 class=\"panel-title toggle\" id=\"toggle_0e769b16f21d6cc64\"><a aria-expanded=\"false\" aria-controls=\"0e769b16f21d6cc64\" role=\"button\" data-toggle=\"collapse\" data-parent=\"#accordion-8488-1\" data-target=\"#0e769b16f21d6cc64\" href=\"#0e769b16f21d6cc64\"><span class=\"fusion-toggle-icon-wrapper\" aria-hidden=\"true\"><i class=\"fa-fusion-box active-icon awb-icon-minus\" aria-hidden=\"true\"><\/i><i class=\"fa-fusion-box inactive-icon awb-icon-plus\" aria-hidden=\"true\"><\/i><\/span><span class=\"fusion-toggle-heading\">21 MAR\u00c7: BARCELONA<\/span><\/a><\/h4><\/div><div id=\"0e769b16f21d6cc64\" class=\"panel-collapse collapse \" aria-labelledby=\"toggle_0e769b16f21d6cc64\"><div class=\"panel-body toggle-content fusion-clearfix\">\n<p><span class=\"a_GcMg font-feature-liga-off font-feature-clig-off font-feature-calt-off text-decoration-none text-strikethrough-none\">Arribada a Barcelona<\/span><\/p>\n<\/div><\/div><\/div><\/div><\/div>\r\n            \r\n            \r\n            \r\n            <a name='map1'><\/a>\r\n            \r\n            \r\n            \r\n            \r\n            <div class=\"wpgmza_map \"  id=\"wpgmza_map_1\" style=\"display:block; overflow:auto; width:100%; height:500px; float:left;\" data-settings='{\"id\":\"1\",\"map_title\":\"Mapa base\",\"map_width\":\"100\",\"map_height\":\"500\",\"map_start_lat\":\"35.355202541817214\",\"map_start_lng\":\"5.884582799218383\",\"map_start_location\":\"45.950464398418106,-109.81550500000003\",\"map_start_zoom\":\"2\",\"default_marker\":\"\",\"type\":\"1\",\"alignment\":\"4\",\"directions_enabled\":\"0\",\"styling_enabled\":\"0\",\"styling_json\":\"\",\"active\":\"0\",\"kml\":\"\",\"bicycle\":\"0\",\"traffic\":\"0\",\"dbox\":\"1\",\"dbox_width\":\"\",\"listmarkers\":\"0\",\"listmarkers_advanced\":\"0\",\"filterbycat\":\"0\",\"ugm_enabled\":\"0\",\"ugm_category_enabled\":\"0\",\"fusion\":\"\",\"map_width_type\":\"%\",\"map_height_type\":\"px\",\"mass_marker_support\":\"0\",\"ugm_access\":\"0\",\"order_markers_by\":\"1\",\"order_markers_choice\":\"1\",\"show_user_location\":\"0\",\"default_to\":\"\",\"other_settings\":{\"transport_layer\":null,\"shortcodeAttributes\":{\"id\":\"1\"}}}' data-map-id='1' data-shortcode-attributes='{\"id\":\"1\"}'> <\/div>\r\n            \r\n               \r\n        <div class=\"fusion-separator\" style=\"align-self: center;margin-left: auto;margin-right: auto;margin-top:45px;margin-bottom:25px;width:100%;max-width:70px;\"><div class=\"fusion-separator-border sep-single sep-solid\" style=\"--awb-height:20px;--awb-amount:20px;--awb-sep-color:var(--awb-color4);border-color:var(--awb-color4);border-top-width:15px;\"><\/div><\/div><div class=\"fusion-builder-row fusion-builder-row-inner fusion-row fusion-flex-align-items-flex-start fusion-flex-content-wrap\" style=\"--awb-flex-grow:0;--awb-flex-grow-medium:0;--awb-flex-grow-small:0;--awb-flex-shrink:0;--awb-flex-shrink-medium:0;--awb-flex-shrink-small:0;width:104% !important;max-width:104% !important;margin-left: calc(-4% \/ 2 );margin-right: calc(-4% \/ 2 );\"><div class=\"fusion-layout-column fusion_builder_column_inner fusion-builder-nested-column-0 fusion_builder_column_inner_1_1 1_1 fusion-flex-column\" style=\"--awb-padding-top:20px;--awb-padding-right:20px;--awb-padding-left:20px;--awb-bg-color:var(--awb-color2);--awb-bg-color-hover:var(--awb-color2);--awb-bg-size:cover;--awb-border-color:var(--awb-color3);--awb-border-top:1px;--awb-border-right:1px;--awb-border-bottom:1px;--awb-border-left:1px;--awb-border-style:solid;--awb-width-large:100%;--awb-margin-top-large:50px;--awb-spacing-right-large:1.92%;--awb-margin-bottom-large:0px;--awb-spacing-left-large:1.92%;--awb-width-medium:100%;--awb-order-medium:0;--awb-spacing-right-medium:1.92%;--awb-spacing-left-medium:1.92%;--awb-width-small:100%;--awb-order-small:0;--awb-spacing-right-small:1.92%;--awb-spacing-left-small:1.92%;\" data-scroll-devices=\"small-visibility,medium-visibility,large-visibility\"><div class=\"fusion-column-wrapper fusion-column-has-shadow fusion-flex-justify-content-flex-start fusion-content-layout-column\"><i class=\"fb-icon-element-1 fb-icon-element fontawesome-icon icon-rodamail_outline circle-yes\" style=\"--awb-circlebordersize:1px;--awb-font-size:30.8px;--awb-width:61.6px;--awb-height:61.6px;--awb-line-height:59.6px;--awb-align-self:center;--awb-margin-top:-50px;--awb-margin-right:0px;--awb-margin-bottom:20px;--awb-margin-left:0px;\"><\/i><div class=\"fusion-title title fusion-title-3 fusion-sep-none fusion-title-center fusion-title-text fusion-title-size-four\" style=\"--awb-margin-bottom:20px;--awb-margin-top-small:0px;--awb-margin-right-small:0px;--awb-margin-bottom-small:20px;--awb-margin-left-small:0px;\"><h4 class=\"fusion-title-heading title-heading-center fusion-responsive-typography-calculated\" style=\"font-family:&quot;Lato&quot;;font-style:normal;font-weight:400;margin:0;--fontSize:18;--minFontSize:18;line-height:var(--awb-typography1-line-height);\">\u00bfQUIERES M\u00c1S INFORMACI\u00d3N DE ESTE VIAJE?<\/h4><\/div>\n<div class=\"wpcf7 no-js\" id=\"wpcf7-f7561-o1\" lang=\"es-ES\" dir=\"ltr\" data-wpcf7-id=\"7561\">\n<div class=\"screen-reader-response\"><p role=\"status\" aria-live=\"polite\" aria-atomic=\"true\"><\/p> <ul><\/ul><\/div>\n<form action=\"\/es\/wp-json\/wp\/v2\/viatges\/8488#wpcf7-f7561-o1\" method=\"post\" class=\"wpcf7-form init\" aria-label=\"Formulario de contacto\" novalidate=\"novalidate\" data-status=\"init\">\n<fieldset class=\"hidden-fields-container\"><input type=\"hidden\" name=\"_wpcf7\" value=\"7561\" \/><input type=\"hidden\" name=\"_wpcf7_version\" value=\"6.1.6\" \/><input type=\"hidden\" name=\"_wpcf7_locale\" value=\"es_ES\" \/><input type=\"hidden\" name=\"_wpcf7_unit_tag\" value=\"wpcf7-f7561-o1\" \/><input type=\"hidden\" name=\"_wpcf7_container_post\" value=\"0\" \/><input type=\"hidden\" name=\"_wpcf7_posted_data_hash\" value=\"\" \/><input type=\"hidden\" name=\"_wpcf7_recaptcha_response\" value=\"\" \/>\n<\/fieldset>\n<p><span class=\"wpcf7-form-control-wrap\" data-name=\"Nom\"><input size=\"40\" maxlength=\"400\" class=\"wpcf7-form-control wpcf7-text wpcf7-validates-as-required\" aria-required=\"true\" aria-invalid=\"false\" placeholder=\"Nombre *\" value=\"\" type=\"text\" name=\"Nom\" \/><\/span>\n<\/p>\n<p><span class=\"wpcf7-form-control-wrap\" data-name=\"YourMail\"><input size=\"40\" maxlength=\"400\" class=\"wpcf7-form-control wpcf7-email wpcf7-validates-as-required wpcf7-text wpcf7-validates-as-email\" aria-required=\"true\" aria-invalid=\"false\" placeholder=\"Correo electr\u00f3nico *\" value=\"\" type=\"email\" name=\"YourMail\" \/><\/span>\n<\/p>\n<p><span class=\"wpcf7-form-control-wrap\" data-name=\"Telefon\"><input size=\"40\" maxlength=\"400\" class=\"wpcf7-form-control wpcf7-tel wpcf7-text wpcf7-validates-as-tel\" aria-invalid=\"false\" placeholder=\"Tel\u00e9fono\" value=\"\" type=\"tel\" name=\"Telefon\" \/><\/span>\n<\/p>\n<p><span class=\"wpcf7-form-control-wrap\" data-name=\"Missatge\"><textarea cols=\"40\" rows=\"10\" maxlength=\"2000\" class=\"wpcf7-form-control wpcf7-textarea wpcf7-validates-as-required\" aria-required=\"true\" aria-invalid=\"false\" placeholder=\"Comentanos*\" name=\"Missatge\"><\/textarea><\/span>\n<\/p>\n<p style=\"color:#3c3c3b; font-weight:400; font-size:15px; margin-bottom: 0px;\"><span class=\"wpcf7-form-control-wrap\" data-name=\"acceptance-privacitat\"><span class=\"wpcf7-form-control wpcf7-acceptance\"><span class=\"wpcf7-list-item\"><label><input type=\"checkbox\" name=\"acceptance-privacitat\" value=\"1\" aria-invalid=\"false\" \/><span class=\"wpcf7-list-item-label\">He le\u00eddo y acepto <a href='https:\/\/roda.travel\/es\/politica-de-privacidad\/' target='_blank'>la pol\u00edtica de privacidad<\/a>.<\/span><\/label><\/span><\/span><\/span>\n<\/p>\n<p style=\"color:#3c3c3b; font-weight:400; font-size:15px; margin-bottom: 0px;\"><span class=\"wpcf7-form-control-wrap\" data-name=\"accept-noticies\"><span class=\"wpcf7-form-control wpcf7-acceptance optional\"><span class=\"wpcf7-list-item\"><label><input type=\"checkbox\" name=\"accept-noticies\" value=\"1\" aria-invalid=\"false\" \/><span class=\"wpcf7-list-item-label\">Autorizo el env\u00edo de informaci\u00f3n de TEAM TOURIST SERVICE, S.L.<\/span><\/label><\/span><\/span><\/span>\n<\/p>\n<p style=\"color:#3c3c3b; font-weight:800; font-size:14px; margin-bottom: 0px;\">INFORMACI\u00d3N B\u00c1SICA DE PROTECCI\u00d3N DE DATOS:\n<\/p>\n<p style=\"color:#3c3c3b; font-weight:400; font-size:13px; line-height: 1.2em\">Responsable del tratamiento: TEAM TOURIST SERVICE, S.L.<br \/>\nFinalidad del tratamiento: Gestionar las consultas planteadas y el env\u00edo de newsletters, comunicaciones comerciales y promociones.<br \/>\nResponsable del tratamiento: TEAM TOURIST SERVICE, S.L.<br \/>\nFinalidad del tratamiento: Gestionar las consultas planteadas y el env\u00edo de newsletters, comunicaciones comerciales y promociones.<br \/>\nLegitimaci\u00f3n del tratamiento: Inter\u00e9s leg\u00edtimo y consentimiento del interesado\/a.<br \/>\nConservaci\u00f3n de los datos: Se conservar\u00e1n mientras exista un inter\u00e9s mutuo o durante el tiempo necesario para el cumplimiento de las obligaciones legales.<br \/>\nDestinatarios: Prestadores de servicio o colaboradores.<br \/>\nDerechos: Derecho a retirar su consentimiento en cualquier momento. Derecho de acceso, rectificaci\u00f3n, portabilidad y supresi\u00f3n de los datos y la limitaci\u00f3n u oposici\u00f3n al tratamiento. Datos de contacto para ejercer sus derechos: info@roda.travel<br \/>\nInformaci\u00f3n adicional: Puede consultar la informaci\u00f3n adicional en nuestra <a href=\"https:\/\/roda.travel\/es\/politica-de-privacidad\/\" target=\"_blank\">Pol\u00edtica de Privacidad<\/a>\n<\/p>\n<p><input class=\"wpcf7-form-control wpcf7-submit has-spinner\" type=\"submit\" value=\"Enviar\" \/>\n<\/p><div class=\"fusion-alert alert custom alert-custom fusion-alert-center wpcf7-response-output fusion-alert-capitalize awb-alert-native-link-color alert-dismissable awb-alert-close-boxed\" style=\"--awb-border-size:1px;--awb-border-top-left-radius:0px;--awb-border-top-right-radius:0px;--awb-border-bottom-left-radius:0px;--awb-border-bottom-right-radius:0px;\" role=\"alert\"><div class=\"fusion-alert-content-wrapper\"><span class=\"fusion-alert-content\"><\/span><\/div><button type=\"button\" class=\"close toggle-alert\" data-dismiss=\"alert\" aria-label=\"Close\">&times;<\/button><\/div>\n<\/form>\n<\/div>\n<\/div><\/div><\/div>\n<\/div><\/div><div class=\"fusion-layout-column fusion_builder_column fusion-builder-column-3 fusion_builder_column_1_2 1_2 fusion-flex-column\" style=\"--awb-padding-left:30px;--awb-bg-size:cover;--awb-border-color:var(--awb-color2);--awb-border-left:1px;--awb-border-style:solid;--awb-width-large:50%;--awb-margin-top-large:0px;--awb-spacing-right-large:3.84%;--awb-margin-bottom-large:20px;--awb-spacing-left-large:3.84%;--awb-width-medium:100%;--awb-order-medium:0;--awb-spacing-right-medium:1.92%;--awb-spacing-left-medium:1.92%;--awb-width-small:100%;--awb-order-small:0;--awb-spacing-right-small:1.92%;--awb-spacing-left-small:1.92%;\" data-scroll-devices=\"small-visibility,medium-visibility,large-visibility\"><div class=\"fusion-column-wrapper fusion-column-has-shadow fusion-flex-justify-content-flex-start fusion-content-layout-column\"><div class=\"fusion-separator\" style=\"align-self: flex-start;margin-right:auto;margin-bottom:20px;width:100%;max-width:70px;\"><div class=\"fusion-separator-border sep-single sep-solid\" style=\"--awb-height:20px;--awb-amount:20px;--awb-sep-color:var(--awb-color4);border-color:var(--awb-color4);border-top-width:15px;\"><\/div><\/div><div class=\"fusion-title title fusion-title-4 fusion-sep-none fusion-title-text fusion-title-size-three\" style=\"--awb-margin-bottom:20px;--awb-margin-top-small:0px;--awb-margin-right-small:0px;--awb-margin-bottom-small:20px;--awb-margin-left-small:0px;\"><h3 class=\"fusion-title-heading title-heading-left fusion-responsive-typography-calculated\" style=\"margin:0;--fontSize:24;--minFontSize:24;line-height:var(--awb-typography1-line-height);\">PREUS<\/h3><\/div><div class=\"fusion-text fusion-text-2\"><p class=\"cvGsUA block-font-kerning-none block-font-feature-liga-off block-font-feature-clig-off block-font-feature-calt-off direction-ltr align-justify\"><span class=\"a_GcMg font-feature-liga-off font-feature-clig-off font-feature-calt-off text-decoration-none text-strikethrough-none\">PREU PER PERSONA EN HAB DOBLE: <\/span><span class=\"a_GcMg font-feature-liga-off font-feature-clig-off font-feature-calt-off text-decoration-none text-strikethrough-none\">2600\u20ac<\/span><\/p>\n<p class=\"cvGsUA block-font-kerning-none block-font-feature-liga-off block-font-feature-clig-off block-font-feature-calt-off direction-ltr align-justify\"><span class=\"a_GcMg font-feature-liga-off font-feature-clig-off font-feature-calt-off text-decoration-none text-strikethrough-none\">Suplement hab. Ind.: <\/span><span class=\"a_GcMg font-feature-liga-off font-feature-clig-off font-feature-calt-off text-decoration-none text-strikethrough-none\">325\u20ac<\/span><\/p>\n<p class=\"cvGsUA block-font-kerning-none block-font-feature-liga-off block-font-feature-clig-off block-font-feature-calt-off direction-ltr align-justify\"><span class=\"a_GcMg font-feature-liga-off font-feature-clig-off font-feature-calt-off text-decoration-none text-strikethrough-none\">Segur anul\u00b7laci\u00f3: <\/span><span class=\"a_GcMg font-feature-liga-off font-feature-clig-off font-feature-calt-off text-decoration-none text-strikethrough-none\">475\u20ac<\/span><\/p>\n<\/div><div class=\"fusion-text fusion-text-3\"><p><strong>EL PREU INCLOU:<\/strong><\/p>\n<ul>\n<li><span class=\"a_GcMg font-feature-liga-off font-feature-clig-off font-feature-calt-off text-decoration-none text-strikethrough-none\">Trobada pr\u00e8via al viatge per con\u00e8ixer els companys de viatge i poder informar-nos del necessari<\/span><\/li>\n<li><span class=\"a_GcMg font-feature-liga-off font-feature-clig-off font-feature-calt-off text-decoration-none text-strikethrough-none\">Trasllats Badalona\/aeroport\/Badalona (descompte per no utilitzar aquest servei: 30\u20ac)<\/span><\/li>\n<li><span class=\"a_GcMg font-feature-liga-off font-feature-clig-off font-feature-calt-off text-decoration-none text-strikethrough-none\">Guia acompanyant de Roda el M\u00f3n durant tot el viatge.<\/span><\/li>\n<li><span class=\"a_GcMg font-feature-liga-off font-feature-clig-off font-feature-calt-off text-decoration-none text-strikethrough-none\">Vols Barcelona \u2013 Colombo \u2013 Barcelona amb facturaci\u00f3 d\u00b4una maleta<\/span><\/li>\n<li><span class=\"a_GcMg font-feature-liga-off font-feature-clig-off font-feature-calt-off text-decoration-none text-strikethrough-none\">Autocar privat pel nostre grup.<\/span><\/li>\n<li><span class=\"a_GcMg font-feature-liga-off font-feature-clig-off font-feature-calt-off text-decoration-none text-strikethrough-none\">Ampolla esterilitzada d&#8217;aigua mineral al vehicle<\/span><\/li>\n<li><span class=\"a_GcMg font-feature-liga-off font-feature-clig-off font-feature-calt-off text-decoration-none text-strikethrough-none\">Guies locals castellanoparlants\/catal\u00e0 per a les visites indicades al viatge<\/span><\/li>\n<li><span class=\"a_GcMg font-feature-liga-off font-feature-clig-off font-feature-calt-off text-decoration-none text-strikethrough-none\">Allotjament en PENSI\u00d3 COMPLETA amb aigua potable a taula (begudes pagament directe), comen\u00e7ant amb el sopar del dia 2 fins a l&#8217;esmorzar del dia 9,<\/span><\/li>\n<li><span class=\"a_GcMg font-feature-liga-off font-feature-clig-off font-feature-calt-off text-decoration-none text-strikethrough-none\">Safari (game drive) amb 4&#215;4 al parc nacional Minneriya a Sigiriya<\/span><\/li>\n<li><span class=\"a_GcMg font-feature-liga-off font-feature-clig-off font-feature-calt-off text-decoration-none text-strikethrough-none\">Tuk-tuk a Ella<\/span><\/li>\n<li><span class=\"a_GcMg font-feature-liga-off font-feature-clig-off font-feature-calt-off text-decoration-none text-strikethrough-none\">Jeep safari a Yala O Parc nacional Udawalwe<\/span><\/li>\n<li><span class=\"a_GcMg font-feature-liga-off font-feature-clig-off font-feature-calt-off text-decoration-none text-strikethrough-none\">Propines per a guies locals i xofer.<\/span><\/li>\n<li><span class=\"a_GcMg font-feature-liga-off font-feature-clig-off font-feature-calt-off text-decoration-none text-strikethrough-none\">Taxes tur\u00edstiques i impostos locals<\/span><\/li>\n<li><span class=\"a_GcMg font-feature-liga-off font-feature-clig-off font-feature-calt-off text-decoration-none text-strikethrough-none\">Asseguran\u00e7a d\u2019assist\u00e8ncia m\u00e8dica i anul\u00b7laci\u00f3.<\/span><\/li>\n<li><span class=\"a_GcMg font-feature-liga-off font-feature-clig-off font-feature-calt-off text-decoration-none text-strikethrough-none\">No inclou el visat si cal el dia del viatge<\/span><\/li>\n<\/ul>\n<\/div><div class=\"fusion-separator\" style=\"align-self: flex-start;margin-right:auto;margin-top:40px;margin-bottom:20px;width:100%;max-width:70px;\"><div class=\"fusion-separator-border sep-single sep-solid\" style=\"--awb-height:20px;--awb-amount:20px;--awb-sep-color:var(--awb-color4);border-color:var(--awb-color4);border-top-width:15px;\"><\/div><\/div><div class=\"fusion-title title fusion-title-5 fusion-sep-none fusion-title-text fusion-title-size-three\" style=\"--awb-margin-bottom:20px;--awb-margin-top-small:0px;--awb-margin-right-small:0px;--awb-margin-bottom-small:20px;--awb-margin-left-small:0px;\"><h3 class=\"fusion-title-heading title-heading-left fusion-responsive-typography-calculated\" style=\"margin:0;--fontSize:24;--minFontSize:24;line-height:var(--awb-typography1-line-height);\">M\u00c9S INFORMACI\u00d3<\/h3><\/div><div class=\"accordian fusion-accordian\" style=\"--awb-border-size:0px;--awb-icon-size:15px;--awb-content-font-size:15px;--awb-icon-alignment:left;--awb-hover-color:var(--awb-color1);--awb-border-color:var(--awb-color1);--awb-background-color:var(--awb-color2);--awb-divider-color:var(--awb-color3);--awb-divider-hover-color:var(--awb-color3);--awb-icon-color:var(--awb-color5);--awb-title-color:var(--awb-color4);--awb-content-color:var(--awb-color5);--awb-icon-box-color:var(--awb-color7);--awb-toggle-hover-accent-color:var(--awb-color4);--awb-toggle-active-accent-color:var(--awb-color5);--awb-title-font-family:&quot;Lato&quot;;--awb-title-font-weight:700;--awb-title-font-style:normal;--awb-title-font-size:17px;--awb-content-font-family:&quot;Open Sans&quot;;--awb-content-font-style:normal;--awb-content-font-weight:400;\"><div class=\"panel-group fusion-toggle-icon-unboxed\" id=\"accordion-8488-2\"><div class=\"fusion-panel panel-default panel-f7092734ef02225e8 fusion-toggle-no-divider fusion-toggle-boxed-mode\" style=\"--awb-title-color:var(--awb-color7);--awb-content-color:var(--awb-color5);\"><div class=\"panel-heading\"><h4 class=\"panel-title toggle\" id=\"toggle_f7092734ef02225e8\"><a class=\"active\" aria-expanded=\"true\" aria-controls=\"f7092734ef02225e8\" role=\"button\" data-toggle=\"collapse\" data-parent=\"#accordion-8488-2\" data-target=\"#f7092734ef02225e8\" href=\"#f7092734ef02225e8\"><span class=\"fusion-toggle-icon-wrapper\" aria-hidden=\"true\"><i class=\"fa-fusion-box active-icon awb-icon-minus\" aria-hidden=\"true\"><\/i><i class=\"fa-fusion-box inactive-icon fa-info fas\" aria-hidden=\"true\"><\/i><\/span><span class=\"fusion-toggle-heading\">VOLS PREVISTOS<\/span><\/a><\/h4><\/div><div id=\"f7092734ef02225e8\" class=\"panel-collapse collapse in\" aria-labelledby=\"toggle_f7092734ef02225e8\"><div class=\"panel-body toggle-content fusion-clearfix\">\n<p class=\"cvGsUA block-font-kerning-none block-font-feature-liga-off block-font-feature-clig-off block-font-feature-calt-off direction-ltr align-start\"><span class=\"a_GcMg font-feature-liga-off font-feature-clig-off font-feature-calt-off text-decoration-none text-strikethrough-none\">BARCELONA &#8211; COLOMBO<\/span> <span class=\"a_GcMg font-feature-liga-off font-feature-clig-off font-feature-calt-off text-decoration-none text-strikethrough-none\">13 MAR\u00c7<\/span><\/p>\n<p class=\"cvGsUA block-font-kerning-none block-font-feature-liga-off block-font-feature-clig-off block-font-feature-calt-off direction-ltr align-start\"><span class=\"a_GcMg font-feature-liga-off font-feature-clig-off font-feature-calt-off text-decoration-none text-strikethrough-none\">COLOMBO- BARCELONA<\/span> <span class=\"a_GcMg font-feature-liga-off font-feature-clig-off font-feature-calt-off text-decoration-none text-strikethrough-none\">21 MAR\u00c7<\/span><\/p>\n<\/div><\/div><\/div><div class=\"fusion-panel panel-default panel-ea7f4e3d8b0d2819a fusion-toggle-no-divider fusion-toggle-boxed-mode\" style=\"--awb-title-color:var(--awb-color7);--awb-content-color:var(--awb-color5);\"><div class=\"panel-heading\"><h4 class=\"panel-title toggle\" id=\"toggle_ea7f4e3d8b0d2819a\"><a aria-expanded=\"false\" aria-controls=\"ea7f4e3d8b0d2819a\" role=\"button\" data-toggle=\"collapse\" data-parent=\"#accordion-8488-2\" data-target=\"#ea7f4e3d8b0d2819a\" href=\"#ea7f4e3d8b0d2819a\"><span class=\"fusion-toggle-icon-wrapper\" aria-hidden=\"true\"><i class=\"fa-fusion-box active-icon awb-icon-minus\" aria-hidden=\"true\"><\/i><i class=\"fa-fusion-box inactive-icon fa-info fas\" aria-hidden=\"true\"><\/i><\/span><span class=\"fusion-toggle-heading\">IMPORTANT<\/span><\/a><\/h4><\/div><div id=\"ea7f4e3d8b0d2819a\" class=\"panel-collapse collapse \" aria-labelledby=\"toggle_ea7f4e3d8b0d2819a\"><div class=\"panel-body toggle-content fusion-clearfix\">\n<ul>\n<li><span class=\"a_GcMg font-feature-liga-off font-feature-clig-off font-feature-calt-off text-decoration-none text-strikethrough-none\">En el moment de fer la reserva caldr\u00e0 fer una paga i senyal de 1000\u20ac per persona.<\/span><\/li>\n<li><span class=\"a_GcMg font-feature-liga-off font-feature-clig-off font-feature-calt-off text-decoration-none text-strikethrough-none\">El pagament de la resta s&#8217;haur\u00e0 de fer 45 dies abans de la sortida.<\/span><\/li>\n<li><span class=\"a_GcMg font-feature-liga-off font-feature-clig-off font-feature-calt-off text-decoration-none text-strikethrough-none\">Ha de tenir el passaport amb data de caducitat de m\u00e9s de sis mesos.<\/span><\/li>\n<li><span class=\"a_GcMg font-feature-liga-off font-feature-clig-off font-feature-calt-off text-decoration-none text-strikethrough-none\">Viatge acompanyat des de Barcelona amb un m\u00e0xim de 25\/30 persones i un m\u00ednim de 15 persones.<\/span><\/li>\n<\/ul>\n<\/div><\/div><\/div><div class=\"fusion-panel panel-default panel-a4bc7eb81042a8140 fusion-toggle-no-divider fusion-toggle-boxed-mode\" style=\"--awb-title-color:var(--awb-color7);--awb-content-color:var(--awb-color5);\"><div class=\"panel-heading\"><h4 class=\"panel-title toggle\" id=\"toggle_a4bc7eb81042a8140\"><a aria-expanded=\"false\" aria-controls=\"a4bc7eb81042a8140\" role=\"button\" data-toggle=\"collapse\" data-parent=\"#accordion-8488-2\" data-target=\"#a4bc7eb81042a8140\" href=\"#a4bc7eb81042a8140\"><span class=\"fusion-toggle-icon-wrapper\" aria-hidden=\"true\"><i class=\"fa-fusion-box active-icon awb-icon-minus\" aria-hidden=\"true\"><\/i><i class=\"fa-fusion-box inactive-icon fa-info fas\" aria-hidden=\"true\"><\/i><\/span><span class=\"fusion-toggle-heading\">CONDICIONS D'ANUL\u00b7LACI\u00d3<\/span><\/a><\/h4><\/div><div id=\"a4bc7eb81042a8140\" class=\"panel-collapse collapse \" aria-labelledby=\"toggle_a4bc7eb81042a8140\"><div class=\"panel-body toggle-content fusion-clearfix\">\n<p class=\"cvGsUA block-font-kerning-none block-font-feature-liga-off block-font-feature-clig-off block-font-feature-calt-off direction-ltr align-justify\"><span class=\"a_GcMg font-feature-liga-off font-feature-clig-off font-feature-calt-off text-decoration-none text-strikethrough-none\">Condicions d&#8217;anul\u00b7laci\u00f3 sobre el preu publicat segons l&#8217;anticipaci\u00f3 amb qu\u00e8 es produeixi la cancel\u00b7laci\u00f3<\/span><\/p>\n<ul>\n<li><span class=\"a_GcMg font-feature-liga-off font-feature-clig-off font-feature-calt-off text-decoration-none text-strikethrough-none\">Entre 46 i 60 dies abans de la sortida 25%.<\/span><\/li>\n<li><span class=\"a_GcMg font-feature-liga-off font-feature-clig-off font-feature-calt-off text-decoration-none text-strikethrough-none\">Entre 31 i 45 dies abans de la sortida 50%.<\/span><\/li>\n<li><span class=\"a_GcMg font-feature-liga-off font-feature-clig-off font-feature-calt-off text-decoration-none text-strikethrough-none\">100% en els darrers 30 dies abans de la sortida.<\/span><\/li>\n<\/ul>\n<p class=\"cvGsUA block-font-kerning-none block-font-feature-liga-off block-font-feature-clig-off block-font-feature-calt-off direction-ltr align-justify\"><span class=\"a_GcMg font-feature-liga-off font-feature-clig-off font-feature-calt-off text-decoration-none text-strikethrough-none\">Les conseq\u00fc\u00e8ncies de cancel\u00b7laci\u00f3 en cas d&#8217;exig\u00e8ncies econ\u00f2miques en determinats prove\u00efdors es repercutiran sobre el client en qualsevol cas<\/span><\/p>\n<\/div><\/div><\/div><\/div><\/div><\/div><\/div><\/div><\/div><\/p>\n","protected":false},"featured_media":8489,"template":"","categories":[59],"tags":[],"class_list":["post-8488","viatges","type-viatges","status-publish","has-post-thumbnail","hentry","category-viaje-roda"],"acf":[],"yoast_head":"<!-- This site is optimized with the Yoast SEO plugin v28.1 - https:\/\/yoast.com\/product\/yoast-seo-wordpress\/ -->\n<title>SRI LANKA 2027 - Roda Travel<\/title>\n<meta name=\"robots\" content=\"index, follow, max-snippet:-1, max-image-preview:large, max-video-preview:-1\" \/>\n<link rel=\"canonical\" href=\"https:\/\/roda.travel\/es\/viatges\/sri-lanka-2027\/\" \/>\n<meta property=\"og:locale\" content=\"es_ES\" \/>\n<meta property=\"og:type\" content=\"article\" \/>\n<meta property=\"og:title\" content=\"SRI LANKA 2027 - Roda Travel\" \/>\n<meta property=\"og:url\" content=\"https:\/\/roda.travel\/es\/viatges\/sri-lanka-2027\/\" \/>\n<meta property=\"og:site_name\" content=\"Roda Travel\" \/>\n<meta property=\"article:modified_time\" content=\"2026-09-02T09:22:44+00:00\" \/>\n<meta property=\"og:image\" content=\"https:\/\/roda.travel\/wp-content\/uploads\/2026\/08\/ChatGPT-Image-31-ago-2026-17_14_12-1024x409.png\" \/>\n\t<meta property=\"og:image:width\" content=\"1024\" \/>\n\t<meta property=\"og:image:height\" content=\"409\" \/>\n\t<meta property=\"og:image:type\" content=\"image\/png\" \/>\n<meta name=\"twitter:card\" content=\"summary_large_image\" \/>\n<meta name=\"twitter:label1\" content=\"Tiempo de lectura\" \/>\n\t<meta name=\"twitter:data1\" content=\"8 minutos\" \/>\n<script type=\"application\/ld+json\" class=\"yoast-schema-graph\">{\"@context\":\"https:\\\/\\\/schema.org\",\"@graph\":[{\"@type\":\"WebPage\",\"@id\":\"https:\\\/\\\/roda.travel\\\/es\\\/viatges\\\/sri-lanka-2027\\\/\",\"url\":\"https:\\\/\\\/roda.travel\\\/es\\\/viatges\\\/sri-lanka-2027\\\/\",\"name\":\"SRI LANKA 2027 - Roda Travel\",\"isPartOf\":{\"@id\":\"https:\\\/\\\/roda.travel\\\/es\\\/#website\"},\"primaryImageOfPage\":{\"@id\":\"https:\\\/\\\/roda.travel\\\/es\\\/viatges\\\/sri-lanka-2027\\\/#primaryimage\"},\"image\":{\"@id\":\"https:\\\/\\\/roda.travel\\\/es\\\/viatges\\\/sri-lanka-2027\\\/#primaryimage\"},\"thumbnailUrl\":\"https:\\\/\\\/roda.travel\\\/wp-content\\\/uploads\\\/2026\\\/08\\\/ChatGPT-Image-31-ago-2026-17_14_12.png\",\"datePublished\":\"2026-08-31T11:31:50+00:00\",\"dateModified\":\"2026-09-02T09:22:44+00:00\",\"breadcrumb\":{\"@id\":\"https:\\\/\\\/roda.travel\\\/es\\\/viatges\\\/sri-lanka-2027\\\/#breadcrumb\"},\"inLanguage\":\"es\",\"potentialAction\":[{\"@type\":\"ReadAction\",\"target\":[\"https:\\\/\\\/roda.travel\\\/es\\\/viatges\\\/sri-lanka-2027\\\/\"]}]},{\"@type\":\"ImageObject\",\"inLanguage\":\"es\",\"@id\":\"https:\\\/\\\/roda.travel\\\/es\\\/viatges\\\/sri-lanka-2027\\\/#primaryimage\",\"url\":\"https:\\\/\\\/roda.travel\\\/wp-content\\\/uploads\\\/2026\\\/08\\\/ChatGPT-Image-31-ago-2026-17_14_12.png\",\"contentUrl\":\"https:\\\/\\\/roda.travel\\\/wp-content\\\/uploads\\\/2026\\\/08\\\/ChatGPT-Image-31-ago-2026-17_14_12.png\",\"width\":1983,\"height\":793},{\"@type\":\"BreadcrumbList\",\"@id\":\"https:\\\/\\\/roda.travel\\\/es\\\/viatges\\\/sri-lanka-2027\\\/#breadcrumb\",\"itemListElement\":[{\"@type\":\"ListItem\",\"position\":1,\"name\":\"Inici\",\"item\":\"https:\\\/\\\/roda.travel\\\/es\\\/\"},{\"@type\":\"ListItem\",\"position\":2,\"name\":\"SRI LANKA 2027\"}]},{\"@type\":\"WebSite\",\"@id\":\"https:\\\/\\\/roda.travel\\\/es\\\/#website\",\"url\":\"https:\\\/\\\/roda.travel\\\/es\\\/\",\"name\":\"Roda Travel\",\"description\":\"\",\"potentialAction\":[{\"@type\":\"SearchAction\",\"target\":{\"@type\":\"EntryPoint\",\"urlTemplate\":\"https:\\\/\\\/roda.travel\\\/es\\\/?s={search_term_string}\"},\"query-input\":{\"@type\":\"PropertyValueSpecification\",\"valueRequired\":true,\"valueName\":\"search_term_string\"}}],\"inLanguage\":\"es\"}]}<\/script>\n<!-- \/ Yoast SEO plugin. -->","yoast_head_json":{"title":"SRI LANKA 2027 - Roda Travel","robots":{"index":"index","follow":"follow","max-snippet":"max-snippet:-1","max-image-preview":"max-image-preview:large","max-video-preview":"max-video-preview:-1"},"canonical":"https:\/\/roda.travel\/es\/viatges\/sri-lanka-2027\/","og_locale":"es_ES","og_type":"article","og_title":"SRI LANKA 2027 - Roda Travel","og_url":"https:\/\/roda.travel\/es\/viatges\/sri-lanka-2027\/","og_site_name":"Roda Travel","article_modified_time":"2026-09-02T09:22:44+00:00","og_image":[{"width":1024,"height":409,"url":"https:\/\/roda.travel\/wp-content\/uploads\/2026\/08\/ChatGPT-Image-31-ago-2026-17_14_12-1024x409.png","type":"image\/png"}],"twitter_card":"summary_large_image","twitter_misc":{"Tiempo de lectura":"8 minutos"},"schema":{"@context":"https:\/\/schema.org","@graph":[{"@type":"WebPage","@id":"https:\/\/roda.travel\/es\/viatges\/sri-lanka-2027\/","url":"https:\/\/roda.travel\/es\/viatges\/sri-lanka-2027\/","name":"SRI LANKA 2027 - Roda Travel","isPartOf":{"@id":"https:\/\/roda.travel\/es\/#website"},"primaryImageOfPage":{"@id":"https:\/\/roda.travel\/es\/viatges\/sri-lanka-2027\/#primaryimage"},"image":{"@id":"https:\/\/roda.travel\/es\/viatges\/sri-lanka-2027\/#primaryimage"},"thumbnailUrl":"https:\/\/roda.travel\/wp-content\/uploads\/2026\/08\/ChatGPT-Image-31-ago-2026-17_14_12.png","datePublished":"2026-08-31T11:31:50+00:00","dateModified":"2026-09-02T09:22:44+00:00","breadcrumb":{"@id":"https:\/\/roda.travel\/es\/viatges\/sri-lanka-2027\/#breadcrumb"},"inLanguage":"es","potentialAction":[{"@type":"ReadAction","target":["https:\/\/roda.travel\/es\/viatges\/sri-lanka-2027\/"]}]},{"@type":"ImageObject","inLanguage":"es","@id":"https:\/\/roda.travel\/es\/viatges\/sri-lanka-2027\/#primaryimage","url":"https:\/\/roda.travel\/wp-content\/uploads\/2026\/08\/ChatGPT-Image-31-ago-2026-17_14_12.png","contentUrl":"https:\/\/roda.travel\/wp-content\/uploads\/2026\/08\/ChatGPT-Image-31-ago-2026-17_14_12.png","width":1983,"height":793},{"@type":"BreadcrumbList","@id":"https:\/\/roda.travel\/es\/viatges\/sri-lanka-2027\/#breadcrumb","itemListElement":[{"@type":"ListItem","position":1,"name":"Inici","item":"https:\/\/roda.travel\/es\/"},{"@type":"ListItem","position":2,"name":"SRI LANKA 2027"}]},{"@type":"WebSite","@id":"https:\/\/roda.travel\/es\/#website","url":"https:\/\/roda.travel\/es\/","name":"Roda Travel","description":"","potentialAction":[{"@type":"SearchAction","target":{"@type":"EntryPoint","urlTemplate":"https:\/\/roda.travel\/es\/?s={search_term_string}"},"query-input":{"@type":"PropertyValueSpecification","valueRequired":true,"valueName":"search_term_string"}}],"inLanguage":"es"}]}},"_links":{"self":[{"href":"https:\/\/roda.travel\/es\/wp-json\/wp\/v2\/viatges\/8488","targetHints":{"allow":["GET"]}}],"collection":[{"href":"https:\/\/roda.travel\/es\/wp-json\/wp\/v2\/viatges"}],"about":[{"href":"https:\/\/roda.travel\/es\/wp-json\/wp\/v2\/types\/viatges"}],"wp:featuredmedia":[{"embeddable":true,"href":"https:\/\/roda.travel\/es\/wp-json\/wp\/v2\/media\/8489"}],"wp:attachment":[{"href":"https:\/\/roda.travel\/es\/wp-json\/wp\/v2\/media?parent=8488"}],"wp:term":[{"taxonomy":"category","embeddable":true,"href":"https:\/\/roda.travel\/es\/wp-json\/wp\/v2\/categories?post=8488"},{"taxonomy":"post_tag","embeddable":true,"href":"https:\/\/roda.travel\/es\/wp-json\/wp\/v2\/tags?post=8488"}],"curies":[{"name":"wp","href":"https:\/\/api.w.org\/{rel}","templated":true}]}}