{"id":8388,"date":"2026-07-14T17:57:35","date_gmt":"2026-07-14T15:57:35","guid":{"rendered":"https:\/\/roda.travel\/viatges\/mercats-de-nadal-a-alemanya-territori-carlemany-2026\/"},"modified":"2026-08-19T18:50:20","modified_gmt":"2026-08-19T16:50:20","slug":"mercats-de-nadal-a-alemanya-territori-carlemany-2026","status":"publish","type":"viatges","link":"https:\/\/roda.travel\/es\/viatges\/mercats-de-nadal-a-alemanya-territori-carlemany-2026\/","title":{"rendered":"MERCADOS DE NAVIDAD EN ALEMANIA, TERRITORIO CARLOMAGNO"},"content":{"rendered":"<p><div class=\"fusion-fullwidth fullwidth-box fusion-builder-row-1 fusion-flex-container has-pattern-background has-mask-background nonhundred-percent-fullwidth non-hundred-percent-height-scrolling\" style=\"--awb-border-radius-top-left:0px;--awb-border-radius-top-right:0px;--awb-border-radius-bottom-right:0px;--awb-border-radius-bottom-left:0px;--awb-margin-bottom-small:40px;--awb-flex-wrap:wrap;\" ><div class=\"fusion-builder-row fusion-row fusion-flex-align-items-flex-start fusion-flex-justify-content-flex-end fusion-flex-content-wrap\" style=\"max-width:1216.8px;margin-left: calc(-4% \/ 2 );margin-right: calc(-4% \/ 2 );\"><div class=\"fusion-layout-column fusion_builder_column fusion-builder-column-0 fusion_builder_column_1_1 1_1 fusion-flex-column\" style=\"--awb-bg-size:cover;--awb-width-large:100%;--awb-margin-top-large:0px;--awb-spacing-right-large:65px;--awb-margin-bottom-large:0px;--awb-spacing-left-large:1.92%;--awb-width-medium:100%;--awb-order-medium:0;--awb-spacing-right-medium:1.92%;--awb-spacing-left-medium:1.92%;--awb-width-small:100%;--awb-order-small:0;--awb-spacing-right-small:1.92%;--awb-spacing-left-small:1.92%;\" data-scroll-devices=\"small-visibility,medium-visibility,large-visibility\"><div class=\"fusion-column-wrapper fusion-column-has-shadow fusion-flex-justify-content-flex-start fusion-content-layout-column\"><div class=\"sm-text-align-center\" style=\"text-align:right;\"><a class=\"fusion-button button-flat fusion-button-default-size button-custom fusion-button-default button-1 fusion-button-default-span fusion-button-default-type\" style=\"--button_accent_color:var(--awb-color1);--button_accent_hover_color:var(--awb-color1);--button_border_hover_color:var(--awb-color1);--button_gradient_top_color:var(--awb-color4);--button_gradient_bottom_color:var(--awb-color4);--button_gradient_top_color_hover:#db4a29;--button_gradient_bottom_color_hover:#db4a29;\" target=\"_blank\" rel=\"noopener noreferrer\" href=\"https:\/\/roda.travel\/wp-content\/uploads\/2026\/07\/CAST.-MERCADOS-ALEMANIA-26.pdf#\"><span class=\"fusion-button-icon-divider button-icon-divider-left\"><i class=\"fa-file fas awb-button__icon awb-button__icon--default\" aria-hidden=\"true\"><\/i><\/span><span class=\"fusion-button-text awb-button__text awb-button__text--default fusion-button-text-left\">DESCARGAR PDF<\/span><\/a><\/div><\/div><\/div><\/div><\/div><div class=\"fusion-fullwidth fullwidth-box fusion-builder-row-2 fusion-flex-container has-pattern-background has-mask-background nonhundred-percent-fullwidth non-hundred-percent-height-scrolling\" style=\"--awb-border-radius-top-left:0px;--awb-border-radius-top-right:0px;--awb-border-radius-bottom-right:0px;--awb-border-radius-bottom-left:0px;--awb-margin-bottom:20px;--awb-flex-wrap:wrap;\" ><div class=\"fusion-builder-row fusion-row fusion-flex-align-items-flex-start fusion-flex-justify-content-flex-end fusion-flex-content-wrap\" style=\"max-width:1216.8px;margin-left: calc(-4% \/ 2 );margin-right: calc(-4% \/ 2 );\"><div class=\"fusion-layout-column fusion_builder_column fusion-builder-column-1 fusion_builder_column_1_1 1_1 fusion-flex-column\" style=\"--awb-bg-size:cover;--awb-width-large:100%;--awb-margin-top-large:0px;--awb-spacing-right-large:1.92%;--awb-margin-bottom-large:0px;--awb-spacing-left-large:1.92%;--awb-width-medium:100%;--awb-order-medium:0;--awb-spacing-right-medium:1.92%;--awb-spacing-left-medium:1.92%;--awb-width-small:100%;--awb-order-small:0;--awb-spacing-right-small:1.92%;--awb-spacing-left-small:1.92%;\" data-scroll-devices=\"small-visibility,medium-visibility,large-visibility\"><div class=\"fusion-column-wrapper fusion-column-has-shadow fusion-flex-justify-content-flex-start fusion-content-layout-column\"><div class=\"fusion-separator\" style=\"align-self: flex-start;margin-right:auto;margin-bottom:20px;width:100%;max-width:70px;\"><div class=\"fusion-separator-border sep-single sep-solid\" style=\"--awb-height:20px;--awb-amount:20px;--awb-sep-color:var(--awb-color4);border-color:var(--awb-color4);border-top-width:15px;\"><\/div><\/div><div class=\"fusion-title title fusion-title-1 fusion-sep-none fusion-title-text fusion-title-size-three\" style=\"--awb-margin-bottom:20px;--awb-margin-top-small:0px;--awb-margin-right-small:0px;--awb-margin-bottom-small:20px;--awb-margin-left-small:0px;\"><h3 class=\"fusion-title-heading title-heading-left fusion-responsive-typography-calculated\" style=\"margin:0;--fontSize:24;--minFontSize:24;line-height:var(--awb-typography1-line-height);\">DESCRIPCI\u00d3N<\/h3><\/div><div class=\"fusion-text fusion-text-1\"><div>\n<div>\n<div>\n<div>\n<p>Cuando llega diciembre, el coraz\u00f3n de Europa se transforma en un escenario de cuento. Las plazas se llenan de luces, el aroma de vino caliente y galletas reci\u00e9n hechas invade las calles, y los tradicionales Mercados de Navidad convierten ciudades hist\u00f3ricas en lugares llenos de magia.<\/p>\n<\/div>\n<div>\n<p>En este viaje descubriremos algunos de los mercados navide\u00f1os m\u00e1s emblem\u00e1ticos de Alemania, B\u00e9lgica y Pa\u00edses Bajos, siguiendo las huellas de Carlomagno, el emperador que convirti\u00f3 a Aquisgr\u00e1n en el centro de su gran imperio. Esta ciudad ser\u00e1 nuestra base para explorar joyas como la majestuosa Colonia, la hist\u00f3rica Maastricht, la elegante Li\u00e8ge, la encantadora Valkenburg con sus famosos mercados subterr\u00e1neos y la moderna D\u00fcsseldorf.<\/p>\n<\/div>\n<div>\n<p>Ser\u00e1n seis d\u00edas combinando historia, patrimonio, tradiciones, gastronom\u00eda y el ambiente \u00fanico de los mercados navide\u00f1os, donde cada ciudad nos sorprender\u00e1 con su personalidad y decoraciones. Una escapada perfecta para vivir la magia de la Navidad en medio de Europa.<\/p>\n<\/div>\n<div>\n<p>Prep\u00e1rese para pasear entre luces, descubrir rincones llenos de encanto y compartir, una vez m\u00e1s, una nueva experiencia con la familia de Roda el M\u00f3n.<\/p>\n<\/div>\n<\/div>\n<\/div>\n<\/div>\n<\/div><\/div><\/div><\/div><\/div><div class=\"fusion-fullwidth fullwidth-box fusion-builder-row-3 fusion-flex-container has-pattern-background has-mask-background nonhundred-percent-fullwidth non-hundred-percent-height-scrolling\" style=\"--awb-border-radius-top-left:0px;--awb-border-radius-top-right:0px;--awb-border-radius-bottom-right:0px;--awb-border-radius-bottom-left:0px;--awb-flex-wrap:wrap;\" ><div class=\"fusion-builder-row fusion-row fusion-flex-align-items-flex-start fusion-flex-content-wrap\" style=\"max-width:1216.8px;margin-left: calc(-4% \/ 2 );margin-right: calc(-4% \/ 2 );\"><div class=\"fusion-layout-column fusion_builder_column fusion-builder-column-2 fusion_builder_column_1_2 1_2 fusion-flex-column\" style=\"--awb-bg-size:cover;--awb-width-large:50%;--awb-margin-top-large:0px;--awb-spacing-right-large:10px;--awb-margin-bottom-large:20px;--awb-spacing-left-large:3.84%;--awb-width-medium:100%;--awb-order-medium:0;--awb-spacing-right-medium:1.92%;--awb-spacing-left-medium:1.92%;--awb-width-small:100%;--awb-order-small:0;--awb-spacing-right-small:1.92%;--awb-spacing-left-small:1.92%;\" data-scroll-devices=\"small-visibility,medium-visibility,large-visibility\"><div class=\"fusion-column-wrapper fusion-column-has-shadow fusion-flex-justify-content-flex-start fusion-content-layout-column\"><div class=\"fusion-separator\" style=\"align-self: flex-start;margin-right:auto;margin-bottom:20px;width:100%;max-width:70px;\"><div class=\"fusion-separator-border sep-single sep-solid\" style=\"--awb-height:20px;--awb-amount:20px;--awb-sep-color:var(--awb-color4);border-color:var(--awb-color4);border-top-width:15px;\"><\/div><\/div><div class=\"fusion-title title fusion-title-2 fusion-sep-none fusion-title-text fusion-title-size-three\" style=\"--awb-margin-bottom:20px;--awb-margin-top-small:0px;--awb-margin-right-small:0px;--awb-margin-bottom-small:20px;--awb-margin-left-small:0px;\"><h3 class=\"fusion-title-heading title-heading-left fusion-responsive-typography-calculated\" style=\"margin:0;--fontSize:24;--minFontSize:24;line-height:var(--awb-typography1-line-height);\">ITINERARIO<\/h3><\/div><div class=\"accordian fusion-accordian\" style=\"--awb-border-size:0px;--awb-icon-size:15px;--awb-content-font-size:15px;--awb-icon-alignment:left;--awb-hover-color:var(--awb-color1);--awb-border-color:var(--awb-color1);--awb-background-color:var(--awb-color2);--awb-divider-color:var(--awb-color3);--awb-divider-hover-color:var(--awb-color3);--awb-icon-color:var(--awb-color7);--awb-title-color:var(--awb-color7);--awb-content-color:var(--awb-color5);--awb-icon-box-color:var(--awb-color7);--awb-toggle-hover-accent-color:var(--awb-color4);--awb-title-font-family:&quot;Lato&quot;;--awb-title-font-weight:700;--awb-title-font-style:normal;--awb-content-font-family:&quot;Open Sans&quot;;--awb-content-font-style:normal;--awb-content-font-weight:400;\"><div class=\"panel-group fusion-toggle-icon-unboxed\" id=\"accordion-8388-1\"><div class=\"fusion-panel panel-default panel-dac239e603374d1d6 fusion-toggle-no-divider fusion-toggle-boxed-mode\" style=\"--awb-title-color:var(--awb-color7);--awb-content-color:var(--awb-color5);\"><div class=\"panel-heading\"><h4 class=\"panel-title toggle\" id=\"toggle_dac239e603374d1d6\"><a aria-expanded=\"false\" aria-controls=\"dac239e603374d1d6\" role=\"button\" data-toggle=\"collapse\" data-parent=\"#accordion-8388-1\" data-target=\"#dac239e603374d1d6\" href=\"#dac239e603374d1d6\"><span class=\"fusion-toggle-icon-wrapper\" aria-hidden=\"true\"><i class=\"fa-fusion-box active-icon awb-icon-minus\" aria-hidden=\"true\"><\/i><i class=\"fa-fusion-box inactive-icon awb-icon-plus\" aria-hidden=\"true\"><\/i><\/span><span class=\"fusion-toggle-heading\">DICIEMBRE 1 \u00b7 BARCELONA \u2013 D\u00dcSSELDORF \u2013 AQUISGRAN<\/span><\/a><\/h4><\/div><div id=\"dac239e603374d1d6\" class=\"panel-collapse collapse \" aria-labelledby=\"toggle_dac239e603374d1d6\"><div class=\"panel-body toggle-content fusion-clearfix\">\n<p class=\"cvGsUA block-font-kerning-none block-font-feature-liga-off block-font-feature-clig-off block-font-feature-calt-off direction-ltr align-justify para-style-body\"><span class=\"a_GcMg font-feature-liga-off font-feature-clig-off font-feature-calt-off text-decoration-none text-strikethrough-none\">A la hora convenida, traslado al aeropuerto de Barcelona, \u200b\u200bdonde nos reuniremos con el resto del grupo. Salida en vuelo directo de Vueling con destino a D\u00fcsseldorf.<\/span><\/p>\n<p class=\"cvGsUA block-font-kerning-none block-font-feature-liga-off block-font-feature-clig-off block-font-feature-calt-off direction-ltr align-justify para-style-body\"><span class=\"a_GcMg font-feature-liga-off font-feature-clig-off font-feature-calt-off text-decoration-none text-strikethrough-none\">A la llegada, nos desplazaremos en autocar hasta Aquisgr\u00e1n, la hist\u00f3rica capital del Imperio de Carlomagno. Despu\u00e9s de distribuir las habitaciones en el hotel, si el horario nos lo permite, podremos aprovechar para dar un primer paseo por su encantador Mercado de Navidad y cenar en alguno de sus tradicionales puestos antes de descansar.<\/span><\/p>\n<\/div><\/div><\/div><div class=\"fusion-panel panel-default panel-c3e298a365f7bed86 fusion-toggle-no-divider fusion-toggle-boxed-mode\" style=\"--awb-title-color:var(--awb-color7);--awb-content-color:var(--awb-color5);\"><div class=\"panel-heading\"><h4 class=\"panel-title toggle\" id=\"toggle_c3e298a365f7bed86\"><a aria-expanded=\"false\" aria-controls=\"c3e298a365f7bed86\" role=\"button\" data-toggle=\"collapse\" data-parent=\"#accordion-8388-1\" data-target=\"#c3e298a365f7bed86\" href=\"#c3e298a365f7bed86\"><span class=\"fusion-toggle-icon-wrapper\" aria-hidden=\"true\"><i class=\"fa-fusion-box active-icon awb-icon-minus\" aria-hidden=\"true\"><\/i><i class=\"fa-fusion-box inactive-icon awb-icon-plus\" aria-hidden=\"true\"><\/i><\/span><span class=\"fusion-toggle-heading\">DICIEMBRE 2 \u00b7 AQUISGRAN \u2013 COLONIA<\/span><\/a><\/h4><\/div><div id=\"c3e298a365f7bed86\" class=\"panel-collapse collapse \" aria-labelledby=\"toggle_c3e298a365f7bed86\"><div class=\"panel-body toggle-content fusion-clearfix\">\n<p class=\"cvGsUA block-font-kerning-none block-font-feature-liga-off block-font-feature-clig-off block-font-feature-calt-off direction-ltr align-justify para-style-body\"><span class=\"a_GcMg font-feature-liga-off font-feature-clig-off font-feature-calt-off text-decoration-none text-strikethrough-none\">Desayuno en el hotel. Esta ma\u00f1ana nos desplazaremos hasta Colonia, una de las ciudades m\u00e1s importantes de Alemania y antigua capital romana en la orilla del Rin. El gran protagonista ser\u00e1 su espectacular catedral g\u00f3tica, declarada Patrimonio de la Humanidad, considerada como una de las m\u00e1s impresionantes de Europa. Pasearemos por las calles del centro hist\u00f3rico y dispondremos de tiempo para el almuerzo antes de volver a Aquisgr\u00e1n.<\/span><\/p>\n<p class=\"cvGsUA block-font-kerning-none block-font-feature-liga-off block-font-feature-clig-off block-font-feature-calt-off direction-ltr align-justify para-style-body\"><span class=\"a_GcMg font-feature-liga-off font-feature-clig-off font-feature-calt-off text-decoration-none text-strikethrough-none\">Por la tarde descubriremos esta ciudad estrechamente vinculada a Carlomagno, visitando su Catedral o Capilla Palatina, donde se conserva su relicario y el famoso trono desde el que fueron coronados m\u00e1s de cincuenta reyes y emperadores del Sacro Imperio Romano-Germ\u00e1nico. Tambi\u00e9n conoceremos sus famosas aguas termales, las calles llenas de hornos tradicionales y la curiosa historia del dedo peque\u00f1o levantado, s\u00edmbolo de los antiguos trabajadores de las f\u00e1bricas de agujas.<\/span><\/p>\n<p class=\"cvGsUA block-font-kerning-none block-font-feature-liga-off block-font-feature-clig-off block-font-feature-calt-off direction-ltr align-justify para-style-body\"><span class=\"a_GcMg font-feature-liga-off font-feature-clig-off font-feature-calt-off text-decoration-none text-strikethrough-none\">Terminaremos la jornada disfrutando del magn\u00edfico Mercado de Navidad situado a los pies de la catedral, donde tendremos tiempo de cenar.<\/span><\/p>\n<\/div><\/div><\/div><div class=\"fusion-panel panel-default panel-1213ccc3950ce85ef fusion-toggle-no-divider fusion-toggle-boxed-mode\" style=\"--awb-title-color:var(--awb-color7);--awb-content-color:var(--awb-color5);\"><div class=\"panel-heading\"><h4 class=\"panel-title toggle\" id=\"toggle_1213ccc3950ce85ef\"><a aria-expanded=\"false\" aria-controls=\"1213ccc3950ce85ef\" role=\"button\" data-toggle=\"collapse\" data-parent=\"#accordion-8388-1\" data-target=\"#1213ccc3950ce85ef\" href=\"#1213ccc3950ce85ef\"><span class=\"fusion-toggle-icon-wrapper\" aria-hidden=\"true\"><i class=\"fa-fusion-box active-icon awb-icon-minus\" aria-hidden=\"true\"><\/i><i class=\"fa-fusion-box inactive-icon awb-icon-plus\" aria-hidden=\"true\"><\/i><\/span><span class=\"fusion-toggle-heading\">DICIEMBRE 3 \u00b7 AQUISGRAN \u2013 MAASTRICHT<\/span><\/a><\/h4><\/div><div id=\"1213ccc3950ce85ef\" class=\"panel-collapse collapse \" aria-labelledby=\"toggle_1213ccc3950ce85ef\"><div class=\"panel-body toggle-content fusion-clearfix\">\n<p><span class=\"a_GcMg font-feature-liga-off font-feature-clig-off font-feature-calt-off text-decoration-none text-strikethrough-none\">Desayuno en el hotel. Hoy cruzaremos la frontera hacia los Pa\u00edses Bajos para visitar Maastricht, ciudad conocida mundialmente por dar nombre al tratado que sent\u00f3 las bases de la Uni\u00f3n Europea y del euro. Durante la visita descubriremos una ciudad llena de historia, con monumentos como la Bas\u00edlica de San Serv\u00e1s, la Bas\u00edlica de Nuestra Se\u00f1ora, su cripta, las antiguas murallas y bastiones defensivos. Tambi\u00e9n conoceremos la vinculaci\u00f3n de la ciudad con el famoso mosquetero de D\u2019Artagnan, que perdi\u00f3 su vida durante uno de sus asedios. Almuerzo en restaurante. Por la tarde dispondremos de tiempo libre para pasear por el Mercado de Navidad antes de regresar a Aquisgr\u00e1n.<\/span><\/p>\n<\/div><\/div><\/div><div class=\"fusion-panel panel-default panel-f4b4babfd4482a641 fusion-toggle-no-divider fusion-toggle-boxed-mode\" style=\"--awb-title-color:var(--awb-color7);--awb-content-color:var(--awb-color5);\"><div class=\"panel-heading\"><h4 class=\"panel-title toggle\" id=\"toggle_f4b4babfd4482a641\"><a aria-expanded=\"false\" aria-controls=\"f4b4babfd4482a641\" role=\"button\" data-toggle=\"collapse\" data-parent=\"#accordion-8388-1\" data-target=\"#f4b4babfd4482a641\" href=\"#f4b4babfd4482a641\"><span class=\"fusion-toggle-icon-wrapper\" aria-hidden=\"true\"><i class=\"fa-fusion-box active-icon awb-icon-minus\" aria-hidden=\"true\"><\/i><i class=\"fa-fusion-box inactive-icon awb-icon-plus\" aria-hidden=\"true\"><\/i><\/span><span class=\"fusion-toggle-heading\">DICIEMBRE 4 \u00b7 AQUISGRAN \u2013 LI\u00c8GE<\/span><\/a><\/h4><\/div><div id=\"f4b4babfd4482a641\" class=\"panel-collapse collapse \" aria-labelledby=\"toggle_f4b4babfd4482a641\"><div class=\"panel-body toggle-content fusion-clearfix\">\n<p><span class=\"a_GcMg font-feature-liga-off font-feature-clig-off font-feature-calt-off text-decoration-none text-strikethrough-none\">Desayuno en el hotel. Esta ma\u00f1ana viajaremos hasta Li\u00e8ge, una de las ciudades m\u00e1s importantes de la Valonia belga. Antiguamente enriquecida por las minas de carb\u00f3n y la industria sider\u00fargica, lleg\u00f3 a ser una de las ciudades m\u00e1s poderosas de la regi\u00f3n gracias a su influyente pr\u00edncipe-obispo. Durante la visita veremos algunos de sus principales atractivos, como la Catedral y su tesoro, la iglesia de San Bartolom\u00e9, la calle de las Ursulinas y el imponente Palacio de los Pr\u00edncipes-Obispos. Almuerzo en restaurante. Por la tarde tendremos tiempo para recorrer el Mercado de Navidad antes de volver a Aquisgr\u00e1n.<\/span><\/p>\n<\/div><\/div><\/div><div class=\"fusion-panel panel-default panel-9de377b24873fef32 fusion-toggle-no-divider fusion-toggle-boxed-mode\" style=\"--awb-title-color:var(--awb-color7);--awb-content-color:var(--awb-color5);\"><div class=\"panel-heading\"><h4 class=\"panel-title toggle\" id=\"toggle_9de377b24873fef32\"><a aria-expanded=\"false\" aria-controls=\"9de377b24873fef32\" role=\"button\" data-toggle=\"collapse\" data-parent=\"#accordion-8388-1\" data-target=\"#9de377b24873fef32\" href=\"#9de377b24873fef32\"><span class=\"fusion-toggle-icon-wrapper\" aria-hidden=\"true\"><i class=\"fa-fusion-box active-icon awb-icon-minus\" aria-hidden=\"true\"><\/i><i class=\"fa-fusion-box inactive-icon awb-icon-plus\" aria-hidden=\"true\"><\/i><\/span><span class=\"fusion-toggle-heading\">DICIEMBRE 5 \u00b7 AQUISGRAN \u2013 VALKENBURG<\/span><\/a><\/h4><\/div><div id=\"9de377b24873fef32\" class=\"panel-collapse collapse \" aria-labelledby=\"toggle_9de377b24873fef32\"><div class=\"panel-body toggle-content fusion-clearfix\">\n<p class=\"cvGsUA block-font-kerning-none block-font-feature-liga-off block-font-feature-clig-off block-font-feature-calt-off direction-ltr align-justify para-style-body\"><span class=\"a_GcMg font-feature-liga-off font-feature-clig-off font-feature-calt-off text-decoration-none text-strikethrough-none\">Desayuno en el hotel. Hoy nos espera una de las visitas m\u00e1s especiales del viaje: Valkenburg, considerada una de las capitales navide\u00f1as de Europa. Su gran particularidad es que los mercados de Navidad se instalan en el interior de las antiguas cuevas y canteras subterr\u00e1neas, creando un ambiente \u00fanico y muy distinto al de cualquier otro mercado navide\u00f1o.<\/span><\/p>\n<p class=\"cvGsUA block-font-kerning-none block-font-feature-liga-off block-font-feature-clig-off block-font-feature-calt-off direction-ltr align-justify para-style-body\"><span class=\"a_GcMg font-feature-liga-off font-feature-clig-off font-feature-calt-off text-decoration-none text-strikethrough-none\">Almuerzo en restaurante. Por la tarde dispondremos de tiempo para disfrutar de los desfiles, espect\u00e1culos, iluminaciones y del ambiente festivo que llena a toda la poblaci\u00f3n antes de volver a nuestro hotel en Aquisgr\u00e1n.<\/span><\/p>\n<\/div><\/div><\/div><div class=\"fusion-panel panel-default panel-de3d424eb522e0704 fusion-toggle-no-divider fusion-toggle-boxed-mode\" style=\"--awb-title-color:var(--awb-color7);--awb-content-color:var(--awb-color5);\"><div class=\"panel-heading\"><h4 class=\"panel-title toggle\" id=\"toggle_de3d424eb522e0704\"><a aria-expanded=\"false\" aria-controls=\"de3d424eb522e0704\" role=\"button\" data-toggle=\"collapse\" data-parent=\"#accordion-8388-1\" data-target=\"#de3d424eb522e0704\" href=\"#de3d424eb522e0704\"><span class=\"fusion-toggle-icon-wrapper\" aria-hidden=\"true\"><i class=\"fa-fusion-box active-icon awb-icon-minus\" aria-hidden=\"true\"><\/i><i class=\"fa-fusion-box inactive-icon awb-icon-plus\" aria-hidden=\"true\"><\/i><\/span><span class=\"fusion-toggle-heading\">DICIEMBRE 6 \u00b7 AQUISGRAN \u2013 D\u00dcSSELDORF \u2013 BARCELONA <\/span><\/a><\/h4><\/div><div id=\"de3d424eb522e0704\" class=\"panel-collapse collapse \" aria-labelledby=\"toggle_de3d424eb522e0704\"><div class=\"panel-body toggle-content fusion-clearfix\">\n<p><span class=\"a_GcMg font-feature-liga-off font-feature-clig-off font-feature-calt-off text-decoration-none text-strikethrough-none\">Desayuno en el hotel. Antes de emprender el viaje de regreso visitaremos D\u00fcsseldorf, capital del estado de Rin del Norte-Westfalia y uno de los principales centros econ\u00f3micos de Alemania. Pasearemos por el paseo del Rin, completamente renovado, descubriremos su casco antiguo, conocido por las numerosas tabernas tradicionales, y veremos el Ayuntamiento renacentista. Tambi\u00e9n conoceremos la fuerte presencia de empresas japonesas que han convertido a la ciudad en una de las capitales europeas de la cultura nipona. Almuerzo en el restaurante panor\u00e1mico de la Torre del Rin. Tiempo libre para realizar las \u00faltimas compras antes del traslado al aeropuerto de D\u00fcsseldorf para tomar el vuelo directo de regreso a Barcelona.<\/span><\/p>\n<\/div><\/div><\/div><\/div><\/div>\r\n            \r\n            \r\n            \r\n            <a name='map1'><\/a>\r\n            \r\n            \r\n            \r\n            \r\n            <div class=\"wpgmza_map \"  id=\"wpgmza_map_1\" style=\"display:block; overflow:auto; width:100%; height:500px; float:left;\" data-settings='{\"id\":\"1\",\"map_title\":\"Mapa base\",\"map_width\":\"100\",\"map_height\":\"500\",\"map_start_lat\":\"35.355202541817214\",\"map_start_lng\":\"5.884582799218383\",\"map_start_location\":\"45.950464398418106,-109.81550500000003\",\"map_start_zoom\":\"2\",\"default_marker\":\"\",\"type\":\"1\",\"alignment\":\"4\",\"directions_enabled\":\"0\",\"styling_enabled\":\"0\",\"styling_json\":\"\",\"active\":\"0\",\"kml\":\"\",\"bicycle\":\"0\",\"traffic\":\"0\",\"dbox\":\"1\",\"dbox_width\":\"\",\"listmarkers\":\"0\",\"listmarkers_advanced\":\"0\",\"filterbycat\":\"0\",\"ugm_enabled\":\"0\",\"ugm_category_enabled\":\"0\",\"fusion\":\"\",\"map_width_type\":\"%\",\"map_height_type\":\"px\",\"mass_marker_support\":\"0\",\"ugm_access\":\"0\",\"order_markers_by\":\"1\",\"order_markers_choice\":\"1\",\"show_user_location\":\"0\",\"default_to\":\"\",\"other_settings\":{\"transport_layer\":null,\"shortcodeAttributes\":{\"id\":\"1\"}}}' data-map-id='1' data-shortcode-attributes='{\"id\":\"1\"}'> <\/div>\r\n            \r\n               \r\n        <div class=\"fusion-separator\" style=\"align-self: center;margin-left: auto;margin-right: auto;margin-top:45px;margin-bottom:25px;width:100%;max-width:70px;\"><div class=\"fusion-separator-border sep-single sep-solid\" style=\"--awb-height:20px;--awb-amount:20px;--awb-sep-color:var(--awb-color4);border-color:var(--awb-color4);border-top-width:15px;\"><\/div><\/div><div class=\"fusion-builder-row fusion-builder-row-inner fusion-row fusion-flex-align-items-flex-start fusion-flex-content-wrap\" style=\"--awb-flex-grow:0;--awb-flex-grow-medium:0;--awb-flex-grow-small:0;--awb-flex-shrink:0;--awb-flex-shrink-medium:0;--awb-flex-shrink-small:0;width:104% !important;max-width:104% !important;margin-left: calc(-4% \/ 2 );margin-right: calc(-4% \/ 2 );\"><div class=\"fusion-layout-column fusion_builder_column_inner fusion-builder-nested-column-0 fusion_builder_column_inner_1_1 1_1 fusion-flex-column\" style=\"--awb-padding-top:20px;--awb-padding-right:20px;--awb-padding-left:20px;--awb-bg-color:var(--awb-color2);--awb-bg-color-hover:var(--awb-color2);--awb-bg-size:cover;--awb-border-color:var(--awb-color3);--awb-border-top:1px;--awb-border-right:1px;--awb-border-bottom:1px;--awb-border-left:1px;--awb-border-style:solid;--awb-width-large:100%;--awb-margin-top-large:50px;--awb-spacing-right-large:1.92%;--awb-margin-bottom-large:0px;--awb-spacing-left-large:1.92%;--awb-width-medium:100%;--awb-order-medium:0;--awb-spacing-right-medium:1.92%;--awb-spacing-left-medium:1.92%;--awb-width-small:100%;--awb-order-small:0;--awb-spacing-right-small:1.92%;--awb-spacing-left-small:1.92%;\" data-scroll-devices=\"small-visibility,medium-visibility,large-visibility\"><div class=\"fusion-column-wrapper fusion-column-has-shadow fusion-flex-justify-content-flex-start fusion-content-layout-column\"><i class=\"fb-icon-element-1 fb-icon-element fontawesome-icon icon-rodamail_outline circle-yes\" style=\"--awb-circlebordersize:1px;--awb-font-size:30.8px;--awb-width:61.6px;--awb-height:61.6px;--awb-line-height:59.6px;--awb-align-self:center;--awb-margin-top:-50px;--awb-margin-right:0px;--awb-margin-bottom:20px;--awb-margin-left:0px;\"><\/i><div class=\"fusion-title title fusion-title-3 fusion-sep-none fusion-title-center fusion-title-text fusion-title-size-four\" style=\"--awb-margin-bottom:20px;--awb-margin-top-small:0px;--awb-margin-right-small:0px;--awb-margin-bottom-small:20px;--awb-margin-left-small:0px;\"><h4 class=\"fusion-title-heading title-heading-center fusion-responsive-typography-calculated\" style=\"font-family:&quot;Lato&quot;;font-style:normal;font-weight:400;margin:0;--fontSize:18;--minFontSize:18;line-height:var(--awb-typography1-line-height);\">\u00bfQUIERES M\u00c1S INFORMACI\u00d3N DE ESTE VIAJE?<\/h4><\/div>\n<div class=\"wpcf7 no-js\" id=\"wpcf7-f7561-o1\" lang=\"es-ES\" dir=\"ltr\" data-wpcf7-id=\"7561\">\n<div class=\"screen-reader-response\"><p role=\"status\" aria-live=\"polite\" aria-atomic=\"true\"><\/p> <ul><\/ul><\/div>\n<form action=\"\/es\/wp-json\/wp\/v2\/viatges\/8388#wpcf7-f7561-o1\" method=\"post\" class=\"wpcf7-form init\" aria-label=\"Formulario de contacto\" novalidate=\"novalidate\" data-status=\"init\">\n<fieldset class=\"hidden-fields-container\"><input type=\"hidden\" name=\"_wpcf7\" value=\"7561\" \/><input type=\"hidden\" name=\"_wpcf7_version\" value=\"6.1.6\" \/><input type=\"hidden\" name=\"_wpcf7_locale\" value=\"es_ES\" \/><input type=\"hidden\" name=\"_wpcf7_unit_tag\" value=\"wpcf7-f7561-o1\" \/><input type=\"hidden\" name=\"_wpcf7_container_post\" value=\"0\" \/><input type=\"hidden\" name=\"_wpcf7_posted_data_hash\" value=\"\" \/><input type=\"hidden\" name=\"_wpcf7_recaptcha_response\" value=\"\" \/>\n<\/fieldset>\n<p><span class=\"wpcf7-form-control-wrap\" data-name=\"Nom\"><input size=\"40\" maxlength=\"400\" class=\"wpcf7-form-control wpcf7-text wpcf7-validates-as-required\" aria-required=\"true\" aria-invalid=\"false\" placeholder=\"Nombre *\" value=\"\" type=\"text\" name=\"Nom\" \/><\/span>\n<\/p>\n<p><span class=\"wpcf7-form-control-wrap\" data-name=\"YourMail\"><input size=\"40\" maxlength=\"400\" class=\"wpcf7-form-control wpcf7-email wpcf7-validates-as-required wpcf7-text wpcf7-validates-as-email\" aria-required=\"true\" aria-invalid=\"false\" placeholder=\"Correo electr\u00f3nico *\" value=\"\" type=\"email\" name=\"YourMail\" \/><\/span>\n<\/p>\n<p><span class=\"wpcf7-form-control-wrap\" data-name=\"Telefon\"><input size=\"40\" maxlength=\"400\" class=\"wpcf7-form-control wpcf7-tel wpcf7-text wpcf7-validates-as-tel\" aria-invalid=\"false\" placeholder=\"Tel\u00e9fono\" value=\"\" type=\"tel\" name=\"Telefon\" \/><\/span>\n<\/p>\n<p><span class=\"wpcf7-form-control-wrap\" data-name=\"Missatge\"><textarea cols=\"40\" rows=\"10\" maxlength=\"2000\" class=\"wpcf7-form-control wpcf7-textarea wpcf7-validates-as-required\" aria-required=\"true\" aria-invalid=\"false\" placeholder=\"Comentanos*\" name=\"Missatge\"><\/textarea><\/span>\n<\/p>\n<p style=\"color:#3c3c3b; font-weight:400; font-size:15px; margin-bottom: 0px;\"><span class=\"wpcf7-form-control-wrap\" data-name=\"acceptance-privacitat\"><span class=\"wpcf7-form-control wpcf7-acceptance\"><span class=\"wpcf7-list-item\"><label><input type=\"checkbox\" name=\"acceptance-privacitat\" value=\"1\" aria-invalid=\"false\" \/><span class=\"wpcf7-list-item-label\">He le\u00eddo y acepto <a href='https:\/\/roda.travel\/es\/politica-de-privacidad\/' target='_blank'>la pol\u00edtica de privacidad<\/a>.<\/span><\/label><\/span><\/span><\/span>\n<\/p>\n<p style=\"color:#3c3c3b; font-weight:400; font-size:15px; margin-bottom: 0px;\"><span class=\"wpcf7-form-control-wrap\" data-name=\"accept-noticies\"><span class=\"wpcf7-form-control wpcf7-acceptance optional\"><span class=\"wpcf7-list-item\"><label><input type=\"checkbox\" name=\"accept-noticies\" value=\"1\" aria-invalid=\"false\" \/><span class=\"wpcf7-list-item-label\">Autorizo el env\u00edo de informaci\u00f3n de TEAM TOURIST SERVICE, S.L.<\/span><\/label><\/span><\/span><\/span>\n<\/p>\n<p style=\"color:#3c3c3b; font-weight:800; font-size:14px; margin-bottom: 0px;\">INFORMACI\u00d3N B\u00c1SICA DE PROTECCI\u00d3N DE DATOS:\n<\/p>\n<p style=\"color:#3c3c3b; font-weight:400; font-size:13px; line-height: 1.2em\">Responsable del tratamiento: TEAM TOURIST SERVICE, S.L.<br \/>\nFinalidad del tratamiento: Gestionar las consultas planteadas y el env\u00edo de newsletters, comunicaciones comerciales y promociones.<br \/>\nResponsable del tratamiento: TEAM TOURIST SERVICE, S.L.<br \/>\nFinalidad del tratamiento: Gestionar las consultas planteadas y el env\u00edo de newsletters, comunicaciones comerciales y promociones.<br \/>\nLegitimaci\u00f3n del tratamiento: Inter\u00e9s leg\u00edtimo y consentimiento del interesado\/a.<br \/>\nConservaci\u00f3n de los datos: Se conservar\u00e1n mientras exista un inter\u00e9s mutuo o durante el tiempo necesario para el cumplimiento de las obligaciones legales.<br \/>\nDestinatarios: Prestadores de servicio o colaboradores.<br \/>\nDerechos: Derecho a retirar su consentimiento en cualquier momento. Derecho de acceso, rectificaci\u00f3n, portabilidad y supresi\u00f3n de los datos y la limitaci\u00f3n u oposici\u00f3n al tratamiento. Datos de contacto para ejercer sus derechos: info@roda.travel<br \/>\nInformaci\u00f3n adicional: Puede consultar la informaci\u00f3n adicional en nuestra <a href=\"https:\/\/roda.travel\/es\/politica-de-privacidad\/\" target=\"_blank\">Pol\u00edtica de Privacidad<\/a>\n<\/p>\n<p><input class=\"wpcf7-form-control wpcf7-submit has-spinner\" type=\"submit\" value=\"Enviar\" \/>\n<\/p><div class=\"fusion-alert alert custom alert-custom fusion-alert-center wpcf7-response-output fusion-alert-capitalize awb-alert-native-link-color alert-dismissable awb-alert-close-boxed\" style=\"--awb-border-size:1px;--awb-border-top-left-radius:0px;--awb-border-top-right-radius:0px;--awb-border-bottom-left-radius:0px;--awb-border-bottom-right-radius:0px;\" role=\"alert\"><div class=\"fusion-alert-content-wrapper\"><span class=\"fusion-alert-content\"><\/span><\/div><button type=\"button\" class=\"close toggle-alert\" data-dismiss=\"alert\" aria-label=\"Close\">&times;<\/button><\/div>\n<\/form>\n<\/div>\n<\/div><\/div><\/div>\n<\/div><\/div><div class=\"fusion-layout-column fusion_builder_column fusion-builder-column-3 fusion_builder_column_1_2 1_2 fusion-flex-column\" style=\"--awb-padding-left:30px;--awb-bg-size:cover;--awb-border-color:var(--awb-color2);--awb-border-left:1px;--awb-border-style:solid;--awb-width-large:50%;--awb-margin-top-large:0px;--awb-spacing-right-large:3.84%;--awb-margin-bottom-large:20px;--awb-spacing-left-large:3.84%;--awb-width-medium:100%;--awb-order-medium:0;--awb-spacing-right-medium:1.92%;--awb-spacing-left-medium:1.92%;--awb-width-small:100%;--awb-order-small:0;--awb-spacing-right-small:1.92%;--awb-spacing-left-small:1.92%;\" data-scroll-devices=\"small-visibility,medium-visibility,large-visibility\"><div class=\"fusion-column-wrapper fusion-column-has-shadow fusion-flex-justify-content-flex-start fusion-content-layout-column\"><div class=\"fusion-separator\" style=\"align-self: flex-start;margin-right:auto;margin-bottom:20px;width:100%;max-width:70px;\"><div class=\"fusion-separator-border sep-single sep-solid\" style=\"--awb-height:20px;--awb-amount:20px;--awb-sep-color:var(--awb-color4);border-color:var(--awb-color4);border-top-width:15px;\"><\/div><\/div><div class=\"fusion-title title fusion-title-4 fusion-sep-none fusion-title-text fusion-title-size-three\" style=\"--awb-margin-bottom:20px;--awb-margin-top-small:0px;--awb-margin-right-small:0px;--awb-margin-bottom-small:20px;--awb-margin-left-small:0px;\"><h3 class=\"fusion-title-heading title-heading-left fusion-responsive-typography-calculated\" style=\"margin:0;--fontSize:24;--minFontSize:24;line-height:var(--awb-typography1-line-height);\">PRECIOS<\/h3><\/div><div class=\"fusion-text fusion-text-2\"><p class=\"cvGsUA block-font-kerning-normal block-font-feature-liga-off block-font-feature-clig-off block-font-feature-calt-off direction-ltr align-start para-style-body\"><span class=\"a_GcMg font-feature-liga-off font-feature-clig-off font-feature-calt-off text-decoration-none text-strikethrough-none\">PRECIO POR PERSONA EN HAB DOBLE: <\/span><span class=\"a_GcMg font-feature-liga-off font-feature-clig-off font-feature-calt-off text-decoration-none text-strikethrough-none\">1975\u20ac<\/span><\/p>\n<p class=\"cvGsUA block-font-kerning-normal block-font-feature-liga-off block-font-feature-clig-off block-font-feature-calt-off direction-ltr align-start para-style-body\"><span class=\"a_GcMg font-feature-liga-off font-feature-clig-off font-feature-calt-off text-decoration-none text-strikethrough-none\">&#8211; Tasas: <\/span><span class=\"a_GcMg font-feature-liga-off font-feature-clig-off font-feature-calt-off text-decoration-none text-strikethrough-none\">225\u20ac<\/span><\/p>\n<p class=\"cvGsUA block-font-kerning-normal block-font-feature-liga-off block-font-feature-clig-off block-font-feature-calt-off direction-ltr align-start para-style-body\"><span class=\"a_GcMg font-feature-liga-off font-feature-clig-off font-feature-calt-off text-decoration-none text-strikethrough-none\">&#8211; Suplemento hab. Ind.: <\/span><span class=\"a_GcMg font-feature-liga-off font-feature-clig-off font-feature-calt-off text-decoration-none text-strikethrough-none\">450\u20ac<\/span><\/p>\n<\/div><div class=\"fusion-text fusion-text-3\"><ul>\n<li><span class=\"a_GcMg font-feature-liga-off font-feature-clig-off font-feature-calt-off text-decoration-none text-strikethrough-none\">Traslados Badalona\/aeropuerto\/Badalona (descuento por no utilizar este servicio: 30\u20ac).<\/span><\/li>\n<li><span class=\"a_GcMg font-feature-liga-off font-feature-clig-off font-feature-calt-off text-decoration-none text-strikethrough-none\">Billete de avi\u00f3n: BARCELONA &#8211; D\u00dcSSELDORF &#8211; BARCELONA, en clase turista, bolso y una maleta facturada.<\/span><\/li>\n<li><span class=\"a_GcMg font-feature-liga-off font-feature-clig-off font-feature-calt-off text-decoration-none text-strikethrough-none\">Servicios de autocar a destino, seg\u00fan programa<\/span><\/li>\n<li><span class=\"a_GcMg font-feature-liga-off font-feature-clig-off font-feature-calt-off text-decoration-none text-strikethrough-none\">Gu\u00edas locales en Colonia, Aquisgra, Maastricht, Liege, Valkenburg y Dusseldorf.<\/span><\/li>\n<li><span class=\"a_GcMg font-feature-liga-off font-feature-clig-off font-feature-calt-off text-decoration-none text-strikethrough-none\">Estancia hotel 4 estrellas bien situado dentro de perimetro ciudad vieja en Aquisgr\u00e1n en regimen dormir y desayuno.<\/span><\/li>\n<li><span class=\"a_GcMg font-feature-liga-off font-feature-clig-off font-feature-calt-off text-decoration-none text-strikethrough-none\">Entradas en Catedral de Colonia, Capilla palaciega y tesoro en Aquisgr\u00e1n, Maasrtricht, Liege, Valkenburg y Dusseldorf.<\/span><\/li>\n<li><span class=\"a_GcMg font-feature-liga-off font-feature-clig-off font-feature-calt-off text-decoration-none text-strikethrough-none\">5 almuerzos en restaurante<\/span><\/li>\n<li><span class=\"a_GcMg font-feature-liga-off font-feature-clig-off font-feature-calt-off text-decoration-none text-strikethrough-none\">Cenas libres para degustar la gastronom\u00eda de los mercados<\/span><\/li>\n<li><span class=\"a_GcMg font-feature-liga-off font-feature-clig-off font-feature-calt-off text-decoration-none text-strikethrough-none\">Propinas para el ch\u00f3fer y los gu\u00edas locales.<\/span><\/li>\n<li><span class=\"a_GcMg font-feature-liga-off font-feature-clig-off font-feature-calt-off text-decoration-none text-strikethrough-none\">Seguro de asistencia m\u00e9dica y anulaci\u00f3n.<\/span><\/li>\n<\/ul>\n<\/div><div class=\"fusion-separator\" style=\"align-self: flex-start;margin-right:auto;margin-top:40px;margin-bottom:20px;width:100%;max-width:70px;\"><div class=\"fusion-separator-border sep-single sep-solid\" style=\"--awb-height:20px;--awb-amount:20px;--awb-sep-color:var(--awb-color4);border-color:var(--awb-color4);border-top-width:15px;\"><\/div><\/div><div class=\"fusion-title title fusion-title-5 fusion-sep-none fusion-title-text fusion-title-size-three\" style=\"--awb-margin-bottom:20px;--awb-margin-top-small:0px;--awb-margin-right-small:0px;--awb-margin-bottom-small:20px;--awb-margin-left-small:0px;\"><h3 class=\"fusion-title-heading title-heading-left fusion-responsive-typography-calculated\" style=\"margin:0;--fontSize:24;--minFontSize:24;line-height:var(--awb-typography1-line-height);\">MAS INFORMACI\u00d3N<\/h3><\/div><div class=\"accordian fusion-accordian\" style=\"--awb-border-size:0px;--awb-icon-size:15px;--awb-content-font-size:15px;--awb-icon-alignment:left;--awb-hover-color:var(--awb-color1);--awb-border-color:var(--awb-color1);--awb-background-color:var(--awb-color2);--awb-divider-color:var(--awb-color3);--awb-divider-hover-color:var(--awb-color3);--awb-icon-color:var(--awb-color5);--awb-title-color:var(--awb-color4);--awb-content-color:var(--awb-color5);--awb-icon-box-color:var(--awb-color7);--awb-toggle-hover-accent-color:var(--awb-color4);--awb-toggle-active-accent-color:var(--awb-color5);--awb-title-font-family:&quot;Lato&quot;;--awb-title-font-weight:700;--awb-title-font-style:normal;--awb-title-font-size:17px;--awb-content-font-family:&quot;Open Sans&quot;;--awb-content-font-style:normal;--awb-content-font-weight:400;\"><div class=\"panel-group fusion-toggle-icon-unboxed\" id=\"accordion-8388-2\"><div class=\"fusion-panel panel-default panel-60b55cacb3a43425d fusion-toggle-no-divider fusion-toggle-boxed-mode\" style=\"--awb-title-color:var(--awb-color7);--awb-content-color:var(--awb-color5);\"><div class=\"panel-heading\"><h4 class=\"panel-title toggle\" id=\"toggle_60b55cacb3a43425d\"><a class=\"active\" aria-expanded=\"true\" aria-controls=\"60b55cacb3a43425d\" role=\"button\" data-toggle=\"collapse\" data-parent=\"#accordion-8388-2\" data-target=\"#60b55cacb3a43425d\" href=\"#60b55cacb3a43425d\"><span class=\"fusion-toggle-icon-wrapper\" aria-hidden=\"true\"><i class=\"fa-fusion-box active-icon awb-icon-minus\" aria-hidden=\"true\"><\/i><i class=\"fa-fusion-box inactive-icon fa-info fas\" aria-hidden=\"true\"><\/i><\/span><span class=\"fusion-toggle-heading\">VUELOS PREVISTOS<\/span><\/a><\/h4><\/div><div id=\"60b55cacb3a43425d\" class=\"panel-collapse collapse in\" aria-labelledby=\"toggle_60b55cacb3a43425d\"><div class=\"panel-body toggle-content fusion-clearfix\">\n<p class=\"cvGsUA block-font-kerning-none block-font-feature-liga-off block-font-feature-clig-off block-font-feature-calt-off direction-ltr align-start para-style-body\"><span class=\"a_GcMg font-feature-liga-off font-feature-clig-off font-feature-calt-off text-decoration-none text-strikethrough-none\">BARCELONA &#8211; D\u00dcSSELDORF<\/span> <span class=\"a_GcMg font-feature-liga-off font-feature-clig-off font-feature-calt-off text-decoration-none text-strikethrough-none\">1 DICIEMBRE<\/span><\/p>\n<p class=\"cvGsUA block-font-kerning-none block-font-feature-liga-off block-font-feature-clig-off block-font-feature-calt-off direction-ltr align-start para-style-body\"><span class=\"a_GcMg font-feature-liga-off font-feature-clig-off font-feature-calt-off text-decoration-none text-strikethrough-none\">D\u00dcSSELDORF &#8211; BARCELONA<\/span> <span class=\"a_GcMg font-feature-liga-off font-feature-clig-off font-feature-calt-off text-decoration-none text-strikethrough-none\">6 DICIEMBRE<\/span><\/p>\n<\/div><\/div><\/div><div class=\"fusion-panel panel-default panel-1b708a87fb9a2c161 fusion-toggle-no-divider fusion-toggle-boxed-mode\" style=\"--awb-title-color:var(--awb-color7);--awb-content-color:var(--awb-color5);\"><div class=\"panel-heading\"><h4 class=\"panel-title toggle\" id=\"toggle_1b708a87fb9a2c161\"><a aria-expanded=\"false\" aria-controls=\"1b708a87fb9a2c161\" role=\"button\" data-toggle=\"collapse\" data-parent=\"#accordion-8388-2\" data-target=\"#1b708a87fb9a2c161\" href=\"#1b708a87fb9a2c161\"><span class=\"fusion-toggle-icon-wrapper\" aria-hidden=\"true\"><i class=\"fa-fusion-box active-icon awb-icon-minus\" aria-hidden=\"true\"><\/i><i class=\"fa-fusion-box inactive-icon fa-info fas\" aria-hidden=\"true\"><\/i><\/span><span class=\"fusion-toggle-heading\">IMPORTANTE<\/span><\/a><\/h4><\/div><div id=\"1b708a87fb9a2c161\" class=\"panel-collapse collapse \" aria-labelledby=\"toggle_1b708a87fb9a2c161\"><div class=\"panel-body toggle-content fusion-clearfix\">\n<ul>\n<li><span class=\"a_GcMg font-feature-liga-off font-feature-clig-off font-feature-calt-off text-decoration-none text-strikethrough-none\">En el momento de hacer la reserva se deber\u00e1 dar una paga y se\u00f1al de 500 \u20ac por persona.<\/span><\/li>\n<li><span class=\"a_GcMg font-feature-liga-off font-feature-clig-off font-feature-calt-off text-decoration-none text-strikethrough-none\">El pago del resto se deber\u00e1 de hacer 30 d\u00edas antes de la salida.<\/span><\/li>\n<li><span class=\"a_GcMg font-feature-liga-off font-feature-clig-off font-feature-calt-off text-decoration-none text-strikethrough-none\">Debe tener el pasaporte con fecha de caducidad de m\u00e1s de seis meses.<\/span><\/li>\n<li><span class=\"a_GcMg font-feature-liga-off font-feature-clig-off font-feature-calt-off text-decoration-none text-strikethrough-none\">Viaje acompa\u00f1ado desde Barcelona con un m\u00e1ximo de 25 personas y un m\u00ednimo de 15.<\/span><\/li>\n<\/ul>\n<\/div><\/div><\/div><div class=\"fusion-panel panel-default panel-ddb4e6e3e74dce646 fusion-toggle-no-divider fusion-toggle-boxed-mode\" style=\"--awb-title-color:var(--awb-color7);--awb-content-color:var(--awb-color5);\"><div class=\"panel-heading\"><h4 class=\"panel-title toggle\" id=\"toggle_ddb4e6e3e74dce646\"><a aria-expanded=\"false\" aria-controls=\"ddb4e6e3e74dce646\" role=\"button\" data-toggle=\"collapse\" data-parent=\"#accordion-8388-2\" data-target=\"#ddb4e6e3e74dce646\" href=\"#ddb4e6e3e74dce646\"><span class=\"fusion-toggle-icon-wrapper\" aria-hidden=\"true\"><i class=\"fa-fusion-box active-icon awb-icon-minus\" aria-hidden=\"true\"><\/i><i class=\"fa-fusion-box inactive-icon fa-info fas\" aria-hidden=\"true\"><\/i><\/span><span class=\"fusion-toggle-heading\">CONDICIONES DE ANULACI\u00d3N<\/span><\/a><\/h4><\/div><div id=\"ddb4e6e3e74dce646\" class=\"panel-collapse collapse \" aria-labelledby=\"toggle_ddb4e6e3e74dce646\"><div class=\"panel-body toggle-content fusion-clearfix\">\n<p class=\"cvGsUA direction-ltr align-justify para-style-body\"><strong><span class=\"a_GcMg font-feature-liga-off font-feature-clig-off font-feature-calt-off text-decoration-none text-strikethrough-none\">Condiciones de anulaci\u00f3n sobre el precio publicado seg\u00fan la anticipaci\u00f3n con la que se produzca la cancelaci\u00f3n<\/span><\/strong><\/p>\n<p class=\"cvGsUA direction-ltr align-justify para-style-body\"><span class=\"a_GcMg font-feature-liga-off font-feature-clig-off font-feature-calt-off text-decoration-none text-strikethrough-none\">&#8211; Entre 31 y 45 d\u00edas antes de la salida 25%.<\/span><\/p>\n<p class=\"cvGsUA direction-ltr align-justify para-style-body\"><span class=\"a_GcMg font-feature-liga-off font-feature-clig-off font-feature-calt-off text-decoration-none text-strikethrough-none\">&#8211; Entre 21 y 30 d\u00edas antes de la salida 50%.<\/span><\/p>\n<p class=\"cvGsUA direction-ltr align-justify para-style-body\"><span class=\"a_GcMg font-feature-liga-off font-feature-clig-off font-feature-calt-off text-decoration-none text-strikethrough-none\">&#8211; 100% en los \u00faltimos 20 d\u00edas antes de la salida.<\/span><\/p>\n<p class=\"cvGsUA direction-ltr align-justify para-style-body\"><span class=\"a_GcMg font-feature-liga-off font-feature-clig-off font-feature-calt-off text-decoration-none text-strikethrough-none\">Las consecuencias de cancelaci\u00f3n en caso de exigencias econ\u00f3micas en determinados proveedores se repercutir\u00e1n sobre el cliente en cualquier caso.<\/span><\/p>\n<\/div><\/div><\/div><\/div><\/div><\/div><\/div><\/div><\/div><\/p>\n","protected":false},"featured_media":8390,"template":"","categories":[59],"tags":[],"class_list":["post-8388","viatges","type-viatges","status-publish","has-post-thumbnail","hentry","category-viaje-roda"],"acf":[],"yoast_head":"<!-- This site is optimized with the Yoast SEO plugin v28.1 - https:\/\/yoast.com\/product\/yoast-seo-wordpress\/ -->\n<title>MERCADOS DE NAVIDAD EN ALEMANIA, TERRITORIO CARLOMAGNO - Roda Travel<\/title>\n<meta name=\"robots\" content=\"index, follow, max-snippet:-1, max-image-preview:large, max-video-preview:-1\" \/>\n<link rel=\"canonical\" href=\"https:\/\/roda.travel\/es\/viatges\/mercats-de-nadal-a-alemanya-territori-carlemany-2026\/\" \/>\n<meta property=\"og:locale\" content=\"es_ES\" \/>\n<meta property=\"og:type\" content=\"article\" \/>\n<meta property=\"og:title\" content=\"MERCADOS DE NAVIDAD EN ALEMANIA, TERRITORIO CARLOMAGNO - Roda Travel\" \/>\n<meta property=\"og:url\" content=\"https:\/\/roda.travel\/es\/viatges\/mercats-de-nadal-a-alemanya-territori-carlemany-2026\/\" \/>\n<meta property=\"og:site_name\" content=\"Roda Travel\" \/>\n<meta property=\"article:modified_time\" content=\"2026-08-19T16:50:20+00:00\" \/>\n<meta property=\"og:image\" content=\"https:\/\/roda.travel\/wp-content\/uploads\/2026\/07\/ChatGPT-Image-14-jul-2026-18_09_14-1024x512.png\" \/>\n\t<meta property=\"og:image:width\" content=\"1024\" \/>\n\t<meta property=\"og:image:height\" content=\"512\" \/>\n\t<meta property=\"og:image:type\" content=\"image\/png\" \/>\n<meta name=\"twitter:card\" content=\"summary_large_image\" \/>\n<meta name=\"twitter:label1\" content=\"Tiempo de lectura\" \/>\n\t<meta name=\"twitter:data1\" content=\"8 minutos\" \/>\n<script type=\"application\/ld+json\" class=\"yoast-schema-graph\">{\"@context\":\"https:\\\/\\\/schema.org\",\"@graph\":[{\"@type\":\"WebPage\",\"@id\":\"https:\\\/\\\/roda.travel\\\/es\\\/viatges\\\/mercats-de-nadal-a-alemanya-territori-carlemany-2026\\\/\",\"url\":\"https:\\\/\\\/roda.travel\\\/es\\\/viatges\\\/mercats-de-nadal-a-alemanya-territori-carlemany-2026\\\/\",\"name\":\"MERCADOS DE NAVIDAD EN ALEMANIA, TERRITORIO CARLOMAGNO - Roda Travel\",\"isPartOf\":{\"@id\":\"https:\\\/\\\/roda.travel\\\/es\\\/#website\"},\"primaryImageOfPage\":{\"@id\":\"https:\\\/\\\/roda.travel\\\/es\\\/viatges\\\/mercats-de-nadal-a-alemanya-territori-carlemany-2026\\\/#primaryimage\"},\"image\":{\"@id\":\"https:\\\/\\\/roda.travel\\\/es\\\/viatges\\\/mercats-de-nadal-a-alemanya-territori-carlemany-2026\\\/#primaryimage\"},\"thumbnailUrl\":\"https:\\\/\\\/roda.travel\\\/wp-content\\\/uploads\\\/2026\\\/07\\\/ChatGPT-Image-14-jul-2026-18_09_14.png\",\"datePublished\":\"2026-07-14T15:57:35+00:00\",\"dateModified\":\"2026-08-19T16:50:20+00:00\",\"breadcrumb\":{\"@id\":\"https:\\\/\\\/roda.travel\\\/es\\\/viatges\\\/mercats-de-nadal-a-alemanya-territori-carlemany-2026\\\/#breadcrumb\"},\"inLanguage\":\"es\",\"potentialAction\":[{\"@type\":\"ReadAction\",\"target\":[\"https:\\\/\\\/roda.travel\\\/es\\\/viatges\\\/mercats-de-nadal-a-alemanya-territori-carlemany-2026\\\/\"]}]},{\"@type\":\"ImageObject\",\"inLanguage\":\"es\",\"@id\":\"https:\\\/\\\/roda.travel\\\/es\\\/viatges\\\/mercats-de-nadal-a-alemanya-territori-carlemany-2026\\\/#primaryimage\",\"url\":\"https:\\\/\\\/roda.travel\\\/wp-content\\\/uploads\\\/2026\\\/07\\\/ChatGPT-Image-14-jul-2026-18_09_14.png\",\"contentUrl\":\"https:\\\/\\\/roda.travel\\\/wp-content\\\/uploads\\\/2026\\\/07\\\/ChatGPT-Image-14-jul-2026-18_09_14.png\",\"width\":1774,\"height\":887},{\"@type\":\"BreadcrumbList\",\"@id\":\"https:\\\/\\\/roda.travel\\\/es\\\/viatges\\\/mercats-de-nadal-a-alemanya-territori-carlemany-2026\\\/#breadcrumb\",\"itemListElement\":[{\"@type\":\"ListItem\",\"position\":1,\"name\":\"Inici\",\"item\":\"https:\\\/\\\/roda.travel\\\/es\\\/\"},{\"@type\":\"ListItem\",\"position\":2,\"name\":\"MERCADOS DE NAVIDAD EN ALEMANIA, TERRITORIO CARLOMAGNO\"}]},{\"@type\":\"WebSite\",\"@id\":\"https:\\\/\\\/roda.travel\\\/es\\\/#website\",\"url\":\"https:\\\/\\\/roda.travel\\\/es\\\/\",\"name\":\"Roda Travel\",\"description\":\"\",\"potentialAction\":[{\"@type\":\"SearchAction\",\"target\":{\"@type\":\"EntryPoint\",\"urlTemplate\":\"https:\\\/\\\/roda.travel\\\/es\\\/?s={search_term_string}\"},\"query-input\":{\"@type\":\"PropertyValueSpecification\",\"valueRequired\":true,\"valueName\":\"search_term_string\"}}],\"inLanguage\":\"es\"}]}<\/script>\n<!-- \/ Yoast SEO plugin. -->","yoast_head_json":{"title":"MERCADOS DE NAVIDAD EN ALEMANIA, TERRITORIO CARLOMAGNO - Roda Travel","robots":{"index":"index","follow":"follow","max-snippet":"max-snippet:-1","max-image-preview":"max-image-preview:large","max-video-preview":"max-video-preview:-1"},"canonical":"https:\/\/roda.travel\/es\/viatges\/mercats-de-nadal-a-alemanya-territori-carlemany-2026\/","og_locale":"es_ES","og_type":"article","og_title":"MERCADOS DE NAVIDAD EN ALEMANIA, TERRITORIO CARLOMAGNO - Roda Travel","og_url":"https:\/\/roda.travel\/es\/viatges\/mercats-de-nadal-a-alemanya-territori-carlemany-2026\/","og_site_name":"Roda Travel","article_modified_time":"2026-08-19T16:50:20+00:00","og_image":[{"width":1024,"height":512,"url":"https:\/\/roda.travel\/wp-content\/uploads\/2026\/07\/ChatGPT-Image-14-jul-2026-18_09_14-1024x512.png","type":"image\/png"}],"twitter_card":"summary_large_image","twitter_misc":{"Tiempo de lectura":"8 minutos"},"schema":{"@context":"https:\/\/schema.org","@graph":[{"@type":"WebPage","@id":"https:\/\/roda.travel\/es\/viatges\/mercats-de-nadal-a-alemanya-territori-carlemany-2026\/","url":"https:\/\/roda.travel\/es\/viatges\/mercats-de-nadal-a-alemanya-territori-carlemany-2026\/","name":"MERCADOS DE NAVIDAD EN ALEMANIA, TERRITORIO CARLOMAGNO - Roda Travel","isPartOf":{"@id":"https:\/\/roda.travel\/es\/#website"},"primaryImageOfPage":{"@id":"https:\/\/roda.travel\/es\/viatges\/mercats-de-nadal-a-alemanya-territori-carlemany-2026\/#primaryimage"},"image":{"@id":"https:\/\/roda.travel\/es\/viatges\/mercats-de-nadal-a-alemanya-territori-carlemany-2026\/#primaryimage"},"thumbnailUrl":"https:\/\/roda.travel\/wp-content\/uploads\/2026\/07\/ChatGPT-Image-14-jul-2026-18_09_14.png","datePublished":"2026-07-14T15:57:35+00:00","dateModified":"2026-08-19T16:50:20+00:00","breadcrumb":{"@id":"https:\/\/roda.travel\/es\/viatges\/mercats-de-nadal-a-alemanya-territori-carlemany-2026\/#breadcrumb"},"inLanguage":"es","potentialAction":[{"@type":"ReadAction","target":["https:\/\/roda.travel\/es\/viatges\/mercats-de-nadal-a-alemanya-territori-carlemany-2026\/"]}]},{"@type":"ImageObject","inLanguage":"es","@id":"https:\/\/roda.travel\/es\/viatges\/mercats-de-nadal-a-alemanya-territori-carlemany-2026\/#primaryimage","url":"https:\/\/roda.travel\/wp-content\/uploads\/2026\/07\/ChatGPT-Image-14-jul-2026-18_09_14.png","contentUrl":"https:\/\/roda.travel\/wp-content\/uploads\/2026\/07\/ChatGPT-Image-14-jul-2026-18_09_14.png","width":1774,"height":887},{"@type":"BreadcrumbList","@id":"https:\/\/roda.travel\/es\/viatges\/mercats-de-nadal-a-alemanya-territori-carlemany-2026\/#breadcrumb","itemListElement":[{"@type":"ListItem","position":1,"name":"Inici","item":"https:\/\/roda.travel\/es\/"},{"@type":"ListItem","position":2,"name":"MERCADOS DE NAVIDAD EN ALEMANIA, TERRITORIO CARLOMAGNO"}]},{"@type":"WebSite","@id":"https:\/\/roda.travel\/es\/#website","url":"https:\/\/roda.travel\/es\/","name":"Roda Travel","description":"","potentialAction":[{"@type":"SearchAction","target":{"@type":"EntryPoint","urlTemplate":"https:\/\/roda.travel\/es\/?s={search_term_string}"},"query-input":{"@type":"PropertyValueSpecification","valueRequired":true,"valueName":"search_term_string"}}],"inLanguage":"es"}]}},"_links":{"self":[{"href":"https:\/\/roda.travel\/es\/wp-json\/wp\/v2\/viatges\/8388","targetHints":{"allow":["GET"]}}],"collection":[{"href":"https:\/\/roda.travel\/es\/wp-json\/wp\/v2\/viatges"}],"about":[{"href":"https:\/\/roda.travel\/es\/wp-json\/wp\/v2\/types\/viatges"}],"wp:featuredmedia":[{"embeddable":true,"href":"https:\/\/roda.travel\/es\/wp-json\/wp\/v2\/media\/8390"}],"wp:attachment":[{"href":"https:\/\/roda.travel\/es\/wp-json\/wp\/v2\/media?parent=8388"}],"wp:term":[{"taxonomy":"category","embeddable":true,"href":"https:\/\/roda.travel\/es\/wp-json\/wp\/v2\/categories?post=8388"},{"taxonomy":"post_tag","embeddable":true,"href":"https:\/\/roda.travel\/es\/wp-json\/wp\/v2\/tags?post=8388"}],"curies":[{"name":"wp","href":"https:\/\/api.w.org\/{rel}","templated":true}]}}