{"id":6742,"date":"2025-06-12T18:47:12","date_gmt":"2025-06-12T16:47:12","guid":{"rendered":"https:\/\/roda.travel\/viatges\/concierto-de-fin-de-ano-en-catanea-sicilia-2025\/"},"modified":"2025-10-14T19:06:00","modified_gmt":"2025-10-14T17:06:00","slug":"concierto-de-fin-de-ano-en-catanea-sicilia-2025","status":"publish","type":"viatges","link":"https:\/\/roda.travel\/es\/viatges\/concierto-de-fin-de-ano-en-catanea-sicilia-2025\/","title":{"rendered":"CONCIERTO DE A\u00d1O NUEVO EN CATANIA, SICILIA 2025"},"content":{"rendered":"<p><div class=\"fusion-fullwidth fullwidth-box fusion-builder-row-1 fusion-flex-container has-pattern-background has-mask-background nonhundred-percent-fullwidth non-hundred-percent-height-scrolling\" style=\"--awb-border-radius-top-left:0px;--awb-border-radius-top-right:0px;--awb-border-radius-bottom-right:0px;--awb-border-radius-bottom-left:0px;--awb-margin-bottom-small:40px;--awb-flex-wrap:wrap;\" ><div class=\"fusion-builder-row fusion-row fusion-flex-align-items-flex-start fusion-flex-justify-content-flex-end fusion-flex-content-wrap\" style=\"max-width:1216.8px;margin-left: calc(-4% \/ 2 );margin-right: calc(-4% \/ 2 );\"><div class=\"fusion-layout-column fusion_builder_column fusion-builder-column-0 fusion_builder_column_1_1 1_1 fusion-flex-column\" style=\"--awb-bg-size:cover;--awb-width-large:100%;--awb-margin-top-large:0px;--awb-spacing-right-large:65px;--awb-margin-bottom-large:0px;--awb-spacing-left-large:1.92%;--awb-width-medium:100%;--awb-order-medium:0;--awb-spacing-right-medium:1.92%;--awb-spacing-left-medium:1.92%;--awb-width-small:100%;--awb-order-small:0;--awb-spacing-right-small:1.92%;--awb-spacing-left-small:1.92%;\" data-scroll-devices=\"small-visibility,medium-visibility,large-visibility\"><div class=\"fusion-column-wrapper fusion-column-has-shadow fusion-flex-justify-content-flex-start fusion-content-layout-column\"><div class=\"sm-text-align-center\" style=\"text-align:right;\"><a class=\"fusion-button button-flat fusion-button-default-size button-custom fusion-button-default button-1 fusion-button-default-span fusion-button-default-type\" style=\"--button_accent_color:var(--awb-color1);--button_accent_hover_color:var(--awb-color1);--button_border_hover_color:var(--awb-color1);--button_gradient_top_color:var(--awb-color4);--button_gradient_bottom_color:var(--awb-color4);--button_gradient_top_color_hover:#db4a29;--button_gradient_bottom_color_hover:#db4a29;\" target=\"_blank\" rel=\"noopener noreferrer\" href=\"https:\/\/roda.travel\/wp-content\/uploads\/2025\/07\/CAST.-CONCierto-DE-fin-de-Ano-en-CATaNIA-SICILIA-2025-1.pdf#\"><span class=\"fusion-button-icon-divider button-icon-divider-left\"><i class=\"fa-file fas awb-button__icon awb-button__icon--default\" aria-hidden=\"true\"><\/i><\/span><span class=\"fusion-button-text awb-button__text awb-button__text--default fusion-button-text-left\">DESCARGAR PDF<\/span><\/a><\/div><\/div><\/div><\/div><\/div><div class=\"fusion-fullwidth fullwidth-box fusion-builder-row-2 fusion-flex-container has-pattern-background has-mask-background nonhundred-percent-fullwidth non-hundred-percent-height-scrolling\" style=\"--awb-border-radius-top-left:0px;--awb-border-radius-top-right:0px;--awb-border-radius-bottom-right:0px;--awb-border-radius-bottom-left:0px;--awb-margin-bottom:20px;--awb-flex-wrap:wrap;\" ><div class=\"fusion-builder-row fusion-row fusion-flex-align-items-flex-start fusion-flex-justify-content-flex-end fusion-flex-content-wrap\" style=\"max-width:1216.8px;margin-left: calc(-4% \/ 2 );margin-right: calc(-4% \/ 2 );\"><div class=\"fusion-layout-column fusion_builder_column fusion-builder-column-1 fusion_builder_column_1_1 1_1 fusion-flex-column\" style=\"--awb-bg-size:cover;--awb-width-large:100%;--awb-margin-top-large:0px;--awb-spacing-right-large:1.92%;--awb-margin-bottom-large:0px;--awb-spacing-left-large:1.92%;--awb-width-medium:100%;--awb-order-medium:0;--awb-spacing-right-medium:1.92%;--awb-spacing-left-medium:1.92%;--awb-width-small:100%;--awb-order-small:0;--awb-spacing-right-small:1.92%;--awb-spacing-left-small:1.92%;\" data-scroll-devices=\"small-visibility,medium-visibility,large-visibility\"><div class=\"fusion-column-wrapper fusion-column-has-shadow fusion-flex-justify-content-flex-start fusion-content-layout-column\"><div class=\"fusion-separator\" style=\"align-self: flex-start;margin-right:auto;margin-bottom:20px;width:100%;max-width:70px;\"><div class=\"fusion-separator-border sep-single sep-solid\" style=\"--awb-height:20px;--awb-amount:20px;--awb-sep-color:var(--awb-color4);border-color:var(--awb-color4);border-top-width:15px;\"><\/div><\/div><div class=\"fusion-title title fusion-title-1 fusion-sep-none fusion-title-text fusion-title-size-three\" style=\"--awb-margin-bottom:20px;\"><h3 class=\"fusion-title-heading title-heading-left fusion-responsive-typography-calculated\" style=\"margin:0;--fontSize:24;--minFontSize:24;line-height:var(--awb-typography1-line-height);\">DESCRIPCI\u00d3N<\/h3><\/div><div class=\"fusion-text fusion-text-1\"><div>\n<div>\n<div>\n<div>\n<p>Bajo la atenta mirada del Volc\u00e1n Etna, Catania a lo largo de su historia ha sabido adaptar su figura a los sucesivos desastres naturales que han moldeado la arquitectura de la ciudad. Siete veces arrasada por las erupciones volc\u00e1nicas del Etna, y por terremotos desoladores, las \u00faltimas m\u00e1s catastr\u00f3ficas en los a\u00f1os 1169 y 1693 obligaron a reconstruir Catania pr\u00e1cticamente desde cero. En 2002, la Unesco declar\u00f3 a Catania como patrimonio hist\u00f3rico de la humanidad.<\/p>\n<\/div>\n<\/div>\n<\/div>\n<\/div>\n<\/div><\/div><\/div><\/div><\/div><div class=\"fusion-fullwidth fullwidth-box fusion-builder-row-3 fusion-flex-container has-pattern-background has-mask-background nonhundred-percent-fullwidth non-hundred-percent-height-scrolling\" style=\"--awb-border-radius-top-left:0px;--awb-border-radius-top-right:0px;--awb-border-radius-bottom-right:0px;--awb-border-radius-bottom-left:0px;--awb-flex-wrap:wrap;\" ><div class=\"fusion-builder-row fusion-row fusion-flex-align-items-flex-start fusion-flex-content-wrap\" style=\"max-width:1216.8px;margin-left: calc(-4% \/ 2 );margin-right: calc(-4% \/ 2 );\"><div class=\"fusion-layout-column fusion_builder_column fusion-builder-column-2 fusion_builder_column_1_2 1_2 fusion-flex-column\" style=\"--awb-bg-size:cover;--awb-width-large:50%;--awb-margin-top-large:0px;--awb-spacing-right-large:10px;--awb-margin-bottom-large:20px;--awb-spacing-left-large:3.84%;--awb-width-medium:100%;--awb-order-medium:0;--awb-spacing-right-medium:1.92%;--awb-spacing-left-medium:1.92%;--awb-width-small:100%;--awb-order-small:0;--awb-spacing-right-small:1.92%;--awb-spacing-left-small:1.92%;\" data-scroll-devices=\"small-visibility,medium-visibility,large-visibility\"><div class=\"fusion-column-wrapper fusion-column-has-shadow fusion-flex-justify-content-flex-start fusion-content-layout-column\"><div class=\"fusion-separator\" style=\"align-self: flex-start;margin-right:auto;margin-bottom:20px;width:100%;max-width:70px;\"><div class=\"fusion-separator-border sep-single sep-solid\" style=\"--awb-height:20px;--awb-amount:20px;--awb-sep-color:var(--awb-color4);border-color:var(--awb-color4);border-top-width:15px;\"><\/div><\/div><div class=\"fusion-title title fusion-title-2 fusion-sep-none fusion-title-text fusion-title-size-three\" style=\"--awb-margin-bottom:20px;\"><h3 class=\"fusion-title-heading title-heading-left fusion-responsive-typography-calculated\" style=\"margin:0;--fontSize:24;--minFontSize:24;line-height:var(--awb-typography1-line-height);\">ITINERARIO<\/h3><\/div><div class=\"accordian fusion-accordian\" style=\"--awb-border-size:0px;--awb-icon-size:15px;--awb-content-font-size:15px;--awb-icon-alignment:left;--awb-hover-color:var(--awb-color1);--awb-border-color:var(--awb-color1);--awb-background-color:var(--awb-color2);--awb-divider-color:var(--awb-color3);--awb-divider-hover-color:var(--awb-color3);--awb-icon-color:var(--awb-color7);--awb-title-color:var(--awb-color7);--awb-content-color:var(--awb-color5);--awb-icon-box-color:var(--awb-color7);--awb-toggle-hover-accent-color:var(--awb-color4);--awb-title-font-family:&quot;Lato&quot;;--awb-title-font-weight:700;--awb-title-font-style:normal;--awb-content-font-family:&quot;Open Sans&quot;;--awb-content-font-style:normal;--awb-content-font-weight:400;\"><div class=\"panel-group fusion-toggle-icon-unboxed\" id=\"accordion-6742-1\"><div class=\"fusion-panel panel-default panel-57e72dd637093867f fusion-toggle-no-divider fusion-toggle-boxed-mode\" style=\"--awb-title-color:var(--awb-color7);--awb-content-color:var(--awb-color5);\"><div class=\"panel-heading\"><h4 class=\"panel-title toggle\" id=\"toggle_57e72dd637093867f\"><a aria-expanded=\"false\" aria-controls=\"57e72dd637093867f\" role=\"button\" data-toggle=\"collapse\" data-parent=\"#accordion-6742-1\" data-target=\"#57e72dd637093867f\" href=\"#57e72dd637093867f\"><span class=\"fusion-toggle-icon-wrapper\" aria-hidden=\"true\"><i class=\"fa-fusion-box active-icon awb-icon-minus\" aria-hidden=\"true\"><\/i><i class=\"fa-fusion-box inactive-icon awb-icon-plus\" aria-hidden=\"true\"><\/i><\/span><span class=\"fusion-toggle-heading\">30 DICIEMBRE. BARCELONA - CATANIA \u2708<\/span><\/a><\/h4><\/div><div id=\"57e72dd637093867f\" class=\"panel-collapse collapse \" aria-labelledby=\"toggle_57e72dd637093867f\"><div class=\"panel-body toggle-content fusion-clearfix\">\n<p><span class=\"OYPEnA font-feature-liga-off font-feature-clig-off font-feature-calt-off text-decoration-none text-strikethrough-none\">A la hora convenida saldremos de Badalona para ir al aeropuerto. Encuentro a las 10.30 en la T1 para salir a las 12.30 en vuelo regular directo de Vueling a Catania. Llegada a las 14:35, recogida de equipaje y salida hacia el centro de la ciudad de Catania, la segunda ciudad de Sicilia, donde tendremos el gran contraste entre espacios que parecen salidos de las pel\u00edculas del siglo pasado y la elegante v\u00eda Etnea. Veremos la Catedral, la fuente del elefante, seguiremos con el Castell, los diferentes conventos de todas las \u00f3rdenes del mundo. Llegada al hotel, situado en la marina de la ciudad. Cena y alojamiento.<\/span><\/p>\n<\/div><\/div><\/div><div class=\"fusion-panel panel-default panel-f3208002a3b1dcac6 fusion-toggle-no-divider fusion-toggle-boxed-mode\" style=\"--awb-title-color:var(--awb-color7);--awb-content-color:var(--awb-color5);\"><div class=\"panel-heading\"><h4 class=\"panel-title toggle\" id=\"toggle_f3208002a3b1dcac6\"><a aria-expanded=\"false\" aria-controls=\"f3208002a3b1dcac6\" role=\"button\" data-toggle=\"collapse\" data-parent=\"#accordion-6742-1\" data-target=\"#f3208002a3b1dcac6\" href=\"#f3208002a3b1dcac6\"><span class=\"fusion-toggle-icon-wrapper\" aria-hidden=\"true\"><i class=\"fa-fusion-box active-icon awb-icon-minus\" aria-hidden=\"true\"><\/i><i class=\"fa-fusion-box inactive-icon awb-icon-plus\" aria-hidden=\"true\"><\/i><\/span><span class=\"fusion-toggle-heading\">31 DICIEMBRS. CATANIA - TAORMINA - CENA FIN DE A\u00d1O<\/span><\/a><\/h4><\/div><div id=\"f3208002a3b1dcac6\" class=\"panel-collapse collapse \" aria-labelledby=\"toggle_f3208002a3b1dcac6\"><div class=\"panel-body toggle-content fusion-clearfix\">\n<p><span class=\"OYPEnA font-feature-liga-off font-feature-clig-off font-feature-calt-off text-decoration-none text-strikethrough-none\">Desayuno. La ma\u00f1ana de hoy la dedicaremos a otra de las poblaciones genialmente emplazadas sobre el mar, Taormina. Es una de las poblaciones que recuerdan un pasado glorioso en los tiempos de la Magna Grecia y desde hace ya mucho tiempo, lugar de encuentro de los viajeros famosos como Goethe \u00bfdonde no estuvo ese hombre?, Thomas Mann o Truman Capote, artistas como Greta Garbo, Cary Grant, Orson Welles, Rita Hayworth. Veremos el monumental Teatro Griego y la Bah\u00eda de Naxos desde el espectacular Belvedere. Tras el almuerzo, regresaremos al hotel y dispondremos la tarde para prepararnos para la Gala de Fin de A\u00f1o, que celebraremos en el propio hotel.<\/span><\/p>\n<\/div><\/div><\/div><div class=\"fusion-panel panel-default panel-77c74206f9efe31f6 fusion-toggle-no-divider fusion-toggle-boxed-mode\" style=\"--awb-title-color:var(--awb-color7);--awb-content-color:var(--awb-color5);\"><div class=\"panel-heading\"><h4 class=\"panel-title toggle\" id=\"toggle_77c74206f9efe31f6\"><a aria-expanded=\"false\" aria-controls=\"77c74206f9efe31f6\" role=\"button\" data-toggle=\"collapse\" data-parent=\"#accordion-6742-1\" data-target=\"#77c74206f9efe31f6\" href=\"#77c74206f9efe31f6\"><span class=\"fusion-toggle-icon-wrapper\" aria-hidden=\"true\"><i class=\"fa-fusion-box active-icon awb-icon-minus\" aria-hidden=\"true\"><\/i><i class=\"fa-fusion-box inactive-icon awb-icon-plus\" aria-hidden=\"true\"><\/i><\/span><span class=\"fusion-toggle-heading\">1 ENERO. CATANIA - CONCIERTO FIN DE A\u00d1O<\/span><\/a><\/h4><\/div><div id=\"77c74206f9efe31f6\" class=\"panel-collapse collapse \" aria-labelledby=\"toggle_77c74206f9efe31f6\"><div class=\"panel-body toggle-content fusion-clearfix\">\n<p class=\"cvGsUA direction-ltr align-justify para-style-body\"><span class=\"OYPEnA font-feature-liga-off font-feature-clig-off font-feature-calt-off text-decoration-none text-strikethrough-none\">Estancia en el hotel en pensi\u00f3n completa. Por la ma\u00f1ana, descansaremos de la probablemente larga noche anterior, y por la tarde, asistiremos al Concierto de Fin de A\u00f1o en el Teatro Bellini.<\/span><\/p>\n<p class=\"cvGsUA direction-ltr align-justify para-style-body\"><span class=\"OYPEnA font-feature-liga-off font-feature-clig-off font-feature-calt-off text-decoration-none text-strikethrough-none\">El Teatro Massimo Bellini de Catania organiza un fant\u00e1stico Concierto de Fin de A\u00f1o. Se celebrar\u00e1 el domingo 1 de enero a las 19:00. La Orquesta y el Coro del Teatro Massimo Bellini interpretar\u00e1n las notas de Johann Strauss, Pietro Mascagni, Giuseppe Verdi y otros compositores hist\u00f3ricos. Cena y alojamiento<\/span><\/p>\n<\/div><\/div><\/div><div class=\"fusion-panel panel-default panel-cb74e14c843733065 fusion-toggle-no-divider fusion-toggle-boxed-mode\" style=\"--awb-title-color:var(--awb-color7);--awb-content-color:var(--awb-color5);\"><div class=\"panel-heading\"><h4 class=\"panel-title toggle\" id=\"toggle_cb74e14c843733065\"><a aria-expanded=\"false\" aria-controls=\"cb74e14c843733065\" role=\"button\" data-toggle=\"collapse\" data-parent=\"#accordion-6742-1\" data-target=\"#cb74e14c843733065\" href=\"#cb74e14c843733065\"><span class=\"fusion-toggle-icon-wrapper\" aria-hidden=\"true\"><i class=\"fa-fusion-box active-icon awb-icon-minus\" aria-hidden=\"true\"><\/i><i class=\"fa-fusion-box inactive-icon awb-icon-plus\" aria-hidden=\"true\"><\/i><\/span><span class=\"fusion-toggle-heading\">2 ENERO. CATANIA - VILLA ROMANA DEL CASALE - VALLE DE LOS TEMPLOS - CATANIA<\/span><\/a><\/h4><\/div><div id=\"cb74e14c843733065\" class=\"panel-collapse collapse \" aria-labelledby=\"toggle_cb74e14c843733065\"><div class=\"panel-body toggle-content fusion-clearfix\">\n<p class=\"cvGsUA direction-ltr align-justify para-style-body\"><span class=\"OYPEnA font-feature-liga-off font-feature-clig-off font-feature-calt-off text-decoration-none text-strikethrough-none\">Desayuno. La jornada de hoy, intensa, est\u00e1 dedicada a dos de los<\/span><\/p>\n<p class=\"cvGsUA direction-ltr align-justify para-style-body\"><span class=\"OYPEnA font-feature-liga-off font-feature-clig-off font-feature-calt-off text-decoration-none text-strikethrough-none\">lugares m\u00e1s espectaculares de Sicilia, lugares que cada uno de ellos justifica el viaje a Sicilia. En primer lugar la Villa Romana del Casale, con sus espl\u00e9ndidos mosaicos y tras el almuerzo en<\/span><\/p>\n<p class=\"cvGsUA direction-ltr align-justify para-style-body\"><span class=\"OYPEnA font-feature-liga-off font-feature-clig-off font-feature-calt-off text-decoration-none text-strikethrough-none\">Agrigento, el valle de los Templos, regresando al hotel en Catania a \u00faltima hora de la tarde. Cena y alojamiento.<\/span><\/p>\n<\/div><\/div><\/div><div class=\"fusion-panel panel-default panel-e4ca1d74f80deb56d fusion-toggle-no-divider fusion-toggle-boxed-mode\" style=\"--awb-title-color:var(--awb-color7);--awb-content-color:var(--awb-color5);\"><div class=\"panel-heading\"><h4 class=\"panel-title toggle\" id=\"toggle_e4ca1d74f80deb56d\"><a aria-expanded=\"false\" aria-controls=\"e4ca1d74f80deb56d\" role=\"button\" data-toggle=\"collapse\" data-parent=\"#accordion-6742-1\" data-target=\"#e4ca1d74f80deb56d\" href=\"#e4ca1d74f80deb56d\"><span class=\"fusion-toggle-icon-wrapper\" aria-hidden=\"true\"><i class=\"fa-fusion-box active-icon awb-icon-minus\" aria-hidden=\"true\"><\/i><i class=\"fa-fusion-box inactive-icon awb-icon-plus\" aria-hidden=\"true\"><\/i><\/span><span class=\"fusion-toggle-heading\">3 ENERO. CATANIA - BARCELONA<\/span><\/a><\/h4><\/div><div id=\"e4ca1d74f80deb56d\" class=\"panel-collapse collapse \" aria-labelledby=\"toggle_e4ca1d74f80deb56d\"><div class=\"panel-body toggle-content fusion-clearfix\">\n<p><span class=\"OYPEnA font-feature-liga-off font-feature-clig-off font-feature-calt-off text-decoration-none text-strikethrough-none\">Desayuno en el hotel. Ma\u00f1ana libre para la consabida compra de recuerdos y regalos o pasear por la ciudad para ver algo que nos ha indicado el gu\u00eda local y que no ten\u00edamos en programa. Al mediod\u00eda, traslado al aeropuerto para salir en vuelo regular de Vueling a las 15.30 horas con llegada a Barcelona a las 17.45 y posterior traslado a Badalona.<\/span><\/p>\n<\/div><\/div><\/div><\/div><\/div>\r\n            \r\n            \r\n            \r\n            <a name='map1'><\/a>\r\n            \r\n            \r\n            \r\n            \r\n            <div class=\"wpgmza_map \"  id=\"wpgmza_map_1\" style=\"display:block; overflow:auto; width:100%; height:500px; float:left;\" data-settings='{\"id\":\"1\",\"map_title\":\"Mapa base\",\"map_width\":\"100\",\"map_height\":\"500\",\"map_start_lat\":\"35.355202541817214\",\"map_start_lng\":\"5.884582799218383\",\"map_start_location\":\"45.950464398418106,-109.81550500000003\",\"map_start_zoom\":\"2\",\"default_marker\":\"\",\"type\":\"1\",\"alignment\":\"4\",\"directions_enabled\":\"0\",\"styling_enabled\":\"0\",\"styling_json\":\"\",\"active\":\"0\",\"kml\":\"\",\"bicycle\":\"0\",\"traffic\":\"0\",\"dbox\":\"1\",\"dbox_width\":\"\",\"listmarkers\":\"0\",\"listmarkers_advanced\":\"0\",\"filterbycat\":\"0\",\"ugm_enabled\":\"0\",\"ugm_category_enabled\":\"0\",\"fusion\":\"\",\"map_width_type\":\"%\",\"map_height_type\":\"px\",\"mass_marker_support\":\"0\",\"ugm_access\":\"0\",\"order_markers_by\":\"1\",\"order_markers_choice\":\"1\",\"show_user_location\":\"0\",\"default_to\":\"\",\"other_settings\":{\"transport_layer\":null,\"shortcodeAttributes\":{\"id\":\"1\"}}}' data-map-id='1' data-shortcode-attributes='{\"id\":\"1\"}'> <\/div>\r\n            \r\n               \r\n        <div class=\"fusion-separator\" style=\"align-self: center;margin-left: auto;margin-right: auto;margin-top:45px;margin-bottom:25px;width:100%;max-width:70px;\"><div class=\"fusion-separator-border sep-single sep-solid\" style=\"--awb-height:20px;--awb-amount:20px;--awb-sep-color:var(--awb-color4);border-color:var(--awb-color4);border-top-width:15px;\"><\/div><\/div><div class=\"fusion-builder-row fusion-builder-row-inner fusion-row fusion-flex-align-items-flex-start fusion-flex-content-wrap\" style=\"width:104% !important;max-width:104% !important;margin-left: calc(-4% \/ 2 );margin-right: calc(-4% \/ 2 );\"><div class=\"fusion-layout-column fusion_builder_column_inner fusion-builder-nested-column-0 fusion_builder_column_inner_1_1 1_1 fusion-flex-column\" style=\"--awb-padding-top:20px;--awb-padding-right:20px;--awb-padding-left:20px;--awb-bg-color:var(--awb-color2);--awb-bg-color-hover:var(--awb-color2);--awb-bg-size:cover;--awb-border-color:var(--awb-color3);--awb-border-top:1px;--awb-border-right:1px;--awb-border-bottom:1px;--awb-border-left:1px;--awb-border-style:solid;--awb-width-large:100%;--awb-margin-top-large:50px;--awb-spacing-right-large:1.92%;--awb-margin-bottom-large:0px;--awb-spacing-left-large:1.92%;--awb-width-medium:100%;--awb-order-medium:0;--awb-spacing-right-medium:1.92%;--awb-spacing-left-medium:1.92%;--awb-width-small:100%;--awb-order-small:0;--awb-spacing-right-small:1.92%;--awb-spacing-left-small:1.92%;\" data-scroll-devices=\"small-visibility,medium-visibility,large-visibility\"><div class=\"fusion-column-wrapper fusion-column-has-shadow fusion-flex-justify-content-flex-start fusion-content-layout-column\"><i class=\"fb-icon-element-1 fb-icon-element fontawesome-icon icon-rodamail_outline circle-yes\" style=\"--awb-circlebordersize:1px;--awb-font-size:30.8px;--awb-width:61.6px;--awb-height:61.6px;--awb-line-height:59.6px;--awb-align-self:center;--awb-margin-top:-50px;--awb-margin-right:0px;--awb-margin-bottom:20px;--awb-margin-left:0px;\"><\/i><div class=\"fusion-title title fusion-title-3 fusion-sep-none fusion-title-center fusion-title-text fusion-title-size-four\" style=\"--awb-margin-bottom:20px;\"><h4 class=\"fusion-title-heading title-heading-center fusion-responsive-typography-calculated\" style=\"font-family:&quot;Lato&quot;;font-style:normal;font-weight:400;margin:0;--fontSize:18;--minFontSize:18;line-height:var(--awb-typography1-line-height);\">\u00bfQUIERES M\u00c1S INFORMACI\u00d3N DE ESTE VIAJE?<\/h4><\/div>\n<div class=\"wpcf7 no-js\" id=\"wpcf7-f7561-o1\" lang=\"es-ES\" dir=\"ltr\" data-wpcf7-id=\"7561\">\n<div class=\"screen-reader-response\"><p role=\"status\" aria-live=\"polite\" aria-atomic=\"true\"><\/p> <ul><\/ul><\/div>\n<form action=\"\/es\/wp-json\/wp\/v2\/viatges\/6742#wpcf7-f7561-o1\" method=\"post\" class=\"wpcf7-form init\" aria-label=\"Formulario de contacto\" novalidate=\"novalidate\" data-status=\"init\">\n<fieldset class=\"hidden-fields-container\"><input type=\"hidden\" name=\"_wpcf7\" value=\"7561\" \/><input type=\"hidden\" name=\"_wpcf7_version\" value=\"6.1.5\" \/><input type=\"hidden\" name=\"_wpcf7_locale\" value=\"es_ES\" \/><input type=\"hidden\" name=\"_wpcf7_unit_tag\" value=\"wpcf7-f7561-o1\" \/><input type=\"hidden\" name=\"_wpcf7_container_post\" value=\"0\" \/><input type=\"hidden\" name=\"_wpcf7_posted_data_hash\" value=\"\" \/><input type=\"hidden\" name=\"_wpcf7_recaptcha_response\" value=\"\" \/>\n<\/fieldset>\n<p><span class=\"wpcf7-form-control-wrap\" data-name=\"Nom\"><input size=\"40\" maxlength=\"400\" class=\"wpcf7-form-control wpcf7-text wpcf7-validates-as-required\" aria-required=\"true\" aria-invalid=\"false\" placeholder=\"Nombre *\" value=\"\" type=\"text\" name=\"Nom\" \/><\/span>\n<\/p>\n<p><span class=\"wpcf7-form-control-wrap\" data-name=\"YourMail\"><input size=\"40\" maxlength=\"400\" class=\"wpcf7-form-control wpcf7-email wpcf7-validates-as-required wpcf7-text wpcf7-validates-as-email\" aria-required=\"true\" aria-invalid=\"false\" placeholder=\"Correo electr\u00f3nico *\" value=\"\" type=\"email\" name=\"YourMail\" \/><\/span>\n<\/p>\n<p><span class=\"wpcf7-form-control-wrap\" data-name=\"Telefon\"><input size=\"40\" maxlength=\"400\" class=\"wpcf7-form-control wpcf7-tel wpcf7-text wpcf7-validates-as-tel\" aria-invalid=\"false\" placeholder=\"Tel\u00e9fono\" value=\"\" type=\"tel\" name=\"Telefon\" \/><\/span>\n<\/p>\n<p><span class=\"wpcf7-form-control-wrap\" data-name=\"Missatge\"><textarea cols=\"40\" rows=\"10\" maxlength=\"2000\" class=\"wpcf7-form-control wpcf7-textarea wpcf7-validates-as-required\" aria-required=\"true\" aria-invalid=\"false\" placeholder=\"Comentanos*\" name=\"Missatge\"><\/textarea><\/span>\n<\/p>\n<p style=\"color:#3c3c3b; font-weight:400; font-size:15px; margin-bottom: 0px;\"><span class=\"wpcf7-form-control-wrap\" data-name=\"acceptance-privacitat\"><span class=\"wpcf7-form-control wpcf7-acceptance\"><span class=\"wpcf7-list-item\"><label><input type=\"checkbox\" name=\"acceptance-privacitat\" value=\"1\" aria-invalid=\"false\" \/><span class=\"wpcf7-list-item-label\">He le\u00eddo y acepto <a href='https:\/\/roda.travel\/es\/politica-de-privacidad\/' target='_blank'>la pol\u00edtica de privacidad<\/a>.<\/span><\/label><\/span><\/span><\/span>\n<\/p>\n<p style=\"color:#3c3c3b; font-weight:400; font-size:15px; margin-bottom: 0px;\"><span class=\"wpcf7-form-control-wrap\" data-name=\"accept-noticies\"><span class=\"wpcf7-form-control wpcf7-acceptance optional\"><span class=\"wpcf7-list-item\"><label><input type=\"checkbox\" name=\"accept-noticies\" value=\"1\" aria-invalid=\"false\" \/><span class=\"wpcf7-list-item-label\">Autorizo el env\u00edo de informaci\u00f3n de TEAM TOURIST SERVICE, S.L.<\/span><\/label><\/span><\/span><\/span>\n<\/p>\n<p style=\"color:#3c3c3b; font-weight:800; font-size:14px; margin-bottom: 0px;\">INFORMACI\u00d3N B\u00c1SICA DE PROTECCI\u00d3N DE DATOS:\n<\/p>\n<p style=\"color:#3c3c3b; font-weight:400; font-size:13px; line-height: 1.2em\">Responsable del tratamiento: TEAM TOURIST SERVICE, S.L.<br \/>\nFinalidad del tratamiento: Gestionar las consultas planteadas y el env\u00edo de newsletters, comunicaciones comerciales y promociones.<br \/>\nResponsable del tratamiento: TEAM TOURIST SERVICE, S.L.<br \/>\nFinalidad del tratamiento: Gestionar las consultas planteadas y el env\u00edo de newsletters, comunicaciones comerciales y promociones.<br \/>\nLegitimaci\u00f3n del tratamiento: Inter\u00e9s leg\u00edtimo y consentimiento del interesado\/a.<br \/>\nConservaci\u00f3n de los datos: Se conservar\u00e1n mientras exista un inter\u00e9s mutuo o durante el tiempo necesario para el cumplimiento de las obligaciones legales.<br \/>\nDestinatarios: Prestadores de servicio o colaboradores.<br \/>\nDerechos: Derecho a retirar su consentimiento en cualquier momento. Derecho de acceso, rectificaci\u00f3n, portabilidad y supresi\u00f3n de los datos y la limitaci\u00f3n u oposici\u00f3n al tratamiento. Datos de contacto para ejercer sus derechos: info@roda.travel<br \/>\nInformaci\u00f3n adicional: Puede consultar la informaci\u00f3n adicional en nuestra <a href=\"https:\/\/roda.travel\/es\/politica-de-privacidad\/\" target=\"_blank\">Pol\u00edtica de Privacidad<\/a>\n<\/p>\n<p><input class=\"wpcf7-form-control wpcf7-submit has-spinner\" type=\"submit\" value=\"Enviar\" \/>\n<\/p><div class=\"fusion-alert alert custom alert-custom fusion-alert-center wpcf7-response-output fusion-alert-capitalize awb-alert-native-link-color alert-dismissable awb-alert-close-boxed\" style=\"--awb-border-size:1px;--awb-border-top-left-radius:0px;--awb-border-top-right-radius:0px;--awb-border-bottom-left-radius:0px;--awb-border-bottom-right-radius:0px;\" role=\"alert\"><div class=\"fusion-alert-content-wrapper\"><span class=\"fusion-alert-content\"><\/span><\/div><button type=\"button\" class=\"close toggle-alert\" data-dismiss=\"alert\" aria-label=\"Close\">&times;<\/button><\/div>\n<\/form>\n<\/div>\n<\/div><\/div><\/div>\n<\/div><\/div><div class=\"fusion-layout-column fusion_builder_column fusion-builder-column-3 fusion_builder_column_1_2 1_2 fusion-flex-column\" style=\"--awb-padding-left:30px;--awb-bg-size:cover;--awb-border-color:var(--awb-color2);--awb-border-left:1px;--awb-border-style:solid;--awb-width-large:50%;--awb-margin-top-large:0px;--awb-spacing-right-large:3.84%;--awb-margin-bottom-large:20px;--awb-spacing-left-large:3.84%;--awb-width-medium:100%;--awb-order-medium:0;--awb-spacing-right-medium:1.92%;--awb-spacing-left-medium:1.92%;--awb-width-small:100%;--awb-order-small:0;--awb-spacing-right-small:1.92%;--awb-spacing-left-small:1.92%;\" data-scroll-devices=\"small-visibility,medium-visibility,large-visibility\"><div class=\"fusion-column-wrapper fusion-column-has-shadow fusion-flex-justify-content-flex-start fusion-content-layout-column\"><div class=\"fusion-separator\" style=\"align-self: flex-start;margin-right:auto;margin-bottom:20px;width:100%;max-width:70px;\"><div class=\"fusion-separator-border sep-single sep-solid\" style=\"--awb-height:20px;--awb-amount:20px;--awb-sep-color:var(--awb-color4);border-color:var(--awb-color4);border-top-width:15px;\"><\/div><\/div><div class=\"fusion-title title fusion-title-4 fusion-sep-none fusion-title-text fusion-title-size-three\" style=\"--awb-margin-bottom:20px;\"><h3 class=\"fusion-title-heading title-heading-left fusion-responsive-typography-calculated\" style=\"margin:0;--fontSize:24;--minFontSize:24;line-height:var(--awb-typography1-line-height);\">PRECIOS<\/h3><\/div><div class=\"fusion-text fusion-text-2\"><p class=\"cvGsUA direction-ltr align-justify para-style-body\"><span class=\"OYPEnA font-feature-liga-off font-feature-clig-off font-feature-calt-off text-decoration-none text-strikethrough-none\">PRECIO POR PERSONA EN HAB DOBLE: 1675<\/span><span class=\"OYPEnA font-feature-liga-off font-feature-clig-off font-feature-calt-off text-decoration-none text-strikethrough-none\">\u20ac<\/span><\/p>\n<ul>\n<li><span class=\"OYPEnA font-feature-liga-off font-feature-clig-off font-feature-calt-off text-decoration-none text-strikethrough-none\">Tasas: 125<\/span><span class=\"OYPEnA font-feature-liga-off font-feature-clig-off font-feature-calt-off text-decoration-none text-strikethrough-none\">\u20ac<\/span><\/li>\n<li><span class=\"OYPEnA font-feature-liga-off font-feature-clig-off font-feature-calt-off text-decoration-none text-strikethrough-none\">Suplemento hab. Ind.: 250<\/span><span class=\"OYPEnA font-feature-liga-off font-feature-clig-off font-feature-calt-off text-decoration-none text-strikethrough-none\">\u20ac<\/span><\/li>\n<\/ul>\n<\/div><div class=\"fusion-text fusion-text-3\"><p class=\"cvGsUA direction-ltr align-justify para-style-body\"><span class=\"OYPEnA font-feature-liga-off font-feature-clig-off font-feature-calt-off text-decoration-none text-strikethrough-none\">SERVICIOS INCLUIDOS:<\/span><\/p>\n<ul>\n<li><span class=\"OYPEnA font-feature-liga-off font-feature-clig-off font-feature-calt-off text-decoration-none text-strikethrough-none\">Traslados Badalona\/aeropuerto\/Badalona (descuento por no utilizar este servicio: 30\u20ac)<\/span><\/li>\n<li><span class=\"OYPEnA font-feature-liga-off font-feature-clig-off font-feature-calt-off text-decoration-none text-strikethrough-none\">B<\/span><span class=\"OYPEnA font-feature-liga-off font-feature-clig-off font-feature-calt-off text-decoration-none text-strikethrough-none\">illete de avi\u00f3n con vueling BCN-Catania-BCN con asiento asignado y facturaci\u00f3n de maleta<\/span><\/li>\n<li><span class=\"OYPEnA font-feature-liga-off font-feature-clig-off font-feature-calt-off text-decoration-none text-strikethrough-none\">Gu\u00eda desde Badalona durante todo el viaje.<\/span><\/li>\n<li><span class=\"OYPEnA font-feature-liga-off font-feature-clig-off font-feature-calt-off text-decoration-none text-strikethrough-none\">Autocar privado por nuestro grupo.<\/span><\/li>\n<li><span class=\"OYPEnA font-feature-liga-off font-feature-clig-off font-feature-calt-off text-decoration-none text-strikethrough-none\">Servicio de gu\u00eda local regional de Sicilia, que efectuar\u00e1 las visitas del programa<\/span><\/li>\n<li><span class=\"OYPEnA font-feature-liga-off font-feature-clig-off font-feature-calt-off text-decoration-none text-strikethrough-none\">Estancia en hotel de cuatro estrellas en media pensi\u00f3n, bebidas incluidas.<\/span><\/li>\n<li><span class=\"OYPEnA font-feature-liga-off font-feature-clig-off font-feature-calt-off text-decoration-none text-strikethrough-none\">Cena de Fin de A\u00f1o en el hotel<\/span><\/li>\n<li><span class=\"OYPEnA font-feature-liga-off font-feature-clig-off font-feature-calt-off text-decoration-none text-strikethrough-none\">3 almuerzos con agua en jarra incluida<\/span><\/li>\n<li><span class=\"OYPEnA font-feature-liga-off font-feature-clig-off font-feature-calt-off text-decoration-none text-strikethrough-none\">Entradas de los monumentos que se visitan<\/span><\/li>\n<li><span class=\"OYPEnA font-feature-liga-off font-feature-clig-off font-feature-calt-off text-decoration-none text-strikethrough-none\">Entradas al Concierto de A\u00f1o Nuevo en el Teatro Massimo Bellini de Catania<\/span><\/li>\n<li><span class=\"OYPEnA font-feature-liga-off font-feature-clig-off font-feature-calt-off text-decoration-none text-strikethrough-none\">Propinas para el ch\u00f3fer y los gu\u00edas locales.<\/span><\/li>\n<li><span class=\"OYPEnA font-feature-liga-off font-feature-clig-off font-feature-calt-off text-decoration-none text-strikethrough-none\">Seguro de viaje y anulaci\u00f3n.<\/span><\/li>\n<\/ul>\n<\/div><div class=\"fusion-separator\" style=\"align-self: flex-start;margin-right:auto;margin-top:40px;margin-bottom:20px;width:100%;max-width:70px;\"><div class=\"fusion-separator-border sep-single sep-solid\" style=\"--awb-height:20px;--awb-amount:20px;--awb-sep-color:var(--awb-color4);border-color:var(--awb-color4);border-top-width:15px;\"><\/div><\/div><div class=\"fusion-title title fusion-title-5 fusion-sep-none fusion-title-text fusion-title-size-three\" style=\"--awb-margin-bottom:20px;\"><h3 class=\"fusion-title-heading title-heading-left fusion-responsive-typography-calculated\" style=\"margin:0;--fontSize:24;--minFontSize:24;line-height:var(--awb-typography1-line-height);\">MAS INFORMACI\u00d3N<\/h3><\/div><div class=\"accordian fusion-accordian\" style=\"--awb-border-size:0px;--awb-icon-size:15px;--awb-content-font-size:15px;--awb-icon-alignment:left;--awb-hover-color:var(--awb-color1);--awb-border-color:var(--awb-color1);--awb-background-color:var(--awb-color2);--awb-divider-color:var(--awb-color3);--awb-divider-hover-color:var(--awb-color3);--awb-icon-color:var(--awb-color5);--awb-title-color:var(--awb-color4);--awb-content-color:var(--awb-color5);--awb-icon-box-color:var(--awb-color7);--awb-toggle-hover-accent-color:var(--awb-color4);--awb-toggle-active-accent-color:var(--awb-color5);--awb-title-font-family:&quot;Lato&quot;;--awb-title-font-weight:700;--awb-title-font-style:normal;--awb-title-font-size:17px;--awb-content-font-family:&quot;Open Sans&quot;;--awb-content-font-style:normal;--awb-content-font-weight:400;\"><div class=\"panel-group fusion-toggle-icon-unboxed\" id=\"accordion-6742-2\"><div class=\"fusion-panel panel-default panel-a692d3d2ea2f63582 fusion-toggle-no-divider fusion-toggle-boxed-mode\" style=\"--awb-title-color:var(--awb-color7);--awb-content-color:var(--awb-color5);\"><div class=\"panel-heading\"><h4 class=\"panel-title toggle\" id=\"toggle_a692d3d2ea2f63582\"><a class=\"active\" aria-expanded=\"true\" aria-controls=\"a692d3d2ea2f63582\" role=\"button\" data-toggle=\"collapse\" data-parent=\"#accordion-6742-2\" data-target=\"#a692d3d2ea2f63582\" href=\"#a692d3d2ea2f63582\"><span class=\"fusion-toggle-icon-wrapper\" aria-hidden=\"true\"><i class=\"fa-fusion-box active-icon awb-icon-minus\" aria-hidden=\"true\"><\/i><i class=\"fa-fusion-box inactive-icon fa-info fas\" aria-hidden=\"true\"><\/i><\/span><span class=\"fusion-toggle-heading\">VUELOS PREVISTOS<\/span><\/a><\/h4><\/div><div id=\"a692d3d2ea2f63582\" class=\"panel-collapse collapse in\" aria-labelledby=\"toggle_a692d3d2ea2f63582\"><div class=\"panel-body toggle-content fusion-clearfix\">\n<p class=\"cvGsUA direction-ltr align-start para-style-body\"><span class=\"OYPEnA font-feature-liga-off font-feature-clig-off font-feature-calt-off text-decoration-none text-strikethrough-none\">BCN &#8211; CATANIA<\/span> <span class=\"OYPEnA font-feature-liga-off font-feature-clig-off font-feature-calt-off text-decoration-none text-strikethrough-none\">30 DICIEMBRE<\/span> <span class=\"OYPEnA font-feature-liga-off font-feature-clig-off font-feature-calt-off text-decoration-none text-strikethrough-none\">12:30 &#8211; 14:35h<\/span><\/p>\n<p class=\"cvGsUA direction-ltr align-start para-style-body\"><span class=\"OYPEnA font-feature-liga-off font-feature-clig-off font-feature-calt-off text-decoration-none text-strikethrough-none\">CATANIA &#8211; BCN<\/span> <span class=\"OYPEnA font-feature-liga-off font-feature-clig-off font-feature-calt-off text-decoration-none text-strikethrough-none\">3 ENERO<\/span> <span class=\"OYPEnA font-feature-liga-off font-feature-clig-off font-feature-calt-off text-decoration-none text-strikethrough-none\">15:30 &#8211; 17:45 h<\/span><\/p>\n<\/div><\/div><\/div><div class=\"fusion-panel panel-default panel-7969a2b8259abded3 fusion-toggle-no-divider fusion-toggle-boxed-mode\" style=\"--awb-title-color:var(--awb-color7);--awb-content-color:var(--awb-color5);\"><div class=\"panel-heading\"><h4 class=\"panel-title toggle\" id=\"toggle_7969a2b8259abded3\"><a aria-expanded=\"false\" aria-controls=\"7969a2b8259abded3\" role=\"button\" data-toggle=\"collapse\" data-parent=\"#accordion-6742-2\" data-target=\"#7969a2b8259abded3\" href=\"#7969a2b8259abded3\"><span class=\"fusion-toggle-icon-wrapper\" aria-hidden=\"true\"><i class=\"fa-fusion-box active-icon awb-icon-minus\" aria-hidden=\"true\"><\/i><i class=\"fa-fusion-box inactive-icon fa-info fas\" aria-hidden=\"true\"><\/i><\/span><span class=\"fusion-toggle-heading\">IMPORTANTE<\/span><\/a><\/h4><\/div><div id=\"7969a2b8259abded3\" class=\"panel-collapse collapse \" aria-labelledby=\"toggle_7969a2b8259abded3\"><div class=\"panel-body toggle-content fusion-clearfix\">\n<ul>\n<li>\n<p class=\"cvGsUA direction-ltr align-justify para-style-body\"><span class=\"OYPEnA font-feature-liga-off font-feature-clig-off font-feature-calt-off text-decoration-none text-strikethrough-none\"> En el momento de hacer la reserva deber\u00e1 dar una paga y se\u00f1al de 500 \u20ac por persona.<\/span><\/p>\n<p class=\"cvGsUA direction-ltr align-justify para-style-body\"><span class=\"OYPEnA font-feature-liga-off font-feature-clig-off font-feature-calt-off text-decoration-none text-strikethrough-none\">&#8211; El pago del resto se deber\u00e1 de hacer 30 dias antes de la salida<\/span><\/p>\n<p class=\"cvGsUA direction-ltr align-justify para-style-body\"><span class=\"OYPEnA font-feature-liga-off font-feature-clig-off font-feature-calt-off text-decoration-none text-strikethrough-none\">-DNI en vigencia<\/span><\/p>\n<p class=\"cvGsUA direction-ltr align-justify para-style-body\"><span class=\"OYPEnA font-feature-liga-off font-feature-clig-off font-feature-calt-off text-decoration-none text-strikethrough-none\">&#8211; Viaje acompa\u00f1ado desde casa con un m\u00e1ximo de 25\/30 personas.<\/span><\/p>\n<\/li>\n<\/ul>\n<\/div><\/div><\/div><div class=\"fusion-panel panel-default panel-c8ab9f8b3a3fc94a1 fusion-toggle-no-divider fusion-toggle-boxed-mode\" style=\"--awb-title-color:var(--awb-color7);--awb-content-color:var(--awb-color5);\"><div class=\"panel-heading\"><h4 class=\"panel-title toggle\" id=\"toggle_c8ab9f8b3a3fc94a1\"><a aria-expanded=\"false\" aria-controls=\"c8ab9f8b3a3fc94a1\" role=\"button\" data-toggle=\"collapse\" data-parent=\"#accordion-6742-2\" data-target=\"#c8ab9f8b3a3fc94a1\" href=\"#c8ab9f8b3a3fc94a1\"><span class=\"fusion-toggle-icon-wrapper\" aria-hidden=\"true\"><i class=\"fa-fusion-box active-icon awb-icon-minus\" aria-hidden=\"true\"><\/i><i class=\"fa-fusion-box inactive-icon fa-info fas\" aria-hidden=\"true\"><\/i><\/span><span class=\"fusion-toggle-heading\">CONDICIONES DE ANULACI\u00d3N<\/span><\/a><\/h4><\/div><div id=\"c8ab9f8b3a3fc94a1\" class=\"panel-collapse collapse \" aria-labelledby=\"toggle_c8ab9f8b3a3fc94a1\"><div class=\"panel-body toggle-content fusion-clearfix\">\n<p><strong>CONDICIONS D&#8217;ANUL\u00b7LACI\u00d3 SOBRE EL PREU PUBLICAT SEGONS L&#8217;ANTICIPACI\u00d3 AMB QU\u00c8 ES PRODUEIXI LA CANCEL\u00b7LACI\u00d3<\/strong><\/p>\n<ul>\n<li>Entre 31 i 45 dies abans de la sortida 25% del preu total.<\/li>\n<li>Entre 21 i 30 dies abans de la sortida 50% del preu total.<\/li>\n<li>100% del preu total, en els darrers 20 dies abans de la sortida.<\/li>\n<\/ul>\n<p>Les conseq\u00fc\u00e8ncies de cancel\u00b7laci\u00f3 en cas d&#8217;exig\u00e8ncies econ\u00f2miques en determinats prove\u00efdors es repercutiran sobre el client en qualsevol cas.<\/p>\n<\/div><\/div><\/div><\/div><\/div><\/div><\/div><\/div><\/div><\/p>\n","protected":false},"featured_media":6954,"template":"","categories":[95,60,59],"tags":[],"class_list":["post-6742","viatges","type-viatges","status-publish","has-post-thumbnail","hentry","category-2025-es","category-viaje-realizado","category-viaje-roda"],"acf":[],"yoast_head":"<!-- This site is optimized with the Yoast SEO plugin v27.0 - https:\/\/yoast.com\/product\/yoast-seo-wordpress\/ -->\n<title>CONCIERTO DE A\u00d1O NUEVO EN CATANIA, SICILIA 2025 - Roda Travel<\/title>\n<meta name=\"robots\" content=\"index, follow, max-snippet:-1, max-image-preview:large, max-video-preview:-1\" \/>\n<link rel=\"canonical\" href=\"https:\/\/roda.travel\/es\/viatges\/concierto-de-fin-de-ano-en-catanea-sicilia-2025\/\" \/>\n<meta property=\"og:locale\" content=\"es_ES\" \/>\n<meta property=\"og:type\" content=\"article\" \/>\n<meta property=\"og:title\" content=\"CONCIERTO DE A\u00d1O NUEVO EN CATANIA, SICILIA 2025 - Roda Travel\" \/>\n<meta property=\"og:url\" content=\"https:\/\/roda.travel\/es\/viatges\/concierto-de-fin-de-ano-en-catanea-sicilia-2025\/\" \/>\n<meta property=\"og:site_name\" content=\"Roda Travel\" \/>\n<meta property=\"article:modified_time\" content=\"2025-10-14T17:06:00+00:00\" \/>\n<meta property=\"og:image\" content=\"https:\/\/roda.travel\/wp-content\/uploads\/2025\/06\/ChatGPT-Image-18-ago-2025-18_55_53-1.png\" \/>\n\t<meta property=\"og:image:width\" content=\"1536\" \/>\n\t<meta property=\"og:image:height\" content=\"1024\" \/>\n\t<meta property=\"og:image:type\" content=\"image\/png\" \/>\n<meta name=\"twitter:card\" content=\"summary_large_image\" \/>\n<meta name=\"twitter:label1\" content=\"Tiempo de lectura\" \/>\n\t<meta name=\"twitter:data1\" content=\"5 minutos\" \/>\n<script type=\"application\/ld+json\" class=\"yoast-schema-graph\">{\"@context\":\"https:\/\/schema.org\",\"@graph\":[{\"@type\":\"WebPage\",\"@id\":\"https:\/\/roda.travel\/es\/viatges\/concierto-de-fin-de-ano-en-catanea-sicilia-2025\/\",\"url\":\"https:\/\/roda.travel\/es\/viatges\/concierto-de-fin-de-ano-en-catanea-sicilia-2025\/\",\"name\":\"CONCIERTO DE A\u00d1O NUEVO EN CATANIA, SICILIA 2025 - Roda Travel\",\"isPartOf\":{\"@id\":\"https:\/\/roda.travel\/es\/#website\"},\"primaryImageOfPage\":{\"@id\":\"https:\/\/roda.travel\/es\/viatges\/concierto-de-fin-de-ano-en-catanea-sicilia-2025\/#primaryimage\"},\"image\":{\"@id\":\"https:\/\/roda.travel\/es\/viatges\/concierto-de-fin-de-ano-en-catanea-sicilia-2025\/#primaryimage\"},\"thumbnailUrl\":\"https:\/\/roda.travel\/wp-content\/uploads\/2025\/06\/ChatGPT-Image-18-ago-2025-18_55_53-1.png\",\"datePublished\":\"2025-06-12T16:47:12+00:00\",\"dateModified\":\"2025-10-14T17:06:00+00:00\",\"breadcrumb\":{\"@id\":\"https:\/\/roda.travel\/es\/viatges\/concierto-de-fin-de-ano-en-catanea-sicilia-2025\/#breadcrumb\"},\"inLanguage\":\"es\",\"potentialAction\":[{\"@type\":\"ReadAction\",\"target\":[\"https:\/\/roda.travel\/es\/viatges\/concierto-de-fin-de-ano-en-catanea-sicilia-2025\/\"]}]},{\"@type\":\"ImageObject\",\"inLanguage\":\"es\",\"@id\":\"https:\/\/roda.travel\/es\/viatges\/concierto-de-fin-de-ano-en-catanea-sicilia-2025\/#primaryimage\",\"url\":\"https:\/\/roda.travel\/wp-content\/uploads\/2025\/06\/ChatGPT-Image-18-ago-2025-18_55_53-1.png\",\"contentUrl\":\"https:\/\/roda.travel\/wp-content\/uploads\/2025\/06\/ChatGPT-Image-18-ago-2025-18_55_53-1.png\",\"width\":1536,\"height\":1024},{\"@type\":\"BreadcrumbList\",\"@id\":\"https:\/\/roda.travel\/es\/viatges\/concierto-de-fin-de-ano-en-catanea-sicilia-2025\/#breadcrumb\",\"itemListElement\":[{\"@type\":\"ListItem\",\"position\":1,\"name\":\"Inici\",\"item\":\"https:\/\/roda.travel\/es\/\"},{\"@type\":\"ListItem\",\"position\":2,\"name\":\"CONCIERTO DE A\u00d1O NUEVO EN CATANIA, SICILIA 2025\"}]},{\"@type\":\"WebSite\",\"@id\":\"https:\/\/roda.travel\/es\/#website\",\"url\":\"https:\/\/roda.travel\/es\/\",\"name\":\"Roda Travel\",\"description\":\"\",\"potentialAction\":[{\"@type\":\"SearchAction\",\"target\":{\"@type\":\"EntryPoint\",\"urlTemplate\":\"https:\/\/roda.travel\/es\/?s={search_term_string}\"},\"query-input\":{\"@type\":\"PropertyValueSpecification\",\"valueRequired\":true,\"valueName\":\"search_term_string\"}}],\"inLanguage\":\"es\"}]}<\/script>\n<!-- \/ Yoast SEO plugin. -->","yoast_head_json":{"title":"CONCIERTO DE A\u00d1O NUEVO EN CATANIA, SICILIA 2025 - Roda Travel","robots":{"index":"index","follow":"follow","max-snippet":"max-snippet:-1","max-image-preview":"max-image-preview:large","max-video-preview":"max-video-preview:-1"},"canonical":"https:\/\/roda.travel\/es\/viatges\/concierto-de-fin-de-ano-en-catanea-sicilia-2025\/","og_locale":"es_ES","og_type":"article","og_title":"CONCIERTO DE A\u00d1O NUEVO EN CATANIA, SICILIA 2025 - Roda Travel","og_url":"https:\/\/roda.travel\/es\/viatges\/concierto-de-fin-de-ano-en-catanea-sicilia-2025\/","og_site_name":"Roda Travel","article_modified_time":"2025-10-14T17:06:00+00:00","og_image":[{"width":1536,"height":1024,"url":"https:\/\/roda.travel\/wp-content\/uploads\/2025\/06\/ChatGPT-Image-18-ago-2025-18_55_53-1.png","type":"image\/png"}],"twitter_card":"summary_large_image","twitter_misc":{"Tiempo de lectura":"5 minutos"},"schema":{"@context":"https:\/\/schema.org","@graph":[{"@type":"WebPage","@id":"https:\/\/roda.travel\/es\/viatges\/concierto-de-fin-de-ano-en-catanea-sicilia-2025\/","url":"https:\/\/roda.travel\/es\/viatges\/concierto-de-fin-de-ano-en-catanea-sicilia-2025\/","name":"CONCIERTO DE A\u00d1O NUEVO EN CATANIA, SICILIA 2025 - Roda Travel","isPartOf":{"@id":"https:\/\/roda.travel\/es\/#website"},"primaryImageOfPage":{"@id":"https:\/\/roda.travel\/es\/viatges\/concierto-de-fin-de-ano-en-catanea-sicilia-2025\/#primaryimage"},"image":{"@id":"https:\/\/roda.travel\/es\/viatges\/concierto-de-fin-de-ano-en-catanea-sicilia-2025\/#primaryimage"},"thumbnailUrl":"https:\/\/roda.travel\/wp-content\/uploads\/2025\/06\/ChatGPT-Image-18-ago-2025-18_55_53-1.png","datePublished":"2025-06-12T16:47:12+00:00","dateModified":"2025-10-14T17:06:00+00:00","breadcrumb":{"@id":"https:\/\/roda.travel\/es\/viatges\/concierto-de-fin-de-ano-en-catanea-sicilia-2025\/#breadcrumb"},"inLanguage":"es","potentialAction":[{"@type":"ReadAction","target":["https:\/\/roda.travel\/es\/viatges\/concierto-de-fin-de-ano-en-catanea-sicilia-2025\/"]}]},{"@type":"ImageObject","inLanguage":"es","@id":"https:\/\/roda.travel\/es\/viatges\/concierto-de-fin-de-ano-en-catanea-sicilia-2025\/#primaryimage","url":"https:\/\/roda.travel\/wp-content\/uploads\/2025\/06\/ChatGPT-Image-18-ago-2025-18_55_53-1.png","contentUrl":"https:\/\/roda.travel\/wp-content\/uploads\/2025\/06\/ChatGPT-Image-18-ago-2025-18_55_53-1.png","width":1536,"height":1024},{"@type":"BreadcrumbList","@id":"https:\/\/roda.travel\/es\/viatges\/concierto-de-fin-de-ano-en-catanea-sicilia-2025\/#breadcrumb","itemListElement":[{"@type":"ListItem","position":1,"name":"Inici","item":"https:\/\/roda.travel\/es\/"},{"@type":"ListItem","position":2,"name":"CONCIERTO DE A\u00d1O NUEVO EN CATANIA, SICILIA 2025"}]},{"@type":"WebSite","@id":"https:\/\/roda.travel\/es\/#website","url":"https:\/\/roda.travel\/es\/","name":"Roda Travel","description":"","potentialAction":[{"@type":"SearchAction","target":{"@type":"EntryPoint","urlTemplate":"https:\/\/roda.travel\/es\/?s={search_term_string}"},"query-input":{"@type":"PropertyValueSpecification","valueRequired":true,"valueName":"search_term_string"}}],"inLanguage":"es"}]}},"_links":{"self":[{"href":"https:\/\/roda.travel\/es\/wp-json\/wp\/v2\/viatges\/6742","targetHints":{"allow":["GET"]}}],"collection":[{"href":"https:\/\/roda.travel\/es\/wp-json\/wp\/v2\/viatges"}],"about":[{"href":"https:\/\/roda.travel\/es\/wp-json\/wp\/v2\/types\/viatges"}],"wp:featuredmedia":[{"embeddable":true,"href":"https:\/\/roda.travel\/es\/wp-json\/wp\/v2\/media\/6954"}],"wp:attachment":[{"href":"https:\/\/roda.travel\/es\/wp-json\/wp\/v2\/media?parent=6742"}],"wp:term":[{"taxonomy":"category","embeddable":true,"href":"https:\/\/roda.travel\/es\/wp-json\/wp\/v2\/categories?post=6742"},{"taxonomy":"post_tag","embeddable":true,"href":"https:\/\/roda.travel\/es\/wp-json\/wp\/v2\/tags?post=6742"}],"curies":[{"name":"wp","href":"https:\/\/api.w.org\/{rel}","templated":true}]}}