{"id":5394,"date":"2021-10-20T08:00:51","date_gmt":"2021-10-20T06:00:51","guid":{"rendered":"https:\/\/roda.travel\/viatges\/acores-i-lisboa-2021\/"},"modified":"2024-10-31T14:56:40","modified_gmt":"2024-10-31T12:56:40","slug":"azores-y-lisboa-2021","status":"publish","type":"viatges","link":"https:\/\/roda.travel\/es\/viatges\/azores-y-lisboa-2021\/","title":{"rendered":"AZORES Y LISBOA 2021"},"content":{"rendered":"<p><div class=\"fusion-fullwidth fullwidth-box fusion-builder-row-1 fusion-flex-container has-pattern-background has-mask-background nonhundred-percent-fullwidth non-hundred-percent-height-scrolling\" style=\"--awb-border-radius-top-left:0px;--awb-border-radius-top-right:0px;--awb-border-radius-bottom-right:0px;--awb-border-radius-bottom-left:0px;--awb-margin-bottom-small:40px;--awb-flex-wrap:wrap;\" ><div class=\"fusion-builder-row fusion-row fusion-flex-align-items-flex-start fusion-flex-justify-content-flex-end fusion-flex-content-wrap\" style=\"max-width:1216.8px;margin-left: calc(-4% \/ 2 );margin-right: calc(-4% \/ 2 );\"><div class=\"fusion-layout-column fusion_builder_column fusion-builder-column-0 fusion_builder_column_1_1 1_1 fusion-flex-column\" style=\"--awb-bg-size:cover;--awb-width-large:100%;--awb-margin-top-large:0px;--awb-spacing-right-large:65px;--awb-margin-bottom-large:0px;--awb-spacing-left-large:1.92%;--awb-width-medium:100%;--awb-order-medium:0;--awb-spacing-right-medium:1.92%;--awb-spacing-left-medium:1.92%;--awb-width-small:100%;--awb-order-small:0;--awb-spacing-right-small:1.92%;--awb-spacing-left-small:1.92%;\" data-scroll-devices=\"small-visibility,medium-visibility,large-visibility\"><div class=\"fusion-column-wrapper fusion-column-has-shadow fusion-flex-justify-content-flex-start fusion-content-layout-column\"><div class=\"sm-text-align-center\" style=\"text-align:right;\"><a class=\"fusion-button button-flat fusion-button-default-size button-custom fusion-button-default button-1 fusion-button-default-span fusion-button-default-type\" style=\"--button_accent_color:var(--awb-color1);--button_accent_hover_color:var(--awb-color1);--button_border_hover_color:var(--awb-color1);--button_gradient_top_color:var(--awb-color4);--button_gradient_bottom_color:var(--awb-color4);--button_gradient_top_color_hover:#db4a29;--button_gradient_bottom_color_hover:#db4a29;\" target=\"_self\" href=\"#\"><span class=\"fusion-button-icon-divider button-icon-divider-left\"><i class=\"fa-file fas awb-button__icon awb-button__icon--default\" aria-hidden=\"true\"><\/i><\/span><span class=\"fusion-button-text awb-button__text awb-button__text--default fusion-button-text-left\">DESCARREGA PDF<\/span><\/a><\/div><\/div><\/div><\/div><\/div><div class=\"fusion-fullwidth fullwidth-box fusion-builder-row-2 fusion-flex-container has-pattern-background has-mask-background nonhundred-percent-fullwidth non-hundred-percent-height-scrolling\" style=\"--awb-border-radius-top-left:0px;--awb-border-radius-top-right:0px;--awb-border-radius-bottom-right:0px;--awb-border-radius-bottom-left:0px;--awb-margin-top:100px;--awb-margin-bottom:20px;--awb-flex-wrap:wrap;\" ><div class=\"fusion-builder-row fusion-row fusion-flex-align-items-flex-start fusion-flex-justify-content-flex-end fusion-flex-content-wrap\" style=\"max-width:1216.8px;margin-left: calc(-4% \/ 2 );margin-right: calc(-4% \/ 2 );\"><div class=\"fusion-layout-column fusion_builder_column fusion-builder-column-1 fusion_builder_column_1_1 1_1 fusion-flex-column\" style=\"--awb-bg-size:cover;--awb-width-large:100%;--awb-margin-top-large:0px;--awb-spacing-right-large:1.92%;--awb-margin-bottom-large:0px;--awb-spacing-left-large:1.92%;--awb-width-medium:100%;--awb-order-medium:0;--awb-spacing-right-medium:1.92%;--awb-spacing-left-medium:1.92%;--awb-width-small:100%;--awb-order-small:0;--awb-spacing-right-small:1.92%;--awb-spacing-left-small:1.92%;\" data-scroll-devices=\"small-visibility,medium-visibility,large-visibility\"><div class=\"fusion-column-wrapper fusion-column-has-shadow fusion-flex-justify-content-flex-start fusion-content-layout-column\"><div class=\"fusion-tabs fusion-tabs-1 classic nav-is-justified horizontal-tabs icon-position-left mobile-mode-accordion\" style=\"--icon-color:hsla(var(--awb-color5-h),var(--awb-color5-s),var(--awb-color5-l),calc(var(--awb-color5-a) - 25%));--icon-active-color:var(--awb-color4);--awb-title-border-radius-top-left:0px;--awb-title-border-radius-top-right:0px;--awb-title-border-radius-bottom-right:0px;--awb-title-border-radius-bottom-left:0px;--awb-alignment:start;--awb-inactive-color:var(--awb-color2);--awb-title-text-color:hsla(var(--awb-color5-h),var(--awb-color5-s),var(--awb-color5-l),calc(var(--awb-color5-a) - 25%));--awb-background-color:var(--awb-color1);--awb-border-color:var(--awb-color3);--awb-active-border-color:var(--awb-color4);\"><div class=\"nav\"><ul class=\"nav-tabs nav-justified\" role=\"tablist\"><li class=\"active\" role=\"presentation\"><a class=\"tab-link\" data-toggle=\"tab\" role=\"tab\" aria-controls=\"tab-d13337973ce193254dd\" aria-selected=\"true\" id=\"fusion-tab-descripci\u00d3n\" href=\"#tab-d13337973ce193254dd\"><h4 class=\"fusion-tab-heading\"><i class=\"fontawesome-icon fa-book fas\" aria-hidden=\"true\" style=\"font-size:16px;\"><\/i>DESCRIPCI\u00d3N<\/h4><\/a><\/li><li role=\"presentation\"><a class=\"tab-link\" data-toggle=\"tab\" role=\"tab\" aria-controls=\"tab-0af17ad8e1a96e29877\" aria-selected=\"false\" tabindex=\"-1\" id=\"fusion-tab-itinerario\" href=\"#tab-0af17ad8e1a96e29877\"><h4 class=\"fusion-tab-heading\"><i class=\"fontawesome-icon fa-map-marker-alt fas\" aria-hidden=\"true\" style=\"font-size:16px;\"><\/i>ITINERARIO<\/h4><\/a><\/li><li role=\"presentation\"><a class=\"tab-link\" data-toggle=\"tab\" role=\"tab\" aria-controls=\"tab-a3b77ff6afb8e23d5b4\" aria-selected=\"false\" tabindex=\"-1\" id=\"fusion-tab-precios\" href=\"#tab-a3b77ff6afb8e23d5b4\"><h4 class=\"fusion-tab-heading\"><i class=\"fontawesome-icon fa-euro-sign fas\" aria-hidden=\"true\" style=\"font-size:16px;\"><\/i>PRECIOS<\/h4><\/a><\/li><li role=\"presentation\"><a class=\"tab-link\" data-toggle=\"tab\" role=\"tab\" aria-controls=\"tab-eb5785af2f88f3e9308\" aria-selected=\"false\" tabindex=\"-1\" id=\"fusion-tab-+info\" href=\"#tab-eb5785af2f88f3e9308\"><h4 class=\"fusion-tab-heading\"><i class=\"fontawesome-icon fa-info fas\" aria-hidden=\"true\" style=\"font-size:16px;\"><\/i>+ INFO<\/h4><\/a><\/li><\/ul><\/div><div class=\"tab-content\"><div class=\"nav fusion-mobile-tab-nav\"><ul class=\"nav-tabs nav-justified\" role=\"tablist\"><li class=\"active\" role=\"presentation\"><a class=\"tab-link\" data-toggle=\"tab\" role=\"tab\" aria-controls=\"tab-d13337973ce193254dd\" aria-selected=\"true\" id=\"mobile-fusion-tab-descripci\u00d3n\" href=\"#tab-d13337973ce193254dd\"><h4 class=\"fusion-tab-heading\"><i class=\"fontawesome-icon fa-book fas\" aria-hidden=\"true\" style=\"font-size:16px;\"><\/i>DESCRIPCI\u00d3N<\/h4><\/a><\/li><\/ul><\/div><div class=\"tab-pane fade fusion-clearfix in active\" role=\"tabpanel\" tabindex=\"0\" aria-labelledby=\"fusion-tab-descripci\u00d3n\" id=\"tab-d13337973ce193254dd\">\n<p>Las Azores se encuentran en el nexo de las placas tect\u00f3nicas europea, americana y africana y son testigos de las fuerzas que siempre dar\u00e1n forma a nuestro planeta. Este es un mundo de fumarolas, ollas de barro, cavernas, columnas y grutas formadas a partir de roca una vez fundida, lagos azules rodeados de bosques de laurel y verdes pastos que modelan las vertientes de las calderas.<\/p>\n<\/div><div class=\"nav fusion-mobile-tab-nav\"><ul class=\"nav-tabs nav-justified\" role=\"tablist\"><li role=\"presentation\"><a class=\"tab-link\" data-toggle=\"tab\" role=\"tab\" aria-controls=\"tab-0af17ad8e1a96e29877\" aria-selected=\"false\" tabindex=\"-1\" id=\"mobile-fusion-tab-itinerario\" href=\"#tab-0af17ad8e1a96e29877\"><h4 class=\"fusion-tab-heading\"><i class=\"fontawesome-icon fa-map-marker-alt fas\" aria-hidden=\"true\" style=\"font-size:16px;\"><\/i>ITINERARIO<\/h4><\/a><\/li><\/ul><\/div><div class=\"tab-pane fade fusion-clearfix\" role=\"tabpanel\" tabindex=\"0\" aria-labelledby=\"fusion-tab-itinerario\" id=\"tab-0af17ad8e1a96e29877\">\n<ul>\n<li>20 d\u2019octubre. BARCELONA \u2013 PONTA DELGADATrasllat des del Museu de Badalona a l\u2019aeroport de Barcelona per agafar el vol cap a Ponta Delgada.*Durant l\u2019escala del vol a Lisboa sortirem a dinar al parc de les Nacions*Trobada amb el guia local a l\u2019aeroport de Ponta Delgada i trasllat a l\u2019hotel. Sortida a peu de l\u2019hotel fins al centre hist\u00f2ric per sopar en un restaurant local.Retorn a l\u2019hotel. Allotjament a l\u2019Hotel Vila Nova o similar.<\/li>\n<li>21 d\u2019octubre. PONTA DELGADADesdejuni a l\u2019hotel. Sortida a peu de l\u2019hotel fins a la marina de Ponta Delgada des d\u2019on partir\u00e0 el viatge per a l\u2019Observaci\u00f3 de Balenes i Dofins. Les illes A\u00e7ores s\u00f3n una llar permanent o punt de pas per a m\u00e9s d\u2019un ter\u00e7 de les esp\u00e8cies de balenes i dofins del m\u00f3n. Sortida a peu per a dinar en restaurant local.A la tarda sortida a peu per a descobrir el centre de Ponta Delgada. L\u2019arquitectura distintiva de la cal\u00e7 blanca i el basalt negre li donen a la capital de l\u2019arxip\u00e8lag un rostre monocrom\u00e0tic encara que \u00e9s una ciutat plena de car\u00e0cter acolorit. Passeig pels carrers empedrats del centre hist\u00f2ric, passant per alguns dels edificis i llocs m\u00e9s interessants: el mercat, l\u2019\u00e0rea de \u201cMatriu\u201d i la pla\u00e7a de S\u00e3o Francisco. Visita al nucli d\u2019Art Sacre del Museu Carlos Machado. Retorn a l\u2019hotel. Sopar i allotjament.<\/li>\n<li>22 d\u2019octubre. PONTA DELGADA \u2013 FURNAS \u2013 LAGOA DO FOGODesdejuni a l\u2019hotel. Sortida amb autob\u00fas de l\u2019hotel cap a Furnas, un complex volc\u00e0nic hist\u00f2ricament actiu, Furnas abasteix un petit poble, la impressionant Lagoa das Furnas i dotzenes de fonts termals. Visita del jard\u00ed Terra Nostra. A les ribes de la Lagoa das Furnas \u00e9s on els vilatans cuinen el fam\u00f3s Cozido das Caldeiras, un guisat amb carns mixtes i verdures cuinades amb la calor volc\u00e0nica. Aquest ser\u00e0 el nostre dinar!Visita a la ubicaci\u00f3 de Caldeiras on es poden provar diverses aig\u00fces minerals. Continuaci\u00f3 cap al costat nord de l\u2019illa i parada en una de les plantacions de te locals. Pujada per la carretera de muntanya cap al Pico da Barrosa, on \u00e9s possible gaudir d\u2019una fabulosa vista sobre la Lagoa do Fogo. Tornada a l\u2019hotel. Sopar i allotjament.<\/li>\n<li>23 d\u2019octubre. NORD-ESTDesdejuni a l\u2019hotel. Sortida amb autob\u00fas de l\u2019hotel cap a la part oriental de l\u2019illa. El Nord-est \u00e9s una regi\u00f3 coneguda pels abruptes penya-segats costaners, la vegetaci\u00f3 ex\u00f2tica i verda i les muntanyes cobertes de boscos. Al llarg del recorregut hi ha diversos miradors on \u00e9s possible admirar i fotografiar el paisatge. Visita a la Ribeira do Caldeir\u00f5es, un parc on \u00e9s possible trobar molins d\u2019aigua i cascades. Continuaci\u00f3 per a una petita visita a peu a Vila do Nordest amb oportunitat de visitar la Casa del Treball, dedicada sobretot a la teixidura i al brodat. Parada per dinar en un restaurant local.A la tarda parada al Mirador de Ponta da Madrugada i despr\u00e9s al Povoa\u00e7\u00e3o. Aquesta vila va ser el primer lloc de l\u2019illa a ser poblat, d\u2019aqu\u00ed el seu nom \u201cPoblaci\u00f3\u201d. Tornada a l\u2019hotel. Sopar i allotjament.<\/li>\n<li>24 d\u2019octubre. PONTA DELGADA \u2013 LISBOADesdejuni a l\u2019hotel. Mat\u00ed lliure. Sortida a peu des de l\u2019hotel per dinar en un restaurant local. A la tarda sortida amb autob\u00fas de l\u2019hotel per a visitar una plantaci\u00f3 de pinyes amb diversos hivernacles, mostrant les diferents etapes de creixement i els m\u00e8todes de m\u00e0 d\u2019obra intensiva utilitzats per a produir-les. Seguim cap a la part occidental de l\u2019illa travessant la carretera de muntanya i passant per diversos miradors, fins i tot el de Vista do Rei, amb una magn\u00edfica vista del cr\u00e0ter de Sete Cidades amb els llacs \u201cbessons\u201d. Descens fins a l\u2019interior del cr\u00e0ter i parada al poble per fer un un curt passeig per les ribes.Trasllat a l\u2019aeroport per agafar vol directe cap a Lisboa. Arribada a l\u2019aeroport de Lisboa i trasllat a l\u2019hotel. Allotjament a l\u2019Hotel PortoBay Marques o similar.<\/li>\n<li>25 d\u2019octubre. LISBOA \u2013 LA CIUTAT EN TUK TUKDesdejuni a l\u2019hotel. Durant el mat\u00ed visitarem la ciutat de Lisboa d\u2019una manera m\u00e9s que divertida i din\u00e0mica: amb TUK TUK! Tindrem l\u2019oportunitat de degustar una copa de vi d\u2019Oporto, una \u201cGinginha\u201d i els famosos pastissets de Bel\u00e9m.Dinar en un restaurant local. A la tarda seguirem gaudint de la ruta amb TUK TUK per rec\u00f3rrer el casc antic de la ciutat.Sopar en un restaurant davant el riu i aprop del pont 25 d\u2019abril, a la famosa zona de les Docas a Lisboa. Tornada a l\u2019hotel. Allotjament.<\/li>\n<li>26 d\u2019octubre. LISBOA \u2013 BARCELONADesdejuni a l\u2019hotel. Durant el mat\u00ed visitarem Lisboa. A la zona de Belem trobarem els monuments m\u00e9s bonics i hist\u00f2rics dels segles XV i XVI. Farem una breu parada a la Torre de Belem, patrimoni de la humanitat de la UNESCO. Passejarem pel Monastir dels Jer\u00f2nims, una obra mestra de l\u2019estil \u201cmanuelino\u201d. Dinar a la Pla\u00e7a do Comer\u00e7o. Despr\u00e9s de dinar, trasllat cap a l\u2019aeroport de Lisboa per agafar vol directe cap a Barcelona. Arribada i trasllat cap al Museu de Badalona.FI DEL VIATGE.<\/li>\n<\/ul>\n<\/div><div class=\"nav fusion-mobile-tab-nav\"><ul class=\"nav-tabs nav-justified\" role=\"tablist\"><li role=\"presentation\"><a class=\"tab-link\" data-toggle=\"tab\" role=\"tab\" aria-controls=\"tab-a3b77ff6afb8e23d5b4\" aria-selected=\"false\" tabindex=\"-1\" id=\"mobile-fusion-tab-precios\" href=\"#tab-a3b77ff6afb8e23d5b4\"><h4 class=\"fusion-tab-heading\"><i class=\"fontawesome-icon fa-euro-sign fas\" aria-hidden=\"true\" style=\"font-size:16px;\"><\/i>PRECIOS<\/h4><\/a><\/li><\/ul><\/div><div class=\"tab-pane fade fusion-clearfix\" role=\"tabpanel\" tabindex=\"0\" aria-labelledby=\"fusion-tab-precios\" id=\"tab-a3b77ff6afb8e23d5b4\">\n<p><strong>PREU PER PERSONA EN HAB DOBLE: 1.450\u20ac<\/strong><br \/>\nTaxes: 175\u20ac<br \/>\nSuplement hab. Ind.: 200\u20ac<\/p>\n<p><strong>EL PREU INCLOU:<\/strong><br \/>\nVols directes BCN \u2013 Lisboa \u2013 Ponta Delgada \u2013 Lisboa \u2013 BCN amb facturaci\u00f3 d\u2019una maleta.<br \/>\nHotels indicats de 4 * c\u00e8ntrics.<br \/>\nPensi\u00f3 Completa durant tot el viatge (excepte sopar del 24 d\u2019octubre)<br \/>\nGuia acompanyant des de Barcelona durant tot el viatge.<br \/>\nAutocar privat per al nostre grup.<br \/>\nGuies locals de parla espanyola.<br \/>\nEntrades dels monuments que es visiten.<br \/>\nAsseguran\u00e7a de viatge i anul\u00b7laci\u00f3.<\/p>\n<p><strong>Condicions d\u2019anul\u00b7laci\u00f3 sobre el preu publicat segons l\u2019anticipaci\u00f3 amb la qual es produeixi la cancel\u00b7laci\u00f3<\/strong><\/p>\n<ul>\n<li>Entre 31 i 45 dies abans de la sortida 25%.<\/li>\n<li>Entre 21 i 30 dies abans de la sortida 50%.<\/li>\n<li>100% en els \u00faltims 20 dies abans de la sortida.<\/li>\n<li>Les conseq\u00fc\u00e8ncies de cancel\u00b7laci\u00f3 en cas d\u2019exig\u00e8ncies econ\u00f2miques en determinats prove\u00efdors es repercutiran sobre el client en qualsevol cas.<\/li>\n<\/ul>\n<\/div><div class=\"nav fusion-mobile-tab-nav\"><ul class=\"nav-tabs nav-justified\" role=\"tablist\"><li role=\"presentation\"><a class=\"tab-link\" data-toggle=\"tab\" role=\"tab\" aria-controls=\"tab-eb5785af2f88f3e9308\" aria-selected=\"false\" tabindex=\"-1\" id=\"mobile-fusion-tab-+info\" href=\"#tab-eb5785af2f88f3e9308\"><h4 class=\"fusion-tab-heading\"><i class=\"fontawesome-icon fa-info fas\" aria-hidden=\"true\" style=\"font-size:16px;\"><\/i>+ INFO<\/h4><\/a><\/li><\/ul><\/div><div class=\"tab-pane fade fusion-clearfix\" role=\"tabpanel\" tabindex=\"0\" aria-labelledby=\"fusion-tab-+info\" id=\"tab-eb5785af2f88f3e9308\">\n<p><strong>Vols Previstos<\/strong><br \/>\nBARCELONA \u2013 NANTES 6 JULIOL 07.30 \u2013 09.05<br \/>\nNANTES \u2013 BARCELONA 9 JULIOL 22.50 \u2013 00.25<\/p>\n<p>En el moment de fer la reserva s\u2019haur\u00e0 de donar una paga i senyal de 300 \u20ac per persona.<br \/>\nEl pagament de la resta caldr\u00e0 fer-lo 30 dies abans de la sortida.<br \/>\nViatge acompanyat des de Badalona amb un m\u00e0xim de 25 persones..<\/p>\n<p><strong>Propines:<\/strong><br \/>\nLes propines s\u00f3n un costum establert al sector del turisme, sempre voluntari. Nosaltres aconsellem preveure 50\u20ac per persona, 20 per al xofer i 30 a repartir entre els guies locals. Per altres serveis consultar.<\/p>\n<\/div><\/div><\/div><\/div><\/div><\/div><\/div><\/p>\n","protected":false},"featured_media":3745,"template":"","categories":[96,60,59],"tags":[61],"class_list":["post-5394","viatges","type-viatges","status-publish","has-post-thumbnail","hentry","category-2021-es","category-viaje-realizado","category-viaje-roda","tag-viaje-roda"],"acf":[],"yoast_head":"<!-- This site is optimized with the Yoast SEO plugin v27.0 - https:\/\/yoast.com\/product\/yoast-seo-wordpress\/ -->\n<title>AZORES Y LISBOA 2021 - Roda Travel<\/title>\n<meta name=\"robots\" content=\"index, follow, max-snippet:-1, max-image-preview:large, max-video-preview:-1\" \/>\n<link rel=\"canonical\" href=\"https:\/\/roda.travel\/es\/viatges\/azores-y-lisboa-2021\/\" \/>\n<meta property=\"og:locale\" content=\"es_ES\" \/>\n<meta property=\"og:type\" content=\"article\" \/>\n<meta property=\"og:title\" content=\"AZORES Y LISBOA 2021 - Roda Travel\" \/>\n<meta property=\"og:url\" content=\"https:\/\/roda.travel\/es\/viatges\/azores-y-lisboa-2021\/\" \/>\n<meta property=\"og:site_name\" content=\"Roda Travel\" \/>\n<meta property=\"article:modified_time\" content=\"2024-10-31T12:56:40+00:00\" \/>\n<meta property=\"og:image\" content=\"https:\/\/roda.travel\/wp-content\/uploads\/2024\/08\/Acores-Lagao-do-fogo-RODA.jpg\" \/>\n\t<meta property=\"og:image:width\" content=\"2000\" \/>\n\t<meta property=\"og:image:height\" content=\"1333\" \/>\n\t<meta property=\"og:image:type\" content=\"image\/jpeg\" \/>\n<meta name=\"twitter:card\" content=\"summary_large_image\" \/>\n<meta name=\"twitter:label1\" content=\"Tiempo de lectura\" \/>\n\t<meta name=\"twitter:data1\" content=\"7 minutos\" \/>\n<script type=\"application\/ld+json\" class=\"yoast-schema-graph\">{\"@context\":\"https:\/\/schema.org\",\"@graph\":[{\"@type\":\"WebPage\",\"@id\":\"https:\/\/roda.travel\/es\/viatges\/azores-y-lisboa-2021\/\",\"url\":\"https:\/\/roda.travel\/es\/viatges\/azores-y-lisboa-2021\/\",\"name\":\"AZORES Y LISBOA 2021 - Roda Travel\",\"isPartOf\":{\"@id\":\"https:\/\/roda.travel\/es\/#website\"},\"primaryImageOfPage\":{\"@id\":\"https:\/\/roda.travel\/es\/viatges\/azores-y-lisboa-2021\/#primaryimage\"},\"image\":{\"@id\":\"https:\/\/roda.travel\/es\/viatges\/azores-y-lisboa-2021\/#primaryimage\"},\"thumbnailUrl\":\"https:\/\/roda.travel\/wp-content\/uploads\/2024\/08\/Acores-Lagao-do-fogo-RODA.jpg\",\"datePublished\":\"2021-10-20T06:00:51+00:00\",\"dateModified\":\"2024-10-31T12:56:40+00:00\",\"breadcrumb\":{\"@id\":\"https:\/\/roda.travel\/es\/viatges\/azores-y-lisboa-2021\/#breadcrumb\"},\"inLanguage\":\"es\",\"potentialAction\":[{\"@type\":\"ReadAction\",\"target\":[\"https:\/\/roda.travel\/es\/viatges\/azores-y-lisboa-2021\/\"]}]},{\"@type\":\"ImageObject\",\"inLanguage\":\"es\",\"@id\":\"https:\/\/roda.travel\/es\/viatges\/azores-y-lisboa-2021\/#primaryimage\",\"url\":\"https:\/\/roda.travel\/wp-content\/uploads\/2024\/08\/Acores-Lagao-do-fogo-RODA.jpg\",\"contentUrl\":\"https:\/\/roda.travel\/wp-content\/uploads\/2024\/08\/Acores-Lagao-do-fogo-RODA.jpg\",\"width\":2000,\"height\":1333},{\"@type\":\"BreadcrumbList\",\"@id\":\"https:\/\/roda.travel\/es\/viatges\/azores-y-lisboa-2021\/#breadcrumb\",\"itemListElement\":[{\"@type\":\"ListItem\",\"position\":1,\"name\":\"Inici\",\"item\":\"https:\/\/roda.travel\/es\/\"},{\"@type\":\"ListItem\",\"position\":2,\"name\":\"AZORES Y LISBOA 2021\"}]},{\"@type\":\"WebSite\",\"@id\":\"https:\/\/roda.travel\/es\/#website\",\"url\":\"https:\/\/roda.travel\/es\/\",\"name\":\"Roda Travel\",\"description\":\"\",\"potentialAction\":[{\"@type\":\"SearchAction\",\"target\":{\"@type\":\"EntryPoint\",\"urlTemplate\":\"https:\/\/roda.travel\/es\/?s={search_term_string}\"},\"query-input\":{\"@type\":\"PropertyValueSpecification\",\"valueRequired\":true,\"valueName\":\"search_term_string\"}}],\"inLanguage\":\"es\"}]}<\/script>\n<!-- \/ Yoast SEO plugin. -->","yoast_head_json":{"title":"AZORES Y LISBOA 2021 - Roda Travel","robots":{"index":"index","follow":"follow","max-snippet":"max-snippet:-1","max-image-preview":"max-image-preview:large","max-video-preview":"max-video-preview:-1"},"canonical":"https:\/\/roda.travel\/es\/viatges\/azores-y-lisboa-2021\/","og_locale":"es_ES","og_type":"article","og_title":"AZORES Y LISBOA 2021 - Roda Travel","og_url":"https:\/\/roda.travel\/es\/viatges\/azores-y-lisboa-2021\/","og_site_name":"Roda Travel","article_modified_time":"2024-10-31T12:56:40+00:00","og_image":[{"width":2000,"height":1333,"url":"https:\/\/roda.travel\/wp-content\/uploads\/2024\/08\/Acores-Lagao-do-fogo-RODA.jpg","type":"image\/jpeg"}],"twitter_card":"summary_large_image","twitter_misc":{"Tiempo de lectura":"7 minutos"},"schema":{"@context":"https:\/\/schema.org","@graph":[{"@type":"WebPage","@id":"https:\/\/roda.travel\/es\/viatges\/azores-y-lisboa-2021\/","url":"https:\/\/roda.travel\/es\/viatges\/azores-y-lisboa-2021\/","name":"AZORES Y LISBOA 2021 - Roda Travel","isPartOf":{"@id":"https:\/\/roda.travel\/es\/#website"},"primaryImageOfPage":{"@id":"https:\/\/roda.travel\/es\/viatges\/azores-y-lisboa-2021\/#primaryimage"},"image":{"@id":"https:\/\/roda.travel\/es\/viatges\/azores-y-lisboa-2021\/#primaryimage"},"thumbnailUrl":"https:\/\/roda.travel\/wp-content\/uploads\/2024\/08\/Acores-Lagao-do-fogo-RODA.jpg","datePublished":"2021-10-20T06:00:51+00:00","dateModified":"2024-10-31T12:56:40+00:00","breadcrumb":{"@id":"https:\/\/roda.travel\/es\/viatges\/azores-y-lisboa-2021\/#breadcrumb"},"inLanguage":"es","potentialAction":[{"@type":"ReadAction","target":["https:\/\/roda.travel\/es\/viatges\/azores-y-lisboa-2021\/"]}]},{"@type":"ImageObject","inLanguage":"es","@id":"https:\/\/roda.travel\/es\/viatges\/azores-y-lisboa-2021\/#primaryimage","url":"https:\/\/roda.travel\/wp-content\/uploads\/2024\/08\/Acores-Lagao-do-fogo-RODA.jpg","contentUrl":"https:\/\/roda.travel\/wp-content\/uploads\/2024\/08\/Acores-Lagao-do-fogo-RODA.jpg","width":2000,"height":1333},{"@type":"BreadcrumbList","@id":"https:\/\/roda.travel\/es\/viatges\/azores-y-lisboa-2021\/#breadcrumb","itemListElement":[{"@type":"ListItem","position":1,"name":"Inici","item":"https:\/\/roda.travel\/es\/"},{"@type":"ListItem","position":2,"name":"AZORES Y LISBOA 2021"}]},{"@type":"WebSite","@id":"https:\/\/roda.travel\/es\/#website","url":"https:\/\/roda.travel\/es\/","name":"Roda Travel","description":"","potentialAction":[{"@type":"SearchAction","target":{"@type":"EntryPoint","urlTemplate":"https:\/\/roda.travel\/es\/?s={search_term_string}"},"query-input":{"@type":"PropertyValueSpecification","valueRequired":true,"valueName":"search_term_string"}}],"inLanguage":"es"}]}},"_links":{"self":[{"href":"https:\/\/roda.travel\/es\/wp-json\/wp\/v2\/viatges\/5394","targetHints":{"allow":["GET"]}}],"collection":[{"href":"https:\/\/roda.travel\/es\/wp-json\/wp\/v2\/viatges"}],"about":[{"href":"https:\/\/roda.travel\/es\/wp-json\/wp\/v2\/types\/viatges"}],"wp:featuredmedia":[{"embeddable":true,"href":"https:\/\/roda.travel\/es\/wp-json\/wp\/v2\/media\/3745"}],"wp:attachment":[{"href":"https:\/\/roda.travel\/es\/wp-json\/wp\/v2\/media?parent=5394"}],"wp:term":[{"taxonomy":"category","embeddable":true,"href":"https:\/\/roda.travel\/es\/wp-json\/wp\/v2\/categories?post=5394"},{"taxonomy":"post_tag","embeddable":true,"href":"https:\/\/roda.travel\/es\/wp-json\/wp\/v2\/tags?post=5394"}],"curies":[{"name":"wp","href":"https:\/\/api.w.org\/{rel}","templated":true}]}}