{"id":1525,"date":"2024-02-08T17:14:38","date_gmt":"2024-02-08T15:14:38","guid":{"rendered":"https:\/\/roda.travel\/?page_id=1525"},"modified":"2024-11-11T13:28:52","modified_gmt":"2024-11-11T11:28:52","slug":"viajes-organizados-desde-barcelona","status":"publish","type":"page","link":"https:\/\/roda.travel\/es\/viajes-organizados-desde-barcelona\/","title":{"rendered":"Viajes organizados desde barcelona"},"content":{"rendered":"<p><div class=\"fusion-fullwidth fullwidth-box fusion-builder-row-1 fusion-flex-container nonhundred-percent-fullwidth non-hundred-percent-height-scrolling\" style=\"--awb-background-position:left top;--awb-border-sizes-top:0px;--awb-border-sizes-bottom:0px;--awb-border-sizes-left:0px;--awb-border-sizes-right:0px;--awb-border-radius-top-left:0px;--awb-border-radius-top-right:0px;--awb-border-radius-bottom-right:0px;--awb-border-radius-bottom-left:0px;--awb-padding-top:20px;--awb-padding-bottom:65px;--awb-flex-wrap:wrap;\" ><div class=\"fusion-builder-row fusion-row fusion-flex-align-items-flex-start fusion-flex-content-wrap\" style=\"max-width:1216.8px;margin-left: calc(-4% \/ 2 );margin-right: calc(-4% \/ 2 );\"><div class=\"fusion-layout-column fusion_builder_column fusion-builder-column-0 fusion_builder_column_1_1 1_1 fusion-flex-column\" style=\"--awb-bg-blend:overlay;--awb-bg-size:cover;--awb-width-large:100%;--awb-margin-top-large:0px;--awb-spacing-right-large:1.92%;--awb-margin-bottom-large:20px;--awb-spacing-left-large:1.92%;--awb-width-medium:100%;--awb-spacing-right-medium:1.92%;--awb-spacing-left-medium:1.92%;--awb-width-small:100%;--awb-spacing-right-small:1.92%;--awb-spacing-left-small:1.92%;\"><div class=\"fusion-column-wrapper fusion-flex-justify-content-flex-start fusion-content-layout-column\"><div class=\"fusion-title title fusion-title-1 fusion-sep-none fusion-title-center fusion-title-text fusion-title-size-two\" style=\"--awb-font-size:54px;\"><h2 class=\"fusion-title-heading title-heading-center fusion-responsive-typography-calculated\" style=\"margin:0;font-size:1em;--fontSize:54;line-height:2;\"><h2 style=\"text-align: center;\">Despreoc\u00fapate por la planificaci\u00f3n<\/h2><\/h2><\/div><div class=\"fusion-title title fusion-title-2 fusion-sep-none fusion-title-center fusion-title-text fusion-title-size-four\"><h4 class=\"fusion-title-heading title-heading-center fusion-responsive-typography-calculated\" style=\"margin:0;--fontSize:18;--minFontSize:18;line-height:2;\">Bienvenido a Roda Travel, la agencia de viajes que va m\u00e1s all\u00e1 de tus expectativas para brindarte experiencias inolvidables. Nos especializamos en viajes organizados desde Barcelona, ofreciendo itinerarios cuidadosamente dise\u00f1ados para satisfacer tus deseos de explorar el mundo con comodidad y estilo.<\/h4><\/div><div class=\"fusion-separator separator-right\" style=\"align-self: center;margin-left: auto;margin-right: auto;margin-top:20px;margin-bottom:35px;width:100%;max-width:170px;\"><div class=\"fusion-separator-border sep-single sep-solid\" style=\"--awb-height:20px;--awb-amount:20px;--awb-sep-color:var(--awb-color8);border-color:var(--awb-color8);border-top-width:1px;\"><\/div><\/div><style type=\"text\/css\">.fusion-portfolio-wrapper#fusion-portfolio-1 .fusion-portfolio-content{ padding: 25px 25px 25px 25px; text-align: left; }<\/style><div class=\"fusion-recent-works fusion-portfolio-element fusion-portfolio fusion-portfolio-1 fusion-portfolio-grid fusion-portfolio-paging-pagination fusion-portfolio-four fusion-portfolio-boxed fusion-portfolio-text fusion-portfolio-equal-heights fusion-portfolio-rollover\" data-id=\"-rw-1\" data-columns=\"four\"><style type=\"text\/css\">.fusion-portfolio-1 .fusion-portfolio-wrapper .fusion-col-spacing{padding:6px;}<\/style><div class=\"fusion-portfolio-wrapper\" id=\"fusion-portfolio-1\" data-picturesize=\"auto\" data-pages=\"1\" style=\"margin:-6px;\"><article id=\"portfolio-1-post-1493\" class=\"fusion-portfolio-post viajes-acompanados-de-roda fusion-col-spacing post-1493\"><div class=\"fusion-portfolio-content-wrapper\" style=\"border:1px solid var(--awb-color2);border-bottom-width:3px;background-color:var(--awb-color1);\"><span class=\"vcard rich-snippet-hidden\"><span class=\"fn\"><a href=\"https:\/\/roda.travel\/es\/author\/rodacat_admin\/\" title=\"Entradas de rodacat_admin\" rel=\"author\">rodacat_admin<\/a><\/span><\/span><span class=\"updated rich-snippet-hidden\">2024-02-07T02:36:55+01:00<\/span><div  class=\"fusion-image-wrapper\" aria-haspopup=\"true\">\n\t\t\t\t<img decoding=\"async\" width=\"800\" height=\"600\" src=\"data:image\/svg+xml,%3Csvg%20xmlns%3D%27http%3A%2F%2Fwww.w3.org%2F2000%2Fsvg%27%20width%3D%27800%27%20height%3D%27600%27%20viewBox%3D%270%200%20800%20600%27%3E%3Crect%20width%3D%27800%27%20height%3D%27600%27%20fill-opacity%3D%220%22%2F%3E%3C%2Fsvg%3E\" class=\"attachment-full size-full lazyload wp-post-image\" alt=\"\" data-orig-src=\"https:\/\/roda.travel\/wp-content\/uploads\/2015\/04\/destination6.jpg\" \/><div class=\"fusion-rollover\">\n\t<div class=\"fusion-rollover-content\">\n\n\t\t\t\t\t\t\t\t\t\t\t\t\t\t<a class=\"fusion-rollover-link\" href=\"https:\/\/roda.travel\/es\/our-destination\/yellowstone-y-las-vegas-2024\/?portfolioCats=47\">YELLOWSTONE Y LAS VEGAS 2024<\/a>\n\t\t\t\n\t\t\t\t\t\t\t\t\n\t\t\n\t\t\t\t\t\t\t\t\n\t\t\t\t\t\t\t\t\n\t\t\n\t\t\t\t\t\t<a class=\"fusion-link-wrapper\" href=\"https:\/\/roda.travel\/es\/our-destination\/yellowstone-y-las-vegas-2024\/?portfolioCats=47\" aria-label=\"YELLOWSTONE Y LAS VEGAS 2024\"><\/a>\n\t<\/div>\n<\/div>\n<\/div>\n<div class=\"fusion-portfolio-content\" style=\"background-color:var(--awb-color1);\"><h2 class=\"entry-title fusion-post-title\"><a href=\"https:\/\/roda.travel\/es\/our-destination\/yellowstone-y-las-vegas-2024\/?portfolioCats=47\">YELLOWSTONE Y LAS VEGAS 2024<\/a><\/h2><div class=\"fusion-post-content\"><\/div><\/div><\/div><\/article><article id=\"portfolio-1-post-1499\" class=\"fusion-portfolio-post viajes-acompanados-de-roda fusion-col-spacing post-1499\"><div class=\"fusion-portfolio-content-wrapper\" style=\"border:1px solid var(--awb-color2);border-bottom-width:3px;background-color:var(--awb-color1);\"><span class=\"vcard rich-snippet-hidden\"><span class=\"fn\"><a href=\"https:\/\/roda.travel\/es\/author\/rodacat_admin\/\" title=\"Entradas de rodacat_admin\" rel=\"author\">rodacat_admin<\/a><\/span><\/span><span class=\"updated rich-snippet-hidden\">2024-02-07T02:39:21+01:00<\/span><div  class=\"fusion-image-wrapper\" aria-haspopup=\"true\">\n\t\t\t\t<img decoding=\"async\" width=\"800\" height=\"600\" src=\"data:image\/svg+xml,%3Csvg%20xmlns%3D%27http%3A%2F%2Fwww.w3.org%2F2000%2Fsvg%27%20width%3D%27800%27%20height%3D%27600%27%20viewBox%3D%270%200%20800%20600%27%3E%3Crect%20width%3D%27800%27%20height%3D%27600%27%20fill-opacity%3D%220%22%2F%3E%3C%2Fsvg%3E\" class=\"attachment-full size-full lazyload wp-post-image\" alt=\"\" data-orig-src=\"https:\/\/roda.travel\/wp-content\/uploads\/2015\/01\/destination3.jpg\" \/><div class=\"fusion-rollover\">\n\t<div class=\"fusion-rollover-content\">\n\n\t\t\t\t\t\t\t\t\t\t\t\t\t\t<a class=\"fusion-rollover-link\" href=\"https:\/\/roda.travel\/es\/our-destination\/yate-privado-por-el-norte-de-croacia-2024\/?portfolioCats=47\">YATE PRIVADO POR EL NORTE DE CROACIA 2024<\/a>\n\t\t\t\n\t\t\t\t\t\t\t\t\n\t\t\n\t\t\t\t\t\t\t\t\n\t\t\t\t\t\t\t\t\n\t\t\n\t\t\t\t\t\t<a class=\"fusion-link-wrapper\" href=\"https:\/\/roda.travel\/es\/our-destination\/yate-privado-por-el-norte-de-croacia-2024\/?portfolioCats=47\" aria-label=\"YATE PRIVADO POR EL NORTE DE CROACIA 2024\"><\/a>\n\t<\/div>\n<\/div>\n<\/div>\n<div class=\"fusion-portfolio-content\" style=\"background-color:var(--awb-color1);\"><h2 class=\"entry-title fusion-post-title\"><a href=\"https:\/\/roda.travel\/es\/our-destination\/yate-privado-por-el-norte-de-croacia-2024\/?portfolioCats=47\">YATE PRIVADO POR EL NORTE DE CROACIA 2024<\/a><\/h2><div class=\"fusion-post-content\"><\/div><\/div><\/div><\/article><article id=\"portfolio-1-post-1505\" class=\"fusion-portfolio-post viajes-acompanados-de-roda fusion-col-spacing post-1505\"><div class=\"fusion-portfolio-content-wrapper\" style=\"border:1px solid var(--awb-color2);border-bottom-width:3px;background-color:var(--awb-color1);\"><span class=\"vcard rich-snippet-hidden\"><span class=\"fn\"><a href=\"https:\/\/roda.travel\/es\/author\/rodacat_admin\/\" title=\"Entradas de rodacat_admin\" rel=\"author\">rodacat_admin<\/a><\/span><\/span><span class=\"updated rich-snippet-hidden\">2024-02-07T02:40:42+01:00<\/span><div  class=\"fusion-image-wrapper\" aria-haspopup=\"true\">\n\t\t\t\t<img decoding=\"async\" width=\"800\" height=\"600\" src=\"data:image\/svg+xml,%3Csvg%20xmlns%3D%27http%3A%2F%2Fwww.w3.org%2F2000%2Fsvg%27%20width%3D%27800%27%20height%3D%27600%27%20viewBox%3D%270%200%20800%20600%27%3E%3Crect%20width%3D%27800%27%20height%3D%27600%27%20fill-opacity%3D%220%22%2F%3E%3C%2Fsvg%3E\" class=\"attachment-full size-full lazyload wp-post-image\" alt=\"\" data-orig-src=\"https:\/\/roda.travel\/wp-content\/uploads\/2015\/02\/blog11.jpg\" \/><div class=\"fusion-rollover\">\n\t<div class=\"fusion-rollover-content\">\n\n\t\t\t\t\t\t\t\t\t\t\t\t\t\t<a class=\"fusion-rollover-link\" href=\"https:\/\/roda.travel\/es\/our-destination\/noruega-el-sol-de-medianoche-2024\/?portfolioCats=47\">NORUEGA: EL SOL DE MEDIANOCHE 2024<\/a>\n\t\t\t\n\t\t\t\t\t\t\t\t\n\t\t\n\t\t\t\t\t\t\t\t\n\t\t\t\t\t\t\t\t\n\t\t\n\t\t\t\t\t\t<a class=\"fusion-link-wrapper\" href=\"https:\/\/roda.travel\/es\/our-destination\/noruega-el-sol-de-medianoche-2024\/?portfolioCats=47\" aria-label=\"NORUEGA: EL SOL DE MEDIANOCHE 2024\"><\/a>\n\t<\/div>\n<\/div>\n<\/div>\n<div class=\"fusion-portfolio-content\" style=\"background-color:var(--awb-color1);\"><h2 class=\"entry-title fusion-post-title\"><a href=\"https:\/\/roda.travel\/es\/our-destination\/noruega-el-sol-de-medianoche-2024\/?portfolioCats=47\">NORUEGA: EL SOL DE MEDIANOCHE 2024<\/a><\/h2><div class=\"fusion-post-content\"><\/div><\/div><\/div><\/article><article id=\"portfolio-1-post-1508\" class=\"fusion-portfolio-post viajes-acompanados-de-roda fusion-col-spacing post-1508\"><div class=\"fusion-portfolio-content-wrapper\" style=\"border:1px solid var(--awb-color2);border-bottom-width:3px;background-color:var(--awb-color1);\"><span class=\"vcard rich-snippet-hidden\"><span class=\"fn\"><a href=\"https:\/\/roda.travel\/es\/author\/rodacat_admin\/\" title=\"Entradas de rodacat_admin\" rel=\"author\">rodacat_admin<\/a><\/span><\/span><span class=\"updated rich-snippet-hidden\">2024-02-07T02:43:30+01:00<\/span><div  class=\"fusion-image-wrapper\" aria-haspopup=\"true\">\n\t\t\t\t<img decoding=\"async\" width=\"800\" height=\"600\" src=\"data:image\/svg+xml,%3Csvg%20xmlns%3D%27http%3A%2F%2Fwww.w3.org%2F2000%2Fsvg%27%20width%3D%27800%27%20height%3D%27600%27%20viewBox%3D%270%200%20800%20600%27%3E%3Crect%20width%3D%27800%27%20height%3D%27600%27%20fill-opacity%3D%220%22%2F%3E%3C%2Fsvg%3E\" class=\"attachment-full size-full lazyload wp-post-image\" alt=\"\" data-orig-src=\"https:\/\/roda.travel\/wp-content\/uploads\/2015\/02\/blog31.jpg\" \/><div class=\"fusion-rollover\">\n\t<div class=\"fusion-rollover-content\">\n\n\t\t\t\t\t\t\t\t\t\t\t\t\t\t<a class=\"fusion-rollover-link\" href=\"https:\/\/roda.travel\/es\/our-destination\/vietnam-y-camboya-2024\/?portfolioCats=47\">VIETNAM Y CAMBOYA 2024<\/a>\n\t\t\t\n\t\t\t\t\t\t\t\t\n\t\t\n\t\t\t\t\t\t\t\t\n\t\t\t\t\t\t\t\t\n\t\t\n\t\t\t\t\t\t<a class=\"fusion-link-wrapper\" href=\"https:\/\/roda.travel\/es\/our-destination\/vietnam-y-camboya-2024\/?portfolioCats=47\" aria-label=\"VIETNAM Y CAMBOYA 2024\"><\/a>\n\t<\/div>\n<\/div>\n<\/div>\n<div class=\"fusion-portfolio-content\" style=\"background-color:var(--awb-color1);\"><h2 class=\"entry-title fusion-post-title\"><a href=\"https:\/\/roda.travel\/es\/our-destination\/vietnam-y-camboya-2024\/?portfolioCats=47\">VIETNAM Y CAMBOYA 2024<\/a><\/h2><div class=\"fusion-post-content\"><\/div><\/div><\/div><\/article><\/div><\/div><div class=\"fusion-separator\" style=\"align-self: center;margin-left: auto;margin-right: auto;flex-grow:1;margin-top:20px;margin-bottom:35px;width:100%;max-width:170px;\"><\/div><div style=\"text-align:center;\"><a class=\"fusion-button button-3d button-xlarge button-default fusion-button-default button-1 fusion-button-default-span \" target=\"_self\" href=\"https:\/\/roda.travel\/es\/destinaciones\/\"><span class=\"fusion-button-text awb-button__text awb-button__text--default\">Conoce todos los destinos<\/span><\/a><\/div><\/div><\/div><\/div><\/div><div class=\"fusion-fullwidth fullwidth-box fusion-builder-row-2 fusion-flex-container nonhundred-percent-fullwidth non-hundred-percent-height-scrolling\" style=\"--awb-background-position:left top;--awb-border-sizes-top:0px;--awb-border-sizes-bottom:0px;--awb-border-sizes-left:0px;--awb-border-sizes-right:0px;--awb-border-radius-top-left:0px;--awb-border-radius-top-right:0px;--awb-border-radius-bottom-right:0px;--awb-border-radius-bottom-left:0px;--awb-padding-top:20px;--awb-padding-bottom:65px;--awb-flex-wrap:wrap;\" ><div class=\"fusion-builder-row fusion-row fusion-flex-align-items-flex-start fusion-flex-content-wrap\" style=\"max-width:1216.8px;margin-left: calc(-4% \/ 2 );margin-right: calc(-4% \/ 2 );\"><div class=\"fusion-layout-column fusion_builder_column fusion-builder-column-1 fusion_builder_column_1_2 1_2 fusion-flex-column\" style=\"--awb-bg-blend:overlay;--awb-bg-size:cover;--awb-width-large:50%;--awb-margin-top-large:0px;--awb-spacing-right-large:3.84%;--awb-margin-bottom-large:20px;--awb-spacing-left-large:3.84%;--awb-width-medium:100%;--awb-spacing-right-medium:1.92%;--awb-spacing-left-medium:1.92%;--awb-width-small:100%;--awb-spacing-right-small:1.92%;--awb-spacing-left-small:1.92%;\"><div class=\"fusion-column-wrapper fusion-flex-justify-content-flex-start fusion-content-layout-column\"><i class=\"fb-icon-element-1 fb-icon-element fontawesome-icon icon-travel-plane-solid circle-yes\" style=\"--awb-circlebordersize:1px;--awb-font-size:32.56px;--awb-width:65.12px;--awb-height:65.12px;--awb-line-height:63.12px;--awb-align-self:center;--awb-margin-top:0px;--awb-margin-right:0px;--awb-margin-bottom:20px;--awb-margin-left:0px;\"><\/i><div class=\"fusion-text fusion-text-1\" style=\"--awb-margin-top:20px;\"><p style=\"text-align: center;\"><strong>Organizamos tu viaje: tu aventura comienza aqu\u00ed<\/strong><\/p>\n<p>En Roda Travel, entendemos que la planificaci\u00f3n de un viaje puede ser abrumadora, especialmente cuando se trata de organizarlo desde Barcelona. Es por eso que nos dedicamos a simplificar tu experiencia de viaje, garantizando itinerarios preparados por expertos, pensando en ti y en tus preferencias. Nos enorgullece ser la opci\u00f3n preferida para empresas y particulares que buscan la perfecci\u00f3n en cada detalle de su escapada.<\/p>\n<\/div><\/div><\/div><div class=\"fusion-layout-column fusion_builder_column fusion-builder-column-2 fusion_builder_column_1_2 1_2 fusion-flex-column\" style=\"--awb-bg-blend:overlay;--awb-bg-size:cover;--awb-width-large:50%;--awb-margin-top-large:0px;--awb-spacing-right-large:3.84%;--awb-margin-bottom-large:20px;--awb-spacing-left-large:3.84%;--awb-width-medium:100%;--awb-spacing-right-medium:1.92%;--awb-spacing-left-medium:1.92%;--awb-width-small:100%;--awb-spacing-right-small:1.92%;--awb-spacing-left-small:1.92%;\"><div class=\"fusion-column-wrapper fusion-flex-justify-content-flex-start fusion-content-layout-column\"><i class=\"fb-icon-element-2 fb-icon-element fontawesome-icon icon-travel-travel-symbol-logo circle-yes\" style=\"--awb-circlebordersize:1px;--awb-font-size:32.56px;--awb-width:65.12px;--awb-height:65.12px;--awb-line-height:63.12px;--awb-align-self:center;--awb-margin-top:0px;--awb-margin-right:0px;--awb-margin-bottom:20px;--awb-margin-left:0px;\"><\/i><div class=\"fusion-text fusion-text-2\" style=\"--awb-margin-top:20px;\"><p style=\"text-align: center;\"><strong>Itinerarios personalizados para grupos exclusivos<\/strong><\/p>\n<p>Nuestros viajes organizados desde Barcelona est\u00e1n dise\u00f1ados para grupos \u00edntimos de m\u00e1ximo 25 personas, permiti\u00e9ndote disfrutar de una experiencia m\u00e1s personalizada. En Roda Travel, creemos que viajar con gente de casa crea v\u00ednculos m\u00e1s fuertes y recuerdos inolvidables. Ya sea que desees explorar destinos hist\u00f3ricos, sumergirte en la belleza natural o disfrutar de aventuras emocionantes, tenemos el itinerario perfecto para ti.<\/p>\n<\/div><\/div><\/div><\/div><\/div><div class=\"fusion-fullwidth fullwidth-box fusion-builder-row-3 fusion-flex-container nonhundred-percent-fullwidth non-hundred-percent-height-scrolling\" style=\"--awb-background-position:left top;--awb-border-sizes-top:0px;--awb-border-sizes-bottom:0px;--awb-border-sizes-left:0px;--awb-border-sizes-right:0px;--awb-border-radius-top-left:0px;--awb-border-radius-top-right:0px;--awb-border-radius-bottom-right:0px;--awb-border-radius-bottom-left:0px;--awb-padding-top:60px;--awb-padding-bottom:85px;--awb-background-color:var(--awb-color2);--awb-flex-wrap:wrap;\" ><div class=\"fusion-builder-row fusion-row fusion-flex-align-items-flex-start fusion-flex-content-wrap\" style=\"max-width:1216.8px;margin-left: calc(-4% \/ 2 );margin-right: calc(-4% \/ 2 );\"><div class=\"fusion-layout-column fusion_builder_column fusion-builder-column-3 fusion_builder_column_1_1 1_1 fusion-flex-column fusion-flex-align-self-flex-start fusion-column-no-min-height\" style=\"--awb-bg-blend:overlay;--awb-bg-size:cover;--awb-width-large:100%;--awb-margin-top-large:0px;--awb-spacing-right-large:1.92%;--awb-margin-bottom-large:0px;--awb-spacing-left-large:1.92%;--awb-width-medium:100%;--awb-spacing-right-medium:1.92%;--awb-spacing-left-medium:1.92%;--awb-width-small:100%;--awb-spacing-right-small:1.92%;--awb-spacing-left-small:1.92%;\"><div class=\"fusion-column-wrapper fusion-flex-justify-content-flex-start fusion-content-layout-column\"><div class=\"fusion-title title fusion-title-3 fusion-sep-none fusion-title-center fusion-title-text fusion-title-size-two\" style=\"--awb-font-size:45px;\"><h2 class=\"fusion-title-heading title-heading-center fusion-responsive-typography-calculated\" style=\"margin:0;font-size:1em;--fontSize:45;line-height:2;\"><h2 style=\"text-align: center;\"><strong>Tu comodidad es nuestra prioridad<\/strong><\/h2><\/h2><\/div><div class=\"fusion-separator\" style=\"align-self: center;margin-left: auto;margin-right: auto;margin-top:20px;margin-bottom:35px;width:100%;max-width:170px;\"><div class=\"fusion-separator-border sep-single sep-solid\" style=\"--awb-height:20px;--awb-amount:20px;--awb-sep-color:var(--awb-color8);border-color:var(--awb-color8);border-top-width:1px;\"><\/div><\/div><\/div><\/div><div class=\"fusion-layout-column fusion_builder_column fusion-builder-column-4 fusion_builder_column_1_6 1_6 fusion-flex-column fusion-no-small-visibility fusion-no-medium-visibility\" style=\"--awb-bg-blend:overlay;--awb-bg-size:cover;--awb-width-large:16.666666666667%;--awb-margin-top-large:0px;--awb-spacing-right-large:11.52%;--awb-margin-bottom-large:20px;--awb-spacing-left-large:11.52%;--awb-width-medium:100%;--awb-spacing-right-medium:1.92%;--awb-spacing-left-medium:1.92%;--awb-width-small:100%;--awb-spacing-right-small:1.92%;--awb-spacing-left-small:1.92%;\"><div class=\"fusion-column-wrapper fusion-flex-justify-content-flex-start fusion-content-layout-column\"><\/div><\/div><div class=\"fusion-layout-column fusion_builder_column fusion-builder-column-5 fusion_builder_column_2_3 2_3 fusion-flex-column\" style=\"--awb-bg-blend:overlay;--awb-bg-size:cover;--awb-width-large:66.666666666667%;--awb-margin-top-large:0px;--awb-spacing-right-large:2.88%;--awb-margin-bottom-large:20px;--awb-spacing-left-large:2.88%;--awb-width-medium:100%;--awb-spacing-right-medium:1.92%;--awb-spacing-left-medium:1.92%;--awb-width-small:100%;--awb-spacing-right-small:1.92%;--awb-spacing-left-small:1.92%;\"><div class=\"fusion-column-wrapper fusion-flex-justify-content-flex-start fusion-content-layout-column\"><div class=\"fusion-text fusion-text-3\"><p>En Roda Travel, nos esforzamos por ofrecerte lo mejor en comodidad y lujo. Nuestros alojamientos de 4 * o 5 * garantizan una estancia placentera, mientras que nuestras opciones de comidas incluidas te permiten disfrutar al m\u00e1ximo de tus vacaciones. Queremos que te relajes y te sumerjas en la experiencia, sabiendo que cada detalle ha sido cuidadosamente planificado para tu disfrute.<\/p>\n<\/div><\/div><\/div><div class=\"fusion-layout-column fusion_builder_column fusion-builder-column-6 fusion_builder_column_1_1 1_1 fusion-flex-column fusion-flex-align-self-flex-start fusion-column-no-min-height\" style=\"--awb-bg-blend:overlay;--awb-bg-size:cover;--awb-width-large:100%;--awb-margin-top-large:30px;--awb-spacing-right-large:1.92%;--awb-margin-bottom-large:0px;--awb-spacing-left-large:1.92%;--awb-width-medium:100%;--awb-order-medium:0;--awb-spacing-right-medium:1.92%;--awb-spacing-left-medium:1.92%;--awb-width-small:100%;--awb-order-small:0;--awb-spacing-right-small:1.92%;--awb-spacing-left-small:1.92%;\" data-scroll-devices=\"small-visibility,medium-visibility,large-visibility\"><div class=\"fusion-column-wrapper fusion-column-has-shadow fusion-flex-justify-content-flex-start fusion-content-layout-column\"><div class=\"fusion-title title fusion-title-4 fusion-sep-none fusion-title-center fusion-title-text fusion-title-size-two\" style=\"--awb-font-size:45px;\"><h2 class=\"fusion-title-heading title-heading-center fusion-responsive-typography-calculated\" style=\"margin:0;font-size:1em;--fontSize:45;line-height:2;\"><h2 style=\"text-align: center;\"><strong>Asistencia personalizada en cada paso del camino<\/strong><\/h2><\/h2><\/div><div class=\"fusion-separator\" style=\"align-self: center;margin-left: auto;margin-right: auto;margin-top:20px;margin-bottom:35px;width:100%;max-width:170px;\"><div class=\"fusion-separator-border sep-single sep-solid\" style=\"--awb-height:20px;--awb-amount:20px;--awb-sep-color:var(--awb-color8);border-color:var(--awb-color8);border-top-width:1px;\"><\/div><\/div><\/div><\/div><div class=\"fusion-layout-column fusion_builder_column fusion-builder-column-7 fusion_builder_column_1_6 1_6 fusion-flex-column fusion-no-small-visibility fusion-no-medium-visibility\" style=\"--awb-bg-blend:overlay;--awb-bg-size:cover;--awb-width-large:16.666666666667%;--awb-margin-top-large:0px;--awb-spacing-right-large:11.52%;--awb-margin-bottom-large:20px;--awb-spacing-left-large:11.52%;--awb-width-medium:100%;--awb-spacing-right-medium:1.92%;--awb-spacing-left-medium:1.92%;--awb-width-small:100%;--awb-spacing-right-small:1.92%;--awb-spacing-left-small:1.92%;\"><div class=\"fusion-column-wrapper fusion-flex-justify-content-flex-start fusion-content-layout-column\"><\/div><\/div><div class=\"fusion-layout-column fusion_builder_column fusion-builder-column-8 fusion_builder_column_2_3 2_3 fusion-flex-column\" style=\"--awb-bg-blend:overlay;--awb-bg-size:cover;--awb-width-large:66.666666666667%;--awb-margin-top-large:0px;--awb-spacing-right-large:2.88%;--awb-margin-bottom-large:20px;--awb-spacing-left-large:2.88%;--awb-width-medium:100%;--awb-spacing-right-medium:1.92%;--awb-spacing-left-medium:1.92%;--awb-width-small:100%;--awb-spacing-right-small:1.92%;--awb-spacing-left-small:1.92%;\"><div class=\"fusion-column-wrapper fusion-flex-justify-content-flex-start fusion-content-layout-column\"><div class=\"fusion-text fusion-text-4\"><p>Nuestro compromiso no se detiene en la planificaci\u00f3n. En cada viaje organizado, contar\u00e1s con la asistencia personal de uno de nuestros expertos. Estamos aqu\u00ed para hac\u00e9rtelo f\u00e1cil, brind\u00e1ndote la tranquilidad de saber que est\u00e1s en manos de profesionales que se preocupan por tu bienestar y disfrute.<\/p>\n<\/div><\/div><\/div><div class=\"fusion-layout-column fusion_builder_column fusion-builder-column-9 fusion_builder_column_1_6 1_6 fusion-flex-column fusion-no-small-visibility fusion-no-medium-visibility\" style=\"--awb-bg-blend:overlay;--awb-bg-size:cover;--awb-width-large:16.666666666667%;--awb-margin-top-large:0px;--awb-spacing-right-large:11.52%;--awb-margin-bottom-large:20px;--awb-spacing-left-large:11.52%;--awb-width-medium:100%;--awb-spacing-right-medium:1.92%;--awb-spacing-left-medium:1.92%;--awb-width-small:100%;--awb-spacing-right-small:1.92%;--awb-spacing-left-small:1.92%;\"><div class=\"fusion-column-wrapper fusion-flex-justify-content-flex-start fusion-content-layout-column\"><\/div><\/div><\/div><\/div><div class=\"fusion-fullwidth fullwidth-box fusion-builder-row-4 fusion-flex-container has-pattern-background has-mask-background nonhundred-percent-fullwidth non-hundred-percent-height-scrolling\" style=\"--awb-border-radius-top-left:0px;--awb-border-radius-top-right:0px;--awb-border-radius-bottom-right:0px;--awb-border-radius-bottom-left:0px;--awb-padding-top:78px;--awb-padding-bottom:107px;--awb-margin-top:50px;--awb-margin-bottom:50px;--awb-background-color:var(--awb-color4);--awb-flex-wrap:wrap;\" ><div class=\"fusion-builder-row fusion-row fusion-flex-align-items-flex-start fusion-flex-justify-content-center fusion-flex-content-wrap\" style=\"max-width:1216.8px;margin-left: calc(-4% \/ 2 );margin-right: calc(-4% \/ 2 );\"><div class=\"fusion-layout-column fusion_builder_column fusion-builder-column-10 fusion_builder_column_1_1 1_1 fusion-flex-column\" style=\"--awb-padding-top:40px;--awb-bg-size:cover;--awb-width-large:100%;--awb-margin-top-large:0px;--awb-spacing-right-large:1.92%;--awb-margin-bottom-large:20px;--awb-spacing-left-large:1.92%;--awb-width-medium:100%;--awb-order-medium:0;--awb-spacing-right-medium:1.92%;--awb-spacing-left-medium:1.92%;--awb-width-small:100%;--awb-order-small:0;--awb-spacing-right-small:1.92%;--awb-spacing-left-small:1.92%;\" data-scroll-devices=\"small-visibility,medium-visibility,large-visibility\"><div class=\"fusion-column-wrapper fusion-column-has-shadow fusion-flex-justify-content-flex-start fusion-content-layout-column\"><div class=\"fusion-title title fusion-title-5 fusion-sep-none fusion-title-center fusion-title-text fusion-title-size-two\" style=\"--awb-text-color:#ffffff;--awb-margin-bottom:40px;--awb-font-size:54px;\"><h2 class=\"fusion-title-heading title-heading-center fusion-responsive-typography-calculated\" style=\"margin:0;font-size:1em;--fontSize:54;line-height:1;\"><p style=\"text-align: center;\"><strong>Por qu\u00e9 elegir Roda Travel para tus viajes<\/strong><\/p><\/h2><\/div><ul style=\"--awb-item-padding-bottom:50px;--awb-textcolor:#ffffff;--awb-line-height:23.8px;--awb-icon-width:23.8px;--awb-icon-height:23.8px;--awb-icon-margin:9.8px;--awb-content-margin:33.6px;--awb-circlecolor:var(--awb-color4);--awb-circle-yes-font-size:12.32px;\" class=\"fusion-checklist fusion-checklist-1 fusion-checklist-default type-icons\"><li class=\"fusion-li-item\" style=\"\"><span class=\"icon-wrapper circle-yes\"><i class=\"fusion-li-icon fa-arrow-right fas\" aria-hidden=\"true\"><\/i><\/span><div class=\"fusion-li-item-content\">\n<p>Itinerarios exclusivos y personalizados.<\/p>\n<\/div><\/li><li class=\"fusion-li-item\" style=\"\"><span class=\"icon-wrapper circle-yes\"><i class=\"fusion-li-icon fa-arrow-right fas\" aria-hidden=\"true\"><\/i><\/span><div class=\"fusion-li-item-content\">\n<p>Grupos \u00edntimos para una experiencia m\u00e1s cercana.<\/p>\n<\/div><\/li><li class=\"fusion-li-item\" style=\"\"><span class=\"icon-wrapper circle-yes\"><i class=\"fusion-li-icon fa-arrow-right fas\" aria-hidden=\"true\"><\/i><\/span><div class=\"fusion-li-item-content\">\n<p>Alojamientos de lujo y comidas incluidas.<\/p>\n<\/div><\/li><li class=\"fusion-li-item\" style=\"\"><span class=\"icon-wrapper circle-yes\"><i class=\"fusion-li-icon fa-arrow-right fas\" aria-hidden=\"true\"><\/i><\/span><div class=\"fusion-li-item-content\">\n<p>Asistencia personalizada en cada paso del camino.<\/p>\n<\/div><\/li><\/ul><\/div><\/div><\/div><\/div><div class=\"fusion-fullwidth fullwidth-box fusion-builder-row-5 fusion-flex-container has-pattern-background has-mask-background nonhundred-percent-fullwidth non-hundred-percent-height-scrolling\" style=\"--awb-border-radius-top-left:0px;--awb-border-radius-top-right:0px;--awb-border-radius-bottom-right:0px;--awb-border-radius-bottom-left:0px;--awb-margin-top:50px;--awb-margin-bottom:50px;--awb-flex-wrap:wrap;\" ><div class=\"fusion-builder-row fusion-row fusion-flex-align-items-flex-start fusion-flex-content-wrap\" style=\"max-width:1216.8px;margin-left: calc(-4% \/ 2 );margin-right: calc(-4% \/ 2 );\"><div class=\"fusion-layout-column fusion_builder_column fusion-builder-column-11 fusion_builder_column_1_2 1_2 fusion-flex-column\" style=\"--awb-bg-size:cover;--awb-width-large:50%;--awb-margin-top-large:0px;--awb-spacing-right-large:3.84%;--awb-margin-bottom-large:20px;--awb-spacing-left-large:3.84%;--awb-width-medium:100%;--awb-order-medium:0;--awb-spacing-right-medium:1.92%;--awb-spacing-left-medium:1.92%;--awb-width-small:100%;--awb-order-small:0;--awb-spacing-right-small:1.92%;--awb-spacing-left-small:1.92%;\" data-scroll-devices=\"small-visibility,medium-visibility,large-visibility\"><div class=\"fusion-column-wrapper lazyload fusion-column-has-shadow fusion-flex-justify-content-flex-start fusion-content-layout-column fusion-empty-column-bg-image fusion-column-has-bg-image\" data-bg-url=\"https:\/\/roda.travel\/wp-content\/uploads\/2024\/02\/783.jpg\" data-bg=\"https:\/\/roda.travel\/wp-content\/uploads\/2024\/02\/783.jpg\"><img decoding=\"async\" class=\"fusion-empty-dims-img-placeholder\" alt=\"Paisaje Asia en tonos morados\" src=\"data:image\/svg+xml,%3Csvg%20xmlns%3D%27http%3A%2F%2Fwww.w3.org%2F2000%2Fsvg%27%20width%3D%271900%27%20height%3D%271169%27%20viewBox%3D%270%200%201900%201169%27%3E%3Crect%20width%3D%271900%27%20height%3D%271169%27%20fill-opacity%3D%220%22%2F%3E%3C%2Fsvg%3E\"><\/div><\/div><div class=\"fusion-layout-column fusion_builder_column fusion-builder-column-12 fusion_builder_column_1_2 1_2 fusion-flex-column\" style=\"--awb-bg-size:cover;--awb-width-large:50%;--awb-margin-top-large:0px;--awb-spacing-right-large:3.84%;--awb-margin-bottom-large:20px;--awb-spacing-left-large:3.84%;--awb-width-medium:100%;--awb-order-medium:0;--awb-spacing-right-medium:1.92%;--awb-spacing-left-medium:1.92%;--awb-width-small:100%;--awb-order-small:0;--awb-spacing-right-small:1.92%;--awb-spacing-left-small:1.92%;\"><div class=\"fusion-column-wrapper fusion-column-has-shadow fusion-flex-justify-content-flex-start fusion-content-layout-column\"><div class=\"fusion-title title fusion-title-6 fusion-sep-none fusion-title-text fusion-title-size-one\"><h1 class=\"fusion-title-heading title-heading-left fusion-responsive-typography-calculated\" style=\"margin:0;--fontSize:44;line-height:1.2;\"><h2><strong>Agencia de viajes en Barcelona<\/strong><\/h2><\/h1><\/div><div class=\"fusion-text fusion-text-5\"><p>Descubre el placer de viajar con Roda Travel, donde la excelencia y la atenci\u00f3n personalizada se encuentran en cada destino. Nos enorgullece ser la opci\u00f3n n\u00famero uno para aquellos que buscan <strong>viajes organizados desde Barcelona<\/strong>. \u00a1Conf\u00eda en nosotros para hacer de tu pr\u00f3xima aventura una memoria imborrable! \u00a1Cont\u00e1ctanos ahora para comenzar tu viaje de ensue\u00f1o!<\/p>\n<\/div><\/div><\/div><\/div><\/div><\/p>\n","protected":false},"excerpt":{"rendered":"","protected":false},"author":1,"featured_media":1408,"parent":0,"menu_order":1,"comment_status":"closed","ping_status":"closed","template":"100-width.php","meta":{"_acf_changed":false,"footnotes":""},"class_list":["post-1525","page","type-page","status-publish","has-post-thumbnail","hentry"],"acf":[],"yoast_head":"<!-- This site is optimized with the Yoast SEO plugin v27.0 - https:\/\/yoast.com\/product\/yoast-seo-wordpress\/ -->\n<title>Viajes organizados desde Barcelona - Roda Travel<\/title>\n<meta name=\"description\" content=\"Roda Travel: conf\u00eda en los mejores para tus viajes organizados desde Barcelona. Destinos ex\u00f3ticos al mejor precio. Turismo responsable. \u00a1Cont\u00e1ctanos!\" \/>\n<meta name=\"robots\" content=\"index, follow, max-snippet:-1, max-image-preview:large, max-video-preview:-1\" \/>\n<link rel=\"canonical\" href=\"https:\/\/roda.travel\/es\/viajes-organizados-desde-barcelona\/\" \/>\n<meta property=\"og:locale\" content=\"es_ES\" \/>\n<meta property=\"og:type\" content=\"article\" \/>\n<meta property=\"og:title\" content=\"Viajes organizados desde Barcelona - Roda Travel\" \/>\n<meta property=\"og:description\" content=\"Roda Travel: conf\u00eda en los mejores para tus viajes organizados desde Barcelona. Destinos ex\u00f3ticos al mejor precio. Turismo responsable. \u00a1Cont\u00e1ctanos!\" \/>\n<meta property=\"og:url\" content=\"https:\/\/roda.travel\/es\/viajes-organizados-desde-barcelona\/\" \/>\n<meta property=\"og:site_name\" content=\"Roda Travel\" \/>\n<meta property=\"article:modified_time\" content=\"2024-11-11T11:28:52+00:00\" \/>\n<meta property=\"og:image\" content=\"https:\/\/roda.travel\/wp-content\/uploads\/2015\/01\/about-baner11.jpg\" \/>\n\t<meta property=\"og:image:width\" content=\"1950\" \/>\n\t<meta property=\"og:image:height\" content=\"1200\" \/>\n\t<meta property=\"og:image:type\" content=\"image\/jpeg\" \/>\n<meta name=\"twitter:card\" content=\"summary_large_image\" \/>\n<meta name=\"twitter:label1\" content=\"Tiempo de lectura\" \/>\n\t<meta name=\"twitter:data1\" content=\"4 minutos\" \/>\n<script type=\"application\/ld+json\" class=\"yoast-schema-graph\">{\"@context\":\"https:\/\/schema.org\",\"@graph\":[{\"@type\":\"WebPage\",\"@id\":\"https:\/\/roda.travel\/es\/viajes-organizados-desde-barcelona\/\",\"url\":\"https:\/\/roda.travel\/es\/viajes-organizados-desde-barcelona\/\",\"name\":\"Viajes organizados desde Barcelona - Roda Travel\",\"isPartOf\":{\"@id\":\"https:\/\/roda.travel\/es\/#website\"},\"primaryImageOfPage\":{\"@id\":\"https:\/\/roda.travel\/es\/viajes-organizados-desde-barcelona\/#primaryimage\"},\"image\":{\"@id\":\"https:\/\/roda.travel\/es\/viajes-organizados-desde-barcelona\/#primaryimage\"},\"thumbnailUrl\":\"https:\/\/roda.travel\/wp-content\/uploads\/2015\/01\/about-baner11.jpg\",\"datePublished\":\"2024-02-08T15:14:38+00:00\",\"dateModified\":\"2024-11-11T11:28:52+00:00\",\"description\":\"Roda Travel: conf\u00eda en los mejores para tus viajes organizados desde Barcelona. Destinos ex\u00f3ticos al mejor precio. Turismo responsable. \u00a1Cont\u00e1ctanos!\",\"breadcrumb\":{\"@id\":\"https:\/\/roda.travel\/es\/viajes-organizados-desde-barcelona\/#breadcrumb\"},\"inLanguage\":\"es\",\"potentialAction\":[{\"@type\":\"ReadAction\",\"target\":[\"https:\/\/roda.travel\/es\/viajes-organizados-desde-barcelona\/\"]}]},{\"@type\":\"ImageObject\",\"inLanguage\":\"es\",\"@id\":\"https:\/\/roda.travel\/es\/viajes-organizados-desde-barcelona\/#primaryimage\",\"url\":\"https:\/\/roda.travel\/wp-content\/uploads\/2015\/01\/about-baner11.jpg\",\"contentUrl\":\"https:\/\/roda.travel\/wp-content\/uploads\/2015\/01\/about-baner11.jpg\",\"width\":1950,\"height\":1200},{\"@type\":\"BreadcrumbList\",\"@id\":\"https:\/\/roda.travel\/es\/viajes-organizados-desde-barcelona\/#breadcrumb\",\"itemListElement\":[{\"@type\":\"ListItem\",\"position\":1,\"name\":\"Inici\",\"item\":\"https:\/\/roda.travel\/es\/\"},{\"@type\":\"ListItem\",\"position\":2,\"name\":\"Viajes organizados desde barcelona\"}]},{\"@type\":\"WebSite\",\"@id\":\"https:\/\/roda.travel\/es\/#website\",\"url\":\"https:\/\/roda.travel\/es\/\",\"name\":\"Roda Travel\",\"description\":\"\",\"potentialAction\":[{\"@type\":\"SearchAction\",\"target\":{\"@type\":\"EntryPoint\",\"urlTemplate\":\"https:\/\/roda.travel\/es\/?s={search_term_string}\"},\"query-input\":{\"@type\":\"PropertyValueSpecification\",\"valueRequired\":true,\"valueName\":\"search_term_string\"}}],\"inLanguage\":\"es\"}]}<\/script>\n<!-- \/ Yoast SEO plugin. -->","yoast_head_json":{"title":"Viajes organizados desde Barcelona - Roda Travel","description":"Roda Travel: conf\u00eda en los mejores para tus viajes organizados desde Barcelona. Destinos ex\u00f3ticos al mejor precio. Turismo responsable. \u00a1Cont\u00e1ctanos!","robots":{"index":"index","follow":"follow","max-snippet":"max-snippet:-1","max-image-preview":"max-image-preview:large","max-video-preview":"max-video-preview:-1"},"canonical":"https:\/\/roda.travel\/es\/viajes-organizados-desde-barcelona\/","og_locale":"es_ES","og_type":"article","og_title":"Viajes organizados desde Barcelona - Roda Travel","og_description":"Roda Travel: conf\u00eda en los mejores para tus viajes organizados desde Barcelona. Destinos ex\u00f3ticos al mejor precio. Turismo responsable. \u00a1Cont\u00e1ctanos!","og_url":"https:\/\/roda.travel\/es\/viajes-organizados-desde-barcelona\/","og_site_name":"Roda Travel","article_modified_time":"2024-11-11T11:28:52+00:00","og_image":[{"width":1950,"height":1200,"url":"https:\/\/roda.travel\/wp-content\/uploads\/2015\/01\/about-baner11.jpg","type":"image\/jpeg"}],"twitter_card":"summary_large_image","twitter_misc":{"Tiempo de lectura":"4 minutos"},"schema":{"@context":"https:\/\/schema.org","@graph":[{"@type":"WebPage","@id":"https:\/\/roda.travel\/es\/viajes-organizados-desde-barcelona\/","url":"https:\/\/roda.travel\/es\/viajes-organizados-desde-barcelona\/","name":"Viajes organizados desde Barcelona - Roda Travel","isPartOf":{"@id":"https:\/\/roda.travel\/es\/#website"},"primaryImageOfPage":{"@id":"https:\/\/roda.travel\/es\/viajes-organizados-desde-barcelona\/#primaryimage"},"image":{"@id":"https:\/\/roda.travel\/es\/viajes-organizados-desde-barcelona\/#primaryimage"},"thumbnailUrl":"https:\/\/roda.travel\/wp-content\/uploads\/2015\/01\/about-baner11.jpg","datePublished":"2024-02-08T15:14:38+00:00","dateModified":"2024-11-11T11:28:52+00:00","description":"Roda Travel: conf\u00eda en los mejores para tus viajes organizados desde Barcelona. Destinos ex\u00f3ticos al mejor precio. Turismo responsable. \u00a1Cont\u00e1ctanos!","breadcrumb":{"@id":"https:\/\/roda.travel\/es\/viajes-organizados-desde-barcelona\/#breadcrumb"},"inLanguage":"es","potentialAction":[{"@type":"ReadAction","target":["https:\/\/roda.travel\/es\/viajes-organizados-desde-barcelona\/"]}]},{"@type":"ImageObject","inLanguage":"es","@id":"https:\/\/roda.travel\/es\/viajes-organizados-desde-barcelona\/#primaryimage","url":"https:\/\/roda.travel\/wp-content\/uploads\/2015\/01\/about-baner11.jpg","contentUrl":"https:\/\/roda.travel\/wp-content\/uploads\/2015\/01\/about-baner11.jpg","width":1950,"height":1200},{"@type":"BreadcrumbList","@id":"https:\/\/roda.travel\/es\/viajes-organizados-desde-barcelona\/#breadcrumb","itemListElement":[{"@type":"ListItem","position":1,"name":"Inici","item":"https:\/\/roda.travel\/es\/"},{"@type":"ListItem","position":2,"name":"Viajes organizados desde barcelona"}]},{"@type":"WebSite","@id":"https:\/\/roda.travel\/es\/#website","url":"https:\/\/roda.travel\/es\/","name":"Roda Travel","description":"","potentialAction":[{"@type":"SearchAction","target":{"@type":"EntryPoint","urlTemplate":"https:\/\/roda.travel\/es\/?s={search_term_string}"},"query-input":{"@type":"PropertyValueSpecification","valueRequired":true,"valueName":"search_term_string"}}],"inLanguage":"es"}]}},"_links":{"self":[{"href":"https:\/\/roda.travel\/es\/wp-json\/wp\/v2\/pages\/1525","targetHints":{"allow":["GET"]}}],"collection":[{"href":"https:\/\/roda.travel\/es\/wp-json\/wp\/v2\/pages"}],"about":[{"href":"https:\/\/roda.travel\/es\/wp-json\/wp\/v2\/types\/page"}],"author":[{"embeddable":true,"href":"https:\/\/roda.travel\/es\/wp-json\/wp\/v2\/users\/1"}],"replies":[{"embeddable":true,"href":"https:\/\/roda.travel\/es\/wp-json\/wp\/v2\/comments?post=1525"}],"version-history":[{"count":35,"href":"https:\/\/roda.travel\/es\/wp-json\/wp\/v2\/pages\/1525\/revisions"}],"predecessor-version":[{"id":1568,"href":"https:\/\/roda.travel\/es\/wp-json\/wp\/v2\/pages\/1525\/revisions\/1568"}],"wp:featuredmedia":[{"embeddable":true,"href":"https:\/\/roda.travel\/es\/wp-json\/wp\/v2\/media\/1408"}],"wp:attachment":[{"href":"https:\/\/roda.travel\/es\/wp-json\/wp\/v2\/media?parent=1525"}],"curies":[{"name":"wp","href":"https:\/\/api.w.org\/{rel}","templated":true}]}}