{"id":1505,"date":"2024-02-06T21:06:28","date_gmt":"2024-02-06T19:06:28","guid":{"rendered":"https:\/\/roda.travel\/our-destination\/noruega-el-sol-de-medianoche-2024\/"},"modified":"2024-02-07T02:40:42","modified_gmt":"2024-02-07T00:40:42","slug":"noruega-el-sol-de-medianoche-2024","status":"publish","type":"avada_portfolio","link":"https:\/\/roda.travel\/es\/our-destination\/noruega-el-sol-de-medianoche-2024\/","title":{"rendered":"NORUEGA: EL SOL DE MEDIANOCHE 2024"},"content":{"rendered":"<p><div class=\"fusion-fullwidth fullwidth-box fusion-builder-row-1 fusion-flex-container has-pattern-background has-mask-background nonhundred-percent-fullwidth non-hundred-percent-height-scrolling\" style=\"--awb-border-radius-top-left:0px;--awb-border-radius-top-right:0px;--awb-border-radius-bottom-right:0px;--awb-border-radius-bottom-left:0px;--awb-padding-top:30px;--awb-padding-right:0px;--awb-padding-bottom:0px;--awb-padding-left:0px;--awb-margin-top:0px;--awb-margin-bottom:100px;--awb-background-color:var(--awb-color2);--awb-flex-wrap:wrap;\" ><div class=\"fusion-builder-row fusion-row fusion-flex-align-items-flex-start fusion-flex-content-wrap\" style=\"max-width:1216.8px;margin-left: calc(-4% \/ 2 );margin-right: calc(-4% \/ 2 );\"><div class=\"fusion-layout-column fusion_builder_column fusion-builder-column-0 fusion_builder_column_1_3 1_3 fusion-flex-column\" style=\"--awb-bg-size:cover;--awb-width-large:33.333333333333%;--awb-margin-top-large:0px;--awb-spacing-right-large:5.76%;--awb-margin-bottom-large:20px;--awb-spacing-left-large:5.76%;--awb-width-medium:100%;--awb-order-medium:0;--awb-spacing-right-medium:1.92%;--awb-spacing-left-medium:1.92%;--awb-width-small:100%;--awb-order-small:0;--awb-spacing-right-small:1.92%;--awb-spacing-left-small:1.92%;\" data-scroll-devices=\"small-visibility,medium-visibility,large-visibility\"><div class=\"fusion-column-wrapper fusion-column-has-shadow fusion-flex-justify-content-space-around fusion-content-layout-column\"><i class=\"fb-icon-element-1 fb-icon-element fontawesome-icon fa-calendar-alt fas circle-yes\" style=\"--awb-circlecolor:var(--awb-color4);--awb-circlebordersize:0px;--awb-font-size:28.16px;--awb-width:56.32px;--awb-height:56.32px;--awb-line-height:56.32px;--awb-align-self:center;--awb-margin-top:0px;--awb-margin-right:0px;--awb-margin-bottom:20px;--awb-margin-left:0px;\"><\/i><div class=\"fusion-title title fusion-title-1 fusion-sep-none fusion-title-center fusion-title-text fusion-title-size-three\"><h3 class=\"fusion-title-heading title-heading-center fusion-responsive-typography-calculated\" style=\"margin:0;--fontSize:24;--minFontSize:24;line-height:var(--awb-typography1-line-height);\"><p>Data de sortida<\/p>\n<p>5 de juny<\/p><\/h3><\/div><\/div><\/div><div class=\"fusion-layout-column fusion_builder_column fusion-builder-column-1 fusion_builder_column_1_3 1_3 fusion-flex-column\" style=\"--awb-bg-size:cover;--awb-width-large:33.333333333333%;--awb-margin-top-large:0px;--awb-spacing-right-large:5.76%;--awb-margin-bottom-large:20px;--awb-spacing-left-large:5.76%;--awb-width-medium:100%;--awb-order-medium:0;--awb-spacing-right-medium:1.92%;--awb-spacing-left-medium:1.92%;--awb-width-small:100%;--awb-order-small:0;--awb-spacing-right-small:1.92%;--awb-spacing-left-small:1.92%;\" data-scroll-devices=\"small-visibility,medium-visibility,large-visibility\"><div class=\"fusion-column-wrapper fusion-column-has-shadow fusion-flex-justify-content-space-around fusion-content-layout-column\"><i class=\"fb-icon-element-2 fb-icon-element fontawesome-icon fa-history fas circle-yes\" style=\"--awb-circlecolor:var(--awb-color4);--awb-circlebordersize:0px;--awb-font-size:28.16px;--awb-width:56.32px;--awb-height:56.32px;--awb-line-height:56.32px;--awb-align-self:center;--awb-margin-top:0px;--awb-margin-right:0px;--awb-margin-bottom:20px;--awb-margin-left:0px;\"><\/i><div class=\"fusion-title title fusion-title-2 fusion-sep-none fusion-title-center fusion-title-text fusion-title-size-three\"><h3 class=\"fusion-title-heading title-heading-center fusion-responsive-typography-calculated\" style=\"margin:0;--fontSize:24;--minFontSize:24;line-height:var(--awb-typography1-line-height);\"><p>Durada:<\/p>\n<p>12 dies<\/p><\/h3><\/div><\/div><\/div><div class=\"fusion-layout-column fusion_builder_column fusion-builder-column-2 fusion_builder_column_1_3 1_3 fusion-flex-column\" style=\"--awb-bg-size:cover;--awb-width-large:33.333333333333%;--awb-margin-top-large:0px;--awb-spacing-right-large:5.76%;--awb-margin-bottom-large:20px;--awb-spacing-left-large:5.76%;--awb-width-medium:100%;--awb-order-medium:0;--awb-spacing-right-medium:1.92%;--awb-spacing-left-medium:1.92%;--awb-width-small:100%;--awb-order-small:0;--awb-spacing-right-small:1.92%;--awb-spacing-left-small:1.92%;\" data-scroll-devices=\"small-visibility,medium-visibility,large-visibility\"><div class=\"fusion-column-wrapper fusion-column-has-shadow fusion-flex-justify-content-space-around fusion-content-layout-column\"><i class=\"fb-icon-element-3 fb-icon-element fontawesome-icon fa-suitcase fas circle-yes\" style=\"--awb-circlecolor:var(--awb-color4);--awb-circlebordersize:0px;--awb-font-size:28.16px;--awb-width:56.32px;--awb-height:56.32px;--awb-line-height:56.32px;--awb-align-self:center;--awb-margin-top:0px;--awb-margin-right:0px;--awb-margin-bottom:20px;--awb-margin-left:0px;\"><\/i><div class=\"fusion-title title fusion-title-3 fusion-sep-none fusion-title-center fusion-title-text fusion-title-size-three\"><h3 class=\"fusion-title-heading title-heading-center fusion-responsive-typography-calculated\" style=\"margin:0;--fontSize:24;--minFontSize:24;line-height:var(--awb-typography1-line-height);\"><p>Tipus de viatge:<\/p>\n<p>Acompanyat<\/p><\/h3><\/div><\/div><\/div><\/div><\/div><div class=\"fusion-fullwidth fullwidth-box fusion-builder-row-2 fusion-flex-container has-pattern-background has-mask-background nonhundred-percent-fullwidth non-hundred-percent-height-scrolling\" style=\"--awb-border-radius-top-left:0px;--awb-border-radius-top-right:0px;--awb-border-radius-bottom-right:0px;--awb-border-radius-bottom-left:0px;--awb-flex-wrap:wrap;\" ><div class=\"fusion-builder-row fusion-row fusion-flex-align-items-flex-start fusion-flex-content-wrap\" style=\"max-width:1216.8px;margin-left: calc(-4% \/ 2 );margin-right: calc(-4% \/ 2 );\"><div class=\"fusion-layout-column fusion_builder_column fusion-builder-column-3 fusion_builder_column_1_1 1_1 fusion-flex-column\" style=\"--awb-bg-size:cover;--awb-width-large:100%;--awb-margin-top-large:0px;--awb-spacing-right-large:1.92%;--awb-margin-bottom-large:20px;--awb-spacing-left-large:1.92%;--awb-width-medium:100%;--awb-order-medium:0;--awb-spacing-right-medium:1.92%;--awb-spacing-left-medium:1.92%;--awb-width-small:100%;--awb-order-small:0;--awb-spacing-right-small:1.92%;--awb-spacing-left-small:1.92%;\"><div class=\"fusion-column-wrapper fusion-column-has-shadow fusion-flex-justify-content-flex-start fusion-content-layout-column\"><div class=\"fusion-tabs fusion-tabs-1 classic nav-is-justified horizontal-tabs icon-position-left mobile-mode-accordion\" style=\"--icon-color:hsla(var(--awb-color5-h),var(--awb-color5-s),var(--awb-color5-l),calc(var(--awb-color5-a) - 25%));--icon-active-color:var(--awb-color4);--awb-title-border-radius-top-left:0px;--awb-title-border-radius-top-right:0px;--awb-title-border-radius-bottom-right:0px;--awb-title-border-radius-bottom-left:0px;--awb-alignment:start;--awb-inactive-color:var(--awb-color2);--awb-title-text-color:hsla(var(--awb-color5-h),var(--awb-color5-s),var(--awb-color5-l),calc(var(--awb-color5-a) - 25%));--awb-background-color:var(--awb-color1);--awb-border-color:var(--awb-color3);--awb-active-border-color:var(--awb-color4);\"><div class=\"nav\"><ul class=\"nav-tabs nav-justified\" role=\"tablist\"><li class=\"active\" role=\"presentation\"><a class=\"tab-link\" data-toggle=\"tab\" role=\"tab\" aria-controls=\"tab-483e68f29a1cca5ff8b\" aria-selected=\"true\" id=\"fusion-tab-descripci\u00f3\" href=\"#tab-483e68f29a1cca5ff8b\"><h4 class=\"fusion-tab-heading\"><i class=\"fontawesome-icon fa-pen fas\" aria-hidden=\"true\" style=\"font-size:16px;\"><\/i>Descripci\u00f3<\/h4><\/a><\/li><li role=\"presentation\"><a class=\"tab-link\" data-toggle=\"tab\" role=\"tab\" aria-controls=\"tab-94f44e90462443ef919\" aria-selected=\"false\" tabindex=\"-1\" id=\"fusion-tab-itinerari\" href=\"#tab-94f44e90462443ef919\"><h4 class=\"fusion-tab-heading\"><i class=\"fontawesome-icon fa-map-marker-alt fas\" aria-hidden=\"true\" style=\"font-size:16px;\"><\/i>Itinerari<\/h4><\/a><\/li><li role=\"presentation\"><a class=\"tab-link\" data-toggle=\"tab\" role=\"tab\" aria-controls=\"tab-51f36f54293f8d6892c\" aria-selected=\"false\" tabindex=\"-1\" id=\"fusion-tab-preus\" href=\"#tab-51f36f54293f8d6892c\"><h4 class=\"fusion-tab-heading\"><i class=\"fontawesome-icon fa-euro-sign fas\" aria-hidden=\"true\" style=\"font-size:16px;\"><\/i>Preus<\/h4><\/a><\/li><li role=\"presentation\"><a class=\"tab-link\" data-toggle=\"tab\" role=\"tab\" aria-controls=\"tab-076aaae8285463d8379\" aria-selected=\"false\" tabindex=\"-1\" id=\"fusion-tab-m\u00e9sinformaci\u00f3\" href=\"#tab-076aaae8285463d8379\"><h4 class=\"fusion-tab-heading\"><i class=\"fontawesome-icon fa-info fas\" aria-hidden=\"true\" style=\"font-size:16px;\"><\/i>M\u00e9s informaci\u00f3<\/h4><\/a><\/li><\/ul><\/div><div class=\"tab-content\"><div class=\"nav fusion-mobile-tab-nav\"><ul class=\"nav-tabs nav-justified\" role=\"tablist\"><li class=\"active\" role=\"presentation\"><a class=\"tab-link\" data-toggle=\"tab\" role=\"tab\" aria-controls=\"tab-483e68f29a1cca5ff8b\" aria-selected=\"true\" id=\"mobile-fusion-tab-descripci\u00f3\" href=\"#tab-483e68f29a1cca5ff8b\"><h4 class=\"fusion-tab-heading\"><i class=\"fontawesome-icon fa-pen fas\" aria-hidden=\"true\" style=\"font-size:16px;\"><\/i>Descripci\u00f3<\/h4><\/a><\/li><\/ul><\/div><div class=\"tab-pane fade fusion-clearfix in active\" role=\"tabpanel\" tabindex=\"0\" aria-labelledby=\"fusion-tab-descripci\u00f3\" id=\"tab-483e68f29a1cca5ff8b\">\n<p>Deixa\u2019t captivar pel magn\u00edfic paisatge noruec mentre descobreixes les seves muntanyes majestuoses, fiords impressionants i ciutats amb encant. Una Immersi\u00f3 en la Natura i la Cultura. De les llums del Nord a les ciutats costaneres, Noruega ofereix una experi\u00e8ncia \u00fanica que combina la bellesa natural amb una riquesa cultural fascinant. Imagina\u2019t explorant els racons rec\u00f2ndits dels fiords o gaudint de la pau dels boscos noruecs.<\/p>\n<\/div><div class=\"nav fusion-mobile-tab-nav\"><ul class=\"nav-tabs nav-justified\" role=\"tablist\"><li role=\"presentation\"><a class=\"tab-link\" data-toggle=\"tab\" role=\"tab\" aria-controls=\"tab-94f44e90462443ef919\" aria-selected=\"false\" tabindex=\"-1\" id=\"mobile-fusion-tab-itinerari\" href=\"#tab-94f44e90462443ef919\"><h4 class=\"fusion-tab-heading\"><i class=\"fontawesome-icon fa-map-marker-alt fas\" aria-hidden=\"true\" style=\"font-size:16px;\"><\/i>Itinerari<\/h4><\/a><\/li><\/ul><\/div><div class=\"tab-pane fade fusion-clearfix\" role=\"tabpanel\" tabindex=\"0\" aria-labelledby=\"fusion-tab-itinerari\" id=\"tab-94f44e90462443ef919\">\n<p>Deixa\u2019t captivar pel magn\u00edfic paisatge noruec mentre descobreixes les seves muntanyes majestuoses, fiords impressionants i ciutats amb encant. Una Immersi\u00f3 en la Natura i la Cultura. De les llums del Nord a les ciutats costaneres, Noruega ofereix una experi\u00e8ncia \u00fanica que combina la bellesa natural amb una riquesa cultural fascinant. Imagina\u2019t explorant els racons rec\u00f2ndits dels fiords o gaudint de la pau dels boscos noruecs.<\/p>\n<\/div><div class=\"nav fusion-mobile-tab-nav\"><ul class=\"nav-tabs nav-justified\" role=\"tablist\"><li role=\"presentation\"><a class=\"tab-link\" data-toggle=\"tab\" role=\"tab\" aria-controls=\"tab-51f36f54293f8d6892c\" aria-selected=\"false\" tabindex=\"-1\" id=\"mobile-fusion-tab-preus\" href=\"#tab-51f36f54293f8d6892c\"><h4 class=\"fusion-tab-heading\"><i class=\"fontawesome-icon fa-euro-sign fas\" aria-hidden=\"true\" style=\"font-size:16px;\"><\/i>Preus<\/h4><\/a><\/li><\/ul><\/div><div class=\"tab-pane fade fusion-clearfix\" role=\"tabpanel\" tabindex=\"0\" aria-labelledby=\"fusion-tab-preus\" id=\"tab-51f36f54293f8d6892c\">\n<p>PREU PER PERSONA EN HAB DOBLE:<\/p>\n<ul>\n<li><strong>5.380\u20ac<\/strong><\/li>\n<li>Taxes: 395\u20ac<\/li>\n<\/ul>\n<p>EL PREU INCLOU:<\/p>\n<ul>\n<li>Vols amb escala a Oslo: Bcn \u2013 Alta i Evenes \u2013 Bcn<\/li>\n<li>Transport i guia per per a tot el recorregut<\/li>\n<li>11 nits d\u2019allotjament: a rorbur (Cabanya) tradicional i hotels 5*,4* i 3* sup<\/li>\n<li>R\u00e8gim d\u2019allotjament i esmorzar + 7 sopars a l\u2019hotel + 7 dinars en ruta. Snaks en excursions.<\/li>\n<\/ul>\n<p>ACTIVITATS INCLOSES:<\/p>\n<ul>\n<li>Navegaci\u00f3 pel Can\u00f3 d\u2019Alta<\/li>\n<li>Safari per veure balenes amb vaixell + museu.<\/li>\n<li>Safari de puffins amb llanxa<\/li>\n<li>Mirador de Fjellheisen en telef\u00e8ric (Tromso)<\/li>\n<li>Museu Viking<\/li>\n<li>Navegaci\u00f3 en llanxa pel Fiord del Troll i \u00e0guiles pescadores<\/li>\n<\/ul>\n<\/div><div class=\"nav fusion-mobile-tab-nav\"><ul class=\"nav-tabs nav-justified\" role=\"tablist\"><li role=\"presentation\"><a class=\"tab-link\" data-toggle=\"tab\" role=\"tab\" aria-controls=\"tab-076aaae8285463d8379\" aria-selected=\"false\" tabindex=\"-1\" id=\"mobile-fusion-tab-m\u00e9sinformaci\u00f3\" href=\"#tab-076aaae8285463d8379\"><h4 class=\"fusion-tab-heading\"><i class=\"fontawesome-icon fa-info fas\" aria-hidden=\"true\" style=\"font-size:16px;\"><\/i>M\u00e9s informaci\u00f3<\/h4><\/a><\/li><\/ul><\/div><div class=\"tab-pane fade fusion-clearfix\" role=\"tabpanel\" tabindex=\"0\" aria-labelledby=\"fusion-tab-m\u00e9sinformaci\u00f3\" id=\"tab-076aaae8285463d8379\">\n<h3>Vols Previstos<\/h3>\n<p>BARCELONA \u2013 ALTA 05 JUNY<\/p>\n<p>EVENES \u2013 BARCELONA 16 JUNY<\/p>\n<h3>Important:<\/h3>\n<p>En el moment de fer la reserva caldr\u00e0 donar una paga i senyal de 300\u20ac per persona.<\/p>\n<p>El pagament de la resta s\u2019haur\u00e0 de fer 30 dies abans de la sortida<\/p>\n<p>Viatge acompanyat des de Badalona amb un m\u00e0xim de 25 persones.<\/p>\n<h3>Propines:<\/h3>\n<p>Les propines s\u00f3n un costum establert al sector del turisme, sempre voluntari. Nosaltres aconsellem preveure 50\u20ac per persona a repartir entre els guies. Per altres serveis consultar.<\/p>\n<h3>Condicions d\u2019anul\u00b7laci\u00f3 sobre el preu publicat segons l\u2019anticipaci\u00f3 amb qu\u00e8 es produeixi la cancel\u00b7laci\u00f3<\/h3>\n<p>Entre 31 i 45 dies abans de la sortida 25%.<\/p>\n<p>Entre 21 i 30 dies abans de la sortida 50%.<\/p>\n<p>100% en els darrers 20 dies abans de la sortida.<\/p>\n<p>Les conseq\u00fc\u00e8ncies de cancel\u00b7laci\u00f3 en cas d\u2019exig\u00e8ncies econ\u00f2miques en determinats prove\u00efdors es repercutiran sobre el client en qualsevol cas<\/p>\n<\/div><\/div><\/div><\/div><\/div><\/div><\/div><\/p>\n","protected":false},"excerpt":{"rendered":"","protected":false},"author":1,"featured_media":1420,"menu_order":4,"comment_status":"closed","ping_status":"closed","template":"","format":"standard","meta":{"_acf_changed":false,"footnotes":""},"portfolio_category":[47],"portfolio_skills":[],"portfolio_tags":[],"class_list":["post-1505","avada_portfolio","type-avada_portfolio","status-publish","format-standard","has-post-thumbnail","hentry","portfolio_category-viajes-acompanados-de-roda"],"acf":[],"yoast_head":"<!-- This site is optimized with the Yoast SEO plugin v27.0 - https:\/\/yoast.com\/product\/yoast-seo-wordpress\/ -->\n<title>NORUEGA: EL SOL DE MEDIANOCHE 2024 - Roda Travel<\/title>\n<meta name=\"robots\" content=\"index, follow, max-snippet:-1, max-image-preview:large, max-video-preview:-1\" \/>\n<link rel=\"canonical\" href=\"https:\/\/roda.travel\/es\/our-destination\/noruega-el-sol-de-medianoche-2024\/\" \/>\n<meta property=\"og:locale\" content=\"es_ES\" \/>\n<meta property=\"og:type\" content=\"article\" \/>\n<meta property=\"og:title\" content=\"NORUEGA: EL SOL DE MEDIANOCHE 2024 - Roda Travel\" \/>\n<meta property=\"og:url\" content=\"https:\/\/roda.travel\/es\/our-destination\/noruega-el-sol-de-medianoche-2024\/\" \/>\n<meta property=\"og:site_name\" content=\"Roda Travel\" \/>\n<meta property=\"article:modified_time\" content=\"2024-02-07T00:40:42+00:00\" \/>\n<meta property=\"og:image\" content=\"https:\/\/roda.travel\/wp-content\/uploads\/2015\/02\/blog11.jpg\" \/>\n\t<meta property=\"og:image:width\" content=\"800\" \/>\n\t<meta property=\"og:image:height\" content=\"600\" \/>\n\t<meta property=\"og:image:type\" content=\"image\/jpeg\" \/>\n<meta name=\"twitter:card\" content=\"summary_large_image\" \/>\n<meta name=\"twitter:label1\" content=\"Tiempo de lectura\" \/>\n\t<meta name=\"twitter:data1\" content=\"23 minutos\" \/>\n<script type=\"application\/ld+json\" class=\"yoast-schema-graph\">{\"@context\":\"https:\/\/schema.org\",\"@graph\":[{\"@type\":\"WebPage\",\"@id\":\"https:\/\/roda.travel\/es\/our-destination\/noruega-el-sol-de-medianoche-2024\/\",\"url\":\"https:\/\/roda.travel\/es\/our-destination\/noruega-el-sol-de-medianoche-2024\/\",\"name\":\"NORUEGA: EL SOL DE MEDIANOCHE 2024 - Roda Travel\",\"isPartOf\":{\"@id\":\"https:\/\/roda.travel\/es\/#website\"},\"primaryImageOfPage\":{\"@id\":\"https:\/\/roda.travel\/es\/our-destination\/noruega-el-sol-de-medianoche-2024\/#primaryimage\"},\"image\":{\"@id\":\"https:\/\/roda.travel\/es\/our-destination\/noruega-el-sol-de-medianoche-2024\/#primaryimage\"},\"thumbnailUrl\":\"https:\/\/roda.travel\/wp-content\/uploads\/2015\/02\/blog11.jpg\",\"datePublished\":\"2024-02-06T19:06:28+00:00\",\"dateModified\":\"2024-02-07T00:40:42+00:00\",\"breadcrumb\":{\"@id\":\"https:\/\/roda.travel\/es\/our-destination\/noruega-el-sol-de-medianoche-2024\/#breadcrumb\"},\"inLanguage\":\"es\",\"potentialAction\":[{\"@type\":\"ReadAction\",\"target\":[\"https:\/\/roda.travel\/es\/our-destination\/noruega-el-sol-de-medianoche-2024\/\"]}]},{\"@type\":\"ImageObject\",\"inLanguage\":\"es\",\"@id\":\"https:\/\/roda.travel\/es\/our-destination\/noruega-el-sol-de-medianoche-2024\/#primaryimage\",\"url\":\"https:\/\/roda.travel\/wp-content\/uploads\/2015\/02\/blog11.jpg\",\"contentUrl\":\"https:\/\/roda.travel\/wp-content\/uploads\/2015\/02\/blog11.jpg\",\"width\":800,\"height\":600},{\"@type\":\"BreadcrumbList\",\"@id\":\"https:\/\/roda.travel\/es\/our-destination\/noruega-el-sol-de-medianoche-2024\/#breadcrumb\",\"itemListElement\":[{\"@type\":\"ListItem\",\"position\":1,\"name\":\"Inici\",\"item\":\"https:\/\/roda.travel\/es\/\"},{\"@type\":\"ListItem\",\"position\":2,\"name\":\"Portfolio\",\"item\":\"https:\/\/roda.travel\/es\/our-destination\/\"},{\"@type\":\"ListItem\",\"position\":3,\"name\":\"NORUEGA: EL SOL DE MEDIANOCHE 2024\"}]},{\"@type\":\"WebSite\",\"@id\":\"https:\/\/roda.travel\/es\/#website\",\"url\":\"https:\/\/roda.travel\/es\/\",\"name\":\"Roda Travel\",\"description\":\"\",\"potentialAction\":[{\"@type\":\"SearchAction\",\"target\":{\"@type\":\"EntryPoint\",\"urlTemplate\":\"https:\/\/roda.travel\/es\/?s={search_term_string}\"},\"query-input\":{\"@type\":\"PropertyValueSpecification\",\"valueRequired\":true,\"valueName\":\"search_term_string\"}}],\"inLanguage\":\"es\"}]}<\/script>\n<!-- \/ Yoast SEO plugin. -->","yoast_head_json":{"title":"NORUEGA: EL SOL DE MEDIANOCHE 2024 - Roda Travel","robots":{"index":"index","follow":"follow","max-snippet":"max-snippet:-1","max-image-preview":"max-image-preview:large","max-video-preview":"max-video-preview:-1"},"canonical":"https:\/\/roda.travel\/es\/our-destination\/noruega-el-sol-de-medianoche-2024\/","og_locale":"es_ES","og_type":"article","og_title":"NORUEGA: EL SOL DE MEDIANOCHE 2024 - Roda Travel","og_url":"https:\/\/roda.travel\/es\/our-destination\/noruega-el-sol-de-medianoche-2024\/","og_site_name":"Roda Travel","article_modified_time":"2024-02-07T00:40:42+00:00","og_image":[{"width":800,"height":600,"url":"https:\/\/roda.travel\/wp-content\/uploads\/2015\/02\/blog11.jpg","type":"image\/jpeg"}],"twitter_card":"summary_large_image","twitter_misc":{"Tiempo de lectura":"23 minutos"},"schema":{"@context":"https:\/\/schema.org","@graph":[{"@type":"WebPage","@id":"https:\/\/roda.travel\/es\/our-destination\/noruega-el-sol-de-medianoche-2024\/","url":"https:\/\/roda.travel\/es\/our-destination\/noruega-el-sol-de-medianoche-2024\/","name":"NORUEGA: EL SOL DE MEDIANOCHE 2024 - Roda Travel","isPartOf":{"@id":"https:\/\/roda.travel\/es\/#website"},"primaryImageOfPage":{"@id":"https:\/\/roda.travel\/es\/our-destination\/noruega-el-sol-de-medianoche-2024\/#primaryimage"},"image":{"@id":"https:\/\/roda.travel\/es\/our-destination\/noruega-el-sol-de-medianoche-2024\/#primaryimage"},"thumbnailUrl":"https:\/\/roda.travel\/wp-content\/uploads\/2015\/02\/blog11.jpg","datePublished":"2024-02-06T19:06:28+00:00","dateModified":"2024-02-07T00:40:42+00:00","breadcrumb":{"@id":"https:\/\/roda.travel\/es\/our-destination\/noruega-el-sol-de-medianoche-2024\/#breadcrumb"},"inLanguage":"es","potentialAction":[{"@type":"ReadAction","target":["https:\/\/roda.travel\/es\/our-destination\/noruega-el-sol-de-medianoche-2024\/"]}]},{"@type":"ImageObject","inLanguage":"es","@id":"https:\/\/roda.travel\/es\/our-destination\/noruega-el-sol-de-medianoche-2024\/#primaryimage","url":"https:\/\/roda.travel\/wp-content\/uploads\/2015\/02\/blog11.jpg","contentUrl":"https:\/\/roda.travel\/wp-content\/uploads\/2015\/02\/blog11.jpg","width":800,"height":600},{"@type":"BreadcrumbList","@id":"https:\/\/roda.travel\/es\/our-destination\/noruega-el-sol-de-medianoche-2024\/#breadcrumb","itemListElement":[{"@type":"ListItem","position":1,"name":"Inici","item":"https:\/\/roda.travel\/es\/"},{"@type":"ListItem","position":2,"name":"Portfolio","item":"https:\/\/roda.travel\/es\/our-destination\/"},{"@type":"ListItem","position":3,"name":"NORUEGA: EL SOL DE MEDIANOCHE 2024"}]},{"@type":"WebSite","@id":"https:\/\/roda.travel\/es\/#website","url":"https:\/\/roda.travel\/es\/","name":"Roda Travel","description":"","potentialAction":[{"@type":"SearchAction","target":{"@type":"EntryPoint","urlTemplate":"https:\/\/roda.travel\/es\/?s={search_term_string}"},"query-input":{"@type":"PropertyValueSpecification","valueRequired":true,"valueName":"search_term_string"}}],"inLanguage":"es"}]}},"_links":{"self":[{"href":"https:\/\/roda.travel\/es\/wp-json\/wp\/v2\/avada_portfolio\/1505","targetHints":{"allow":["GET"]}}],"collection":[{"href":"https:\/\/roda.travel\/es\/wp-json\/wp\/v2\/avada_portfolio"}],"about":[{"href":"https:\/\/roda.travel\/es\/wp-json\/wp\/v2\/types\/avada_portfolio"}],"author":[{"embeddable":true,"href":"https:\/\/roda.travel\/es\/wp-json\/wp\/v2\/users\/1"}],"replies":[{"embeddable":true,"href":"https:\/\/roda.travel\/es\/wp-json\/wp\/v2\/comments?post=1505"}],"version-history":[{"count":2,"href":"https:\/\/roda.travel\/es\/wp-json\/wp\/v2\/avada_portfolio\/1505\/revisions"}],"predecessor-version":[{"id":1507,"href":"https:\/\/roda.travel\/es\/wp-json\/wp\/v2\/avada_portfolio\/1505\/revisions\/1507"}],"wp:featuredmedia":[{"embeddable":true,"href":"https:\/\/roda.travel\/es\/wp-json\/wp\/v2\/media\/1420"}],"wp:attachment":[{"href":"https:\/\/roda.travel\/es\/wp-json\/wp\/v2\/media?parent=1505"}],"wp:term":[{"taxonomy":"portfolio_category","embeddable":true,"href":"https:\/\/roda.travel\/es\/wp-json\/wp\/v2\/portfolio_category?post=1505"},{"taxonomy":"portfolio_skills","embeddable":true,"href":"https:\/\/roda.travel\/es\/wp-json\/wp\/v2\/portfolio_skills?post=1505"},{"taxonomy":"portfolio_tags","embeddable":true,"href":"https:\/\/roda.travel\/es\/wp-json\/wp\/v2\/portfolio_tags?post=1505"}],"curies":[{"name":"wp","href":"https:\/\/api.w.org\/{rel}","templated":true}]}}