{"id":1499,"date":"2024-02-06T21:22:21","date_gmt":"2024-02-06T19:22:21","guid":{"rendered":"https:\/\/roda.travel\/our-destination\/yate-privado-por-el-norte-de-croacia-2024\/"},"modified":"2024-02-07T02:39:21","modified_gmt":"2024-02-07T00:39:21","slug":"yate-privado-por-el-norte-de-croacia-2024","status":"publish","type":"avada_portfolio","link":"https:\/\/roda.travel\/es\/our-destination\/yate-privado-por-el-norte-de-croacia-2024\/","title":{"rendered":"YATE PRIVADO POR EL NORTE DE CROACIA 2024"},"content":{"rendered":"<p><div class=\"fusion-fullwidth fullwidth-box fusion-builder-row-1 fusion-flex-container has-pattern-background has-mask-background nonhundred-percent-fullwidth non-hundred-percent-height-scrolling\" style=\"--awb-border-radius-top-left:0px;--awb-border-radius-top-right:0px;--awb-border-radius-bottom-right:0px;--awb-border-radius-bottom-left:0px;--awb-padding-top:30px;--awb-padding-right:0px;--awb-padding-bottom:0px;--awb-padding-left:0px;--awb-margin-top:0px;--awb-margin-bottom:100px;--awb-background-color:var(--awb-color2);--awb-flex-wrap:wrap;\" ><div class=\"fusion-builder-row fusion-row fusion-flex-align-items-flex-start fusion-flex-content-wrap\" style=\"max-width:1216.8px;margin-left: calc(-4% \/ 2 );margin-right: calc(-4% \/ 2 );\"><div class=\"fusion-layout-column fusion_builder_column fusion-builder-column-0 fusion_builder_column_1_3 1_3 fusion-flex-column\" style=\"--awb-bg-size:cover;--awb-width-large:33.333333333333%;--awb-margin-top-large:0px;--awb-spacing-right-large:5.76%;--awb-margin-bottom-large:20px;--awb-spacing-left-large:5.76%;--awb-width-medium:100%;--awb-order-medium:0;--awb-spacing-right-medium:1.92%;--awb-spacing-left-medium:1.92%;--awb-width-small:100%;--awb-order-small:0;--awb-spacing-right-small:1.92%;--awb-spacing-left-small:1.92%;\" data-scroll-devices=\"small-visibility,medium-visibility,large-visibility\"><div class=\"fusion-column-wrapper fusion-column-has-shadow fusion-flex-justify-content-space-around fusion-content-layout-column\"><i class=\"fb-icon-element-1 fb-icon-element fontawesome-icon fa-calendar-alt fas circle-yes\" style=\"--awb-circlecolor:var(--awb-color4);--awb-circlebordersize:0px;--awb-font-size:28.16px;--awb-width:56.32px;--awb-height:56.32px;--awb-line-height:56.32px;--awb-align-self:center;--awb-margin-top:0px;--awb-margin-right:0px;--awb-margin-bottom:20px;--awb-margin-left:0px;\"><\/i><div class=\"fusion-title title fusion-title-1 fusion-sep-none fusion-title-center fusion-title-text fusion-title-size-three\"><h3 class=\"fusion-title-heading title-heading-center fusion-responsive-typography-calculated\" style=\"margin:0;--fontSize:24;--minFontSize:24;line-height:var(--awb-typography1-line-height);\"><p>Data de sortida<\/p>\n<p>5 de juny<\/p><\/h3><\/div><\/div><\/div><div class=\"fusion-layout-column fusion_builder_column fusion-builder-column-1 fusion_builder_column_1_3 1_3 fusion-flex-column\" style=\"--awb-bg-size:cover;--awb-width-large:33.333333333333%;--awb-margin-top-large:0px;--awb-spacing-right-large:5.76%;--awb-margin-bottom-large:20px;--awb-spacing-left-large:5.76%;--awb-width-medium:100%;--awb-order-medium:0;--awb-spacing-right-medium:1.92%;--awb-spacing-left-medium:1.92%;--awb-width-small:100%;--awb-order-small:0;--awb-spacing-right-small:1.92%;--awb-spacing-left-small:1.92%;\" data-scroll-devices=\"small-visibility,medium-visibility,large-visibility\"><div class=\"fusion-column-wrapper fusion-column-has-shadow fusion-flex-justify-content-space-around fusion-content-layout-column\"><i class=\"fb-icon-element-2 fb-icon-element fontawesome-icon fa-history fas circle-yes\" style=\"--awb-circlecolor:var(--awb-color4);--awb-circlebordersize:0px;--awb-font-size:28.16px;--awb-width:56.32px;--awb-height:56.32px;--awb-line-height:56.32px;--awb-align-self:center;--awb-margin-top:0px;--awb-margin-right:0px;--awb-margin-bottom:20px;--awb-margin-left:0px;\"><\/i><div class=\"fusion-title title fusion-title-2 fusion-sep-none fusion-title-center fusion-title-text fusion-title-size-three\"><h3 class=\"fusion-title-heading title-heading-center fusion-responsive-typography-calculated\" style=\"margin:0;--fontSize:24;--minFontSize:24;line-height:var(--awb-typography1-line-height);\"><p>Durada:<\/p>\n<p>12 dies<\/p><\/h3><\/div><\/div><\/div><div class=\"fusion-layout-column fusion_builder_column fusion-builder-column-2 fusion_builder_column_1_3 1_3 fusion-flex-column\" style=\"--awb-bg-size:cover;--awb-width-large:33.333333333333%;--awb-margin-top-large:0px;--awb-spacing-right-large:5.76%;--awb-margin-bottom-large:20px;--awb-spacing-left-large:5.76%;--awb-width-medium:100%;--awb-order-medium:0;--awb-spacing-right-medium:1.92%;--awb-spacing-left-medium:1.92%;--awb-width-small:100%;--awb-order-small:0;--awb-spacing-right-small:1.92%;--awb-spacing-left-small:1.92%;\" data-scroll-devices=\"small-visibility,medium-visibility,large-visibility\"><div class=\"fusion-column-wrapper fusion-column-has-shadow fusion-flex-justify-content-space-around fusion-content-layout-column\"><i class=\"fb-icon-element-3 fb-icon-element fontawesome-icon fa-suitcase fas circle-yes\" style=\"--awb-circlecolor:var(--awb-color4);--awb-circlebordersize:0px;--awb-font-size:28.16px;--awb-width:56.32px;--awb-height:56.32px;--awb-line-height:56.32px;--awb-align-self:center;--awb-margin-top:0px;--awb-margin-right:0px;--awb-margin-bottom:20px;--awb-margin-left:0px;\"><\/i><div class=\"fusion-title title fusion-title-3 fusion-sep-none fusion-title-center fusion-title-text fusion-title-size-three\"><h3 class=\"fusion-title-heading title-heading-center fusion-responsive-typography-calculated\" style=\"margin:0;--fontSize:24;--minFontSize:24;line-height:var(--awb-typography1-line-height);\"><p>Tipus de viatge:<\/p>\n<p>Acompanyat<\/p><\/h3><\/div><\/div><\/div><\/div><\/div><div class=\"fusion-fullwidth fullwidth-box fusion-builder-row-2 fusion-flex-container has-pattern-background has-mask-background nonhundred-percent-fullwidth non-hundred-percent-height-scrolling\" style=\"--awb-border-radius-top-left:0px;--awb-border-radius-top-right:0px;--awb-border-radius-bottom-right:0px;--awb-border-radius-bottom-left:0px;--awb-flex-wrap:wrap;\" ><div class=\"fusion-builder-row fusion-row fusion-flex-align-items-flex-start fusion-flex-content-wrap\" style=\"max-width:1216.8px;margin-left: calc(-4% \/ 2 );margin-right: calc(-4% \/ 2 );\"><div class=\"fusion-layout-column fusion_builder_column fusion-builder-column-3 fusion_builder_column_1_1 1_1 fusion-flex-column\" style=\"--awb-bg-size:cover;--awb-width-large:100%;--awb-margin-top-large:0px;--awb-spacing-right-large:1.92%;--awb-margin-bottom-large:20px;--awb-spacing-left-large:1.92%;--awb-width-medium:100%;--awb-order-medium:0;--awb-spacing-right-medium:1.92%;--awb-spacing-left-medium:1.92%;--awb-width-small:100%;--awb-order-small:0;--awb-spacing-right-small:1.92%;--awb-spacing-left-small:1.92%;\"><div class=\"fusion-column-wrapper fusion-column-has-shadow fusion-flex-justify-content-flex-start fusion-content-layout-column\"><div class=\"fusion-separator\" style=\"align-self: flex-start;margin-right:auto;margin-bottom:20px;width:100%;max-width:70px;\"><div class=\"fusion-separator-border sep-single sep-solid\" style=\"--awb-height:20px;--awb-amount:20px;--awb-sep-color:var(--awb-color4);border-color:var(--awb-color4);border-top-width:15px;\"><\/div><\/div><div class=\"fusion-title title fusion-title-4 fusion-sep-none fusion-title-text fusion-title-size-three\" style=\"--awb-margin-bottom:20px;\"><h3 class=\"fusion-title-heading title-heading-left fusion-responsive-typography-calculated\" style=\"margin:0;--fontSize:24;--minFontSize:24;line-height:var(--awb-typography1-line-height);\">DESCRIPCI\u00d3<\/h3><\/div><div class=\"fusion-text fusion-text-1\"><p>Explora la Costa Nord de Cro\u00e0cia en un Iot Privat: Un Viatge Exclusiu a les Joies de l\u2019Adri\u00e0tic! Benvingut al parad\u00eds mar\u00edtim: Luxe i Aventura al Cor de l\u2019Adri\u00e0tic Des de Rijeka fins a Zadar, aquest viatge en iot privat et portar\u00e0 a llocs que la majoria nom\u00e9s pot somiar. Imagina\u2019t navegar pel mar Adri\u00e0tic, fent parades en pobles pesquers pintorescs i badies isolades mentre gaudeixes de la tranquil\u00b7litat del teu propi iot.<\/p>\n<\/div><\/div><\/div><\/div><\/div><div class=\"fusion-fullwidth fullwidth-box fusion-builder-row-3 fusion-flex-container has-pattern-background has-mask-background nonhundred-percent-fullwidth non-hundred-percent-height-scrolling\" style=\"--awb-border-radius-top-left:0px;--awb-border-radius-top-right:0px;--awb-border-radius-bottom-right:0px;--awb-border-radius-bottom-left:0px;--awb-flex-wrap:wrap;\" ><div class=\"fusion-builder-row fusion-row fusion-flex-align-items-flex-start fusion-flex-content-wrap\" style=\"max-width:1216.8px;margin-left: calc(-4% \/ 2 );margin-right: calc(-4% \/ 2 );\"><div class=\"fusion-layout-column fusion_builder_column fusion-builder-column-4 fusion_builder_column_1_1 1_1 fusion-flex-column\" style=\"--awb-bg-size:cover;--awb-width-large:100%;--awb-margin-top-large:0px;--awb-spacing-right-large:1.92%;--awb-margin-bottom-large:20px;--awb-spacing-left-large:1.92%;--awb-width-medium:100%;--awb-order-medium:0;--awb-spacing-right-medium:1.92%;--awb-spacing-left-medium:1.92%;--awb-width-small:100%;--awb-order-small:0;--awb-spacing-right-small:1.92%;--awb-spacing-left-small:1.92%;\"><div class=\"fusion-column-wrapper fusion-column-has-shadow fusion-flex-justify-content-flex-start fusion-content-layout-column\"><\/div><\/div><div class=\"fusion-layout-column fusion_builder_column fusion-builder-column-5 fusion_builder_column_1_1 1_1 fusion-flex-column\" style=\"--awb-bg-size:cover;--awb-width-large:100%;--awb-margin-top-large:0px;--awb-spacing-right-large:1.92%;--awb-margin-bottom-large:20px;--awb-spacing-left-large:1.92%;--awb-width-medium:100%;--awb-order-medium:0;--awb-spacing-right-medium:1.92%;--awb-spacing-left-medium:1.92%;--awb-width-small:100%;--awb-order-small:0;--awb-spacing-right-small:1.92%;--awb-spacing-left-small:1.92%;\"><div class=\"fusion-column-wrapper fusion-column-has-shadow fusion-flex-justify-content-flex-start fusion-content-layout-column\"><div class=\"fusion-tabs fusion-tabs-1 classic nav-is-justified horizontal-tabs icon-position-left mobile-mode-accordion\" style=\"--icon-color:hsla(var(--awb-color5-h),var(--awb-color5-s),var(--awb-color5-l),calc(var(--awb-color5-a) - 25%));--icon-active-color:var(--awb-color4);--awb-title-border-radius-top-left:0px;--awb-title-border-radius-top-right:0px;--awb-title-border-radius-bottom-right:0px;--awb-title-border-radius-bottom-left:0px;--awb-alignment:start;--awb-inactive-color:var(--awb-color2);--awb-title-text-color:hsla(var(--awb-color5-h),var(--awb-color5-s),var(--awb-color5-l),calc(var(--awb-color5-a) - 25%));--awb-background-color:var(--awb-color1);--awb-border-color:var(--awb-color3);--awb-active-border-color:var(--awb-color4);\"><div class=\"nav\"><ul class=\"nav-tabs nav-justified\" role=\"tablist\"><li class=\"active\" role=\"presentation\"><a class=\"tab-link\" data-toggle=\"tab\" role=\"tab\" aria-controls=\"tab-0f87b686fdff63a5ed4\" aria-selected=\"true\" id=\"fusion-tab-itinerari\" href=\"#tab-0f87b686fdff63a5ed4\"><h4 class=\"fusion-tab-heading\"><i class=\"fontawesome-icon fa-map-marker-alt fas\" aria-hidden=\"true\" style=\"font-size:16px;\"><\/i>Itinerari<\/h4><\/a><\/li><li role=\"presentation\"><a class=\"tab-link\" data-toggle=\"tab\" role=\"tab\" aria-controls=\"tab-3c59138ad646220e0a7\" aria-selected=\"false\" tabindex=\"-1\" id=\"fusion-tab-preus\" href=\"#tab-3c59138ad646220e0a7\"><h4 class=\"fusion-tab-heading\"><i class=\"fontawesome-icon fa-euro-sign fas\" aria-hidden=\"true\" style=\"font-size:16px;\"><\/i>Preus<\/h4><\/a><\/li><li role=\"presentation\"><a class=\"tab-link\" data-toggle=\"tab\" role=\"tab\" aria-controls=\"tab-0cb66ed464e30da9a32\" aria-selected=\"false\" tabindex=\"-1\" id=\"fusion-tab-m\u00e9sinformaci\u00f3\" href=\"#tab-0cb66ed464e30da9a32\"><h4 class=\"fusion-tab-heading\"><i class=\"fontawesome-icon fa-info fas\" aria-hidden=\"true\" style=\"font-size:16px;\"><\/i>M\u00e9s informaci\u00f3<\/h4><\/a><\/li><\/ul><\/div><div class=\"tab-content\"><div class=\"nav fusion-mobile-tab-nav\"><ul class=\"nav-tabs nav-justified\" role=\"tablist\"><li class=\"active\" role=\"presentation\"><a class=\"tab-link\" data-toggle=\"tab\" role=\"tab\" aria-controls=\"tab-0f87b686fdff63a5ed4\" aria-selected=\"true\" id=\"mobile-fusion-tab-itinerari\" href=\"#tab-0f87b686fdff63a5ed4\"><h4 class=\"fusion-tab-heading\"><i class=\"fontawesome-icon fa-map-marker-alt fas\" aria-hidden=\"true\" style=\"font-size:16px;\"><\/i>Itinerari<\/h4><\/a><\/li><\/ul><\/div><div class=\"tab-pane fade fusion-clearfix in active\" role=\"tabpanel\" tabindex=\"0\" aria-labelledby=\"fusion-tab-itinerari\" id=\"tab-0f87b686fdff63a5ed4\">\n<h3>10 AGOST DISSABTE: RIJEKA \u2013 ILLA DE KRK<\/h3>\n<p>A l\u2019hora establerta quedarem al Museu de Badalona, per a agafar el trasllat i anar cap a l\u2019aeroport de Barcelona. Vol directe fins a Ven\u00e8cia, on agafarem el trasllat que ens portar\u00e0 fins al port on embarcarem d\u201911:30 a 1:00 pm. Despr\u00e9s de l\u2019embarcament, llevarem \u00e0ncores i posarem rumb a la meravellosa illa de Krk. La nostra primera parada \u00e9s una cala apartada, on per primera vegada podr\u00e0s submergir-te a les meravelloses aig\u00fces del mar Adri\u00e0tic. Despr\u00e9s continuem cap a Krk, la capital de l\u2019illa, o Punat, on amarrarem per passar-hi la nit. SOPAR DE BENVINGUDA.<\/p>\n<h3>11 AGOST DIUMENGE: ILLA DE KRK \u2013 ILLA DE RAB<\/h3>\n<p>Esmorzar. Llevarem \u00e0ncores i ens dirigirem cap a Rab. Despr\u00e9s d\u2019unes dues hores, tirarem l\u2019\u00e0ncora en una badia rom\u00e0ntica, on tindrem temps per nedar i prendre el sol. Dinar. Arribarem a la bonica ciutat de Rab al vespre. Un guia ens esperar\u00e0 per a fer-nos una caminada guiada. El nucli antic de Rab, amb els seus campanars impressionants, s\u2019est\u00e9n al voltant d\u2019un estret promontori roc\u00f3s, flanquejat per l\u2019aigua. Pel nucli antic passen tres carrers: la \u201cLower Street\u201d amb caf\u00e8s i pubs, la \u201cMiddle Street\u201d amb boutiques, botigues de souvenirs i gelateries, i la \u201cUpper Street\u201d, que condueix a les quatre esgl\u00e9sies amb els seus campanars. SOPAR LLIURE. Nit a bord a Rab.<\/p>\n<h3>12 AGOST DILLUNS: ILLA DE RAB \u2013 ZADAR<\/h3>\n<p>Esmorzar. Avui deixarem la badia de Kvarner i ens dirigirem a Dalm\u00e0cia. Despr\u00e9s d\u2019una pausa per nedar, arribarem a Zadar, el centre del nord de Dalm\u00e0cia. Dinar. Despr\u00e9s d\u2019arribar a Zadar, ens esperar\u00e0 un guia tur\u00edstic local per portar-nos a fer una passejada pel nucli antic emmurallat, mostrant-nos llocs \u00fanics com el F\u00f2rum Rom\u00e0, l\u2019esgl\u00e9sia circular de Sveti Donat o la Catedral Sveta Sto\u0161ija. Gaudiu de carrers sense tr\u00e0nsit amb elegants boutiques i innombrables caf\u00e8s, o sentiu els sons marins \u00fanics al m\u00f3n a Riva, les melodies del qual s\u00f3n creades exclusivament per les onades. SOPAR LLIURE. Nit a bord a Zadar.<\/p>\n<h3>13 AGOST DIMARTS: ZADAR \u2013 PARC NACIONAL ILLES KORNATI \u2013 ARXIP\u00c8LAG DE ZADAR<\/h3>\n<p>Esmorzar. Kornati un parad\u00eds \u00fanic. \u00c9s l\u2019arxip\u00e8lag m\u00e9s gran i dens del mar Adri\u00e0tic. Des de Zadar continuarem direcci\u00f3 a Proversa, un estret pas entre les illes de Dugi Otok i Kornat, que \u00e9s l\u2019entrada a aquest singular Parc Nacional. Despr\u00e9s de passar la fascinant zona del Parc Nacional, continuarem cap al nord i fondejarem en una de les nombroses illes del bell arxip\u00e8lag de Zadar: Dugi Otok, Zverinac, Molat o Olib Havent dinat, farem un passeig amb vaixell des de Skradinski buk fins a la ciutat de Skradin, on podrem descansar i gaudir d\u2019un refrescant bany al riu Krka. Dinar, sopar i nit a bord.<\/p>\n<h3>14 AGOST DIMECRES: ARXIPELAG DE ZADAR \u2013 ILLA Lo\u0161inj<\/h3>\n<p>Esmorzar. Ens dirigim cap a l\u2019illa de Lo\u0161inj, que no nom\u00e9s \u00e9s coneguda pels seus tres-cents dies assolellats a l\u2019any sense n\u00favols o lleugerament ennuvolats, sin\u00f3 tamb\u00e9 perqu\u00e8 est\u00e0 coberta per densos boscos de pins. Amb una mica de sort, potser veiem dofins jugant a les onades; A les aig\u00fces que envolten l\u2019illa de Lo\u0161inj hi ha m\u00e9s de 220 dofins registrats per l\u2019Adriatic Dolphin Project. Despr\u00e9s d\u2019una pausa per nedar i dinar, arribarem a Mali Lo\u0161inj, on passarem la tarda i la nit. Nit a bord. SOPAR LLIURE.<\/p>\n<h3>15 AGOST DIJOUS: ILLA DE Lo\u0161inj \u2013 ILLA DE CRES<\/h3>\n<p>Esmorzar. Avui navegarem cap a la ve\u00efna illa de Cres. El m\u00e9s cridaner de l\u2019illa s\u00f3n els olivars interminables i els innombrables ramats d\u2019ovelles. No cal dir que el xai rostit \u00e9s una de les especialitats de l\u2019illa de Cres. Dinarem despr\u00e9s de la pausa obligat\u00f2ria per nedar, ens dirigirem cap al pintoresc poble de Cres. Nit a bord a Cres. SOPAR LLIURE.<\/p>\n<h3>16 AGOST DIVENDRES: ILLA DE CRES \u2013 RIJEKA<\/h3>\n<p>Esmorzar. Des de Cres navegarem al llarg de la costa oriental d\u2019Istria fins a Rijeka, no sense fer-nos una darrera capbussada. Dinar. Nit a bord al port de Rijeka. SOPAR LLIURE.<\/p>\n<h3>17 AGOST DISSABTE: RIJEKA \u2013 venecia \u2013 Barcelona<\/h3>\n<p>Despr\u00e9s d\u2019esmorzar, desembarcament del iot i posarem rumb cap a Ven\u00e8cia on disposarem d\u2019unes hores lliures per a gaudir de la ciutat. A l\u2019hora establerta ens dirigirem a l\u2019aeroport per agafar el vol de retorn a Barcelona. Trasllat fins al Museu de Badalona. FI DEL VIATGE.<\/p>\n<\/div><div class=\"nav fusion-mobile-tab-nav\"><ul class=\"nav-tabs nav-justified\" role=\"tablist\"><li role=\"presentation\"><a class=\"tab-link\" data-toggle=\"tab\" role=\"tab\" aria-controls=\"tab-3c59138ad646220e0a7\" aria-selected=\"false\" tabindex=\"-1\" id=\"mobile-fusion-tab-preus\" href=\"#tab-3c59138ad646220e0a7\"><h4 class=\"fusion-tab-heading\"><i class=\"fontawesome-icon fa-euro-sign fas\" aria-hidden=\"true\" style=\"font-size:16px;\"><\/i>Preus<\/h4><\/a><\/li><\/ul><\/div><div class=\"tab-pane fade fusion-clearfix\" role=\"tabpanel\" tabindex=\"0\" aria-labelledby=\"fusion-tab-preus\" id=\"tab-3c59138ad646220e0a7\">\n<p>PREU PER PERSONA EN HAB DOBLE:<\/p>\n<ul>\n<li><strong>5.380\u20ac<\/strong><\/li>\n<li>Taxes: 395\u20ac<\/li>\n<\/ul>\n<p>EL PREU INCLOU:<\/p>\n<ul>\n<li>Vols amb escala a Oslo: Bcn \u2013 Alta i Evenes \u2013 Bcn<\/li>\n<li>Transport i guia per per a tot el recorregut<\/li>\n<li>11 nits d\u2019allotjament: a rorbur (Cabanya) tradicional i hotels 5*,4* i 3* sup<\/li>\n<li>R\u00e8gim d\u2019allotjament i esmorzar + 7 sopars a l\u2019hotel + 7 dinars en ruta. Snaks en excursions.<\/li>\n<\/ul>\n<p>ACTIVITATS INCLOSES:<\/p>\n<ul>\n<li>Navegaci\u00f3 pel Can\u00f3 d\u2019Alta<\/li>\n<li>Safari per veure balenes amb vaixell + museu.<\/li>\n<li>Safari de puffins amb llanxa<\/li>\n<li>Mirador de Fjellheisen en telef\u00e8ric (Tromso)<\/li>\n<li>Museu Viking<\/li>\n<li>Navegaci\u00f3 en llanxa pel Fiord del Troll i \u00e0guiles pescadores<\/li>\n<\/ul>\n<\/div><div class=\"nav fusion-mobile-tab-nav\"><ul class=\"nav-tabs nav-justified\" role=\"tablist\"><li role=\"presentation\"><a class=\"tab-link\" data-toggle=\"tab\" role=\"tab\" aria-controls=\"tab-0cb66ed464e30da9a32\" aria-selected=\"false\" tabindex=\"-1\" id=\"mobile-fusion-tab-m\u00e9sinformaci\u00f3\" href=\"#tab-0cb66ed464e30da9a32\"><h4 class=\"fusion-tab-heading\"><i class=\"fontawesome-icon fa-info fas\" aria-hidden=\"true\" style=\"font-size:16px;\"><\/i>M\u00e9s informaci\u00f3<\/h4><\/a><\/li><\/ul><\/div><div class=\"tab-pane fade fusion-clearfix\" role=\"tabpanel\" tabindex=\"0\" aria-labelledby=\"fusion-tab-m\u00e9sinformaci\u00f3\" id=\"tab-0cb66ed464e30da9a32\">\n<h3>Vols Previstos<\/h3>\n<p>BARCELONA \u2013 ALTA 05 JUNY<\/p>\n<p>EVENES \u2013 BARCELONA 16 JUNY<\/p>\n<h3>Important:<\/h3>\n<p>En el moment de fer la reserva caldr\u00e0 donar una paga i senyal de 300\u20ac per persona.<\/p>\n<p>El pagament de la resta s\u2019haur\u00e0 de fer 30 dies abans de la sortida<\/p>\n<p>Viatge acompanyat des de Badalona amb un m\u00e0xim de 25 persones.<\/p>\n<h3>Propines:<\/h3>\n<p>Les propines s\u00f3n un costum establert al sector del turisme, sempre voluntari. Nosaltres aconsellem preveure 50\u20ac per persona a repartir entre els guies. Per altres serveis consultar.<\/p>\n<h3>Condicions d\u2019anul\u00b7laci\u00f3 sobre el preu publicat segons l\u2019anticipaci\u00f3 amb qu\u00e8 es produeixi la cancel\u00b7laci\u00f3<\/h3>\n<p>Entre 31 i 45 dies abans de la sortida 25%.<\/p>\n<p>Entre 21 i 30 dies abans de la sortida 50%.<\/p>\n<p>100% en els darrers 20 dies abans de la sortida.<\/p>\n<p>Les conseq\u00fc\u00e8ncies de cancel\u00b7laci\u00f3 en cas d\u2019exig\u00e8ncies econ\u00f2miques en determinats prove\u00efdors es repercutiran sobre el client en qualsevol cas<\/p>\n<\/div><\/div><\/div><\/div><\/div><\/div><\/div><\/p>\n","protected":false},"excerpt":{"rendered":"","protected":false},"author":1,"featured_media":1382,"menu_order":3,"comment_status":"closed","ping_status":"closed","template":"","format":"standard","meta":{"_acf_changed":false,"footnotes":""},"portfolio_category":[47],"portfolio_skills":[],"portfolio_tags":[],"class_list":["post-1499","avada_portfolio","type-avada_portfolio","status-publish","format-standard","has-post-thumbnail","hentry","portfolio_category-viajes-acompanados-de-roda"],"acf":[],"yoast_head":"<!-- This site is optimized with the Yoast SEO plugin v27.0 - https:\/\/yoast.com\/product\/yoast-seo-wordpress\/ -->\n<title>YATE PRIVADO POR EL NORTE DE CROACIA 2024 - Roda Travel<\/title>\n<meta name=\"robots\" content=\"index, follow, max-snippet:-1, max-image-preview:large, max-video-preview:-1\" \/>\n<link rel=\"canonical\" href=\"https:\/\/roda.travel\/es\/our-destination\/yate-privado-por-el-norte-de-croacia-2024\/\" \/>\n<meta property=\"og:locale\" content=\"es_ES\" \/>\n<meta property=\"og:type\" content=\"article\" \/>\n<meta property=\"og:title\" content=\"YATE PRIVADO POR EL NORTE DE CROACIA 2024 - Roda Travel\" \/>\n<meta property=\"og:url\" content=\"https:\/\/roda.travel\/es\/our-destination\/yate-privado-por-el-norte-de-croacia-2024\/\" \/>\n<meta property=\"og:site_name\" content=\"Roda Travel\" \/>\n<meta property=\"article:modified_time\" content=\"2024-02-07T00:39:21+00:00\" \/>\n<meta property=\"og:image\" content=\"https:\/\/roda.travel\/wp-content\/uploads\/2015\/01\/destination3.jpg\" \/>\n\t<meta property=\"og:image:width\" content=\"800\" \/>\n\t<meta property=\"og:image:height\" content=\"600\" \/>\n\t<meta property=\"og:image:type\" content=\"image\/jpeg\" \/>\n<meta name=\"twitter:card\" content=\"summary_large_image\" \/>\n<meta name=\"twitter:label1\" content=\"Tiempo de lectura\" \/>\n\t<meta name=\"twitter:data1\" content=\"36 minutos\" \/>\n<script type=\"application\/ld+json\" class=\"yoast-schema-graph\">{\"@context\":\"https:\/\/schema.org\",\"@graph\":[{\"@type\":\"WebPage\",\"@id\":\"https:\/\/roda.travel\/es\/our-destination\/yate-privado-por-el-norte-de-croacia-2024\/\",\"url\":\"https:\/\/roda.travel\/es\/our-destination\/yate-privado-por-el-norte-de-croacia-2024\/\",\"name\":\"YATE PRIVADO POR EL NORTE DE CROACIA 2024 - Roda Travel\",\"isPartOf\":{\"@id\":\"https:\/\/roda.travel\/es\/#website\"},\"primaryImageOfPage\":{\"@id\":\"https:\/\/roda.travel\/es\/our-destination\/yate-privado-por-el-norte-de-croacia-2024\/#primaryimage\"},\"image\":{\"@id\":\"https:\/\/roda.travel\/es\/our-destination\/yate-privado-por-el-norte-de-croacia-2024\/#primaryimage\"},\"thumbnailUrl\":\"https:\/\/roda.travel\/wp-content\/uploads\/2015\/01\/destination3.jpg\",\"datePublished\":\"2024-02-06T19:22:21+00:00\",\"dateModified\":\"2024-02-07T00:39:21+00:00\",\"breadcrumb\":{\"@id\":\"https:\/\/roda.travel\/es\/our-destination\/yate-privado-por-el-norte-de-croacia-2024\/#breadcrumb\"},\"inLanguage\":\"es\",\"potentialAction\":[{\"@type\":\"ReadAction\",\"target\":[\"https:\/\/roda.travel\/es\/our-destination\/yate-privado-por-el-norte-de-croacia-2024\/\"]}]},{\"@type\":\"ImageObject\",\"inLanguage\":\"es\",\"@id\":\"https:\/\/roda.travel\/es\/our-destination\/yate-privado-por-el-norte-de-croacia-2024\/#primaryimage\",\"url\":\"https:\/\/roda.travel\/wp-content\/uploads\/2015\/01\/destination3.jpg\",\"contentUrl\":\"https:\/\/roda.travel\/wp-content\/uploads\/2015\/01\/destination3.jpg\",\"width\":800,\"height\":600},{\"@type\":\"BreadcrumbList\",\"@id\":\"https:\/\/roda.travel\/es\/our-destination\/yate-privado-por-el-norte-de-croacia-2024\/#breadcrumb\",\"itemListElement\":[{\"@type\":\"ListItem\",\"position\":1,\"name\":\"Inici\",\"item\":\"https:\/\/roda.travel\/es\/\"},{\"@type\":\"ListItem\",\"position\":2,\"name\":\"Portfolio\",\"item\":\"https:\/\/roda.travel\/es\/our-destination\/\"},{\"@type\":\"ListItem\",\"position\":3,\"name\":\"YATE PRIVADO POR EL NORTE DE CROACIA 2024\"}]},{\"@type\":\"WebSite\",\"@id\":\"https:\/\/roda.travel\/es\/#website\",\"url\":\"https:\/\/roda.travel\/es\/\",\"name\":\"Roda Travel\",\"description\":\"\",\"potentialAction\":[{\"@type\":\"SearchAction\",\"target\":{\"@type\":\"EntryPoint\",\"urlTemplate\":\"https:\/\/roda.travel\/es\/?s={search_term_string}\"},\"query-input\":{\"@type\":\"PropertyValueSpecification\",\"valueRequired\":true,\"valueName\":\"search_term_string\"}}],\"inLanguage\":\"es\"}]}<\/script>\n<!-- \/ Yoast SEO plugin. -->","yoast_head_json":{"title":"YATE PRIVADO POR EL NORTE DE CROACIA 2024 - Roda Travel","robots":{"index":"index","follow":"follow","max-snippet":"max-snippet:-1","max-image-preview":"max-image-preview:large","max-video-preview":"max-video-preview:-1"},"canonical":"https:\/\/roda.travel\/es\/our-destination\/yate-privado-por-el-norte-de-croacia-2024\/","og_locale":"es_ES","og_type":"article","og_title":"YATE PRIVADO POR EL NORTE DE CROACIA 2024 - Roda Travel","og_url":"https:\/\/roda.travel\/es\/our-destination\/yate-privado-por-el-norte-de-croacia-2024\/","og_site_name":"Roda Travel","article_modified_time":"2024-02-07T00:39:21+00:00","og_image":[{"width":800,"height":600,"url":"https:\/\/roda.travel\/wp-content\/uploads\/2015\/01\/destination3.jpg","type":"image\/jpeg"}],"twitter_card":"summary_large_image","twitter_misc":{"Tiempo de lectura":"36 minutos"},"schema":{"@context":"https:\/\/schema.org","@graph":[{"@type":"WebPage","@id":"https:\/\/roda.travel\/es\/our-destination\/yate-privado-por-el-norte-de-croacia-2024\/","url":"https:\/\/roda.travel\/es\/our-destination\/yate-privado-por-el-norte-de-croacia-2024\/","name":"YATE PRIVADO POR EL NORTE DE CROACIA 2024 - Roda Travel","isPartOf":{"@id":"https:\/\/roda.travel\/es\/#website"},"primaryImageOfPage":{"@id":"https:\/\/roda.travel\/es\/our-destination\/yate-privado-por-el-norte-de-croacia-2024\/#primaryimage"},"image":{"@id":"https:\/\/roda.travel\/es\/our-destination\/yate-privado-por-el-norte-de-croacia-2024\/#primaryimage"},"thumbnailUrl":"https:\/\/roda.travel\/wp-content\/uploads\/2015\/01\/destination3.jpg","datePublished":"2024-02-06T19:22:21+00:00","dateModified":"2024-02-07T00:39:21+00:00","breadcrumb":{"@id":"https:\/\/roda.travel\/es\/our-destination\/yate-privado-por-el-norte-de-croacia-2024\/#breadcrumb"},"inLanguage":"es","potentialAction":[{"@type":"ReadAction","target":["https:\/\/roda.travel\/es\/our-destination\/yate-privado-por-el-norte-de-croacia-2024\/"]}]},{"@type":"ImageObject","inLanguage":"es","@id":"https:\/\/roda.travel\/es\/our-destination\/yate-privado-por-el-norte-de-croacia-2024\/#primaryimage","url":"https:\/\/roda.travel\/wp-content\/uploads\/2015\/01\/destination3.jpg","contentUrl":"https:\/\/roda.travel\/wp-content\/uploads\/2015\/01\/destination3.jpg","width":800,"height":600},{"@type":"BreadcrumbList","@id":"https:\/\/roda.travel\/es\/our-destination\/yate-privado-por-el-norte-de-croacia-2024\/#breadcrumb","itemListElement":[{"@type":"ListItem","position":1,"name":"Inici","item":"https:\/\/roda.travel\/es\/"},{"@type":"ListItem","position":2,"name":"Portfolio","item":"https:\/\/roda.travel\/es\/our-destination\/"},{"@type":"ListItem","position":3,"name":"YATE PRIVADO POR EL NORTE DE CROACIA 2024"}]},{"@type":"WebSite","@id":"https:\/\/roda.travel\/es\/#website","url":"https:\/\/roda.travel\/es\/","name":"Roda Travel","description":"","potentialAction":[{"@type":"SearchAction","target":{"@type":"EntryPoint","urlTemplate":"https:\/\/roda.travel\/es\/?s={search_term_string}"},"query-input":{"@type":"PropertyValueSpecification","valueRequired":true,"valueName":"search_term_string"}}],"inLanguage":"es"}]}},"_links":{"self":[{"href":"https:\/\/roda.travel\/es\/wp-json\/wp\/v2\/avada_portfolio\/1499","targetHints":{"allow":["GET"]}}],"collection":[{"href":"https:\/\/roda.travel\/es\/wp-json\/wp\/v2\/avada_portfolio"}],"about":[{"href":"https:\/\/roda.travel\/es\/wp-json\/wp\/v2\/types\/avada_portfolio"}],"author":[{"embeddable":true,"href":"https:\/\/roda.travel\/es\/wp-json\/wp\/v2\/users\/1"}],"replies":[{"embeddable":true,"href":"https:\/\/roda.travel\/es\/wp-json\/wp\/v2\/comments?post=1499"}],"version-history":[{"count":5,"href":"https:\/\/roda.travel\/es\/wp-json\/wp\/v2\/avada_portfolio\/1499\/revisions"}],"predecessor-version":[{"id":1504,"href":"https:\/\/roda.travel\/es\/wp-json\/wp\/v2\/avada_portfolio\/1499\/revisions\/1504"}],"wp:featuredmedia":[{"embeddable":true,"href":"https:\/\/roda.travel\/es\/wp-json\/wp\/v2\/media\/1382"}],"wp:attachment":[{"href":"https:\/\/roda.travel\/es\/wp-json\/wp\/v2\/media?parent=1499"}],"wp:term":[{"taxonomy":"portfolio_category","embeddable":true,"href":"https:\/\/roda.travel\/es\/wp-json\/wp\/v2\/portfolio_category?post=1499"},{"taxonomy":"portfolio_skills","embeddable":true,"href":"https:\/\/roda.travel\/es\/wp-json\/wp\/v2\/portfolio_skills?post=1499"},{"taxonomy":"portfolio_tags","embeddable":true,"href":"https:\/\/roda.travel\/es\/wp-json\/wp\/v2\/portfolio_tags?post=1499"}],"curies":[{"name":"wp","href":"https:\/\/api.w.org\/{rel}","templated":true}]}}